{"id":1085,"date":"2017-11-17T16:49:25","date_gmt":"2017-11-17T16:49:25","guid":{"rendered":"http:\/\/colindres.es\/?post_type=project&#038;p=1085"},"modified":"2017-11-17T16:49:25","modified_gmt":"2017-11-17T16:49:25","slug":"concurso-gana-un-viaje-a-bruselas-2","status":"publish","type":"project","link":"https:\/\/www.colindres.es\/index.php\/project\/concurso-gana-un-viaje-a-bruselas-2\/","title":{"rendered":"CONCURSO &#8211; GANA UN VIAJE A BRUSELAS"},"content":{"rendered":"<p>PROPUESTA DE CONCURSO\u00a0\u201cLAS INSTITUCIONES EUROPEAS\u201d PARA EL MUNICIPIO DE COLINDRES<\/p>\n<p>ANTECEDENTES<\/p>\n<p>\u00bfPor qu\u00e9 comenz\u00f3 a celebrarse el D\u00eda de Europa?<\/p>\n<p>El D\u00eda de Europa se celebra cada 9 de mayo en toda la Uni\u00f3n Europea para recordar la conocida como Declaraci\u00f3n Schuman, con la que en 1950 se dieron los primeros pasos para la integraci\u00f3n de los Estados europeos.<\/p>\n<p>En aquella d\u00e9cada Robert Schuman, ministro franc\u00e9s, propuso que el carb\u00f3n y el acero de Alemania, Francia y los dem\u00e1s pa\u00edses que se adhiriesen, se sometieran a una administraci\u00f3n conjunta, siendo aquello el origen de la actual Uni\u00f3n Europea.<\/p>\n<p>\u00bfPor qu\u00e9 es necesario celebrarse hoy el D\u00eda de Europa?<\/p>\n<p>Cada 9 de mayo, las instituciones europeas en Espa\u00f1a (Parlamento Europeo y Comisi\u00f3n Europea), junto a distintos organismos y administraciones espa\u00f1olas, organizan toda una serie de eventos y actividades a lo largo de la geograf\u00eda espa\u00f1ola para poner en valor y homenajear la importancia de aquel d\u00eda en que comenzamos a trazar una historia conjunta con los Estados Miembros.<\/p>\n<p>\u00bfPor qu\u00e9 dar a conocer los perfiles de los Ayuntamientos en las Redes Sociales?<\/p>\n<p>Hoy en d\u00eda, los perfiles sociales de las instituciones locales y regionales, son m\u00e1s visitadas por los vecinos de los Municipios que las propias p\u00e1ginas webs oficiales de dichas Entidades. Estos perfiles se han convertido en una de las mejores herramientas de difusi\u00f3n de la informaci\u00f3n para llegar al p\u00fablico joven, usuarios diarios de este tipo de plataformas. Con la presente propuesta de concurso, se pretende dar visibilidad a estos perfiles Municipales en las redes sociales y aumentar el seguimiento de dichos perfiles entre los j\u00f3venes de cada Municipio.<\/p>\n<p>BASES DEL CONCURSO<\/p>\n<p>PARTICIPANTES<\/p>\n<p>Podr\u00e1n participar en el Concurso objeto de estas Bases toda persona mayor de 18 a\u00f1os y menor de 35, que est\u00e9n empadronada en el municipio de Colindres.<br \/>\nOBJETO DEL CONCURSO<\/p>\n<p>El Concurso consiste en\u00a0realizar un trabajo art\u00edstico, dibujo, foto o montaje fotogr\u00e1fico con las medidas que se indican en este documento, para formar parte de la portada del perfil de las redes sociales de alguno de los Ayuntamientos el D\u00eda 9 de mayo de 2018, recordando a la ciudadan\u00eda de ese Municipio que se est\u00e1 celebrando ese d\u00eda el D\u00eda de Europa.<\/p>\n<p>Para ser parte del concurso, los Participantes deber\u00e1n presentar sus trabajos en las Oficinas Generales del Ayuntamiento de Colindres, de lunes a viernes en horario de 9 a 14 h; desde el 15 hasta el 20 de noviembre. Una vez cerrada la convocatoria se realizar\u00e1 la selecci\u00f3n<\/p>\n<p>El Participante, debe cumplir con los requisitos para ser parte de este concurso.<br \/>\nBASES<\/p>\n<p>Objetivos: El Concurso pretende;<br \/>\nDar a conocer los nexos de Uni\u00f3n que tienen los Municipios participantes con la Uni\u00f3n Europea.<br \/>\nAcercar a los j\u00f3venes de cada uno de los Municipios a las diferentes figuras que forman las Instituciones Europas.<br \/>\nPoner en valor la celebraci\u00f3n del D\u00eda de Europa, el 9 de mayo de cada a\u00f1o.<br \/>\nAyudar a dar a conocer y aumentar la visibilidad de los perfiles de los Ayuntamientos participantes en las Redes Sociales Cibern\u00e9ticas.<\/p>\n<p>Piezas<br \/>\nConcepto: \u201csimple\u201d<br \/>\nDebe aparecer la forma impl\u00edcita o art\u00edstica la bandera de la Uni\u00f3n Europea.<br \/>\nEn caso de realizarse un trabajo digital, la medida de la Pieza de tener un tama\u00f1o de 1702 p\u00edxeles de ancho y 630 p\u00edxeles de alto.<\/p>\n<p>Difusi\u00f3n de las Piezas.<\/p>\n<p>Los concursantes ceden al Ayuntamiento de Colindres y al Gobierno de Cantabria el derecho de utilizaci\u00f3n de los trabajos presentados sin ning\u00fan tipo de restricci\u00f3n. Los Ayuntamientos participantes tienen derecho a emitir en cualquiera de sus medios de difusi\u00f3n las piezas de los participantes, a\u00fan sin haber sido elegidos como finalistas o ganador.<\/p>\n<p>Todos los participantes declaran poseer la correspondiente autorizaci\u00f3n de exhibici\u00f3n y\/o difusi\u00f3n p\u00fablica de la imagen de todo tercero que aparezcan en las piezas.<\/p>\n<p>El Participante ser\u00e1 el \u00fanico responsable del contenido de su pieza\u00a0y se obliga a mantener indemne al Organizador de cualquier reclamo de terceros relacionados con el mismo.<\/p>\n<p>Selecci\u00f3n y Jurado<\/p>\n<p>El jurado estar\u00e1 formado por dos trabajadores municipales a designar por la Alcald\u00eda y un representante del Gobierno de Cantabria, designado por la Direcci\u00f3n General de Econom\u00eda y Asuntos Europeos.<\/p>\n<p>El jurado se reunir\u00e1 el d\u00eda 21 de noviembre y fallar\u00e1 los tres trabajos ganadores.<\/p>\n<p>El d\u00eda 22 se publicar\u00e1n los ganadores en el tabl\u00f3n de anuncios del Ayuntamiento.<\/p>\n<p>Premio<\/p>\n<p>El Premio que se asignar\u00e1 a las piezas ganadoras consiste en un viaje, los d\u00edas 11,12 y 13 de diciembre, a Bruselas para conocer in situ las Instituciones Europeas.<\/p>\n<p>Se deja constancia que el Ganador deber\u00e1 acreditar identidad y autor\u00eda personal de la pieza presentada.<\/p>\n<p>Generalidades<\/p>\n<p>El Organizador no ser\u00e1 responsable de los da\u00f1os y perjuicios que pudieran sufrir los ganadores y\/o terceros, en sus personas y\/o bienes, con motivo y\/u ocasi\u00f3n de la participaci\u00f3n en este Concurso y\/o del uso del Premio, no asumiendo ning\u00fan tipo de responsabilidad contractual y\/o extracontractual al respecto frente al Ganador y\/o el acompa\u00f1ante y\/o terceros, circunstancia aceptada incondicionalmente por cada Participante.<\/p>\n<p>El Premio es intransferible y en ning\u00fan caso podr\u00e1 canjearse por dinero y\/u otros bienes. Los Participantes deber\u00e1n atenerse a las condiciones establecidas por estas bases y la del Premio (las fechas del viaje podr\u00e1n sufrir variaciones).<\/p>\n<p>El Ganador autoriza a los Ayuntamientos de los Municipios organizadores y al Gobierno de Cantabria a difundir su pieza con fines publicitarios, en los medios, formas y territorios que as\u00ed se disponga, sin derecho a compensaci\u00f3n alguna, durante la vigencia del Concurso\u00a0y hasta los 10 a\u00f1os posteriores a su finalizaci\u00f3n. Se considerar\u00e1 que los Participantes del Concurso han prestado su consentimiento al respecto al enviar la pieza para participar en el Concurso.<\/p>\n<p>Los Municipios organizadores podr\u00e1n, a su solo criterio, modificar y\/o cancelar por razones operativas que lo justifiquen o de fuerza mayor la duraci\u00f3n de este Concurso, el Premio y cualquiera de las disposiciones de estas Bases y Condiciones, publicitando dicha modificaci\u00f3n de la misma manera en que se publicitar\u00e1 el lanzamiento de este Concurso. Se reserva igualmente el derecho de resolver a su exclusivo criterio cualquier situaci\u00f3n no prevista expresa o t\u00e1citamente en estas Bases y Condiciones, revistiendo las decisiones que adopte al respecto el car\u00e1cter de definitivas e inapelables.<\/p>\n<p>En el Concurso no podr\u00e1n participar parientes por consanguinidad o afinidad hasta segundo grado inclusive de alg\u00fan miembro de los que se constituya el tribunal.<\/p>\n<p>La participaci\u00f3n en el Concurso implica la aceptaci\u00f3n de estas Bases y Condiciones, as\u00ed como de las decisiones que adopten los Municipios participantes, conforme a derecho, sobre cualquier cuesti\u00f3n no prevista en ellas.<\/p>\n<p>En el caso de que una vez finalizado el concurso queden premios vacantes, el Ayuntamiento de Colindres podr\u00e1 ocupar dichas plazas con nuevos solicitantes por orden de presentaci\u00f3n de trabajos.<\/p>\n<p><a href=\"http:\/\/colindres.es\/wp-content\/uploads\/2017\/11\/Propuesta-de-concurso-Europa-2017-1.pdf\">Bases y Anexo para descargar en formato pdf.<\/a><\/p>\n","protected":false},"excerpt":{"rendered":"<p>PROPUESTA DE CONCURSO\u00a0\u201cLAS INSTITUCIONES EUROPEAS\u201d PARA EL MUNICIPIO DE COLINDRES ANTECEDENTES \u00bfPor qu\u00e9 comenz\u00f3 a celebrarse el D\u00eda de Europa? El D\u00eda de Europa se celebra cada 9 de mayo en toda la Uni\u00f3n Europea para recordar la conocida como Declaraci\u00f3n Schuman, con la que en 1950 se dieron los primeros pasos para la integraci\u00f3n [&hellip;]<\/p>\n","protected":false},"author":1,"featured_media":1051,"comment_status":"open","ping_status":"closed","template":"","meta":{"_et_pb_use_builder":"","_et_pb_old_content":"","_et_gb_content_width":"","footnotes":""},"project_category":[],"project_tag":[],"class_list":["post-1085","project","type-project","status-publish","has-post-thumbnail","hentry"],"yoast_head":"<!-- This site is optimized with the Yoast SEO plugin v24.9 - https:\/\/yoast.com\/wordpress\/plugins\/seo\/ -->\n<title>CONCURSO - GANA UN VIAJE A BRUSELAS - Ayuntamiento de Colindres<\/title>\n<meta name=\"robots\" content=\"index, follow, max-snippet:-1, max-image-preview:large, max-video-preview:-1\" \/>\n<link rel=\"canonical\" href=\"https:\/\/www.colindres.es\/index.php\/project\/concurso-gana-un-viaje-a-bruselas-2\/\" \/>\n<meta property=\"og:locale\" content=\"es_ES\" \/>\n<meta property=\"og:type\" content=\"article\" \/>\n<meta property=\"og:title\" content=\"CONCURSO - GANA UN VIAJE A BRUSELAS - Ayuntamiento de Colindres\" \/>\n<meta property=\"og:description\" content=\"PROPUESTA DE CONCURSO\u00a0\u201cLAS INSTITUCIONES EUROPEAS\u201d PARA EL MUNICIPIO DE COLINDRES ANTECEDENTES \u00bfPor qu\u00e9 comenz\u00f3 a celebrarse el D\u00eda de Europa? El D\u00eda de Europa se celebra cada 9 de mayo en toda la Uni\u00f3n Europea para recordar la conocida como Declaraci\u00f3n Schuman, con la que en 1950 se dieron los primeros pasos para la integraci\u00f3n [&hellip;]\" \/>\n<meta property=\"og:url\" content=\"https:\/\/www.colindres.es\/index.php\/project\/concurso-gana-un-viaje-a-bruselas-2\/\" \/>\n<meta property=\"og:site_name\" content=\"Ayuntamiento de Colindres\" \/>\n<meta property=\"og:image\" content=\"https:\/\/www.colindres.es\/wp-content\/uploads\/2017\/11\/171128279-e2097124-9cfe-4a62-b267-a2743cb2b326.jpg\" \/>\n\t<meta property=\"og:image:width\" content=\"540\" \/>\n\t<meta property=\"og:image:height\" content=\"314\" \/>\n\t<meta property=\"og:image:type\" content=\"image\/jpeg\" \/>\n<meta name=\"twitter:card\" content=\"summary_large_image\" \/>\n<meta name=\"twitter:label1\" content=\"Tiempo de lectura\" \/>\n\t<meta name=\"twitter:data1\" content=\"6 minutos\" \/>\n<script type=\"application\/ld+json\" class=\"yoast-schema-graph\">{\"@context\":\"https:\/\/schema.org\",\"@graph\":[{\"@type\":\"WebPage\",\"@id\":\"https:\/\/www.colindres.es\/index.php\/project\/concurso-gana-un-viaje-a-bruselas-2\/\",\"url\":\"https:\/\/www.colindres.es\/index.php\/project\/concurso-gana-un-viaje-a-bruselas-2\/\",\"name\":\"CONCURSO - GANA UN VIAJE A BRUSELAS - Ayuntamiento de Colindres\",\"isPartOf\":{\"@id\":\"https:\/\/www.colindres.es\/#website\"},\"primaryImageOfPage\":{\"@id\":\"https:\/\/www.colindres.es\/index.php\/project\/concurso-gana-un-viaje-a-bruselas-2\/#primaryimage\"},\"image\":{\"@id\":\"https:\/\/www.colindres.es\/index.php\/project\/concurso-gana-un-viaje-a-bruselas-2\/#primaryimage\"},\"thumbnailUrl\":\"https:\/\/www.colindres.es\/wp-content\/uploads\/2017\/11\/171128279-e2097124-9cfe-4a62-b267-a2743cb2b326.jpg\",\"datePublished\":\"2017-11-17T16:49:25+00:00\",\"breadcrumb\":{\"@id\":\"https:\/\/www.colindres.es\/index.php\/project\/concurso-gana-un-viaje-a-bruselas-2\/#breadcrumb\"},\"inLanguage\":\"es\",\"potentialAction\":[{\"@type\":\"ReadAction\",\"target\":[\"https:\/\/www.colindres.es\/index.php\/project\/concurso-gana-un-viaje-a-bruselas-2\/\"]}]},{\"@type\":\"ImageObject\",\"inLanguage\":\"es\",\"@id\":\"https:\/\/www.colindres.es\/index.php\/project\/concurso-gana-un-viaje-a-bruselas-2\/#primaryimage\",\"url\":\"https:\/\/www.colindres.es\/wp-content\/uploads\/2017\/11\/171128279-e2097124-9cfe-4a62-b267-a2743cb2b326.jpg\",\"contentUrl\":\"https:\/\/www.colindres.es\/wp-content\/uploads\/2017\/11\/171128279-e2097124-9cfe-4a62-b267-a2743cb2b326.jpg\",\"width\":540,\"height\":314},{\"@type\":\"BreadcrumbList\",\"@id\":\"https:\/\/www.colindres.es\/index.php\/project\/concurso-gana-un-viaje-a-bruselas-2\/#breadcrumb\",\"itemListElement\":[{\"@type\":\"ListItem\",\"position\":1,\"name\":\"Portada\",\"item\":\"https:\/\/www.colindres.es\/\"},{\"@type\":\"ListItem\",\"position\":2,\"name\":\"Proyectos\",\"item\":\"https:\/\/www.colindres.es\/index.php\/project\/\"},{\"@type\":\"ListItem\",\"position\":3,\"name\":\"CONCURSO &#8211; GANA UN VIAJE A BRUSELAS\"}]},{\"@type\":\"WebSite\",\"@id\":\"https:\/\/www.colindres.es\/#website\",\"url\":\"https:\/\/www.colindres.es\/\",\"name\":\"Ayuntamiento de Colindres\",\"description\":\"Dise\u00f1ado por NTIC&#039;s\",\"publisher\":{\"@id\":\"https:\/\/www.colindres.es\/#organization\"},\"potentialAction\":[{\"@type\":\"SearchAction\",\"target\":{\"@type\":\"EntryPoint\",\"urlTemplate\":\"https:\/\/www.colindres.es\/?s={search_term_string}\"},\"query-input\":{\"@type\":\"PropertyValueSpecification\",\"valueRequired\":true,\"valueName\":\"search_term_string\"}}],\"inLanguage\":\"es\"},{\"@type\":\"Organization\",\"@id\":\"https:\/\/www.colindres.es\/#organization\",\"name\":\"AYUNTAMIENTO DE COLINDRES\",\"url\":\"https:\/\/www.colindres.es\/\",\"logo\":{\"@type\":\"ImageObject\",\"inLanguage\":\"es\",\"@id\":\"https:\/\/www.colindres.es\/#\/schema\/logo\/image\/\",\"url\":\"https:\/\/www.colindres.es\/wp-content\/uploads\/2017\/01\/LOGO-PRINCIPAL.jpg\",\"contentUrl\":\"https:\/\/www.colindres.es\/wp-content\/uploads\/2017\/01\/LOGO-PRINCIPAL.jpg\",\"width\":1209,\"height\":579,\"caption\":\"AYUNTAMIENTO DE COLINDRES\"},\"image\":{\"@id\":\"https:\/\/www.colindres.es\/#\/schema\/logo\/image\/\"}}]}<\/script>\n<!-- \/ Yoast SEO plugin. -->","yoast_head_json":{"title":"CONCURSO - GANA UN VIAJE A BRUSELAS - Ayuntamiento de Colindres","robots":{"index":"index","follow":"follow","max-snippet":"max-snippet:-1","max-image-preview":"max-image-preview:large","max-video-preview":"max-video-preview:-1"},"canonical":"https:\/\/www.colindres.es\/index.php\/project\/concurso-gana-un-viaje-a-bruselas-2\/","og_locale":"es_ES","og_type":"article","og_title":"CONCURSO - GANA UN VIAJE A BRUSELAS - Ayuntamiento de Colindres","og_description":"PROPUESTA DE CONCURSO\u00a0\u201cLAS INSTITUCIONES EUROPEAS\u201d PARA EL MUNICIPIO DE COLINDRES ANTECEDENTES \u00bfPor qu\u00e9 comenz\u00f3 a celebrarse el D\u00eda de Europa? El D\u00eda de Europa se celebra cada 9 de mayo en toda la Uni\u00f3n Europea para recordar la conocida como Declaraci\u00f3n Schuman, con la que en 1950 se dieron los primeros pasos para la integraci\u00f3n [&hellip;]","og_url":"https:\/\/www.colindres.es\/index.php\/project\/concurso-gana-un-viaje-a-bruselas-2\/","og_site_name":"Ayuntamiento de Colindres","og_image":[{"width":540,"height":314,"url":"https:\/\/www.colindres.es\/wp-content\/uploads\/2017\/11\/171128279-e2097124-9cfe-4a62-b267-a2743cb2b326.jpg","type":"image\/jpeg"}],"twitter_card":"summary_large_image","twitter_misc":{"Tiempo de lectura":"6 minutos"},"schema":{"@context":"https:\/\/schema.org","@graph":[{"@type":"WebPage","@id":"https:\/\/www.colindres.es\/index.php\/project\/concurso-gana-un-viaje-a-bruselas-2\/","url":"https:\/\/www.colindres.es\/index.php\/project\/concurso-gana-un-viaje-a-bruselas-2\/","name":"CONCURSO - GANA UN VIAJE A BRUSELAS - Ayuntamiento de Colindres","isPartOf":{"@id":"https:\/\/www.colindres.es\/#website"},"primaryImageOfPage":{"@id":"https:\/\/www.colindres.es\/index.php\/project\/concurso-gana-un-viaje-a-bruselas-2\/#primaryimage"},"image":{"@id":"https:\/\/www.colindres.es\/index.php\/project\/concurso-gana-un-viaje-a-bruselas-2\/#primaryimage"},"thumbnailUrl":"https:\/\/www.colindres.es\/wp-content\/uploads\/2017\/11\/171128279-e2097124-9cfe-4a62-b267-a2743cb2b326.jpg","datePublished":"2017-11-17T16:49:25+00:00","breadcrumb":{"@id":"https:\/\/www.colindres.es\/index.php\/project\/concurso-gana-un-viaje-a-bruselas-2\/#breadcrumb"},"inLanguage":"es","potentialAction":[{"@type":"ReadAction","target":["https:\/\/www.colindres.es\/index.php\/project\/concurso-gana-un-viaje-a-bruselas-2\/"]}]},{"@type":"ImageObject","inLanguage":"es","@id":"https:\/\/www.colindres.es\/index.php\/project\/concurso-gana-un-viaje-a-bruselas-2\/#primaryimage","url":"https:\/\/www.colindres.es\/wp-content\/uploads\/2017\/11\/171128279-e2097124-9cfe-4a62-b267-a2743cb2b326.jpg","contentUrl":"https:\/\/www.colindres.es\/wp-content\/uploads\/2017\/11\/171128279-e2097124-9cfe-4a62-b267-a2743cb2b326.jpg","width":540,"height":314},{"@type":"BreadcrumbList","@id":"https:\/\/www.colindres.es\/index.php\/project\/concurso-gana-un-viaje-a-bruselas-2\/#breadcrumb","itemListElement":[{"@type":"ListItem","position":1,"name":"Portada","item":"https:\/\/www.colindres.es\/"},{"@type":"ListItem","position":2,"name":"Proyectos","item":"https:\/\/www.colindres.es\/index.php\/project\/"},{"@type":"ListItem","position":3,"name":"CONCURSO &#8211; GANA UN VIAJE A BRUSELAS"}]},{"@type":"WebSite","@id":"https:\/\/www.colindres.es\/#website","url":"https:\/\/www.colindres.es\/","name":"Ayuntamiento de Colindres","description":"Dise\u00f1ado por NTIC&#039;s","publisher":{"@id":"https:\/\/www.colindres.es\/#organization"},"potentialAction":[{"@type":"SearchAction","target":{"@type":"EntryPoint","urlTemplate":"https:\/\/www.colindres.es\/?s={search_term_string}"},"query-input":{"@type":"PropertyValueSpecification","valueRequired":true,"valueName":"search_term_string"}}],"inLanguage":"es"},{"@type":"Organization","@id":"https:\/\/www.colindres.es\/#organization","name":"AYUNTAMIENTO DE COLINDRES","url":"https:\/\/www.colindres.es\/","logo":{"@type":"ImageObject","inLanguage":"es","@id":"https:\/\/www.colindres.es\/#\/schema\/logo\/image\/","url":"https:\/\/www.colindres.es\/wp-content\/uploads\/2017\/01\/LOGO-PRINCIPAL.jpg","contentUrl":"https:\/\/www.colindres.es\/wp-content\/uploads\/2017\/01\/LOGO-PRINCIPAL.jpg","width":1209,"height":579,"caption":"AYUNTAMIENTO DE COLINDRES"},"image":{"@id":"https:\/\/www.colindres.es\/#\/schema\/logo\/image\/"}}]}},"_links":{"self":[{"href":"https:\/\/www.colindres.es\/index.php\/wp-json\/wp\/v2\/project\/1085","targetHints":{"allow":["GET"]}}],"collection":[{"href":"https:\/\/www.colindres.es\/index.php\/wp-json\/wp\/v2\/project"}],"about":[{"href":"https:\/\/www.colindres.es\/index.php\/wp-json\/wp\/v2\/types\/project"}],"author":[{"embeddable":true,"href":"https:\/\/www.colindres.es\/index.php\/wp-json\/wp\/v2\/users\/1"}],"replies":[{"embeddable":true,"href":"https:\/\/www.colindres.es\/index.php\/wp-json\/wp\/v2\/comments?post=1085"}],"version-history":[{"count":1,"href":"https:\/\/www.colindres.es\/index.php\/wp-json\/wp\/v2\/project\/1085\/revisions"}],"predecessor-version":[{"id":1086,"href":"https:\/\/www.colindres.es\/index.php\/wp-json\/wp\/v2\/project\/1085\/revisions\/1086"}],"wp:featuredmedia":[{"embeddable":true,"href":"https:\/\/www.colindres.es\/index.php\/wp-json\/wp\/v2\/media\/1051"}],"wp:attachment":[{"href":"https:\/\/www.colindres.es\/index.php\/wp-json\/wp\/v2\/media?parent=1085"}],"wp:term":[{"taxonomy":"project_category","embeddable":true,"href":"https:\/\/www.colindres.es\/index.php\/wp-json\/wp\/v2\/project_category?post=1085"},{"taxonomy":"project_tag","embeddable":true,"href":"https:\/\/www.colindres.es\/index.php\/wp-json\/wp\/v2\/project_tag?post=1085"}],"curies":[{"name":"wp","href":"https:\/\/api.w.org\/{rel}","templated":true}]}}