{"id":1078,"date":"2017-11-17T09:28:00","date_gmt":"2017-11-17T09:28:00","guid":{"rendered":"http:\/\/colindres.es\/?post_type=project&#038;p=1078"},"modified":"2017-11-17T16:42:02","modified_gmt":"2017-11-17T16:42:02","slug":"el-ayuntamiento-de-colindres-vuelve-a-bajar-el-tipo-impositivo-del-ibi-y-congela-el-resto-de-impuestos","status":"publish","type":"project","link":"https:\/\/www.colindres.es\/index.php\/project\/el-ayuntamiento-de-colindres-vuelve-a-bajar-el-tipo-impositivo-del-ibi-y-congela-el-resto-de-impuestos\/","title":{"rendered":"El Ayuntamiento de Colindres vuelve a bajar el tipo impositivo del IBI y congela el resto de impuestos"},"content":{"rendered":"<p>La reducci\u00f3n del tipo, aprobada por unanimidad, pretende amortiguar el incremento del valor catastral \u201cpara que los vecinos no vean incrementados sus recibos\u201d<\/p>\n<p>El tipo impositivo de Colindres se situar\u00e1 en el 0,4463 y ser\u00e1 uno de los m\u00e1s bajos de los municipios de Cantabria<\/p>\n<p>Colindres, 16 de noviembre.- El Pleno del Ayuntamiento de Colindres ha aprobado la modificaci\u00f3n de las ordenanzas fiscales para el a\u00f1o 2018, que incluyen una nueva bajada del tipo impositivo del Impuesto de Bienes e Inmuebles (IBI) y la congelaci\u00f3n del resto de impuestos municipales.<\/p>\n<p>En concreto, el tipo impositivo bajar\u00e1 un 2,2% al pasar del 0,4563 actual al 0,4463, tal y como ha indicado la concejala de Econom\u00eda, Mar\u00eda Eugenia Casta\u00f1eda. \u201cEl tipo impositivo que se aplicar\u00e1 en Colindres ser\u00e1 uno de los m\u00e1s bajos de todos los municipios de la comunidad aut\u00f3noma\u201d, seg\u00fan ha destacado Casta\u00f1eda, que ha recordado que el m\u00ednimo legal est\u00e1 en 0,4%.<\/p>\n<p>Esta nueva bajada, que se ha aprobado por unanimidad de todos los grupos pol\u00edticos municipales, se suma a las aprobadas en a\u00f1o anteriores. En lo que llevamos de legislatura, el impuesto de la \u2018contribuci\u00f3n\u2019 ha pasado de un tipo impositivo del 0\u201951 en el a\u00f1o 2015 al 0\u201944 que ser\u00e1 en 2018, lo que supone \u201cun descenso del 12,49% en solo tres a\u00f1os\u201d.<\/p>\n<p>Adem\u00e1s, la concejala de Econom\u00eda ha informado de que la Direcci\u00f3n General del Catastro ha aceptado la solicitud cursada por el Ayuntamiento para aplicar, por segundo a\u00f1o consecutivo, un coeficiente reductor sobre los valores catastrales de los inmuebles urbanos, para que estos se actualicen en un porcentaje menor del que les corresponder\u00eda debido a la \u00faltima revisi\u00f3n catastral, que fue aprobada en el a\u00f1o 2008 y que todav\u00eda est\u00e1 en vigor.<\/p>\n<p>En este caso, el Catastro ha autorizado al Ayuntamiento a aplicar un coeficiente reductor del 0,96%, cuatro d\u00e9cimas m\u00e1s de lo que permiti\u00f3 ajustar el presente ejercicio.<\/p>\n<p>Con la bajada del tipo impositivo y la aplicaci\u00f3n del coeficiente reductor sobre los valores catastrales, el Consistorio persigue que los vecinos \u201cno vean incrementados sus recibos el a\u00f1o pr\u00f3ximo\u201d, ha subrayado Casta\u00f1eda. \u201cBajamos el tipo impositivo y reducimos el coeficiente para paliar la subida de la revisi\u00f3n catastral y que los recibos del a\u00f1o que viene sean similares a los de este a\u00f1o\u201d, ha recalcado.<\/p>\n<p>Igualmente, las ordenanzas fiscales de 2018, que se aprobaron en la tarde del mi\u00e9rcoles durante la celebraci\u00f3n del Pleno ordinario, incluyen la congelaci\u00f3n del resto de impuestos municipales, as\u00ed como mantener las bonificaciones y exenciones en las principales tasas<\/p>\n<p>La concejala de Econom\u00eda ha recordado que las tasas, como el agua, la basura, el alcantarillado o el impuesto de matriculaci\u00f3n, tampoco han sufrido ning\u00fan incremento en lo que llevamos de legislatura. \u201cY todo ello, al mismo tiempo hemos conseguido que el Ayuntamiento haya cerrado el \u00faltimo ejercicio contable con un super\u00e1vit de 400.000 euros\u201d, ha resaltado.<\/p>\n<p>Finalmente, Casta\u00f1era ha explicado que para facilitar el abono del recibo del IBI, todos aquellos interesados podr\u00e1n fraccionar su pago en tres veces, sin conllevar intereses de demora, para lo cual el contribuyente deber\u00e1 solicitarlo durante los quince primeros d\u00edas naturales del periodo voluntario de pago.<\/p>\n","protected":false},"excerpt":{"rendered":"<p>La reducci\u00f3n del tipo, aprobada por unanimidad, pretende amortiguar el incremento del valor catastral \u201cpara que los vecinos no vean incrementados sus recibos\u201d El tipo impositivo de Colindres se situar\u00e1 en el 0,4463 y ser\u00e1 uno de los m\u00e1s bajos de los municipios de Cantabria Colindres, 16 de noviembre.- El Pleno del Ayuntamiento de Colindres [&hellip;]<\/p>\n","protected":false},"author":1,"featured_media":661,"comment_status":"open","ping_status":"closed","template":"","meta":{"_et_pb_use_builder":"","_et_pb_old_content":"","_et_gb_content_width":"","footnotes":""},"project_category":[],"project_tag":[],"class_list":["post-1078","project","type-project","status-publish","has-post-thumbnail","hentry"],"yoast_head":"<!-- This site is optimized with the Yoast SEO plugin v24.9 - https:\/\/yoast.com\/wordpress\/plugins\/seo\/ -->\n<title>El Ayuntamiento de Colindres vuelve a bajar el tipo impositivo del IBI y congela el resto de impuestos - Ayuntamiento de Colindres<\/title>\n<meta name=\"robots\" content=\"index, follow, max-snippet:-1, max-image-preview:large, max-video-preview:-1\" \/>\n<link rel=\"canonical\" href=\"https:\/\/www.colindres.es\/index.php\/project\/el-ayuntamiento-de-colindres-vuelve-a-bajar-el-tipo-impositivo-del-ibi-y-congela-el-resto-de-impuestos\/\" \/>\n<meta property=\"og:locale\" content=\"es_ES\" \/>\n<meta property=\"og:type\" content=\"article\" \/>\n<meta property=\"og:title\" content=\"El Ayuntamiento de Colindres vuelve a bajar el tipo impositivo del IBI y congela el resto de impuestos - Ayuntamiento de Colindres\" \/>\n<meta property=\"og:description\" content=\"La reducci\u00f3n del tipo, aprobada por unanimidad, pretende amortiguar el incremento del valor catastral \u201cpara que los vecinos no vean incrementados sus recibos\u201d El tipo impositivo de Colindres se situar\u00e1 en el 0,4463 y ser\u00e1 uno de los m\u00e1s bajos de los municipios de Cantabria Colindres, 16 de noviembre.- El Pleno del Ayuntamiento de Colindres [&hellip;]\" \/>\n<meta property=\"og:url\" content=\"https:\/\/www.colindres.es\/index.php\/project\/el-ayuntamiento-de-colindres-vuelve-a-bajar-el-tipo-impositivo-del-ibi-y-congela-el-resto-de-impuestos\/\" \/>\n<meta property=\"og:site_name\" content=\"Ayuntamiento de Colindres\" \/>\n<meta property=\"article:modified_time\" content=\"2017-11-17T16:42:02+00:00\" \/>\n<meta property=\"og:image\" content=\"https:\/\/www.colindres.es\/wp-content\/uploads\/2017\/05\/IMG_0475.jpg\" \/>\n\t<meta property=\"og:image:width\" content=\"5799\" \/>\n\t<meta property=\"og:image:height\" content=\"1904\" \/>\n\t<meta property=\"og:image:type\" content=\"image\/jpeg\" \/>\n<meta name=\"twitter:card\" content=\"summary_large_image\" \/>\n<meta name=\"twitter:label1\" content=\"Tiempo de lectura\" \/>\n\t<meta name=\"twitter:data1\" content=\"3 minutos\" \/>\n<script type=\"application\/ld+json\" class=\"yoast-schema-graph\">{\"@context\":\"https:\/\/schema.org\",\"@graph\":[{\"@type\":\"WebPage\",\"@id\":\"https:\/\/www.colindres.es\/index.php\/project\/el-ayuntamiento-de-colindres-vuelve-a-bajar-el-tipo-impositivo-del-ibi-y-congela-el-resto-de-impuestos\/\",\"url\":\"https:\/\/www.colindres.es\/index.php\/project\/el-ayuntamiento-de-colindres-vuelve-a-bajar-el-tipo-impositivo-del-ibi-y-congela-el-resto-de-impuestos\/\",\"name\":\"El Ayuntamiento de Colindres vuelve a bajar el tipo impositivo del IBI y congela el resto de impuestos - Ayuntamiento de Colindres\",\"isPartOf\":{\"@id\":\"https:\/\/www.colindres.es\/#website\"},\"primaryImageOfPage\":{\"@id\":\"https:\/\/www.colindres.es\/index.php\/project\/el-ayuntamiento-de-colindres-vuelve-a-bajar-el-tipo-impositivo-del-ibi-y-congela-el-resto-de-impuestos\/#primaryimage\"},\"image\":{\"@id\":\"https:\/\/www.colindres.es\/index.php\/project\/el-ayuntamiento-de-colindres-vuelve-a-bajar-el-tipo-impositivo-del-ibi-y-congela-el-resto-de-impuestos\/#primaryimage\"},\"thumbnailUrl\":\"https:\/\/www.colindres.es\/wp-content\/uploads\/2017\/05\/IMG_0475.jpg\",\"datePublished\":\"2017-11-17T09:28:00+00:00\",\"dateModified\":\"2017-11-17T16:42:02+00:00\",\"breadcrumb\":{\"@id\":\"https:\/\/www.colindres.es\/index.php\/project\/el-ayuntamiento-de-colindres-vuelve-a-bajar-el-tipo-impositivo-del-ibi-y-congela-el-resto-de-impuestos\/#breadcrumb\"},\"inLanguage\":\"es\",\"potentialAction\":[{\"@type\":\"ReadAction\",\"target\":[\"https:\/\/www.colindres.es\/index.php\/project\/el-ayuntamiento-de-colindres-vuelve-a-bajar-el-tipo-impositivo-del-ibi-y-congela-el-resto-de-impuestos\/\"]}]},{\"@type\":\"ImageObject\",\"inLanguage\":\"es\",\"@id\":\"https:\/\/www.colindres.es\/index.php\/project\/el-ayuntamiento-de-colindres-vuelve-a-bajar-el-tipo-impositivo-del-ibi-y-congela-el-resto-de-impuestos\/#primaryimage\",\"url\":\"https:\/\/www.colindres.es\/wp-content\/uploads\/2017\/05\/IMG_0475.jpg\",\"contentUrl\":\"https:\/\/www.colindres.es\/wp-content\/uploads\/2017\/05\/IMG_0475.jpg\",\"width\":5799,\"height\":1904},{\"@type\":\"BreadcrumbList\",\"@id\":\"https:\/\/www.colindres.es\/index.php\/project\/el-ayuntamiento-de-colindres-vuelve-a-bajar-el-tipo-impositivo-del-ibi-y-congela-el-resto-de-impuestos\/#breadcrumb\",\"itemListElement\":[{\"@type\":\"ListItem\",\"position\":1,\"name\":\"Portada\",\"item\":\"https:\/\/www.colindres.es\/\"},{\"@type\":\"ListItem\",\"position\":2,\"name\":\"Proyectos\",\"item\":\"https:\/\/www.colindres.es\/index.php\/project\/\"},{\"@type\":\"ListItem\",\"position\":3,\"name\":\"El Ayuntamiento de Colindres vuelve a bajar el tipo impositivo del IBI y congela el resto de impuestos\"}]},{\"@type\":\"WebSite\",\"@id\":\"https:\/\/www.colindres.es\/#website\",\"url\":\"https:\/\/www.colindres.es\/\",\"name\":\"Ayuntamiento de Colindres\",\"description\":\"Dise\u00f1ado por NTIC&#039;s\",\"publisher\":{\"@id\":\"https:\/\/www.colindres.es\/#organization\"},\"potentialAction\":[{\"@type\":\"SearchAction\",\"target\":{\"@type\":\"EntryPoint\",\"urlTemplate\":\"https:\/\/www.colindres.es\/?s={search_term_string}\"},\"query-input\":{\"@type\":\"PropertyValueSpecification\",\"valueRequired\":true,\"valueName\":\"search_term_string\"}}],\"inLanguage\":\"es\"},{\"@type\":\"Organization\",\"@id\":\"https:\/\/www.colindres.es\/#organization\",\"name\":\"AYUNTAMIENTO DE COLINDRES\",\"url\":\"https:\/\/www.colindres.es\/\",\"logo\":{\"@type\":\"ImageObject\",\"inLanguage\":\"es\",\"@id\":\"https:\/\/www.colindres.es\/#\/schema\/logo\/image\/\",\"url\":\"https:\/\/www.colindres.es\/wp-content\/uploads\/2017\/01\/LOGO-PRINCIPAL.jpg\",\"contentUrl\":\"https:\/\/www.colindres.es\/wp-content\/uploads\/2017\/01\/LOGO-PRINCIPAL.jpg\",\"width\":1209,\"height\":579,\"caption\":\"AYUNTAMIENTO DE COLINDRES\"},\"image\":{\"@id\":\"https:\/\/www.colindres.es\/#\/schema\/logo\/image\/\"}}]}<\/script>\n<!-- \/ Yoast SEO plugin. -->","yoast_head_json":{"title":"El Ayuntamiento de Colindres vuelve a bajar el tipo impositivo del IBI y congela el resto de impuestos - Ayuntamiento de Colindres","robots":{"index":"index","follow":"follow","max-snippet":"max-snippet:-1","max-image-preview":"max-image-preview:large","max-video-preview":"max-video-preview:-1"},"canonical":"https:\/\/www.colindres.es\/index.php\/project\/el-ayuntamiento-de-colindres-vuelve-a-bajar-el-tipo-impositivo-del-ibi-y-congela-el-resto-de-impuestos\/","og_locale":"es_ES","og_type":"article","og_title":"El Ayuntamiento de Colindres vuelve a bajar el tipo impositivo del IBI y congela el resto de impuestos - Ayuntamiento de Colindres","og_description":"La reducci\u00f3n del tipo, aprobada por unanimidad, pretende amortiguar el incremento del valor catastral \u201cpara que los vecinos no vean incrementados sus recibos\u201d El tipo impositivo de Colindres se situar\u00e1 en el 0,4463 y ser\u00e1 uno de los m\u00e1s bajos de los municipios de Cantabria Colindres, 16 de noviembre.- El Pleno del Ayuntamiento de Colindres [&hellip;]","og_url":"https:\/\/www.colindres.es\/index.php\/project\/el-ayuntamiento-de-colindres-vuelve-a-bajar-el-tipo-impositivo-del-ibi-y-congela-el-resto-de-impuestos\/","og_site_name":"Ayuntamiento de Colindres","article_modified_time":"2017-11-17T16:42:02+00:00","og_image":[{"width":5799,"height":1904,"url":"https:\/\/www.colindres.es\/wp-content\/uploads\/2017\/05\/IMG_0475.jpg","type":"image\/jpeg"}],"twitter_card":"summary_large_image","twitter_misc":{"Tiempo de lectura":"3 minutos"},"schema":{"@context":"https:\/\/schema.org","@graph":[{"@type":"WebPage","@id":"https:\/\/www.colindres.es\/index.php\/project\/el-ayuntamiento-de-colindres-vuelve-a-bajar-el-tipo-impositivo-del-ibi-y-congela-el-resto-de-impuestos\/","url":"https:\/\/www.colindres.es\/index.php\/project\/el-ayuntamiento-de-colindres-vuelve-a-bajar-el-tipo-impositivo-del-ibi-y-congela-el-resto-de-impuestos\/","name":"El Ayuntamiento de Colindres vuelve a bajar el tipo impositivo del IBI y congela el resto de impuestos - Ayuntamiento de Colindres","isPartOf":{"@id":"https:\/\/www.colindres.es\/#website"},"primaryImageOfPage":{"@id":"https:\/\/www.colindres.es\/index.php\/project\/el-ayuntamiento-de-colindres-vuelve-a-bajar-el-tipo-impositivo-del-ibi-y-congela-el-resto-de-impuestos\/#primaryimage"},"image":{"@id":"https:\/\/www.colindres.es\/index.php\/project\/el-ayuntamiento-de-colindres-vuelve-a-bajar-el-tipo-impositivo-del-ibi-y-congela-el-resto-de-impuestos\/#primaryimage"},"thumbnailUrl":"https:\/\/www.colindres.es\/wp-content\/uploads\/2017\/05\/IMG_0475.jpg","datePublished":"2017-11-17T09:28:00+00:00","dateModified":"2017-11-17T16:42:02+00:00","breadcrumb":{"@id":"https:\/\/www.colindres.es\/index.php\/project\/el-ayuntamiento-de-colindres-vuelve-a-bajar-el-tipo-impositivo-del-ibi-y-congela-el-resto-de-impuestos\/#breadcrumb"},"inLanguage":"es","potentialAction":[{"@type":"ReadAction","target":["https:\/\/www.colindres.es\/index.php\/project\/el-ayuntamiento-de-colindres-vuelve-a-bajar-el-tipo-impositivo-del-ibi-y-congela-el-resto-de-impuestos\/"]}]},{"@type":"ImageObject","inLanguage":"es","@id":"https:\/\/www.colindres.es\/index.php\/project\/el-ayuntamiento-de-colindres-vuelve-a-bajar-el-tipo-impositivo-del-ibi-y-congela-el-resto-de-impuestos\/#primaryimage","url":"https:\/\/www.colindres.es\/wp-content\/uploads\/2017\/05\/IMG_0475.jpg","contentUrl":"https:\/\/www.colindres.es\/wp-content\/uploads\/2017\/05\/IMG_0475.jpg","width":5799,"height":1904},{"@type":"BreadcrumbList","@id":"https:\/\/www.colindres.es\/index.php\/project\/el-ayuntamiento-de-colindres-vuelve-a-bajar-el-tipo-impositivo-del-ibi-y-congela-el-resto-de-impuestos\/#breadcrumb","itemListElement":[{"@type":"ListItem","position":1,"name":"Portada","item":"https:\/\/www.colindres.es\/"},{"@type":"ListItem","position":2,"name":"Proyectos","item":"https:\/\/www.colindres.es\/index.php\/project\/"},{"@type":"ListItem","position":3,"name":"El Ayuntamiento de Colindres vuelve a bajar el tipo impositivo del IBI y congela el resto de impuestos"}]},{"@type":"WebSite","@id":"https:\/\/www.colindres.es\/#website","url":"https:\/\/www.colindres.es\/","name":"Ayuntamiento de Colindres","description":"Dise\u00f1ado por NTIC&#039;s","publisher":{"@id":"https:\/\/www.colindres.es\/#organization"},"potentialAction":[{"@type":"SearchAction","target":{"@type":"EntryPoint","urlTemplate":"https:\/\/www.colindres.es\/?s={search_term_string}"},"query-input":{"@type":"PropertyValueSpecification","valueRequired":true,"valueName":"search_term_string"}}],"inLanguage":"es"},{"@type":"Organization","@id":"https:\/\/www.colindres.es\/#organization","name":"AYUNTAMIENTO DE COLINDRES","url":"https:\/\/www.colindres.es\/","logo":{"@type":"ImageObject","inLanguage":"es","@id":"https:\/\/www.colindres.es\/#\/schema\/logo\/image\/","url":"https:\/\/www.colindres.es\/wp-content\/uploads\/2017\/01\/LOGO-PRINCIPAL.jpg","contentUrl":"https:\/\/www.colindres.es\/wp-content\/uploads\/2017\/01\/LOGO-PRINCIPAL.jpg","width":1209,"height":579,"caption":"AYUNTAMIENTO DE COLINDRES"},"image":{"@id":"https:\/\/www.colindres.es\/#\/schema\/logo\/image\/"}}]}},"_links":{"self":[{"href":"https:\/\/www.colindres.es\/index.php\/wp-json\/wp\/v2\/project\/1078","targetHints":{"allow":["GET"]}}],"collection":[{"href":"https:\/\/www.colindres.es\/index.php\/wp-json\/wp\/v2\/project"}],"about":[{"href":"https:\/\/www.colindres.es\/index.php\/wp-json\/wp\/v2\/types\/project"}],"author":[{"embeddable":true,"href":"https:\/\/www.colindres.es\/index.php\/wp-json\/wp\/v2\/users\/1"}],"replies":[{"embeddable":true,"href":"https:\/\/www.colindres.es\/index.php\/wp-json\/wp\/v2\/comments?post=1078"}],"version-history":[{"count":2,"href":"https:\/\/www.colindres.es\/index.php\/wp-json\/wp\/v2\/project\/1078\/revisions"}],"predecessor-version":[{"id":1084,"href":"https:\/\/www.colindres.es\/index.php\/wp-json\/wp\/v2\/project\/1078\/revisions\/1084"}],"wp:featuredmedia":[{"embeddable":true,"href":"https:\/\/www.colindres.es\/index.php\/wp-json\/wp\/v2\/media\/661"}],"wp:attachment":[{"href":"https:\/\/www.colindres.es\/index.php\/wp-json\/wp\/v2\/media?parent=1078"}],"wp:term":[{"taxonomy":"project_category","embeddable":true,"href":"https:\/\/www.colindres.es\/index.php\/wp-json\/wp\/v2\/project_category?post=1078"},{"taxonomy":"project_tag","embeddable":true,"href":"https:\/\/www.colindres.es\/index.php\/wp-json\/wp\/v2\/project_tag?post=1078"}],"curies":[{"name":"wp","href":"https:\/\/api.w.org\/{rel}","templated":true}]}}