{"id":1046,"date":"2017-11-08T11:47:28","date_gmt":"2017-11-08T11:47:28","guid":{"rendered":"http:\/\/colindres.es\/?post_type=project&#038;p=1046"},"modified":"2017-11-08T11:47:28","modified_gmt":"2017-11-08T11:47:28","slug":"colindres-participa-en-un-proyecto-experimental-para-controlar-la-expansion-del-helecho-comun-y-reducir-los-incendios-en-cantabria","status":"publish","type":"project","link":"https:\/\/www.colindres.es\/index.php\/project\/colindres-participa-en-un-proyecto-experimental-para-controlar-la-expansion-del-helecho-comun-y-reducir-los-incendios-en-cantabria\/","title":{"rendered":"Colindres participa en un proyecto experimental para controlar la expansi\u00f3n del helecho com\u00fan y reducir los incendios en Cantabria"},"content":{"rendered":"<p>\u2018Pteridium\u2019 es una iniciativa de la Mancomunidad de Municipios Sostenibles que cuenta con el apoyo de la Consejer\u00eda de Medio Ambiente del Gobierno de Cantabria<\/p>\n<p>Colindres es uno de los municipios en los que se ha puesto en marcha el proyecto &#8216;Pteridium&#8217;, una iniciativa de la Mancomunidad de Municipios Sostenibles que cuenta con la participaci\u00f3n del Gobierno de Cantabria y que pretende controlar la expansi\u00f3n del helecho com\u00fan en la Comunidad para evitar incendios forestales, a la vez que aprovechar posteriormente uno de sus principios activos, la ecdisona, como insecticida biol\u00f3gico.<\/p>\n<p>Con un presupuesto de 50.000 euros, el proyecto experimental comenz\u00f3 el pasado mes de agosto con la primera eliminaci\u00f3n de helechos en dos parcelas de Colindres y Liendo para ser posteriormente analizados en los laboratorios del Instituto de Biomedicina y Biotecnolog\u00eda de Cantabria (IBBTEC)-que tambi\u00e9n colabora en la iniciativa junto al Centro de Investigaci\u00f3n del Medio Ambiente (CIMA).<\/p>\n<p>La segunda fase de eliminaci\u00f3n controlada se llevar\u00e1 a cabo en esas mismas parcelas antes de junio del a\u00f1o que viene, fecha en la que se recoger\u00e1n los primeros an\u00e1lisis de los estudios. El proyecto se completar\u00e1 con la posterior comercializaci\u00f3n como insecticida biol\u00f3gico de los residuos vegetales que surjan de la eliminaci\u00f3n de esas dos parcelas de helechos. En concreto, uno de sus principios activos, como es la ecdisoma.<\/p>\n<p>El proyecto cuenta tambi\u00e9n con el apoyo de la Fundaci\u00f3n Biodiversidad, dependiente del Ministerio de Medio Ambiente, que aportar\u00e1 casi 30.000 euros en la financiaci\u00f3n, y de los ayuntamientos de Colindres y Liendo, que ceden las dos parcelas de dos hect\u00e1reas cada una.<\/p>\n<p>La iniciativa ha sido presentada por la vicepresidenta de Cantabria y consejera de Universidades e Investigaci\u00f3n, Medio Ambiente y Pol\u00edtica Social, Eva D\u00edaz Tezanos, en una rueda de prensa en la que tambi\u00e9n han participado el presidente de la Mancomunidad de Municipios Sostenibles, Felipe Lav\u00edn; el presidente de la asociaci\u00f3n cultural Bosques de Cantabria, Clemente Rasines y los alcaldes de Colindres y Liendo, Javier Incera y Juan Alberto Rozas, respectivamente, as\u00ed como el director general del CIMA, Jes\u00fas Garc\u00eda, adem\u00e1s del director t\u00e9cnico de la Mancomunidad de Municipios Sostenibles, Javier Hern\u00e1ndez.<\/p>\n<p>Efecto propagador<\/p>\n<p>Durante la presentaci\u00f3n del proyecto, D\u00edaz Tezanos ha ensalzado la utilidad de esta iniciativa a la hora de controlar la expansi\u00f3n del helecho com\u00fan, una especie de \u00abmarcado car\u00e1cter propagador\u00bb del fuego cuando se encuentra en su fase m\u00e1s seca. Tambi\u00e9n ha subrayado la importancia de la fase de eliminaci\u00f3n porque \u00abse puede tornar como una actividad generadora de puestos de trabajo\u00bb. De hecho, en esta primera fase experimental supondr\u00e1 la contrataci\u00f3n de dos peones para llevar a cabo el desbroce de helechos en las parcelas de Colindres y Liendo.<\/p>\n<p>La vicepresidenta, adem\u00e1s, ha puesto el \u00e9nfasis en la apuesta del proyecto por una econom\u00eda circular al poner la investigaci\u00f3n al servicio de \u00abuna econom\u00eda basada en el residuo cero y en la que todos los elementos vuelvan a tener una utilidad\u00bb.<\/p>\n<p>\u00abSe trata de una iniciativa de una importancia extraordinaria porque contempla de manera \u00edntegra varias perspectivas, como son intervenir frente al cambio clim\u00e1tico evitando factores de riesgo, atajar un problema ambiental espec\u00edfico de la regi\u00f3n, incentivar una actividad preventiva susceptible de generar puestos de trabajo y promover el aprovechamiento econ\u00f3mico de los residuos de esta planta\u00bb, ha indicado D\u00edaz Tezanos.<\/p>\n<p>\u201cUn aut\u00e9ntico arsenal qu\u00edmico\u201d<\/p>\n<p>Por su parte, el presidente de la Mancomunidad de Municipios Sostenibles, Felipe Lav\u00edn, ha se\u00f1alado que este proyecto permitir\u00e1 desarrollar muchas pol\u00edticas municipales y regionales, como la conservaci\u00f3n de la biodiversidad, la prevenci\u00f3n de riesgos y vulnerabilidad, la generaci\u00f3n de empleo y el emprendimiento.<\/p>\n<p>Tambi\u00e9n ha resaltado la necesidad de impulsar una iniciativa de estas caracter\u00edsticas porque en los 16 municipios que forman la Mancomunidad se han detectado \u00abimportantes\u00bb poblaciones de helechos que favorecen la propagaci\u00f3n de incendios.<\/p>\n<p>El presidente de la asociaci\u00f3n cultural Bosques de Cantabria, Clemente Rasines, tambi\u00e9n ha justificado la puesta en marcha del proyecto &#8216;Pteridium&#8217; porque el helecho com\u00fan, \u00abla quinta especie m\u00e1s abundante del mundo\u00bb, ha dicho que \u00abest\u00e1 muy extendida por los prados y zonas forestales de nuestro territorio\u00bb y sus efectos van m\u00e1s all\u00e1 de las consecuencias que genera su papel como propagador del fuego. \u00abEs un aut\u00e9ntico arsenal qu\u00edmico que precisa ser controlado\u00bb, ha enfatizado Rasines.<\/p>\n<p>Igualmente, ha aplaudido el posible aprovechamiento de unos de sus principios activos, la ecdisona, como insecticida biol\u00f3gico, contribuyendo as\u00ed a cerrar una econom\u00eda circular que \u00abbeneficiar\u00e1 al clima y al medio ambiente de Cantabria\u00bb.<\/p>\n","protected":false},"excerpt":{"rendered":"<p>\u2018Pteridium\u2019 es una iniciativa de la Mancomunidad de Municipios Sostenibles que cuenta con el apoyo de la Consejer\u00eda de Medio Ambiente del Gobierno de Cantabria Colindres es uno de los municipios en los que se ha puesto en marcha el proyecto &#8216;Pteridium&#8217;, una iniciativa de la Mancomunidad de Municipios Sostenibles que cuenta con la participaci\u00f3n [&hellip;]<\/p>\n","protected":false},"author":1,"featured_media":1047,"comment_status":"open","ping_status":"closed","template":"","meta":{"_et_pb_use_builder":"","_et_pb_old_content":"","_et_gb_content_width":"","footnotes":""},"project_category":[],"project_tag":[],"class_list":["post-1046","project","type-project","status-publish","has-post-thumbnail","hentry"],"yoast_head":"<!-- This site is optimized with the Yoast SEO plugin v24.9 - https:\/\/yoast.com\/wordpress\/plugins\/seo\/ -->\n<title>Colindres participa en un proyecto experimental para controlar la expansi\u00f3n del helecho com\u00fan y reducir los incendios en Cantabria - Ayuntamiento de Colindres<\/title>\n<meta name=\"robots\" content=\"index, follow, max-snippet:-1, max-image-preview:large, max-video-preview:-1\" \/>\n<link rel=\"canonical\" href=\"https:\/\/www.colindres.es\/index.php\/project\/colindres-participa-en-un-proyecto-experimental-para-controlar-la-expansion-del-helecho-comun-y-reducir-los-incendios-en-cantabria\/\" \/>\n<meta property=\"og:locale\" content=\"es_ES\" \/>\n<meta property=\"og:type\" content=\"article\" \/>\n<meta property=\"og:title\" content=\"Colindres participa en un proyecto experimental para controlar la expansi\u00f3n del helecho com\u00fan y reducir los incendios en Cantabria - Ayuntamiento de Colindres\" \/>\n<meta property=\"og:description\" content=\"\u2018Pteridium\u2019 es una iniciativa de la Mancomunidad de Municipios Sostenibles que cuenta con el apoyo de la Consejer\u00eda de Medio Ambiente del Gobierno de Cantabria Colindres es uno de los municipios en los que se ha puesto en marcha el proyecto &#8216;Pteridium&#8217;, una iniciativa de la Mancomunidad de Municipios Sostenibles que cuenta con la participaci\u00f3n [&hellip;]\" \/>\n<meta property=\"og:url\" content=\"https:\/\/www.colindres.es\/index.php\/project\/colindres-participa-en-un-proyecto-experimental-para-controlar-la-expansion-del-helecho-comun-y-reducir-los-incendios-en-cantabria\/\" \/>\n<meta property=\"og:site_name\" content=\"Ayuntamiento de Colindres\" \/>\n<meta property=\"og:image\" content=\"https:\/\/www.colindres.es\/wp-content\/uploads\/2017\/11\/Presentacion-helechos.jpg\" \/>\n\t<meta property=\"og:image:width\" content=\"4000\" \/>\n\t<meta property=\"og:image:height\" content=\"2667\" \/>\n\t<meta property=\"og:image:type\" content=\"image\/jpeg\" \/>\n<meta name=\"twitter:card\" content=\"summary_large_image\" \/>\n<meta name=\"twitter:label1\" content=\"Tiempo de lectura\" \/>\n\t<meta name=\"twitter:data1\" content=\"4 minutos\" \/>\n<script type=\"application\/ld+json\" class=\"yoast-schema-graph\">{\"@context\":\"https:\/\/schema.org\",\"@graph\":[{\"@type\":\"WebPage\",\"@id\":\"https:\/\/www.colindres.es\/index.php\/project\/colindres-participa-en-un-proyecto-experimental-para-controlar-la-expansion-del-helecho-comun-y-reducir-los-incendios-en-cantabria\/\",\"url\":\"https:\/\/www.colindres.es\/index.php\/project\/colindres-participa-en-un-proyecto-experimental-para-controlar-la-expansion-del-helecho-comun-y-reducir-los-incendios-en-cantabria\/\",\"name\":\"Colindres participa en un proyecto experimental para controlar la expansi\u00f3n del helecho com\u00fan y reducir los incendios en Cantabria - Ayuntamiento de Colindres\",\"isPartOf\":{\"@id\":\"https:\/\/www.colindres.es\/#website\"},\"primaryImageOfPage\":{\"@id\":\"https:\/\/www.colindres.es\/index.php\/project\/colindres-participa-en-un-proyecto-experimental-para-controlar-la-expansion-del-helecho-comun-y-reducir-los-incendios-en-cantabria\/#primaryimage\"},\"image\":{\"@id\":\"https:\/\/www.colindres.es\/index.php\/project\/colindres-participa-en-un-proyecto-experimental-para-controlar-la-expansion-del-helecho-comun-y-reducir-los-incendios-en-cantabria\/#primaryimage\"},\"thumbnailUrl\":\"https:\/\/www.colindres.es\/wp-content\/uploads\/2017\/11\/Presentacion-helechos.jpg\",\"datePublished\":\"2017-11-08T11:47:28+00:00\",\"breadcrumb\":{\"@id\":\"https:\/\/www.colindres.es\/index.php\/project\/colindres-participa-en-un-proyecto-experimental-para-controlar-la-expansion-del-helecho-comun-y-reducir-los-incendios-en-cantabria\/#breadcrumb\"},\"inLanguage\":\"es\",\"potentialAction\":[{\"@type\":\"ReadAction\",\"target\":[\"https:\/\/www.colindres.es\/index.php\/project\/colindres-participa-en-un-proyecto-experimental-para-controlar-la-expansion-del-helecho-comun-y-reducir-los-incendios-en-cantabria\/\"]}]},{\"@type\":\"ImageObject\",\"inLanguage\":\"es\",\"@id\":\"https:\/\/www.colindres.es\/index.php\/project\/colindres-participa-en-un-proyecto-experimental-para-controlar-la-expansion-del-helecho-comun-y-reducir-los-incendios-en-cantabria\/#primaryimage\",\"url\":\"https:\/\/www.colindres.es\/wp-content\/uploads\/2017\/11\/Presentacion-helechos.jpg\",\"contentUrl\":\"https:\/\/www.colindres.es\/wp-content\/uploads\/2017\/11\/Presentacion-helechos.jpg\",\"width\":4000,\"height\":2667,\"caption\":\"11:00 Sala de Prensa del Gobierno de Cantabria. La vicepresidenta y consejera de Universidades e Investigaci\u00f3n, Medio Ambiente y Pol\u00edtica Social, Eva D\u00edaz Tezanos, presenta, en rueda de prensa, el proyecto \u2018Pteridium, usos del helecho com\u00fan en Cantabria para una econom\u00eda circular\u2019. 7 de noviembre de 2017 \u00a9 Ra\u00fal Lucio\"},{\"@type\":\"BreadcrumbList\",\"@id\":\"https:\/\/www.colindres.es\/index.php\/project\/colindres-participa-en-un-proyecto-experimental-para-controlar-la-expansion-del-helecho-comun-y-reducir-los-incendios-en-cantabria\/#breadcrumb\",\"itemListElement\":[{\"@type\":\"ListItem\",\"position\":1,\"name\":\"Portada\",\"item\":\"https:\/\/www.colindres.es\/\"},{\"@type\":\"ListItem\",\"position\":2,\"name\":\"Proyectos\",\"item\":\"https:\/\/www.colindres.es\/index.php\/project\/\"},{\"@type\":\"ListItem\",\"position\":3,\"name\":\"Colindres participa en un proyecto experimental para controlar la expansi\u00f3n del helecho com\u00fan y reducir los incendios en Cantabria\"}]},{\"@type\":\"WebSite\",\"@id\":\"https:\/\/www.colindres.es\/#website\",\"url\":\"https:\/\/www.colindres.es\/\",\"name\":\"Ayuntamiento de Colindres\",\"description\":\"Dise\u00f1ado por NTIC&#039;s\",\"publisher\":{\"@id\":\"https:\/\/www.colindres.es\/#organization\"},\"potentialAction\":[{\"@type\":\"SearchAction\",\"target\":{\"@type\":\"EntryPoint\",\"urlTemplate\":\"https:\/\/www.colindres.es\/?s={search_term_string}\"},\"query-input\":{\"@type\":\"PropertyValueSpecification\",\"valueRequired\":true,\"valueName\":\"search_term_string\"}}],\"inLanguage\":\"es\"},{\"@type\":\"Organization\",\"@id\":\"https:\/\/www.colindres.es\/#organization\",\"name\":\"AYUNTAMIENTO DE COLINDRES\",\"url\":\"https:\/\/www.colindres.es\/\",\"logo\":{\"@type\":\"ImageObject\",\"inLanguage\":\"es\",\"@id\":\"https:\/\/www.colindres.es\/#\/schema\/logo\/image\/\",\"url\":\"https:\/\/www.colindres.es\/wp-content\/uploads\/2017\/01\/LOGO-PRINCIPAL.jpg\",\"contentUrl\":\"https:\/\/www.colindres.es\/wp-content\/uploads\/2017\/01\/LOGO-PRINCIPAL.jpg\",\"width\":1209,\"height\":579,\"caption\":\"AYUNTAMIENTO DE COLINDRES\"},\"image\":{\"@id\":\"https:\/\/www.colindres.es\/#\/schema\/logo\/image\/\"}}]}<\/script>\n<!-- \/ Yoast SEO plugin. -->","yoast_head_json":{"title":"Colindres participa en un proyecto experimental para controlar la expansi\u00f3n del helecho com\u00fan y reducir los incendios en Cantabria - Ayuntamiento de Colindres","robots":{"index":"index","follow":"follow","max-snippet":"max-snippet:-1","max-image-preview":"max-image-preview:large","max-video-preview":"max-video-preview:-1"},"canonical":"https:\/\/www.colindres.es\/index.php\/project\/colindres-participa-en-un-proyecto-experimental-para-controlar-la-expansion-del-helecho-comun-y-reducir-los-incendios-en-cantabria\/","og_locale":"es_ES","og_type":"article","og_title":"Colindres participa en un proyecto experimental para controlar la expansi\u00f3n del helecho com\u00fan y reducir los incendios en Cantabria - Ayuntamiento de Colindres","og_description":"\u2018Pteridium\u2019 es una iniciativa de la Mancomunidad de Municipios Sostenibles que cuenta con el apoyo de la Consejer\u00eda de Medio Ambiente del Gobierno de Cantabria Colindres es uno de los municipios en los que se ha puesto en marcha el proyecto &#8216;Pteridium&#8217;, una iniciativa de la Mancomunidad de Municipios Sostenibles que cuenta con la participaci\u00f3n [&hellip;]","og_url":"https:\/\/www.colindres.es\/index.php\/project\/colindres-participa-en-un-proyecto-experimental-para-controlar-la-expansion-del-helecho-comun-y-reducir-los-incendios-en-cantabria\/","og_site_name":"Ayuntamiento de Colindres","og_image":[{"width":4000,"height":2667,"url":"https:\/\/www.colindres.es\/wp-content\/uploads\/2017\/11\/Presentacion-helechos.jpg","type":"image\/jpeg"}],"twitter_card":"summary_large_image","twitter_misc":{"Tiempo de lectura":"4 minutos"},"schema":{"@context":"https:\/\/schema.org","@graph":[{"@type":"WebPage","@id":"https:\/\/www.colindres.es\/index.php\/project\/colindres-participa-en-un-proyecto-experimental-para-controlar-la-expansion-del-helecho-comun-y-reducir-los-incendios-en-cantabria\/","url":"https:\/\/www.colindres.es\/index.php\/project\/colindres-participa-en-un-proyecto-experimental-para-controlar-la-expansion-del-helecho-comun-y-reducir-los-incendios-en-cantabria\/","name":"Colindres participa en un proyecto experimental para controlar la expansi\u00f3n del helecho com\u00fan y reducir los incendios en Cantabria - Ayuntamiento de Colindres","isPartOf":{"@id":"https:\/\/www.colindres.es\/#website"},"primaryImageOfPage":{"@id":"https:\/\/www.colindres.es\/index.php\/project\/colindres-participa-en-un-proyecto-experimental-para-controlar-la-expansion-del-helecho-comun-y-reducir-los-incendios-en-cantabria\/#primaryimage"},"image":{"@id":"https:\/\/www.colindres.es\/index.php\/project\/colindres-participa-en-un-proyecto-experimental-para-controlar-la-expansion-del-helecho-comun-y-reducir-los-incendios-en-cantabria\/#primaryimage"},"thumbnailUrl":"https:\/\/www.colindres.es\/wp-content\/uploads\/2017\/11\/Presentacion-helechos.jpg","datePublished":"2017-11-08T11:47:28+00:00","breadcrumb":{"@id":"https:\/\/www.colindres.es\/index.php\/project\/colindres-participa-en-un-proyecto-experimental-para-controlar-la-expansion-del-helecho-comun-y-reducir-los-incendios-en-cantabria\/#breadcrumb"},"inLanguage":"es","potentialAction":[{"@type":"ReadAction","target":["https:\/\/www.colindres.es\/index.php\/project\/colindres-participa-en-un-proyecto-experimental-para-controlar-la-expansion-del-helecho-comun-y-reducir-los-incendios-en-cantabria\/"]}]},{"@type":"ImageObject","inLanguage":"es","@id":"https:\/\/www.colindres.es\/index.php\/project\/colindres-participa-en-un-proyecto-experimental-para-controlar-la-expansion-del-helecho-comun-y-reducir-los-incendios-en-cantabria\/#primaryimage","url":"https:\/\/www.colindres.es\/wp-content\/uploads\/2017\/11\/Presentacion-helechos.jpg","contentUrl":"https:\/\/www.colindres.es\/wp-content\/uploads\/2017\/11\/Presentacion-helechos.jpg","width":4000,"height":2667,"caption":"11:00 Sala de Prensa del Gobierno de Cantabria. La vicepresidenta y consejera de Universidades e Investigaci\u00f3n, Medio Ambiente y Pol\u00edtica Social, Eva D\u00edaz Tezanos, presenta, en rueda de prensa, el proyecto \u2018Pteridium, usos del helecho com\u00fan en Cantabria para una econom\u00eda circular\u2019. 7 de noviembre de 2017 \u00a9 Ra\u00fal Lucio"},{"@type":"BreadcrumbList","@id":"https:\/\/www.colindres.es\/index.php\/project\/colindres-participa-en-un-proyecto-experimental-para-controlar-la-expansion-del-helecho-comun-y-reducir-los-incendios-en-cantabria\/#breadcrumb","itemListElement":[{"@type":"ListItem","position":1,"name":"Portada","item":"https:\/\/www.colindres.es\/"},{"@type":"ListItem","position":2,"name":"Proyectos","item":"https:\/\/www.colindres.es\/index.php\/project\/"},{"@type":"ListItem","position":3,"name":"Colindres participa en un proyecto experimental para controlar la expansi\u00f3n del helecho com\u00fan y reducir los incendios en Cantabria"}]},{"@type":"WebSite","@id":"https:\/\/www.colindres.es\/#website","url":"https:\/\/www.colindres.es\/","name":"Ayuntamiento de Colindres","description":"Dise\u00f1ado por NTIC&#039;s","publisher":{"@id":"https:\/\/www.colindres.es\/#organization"},"potentialAction":[{"@type":"SearchAction","target":{"@type":"EntryPoint","urlTemplate":"https:\/\/www.colindres.es\/?s={search_term_string}"},"query-input":{"@type":"PropertyValueSpecification","valueRequired":true,"valueName":"search_term_string"}}],"inLanguage":"es"},{"@type":"Organization","@id":"https:\/\/www.colindres.es\/#organization","name":"AYUNTAMIENTO DE COLINDRES","url":"https:\/\/www.colindres.es\/","logo":{"@type":"ImageObject","inLanguage":"es","@id":"https:\/\/www.colindres.es\/#\/schema\/logo\/image\/","url":"https:\/\/www.colindres.es\/wp-content\/uploads\/2017\/01\/LOGO-PRINCIPAL.jpg","contentUrl":"https:\/\/www.colindres.es\/wp-content\/uploads\/2017\/01\/LOGO-PRINCIPAL.jpg","width":1209,"height":579,"caption":"AYUNTAMIENTO DE COLINDRES"},"image":{"@id":"https:\/\/www.colindres.es\/#\/schema\/logo\/image\/"}}]}},"_links":{"self":[{"href":"https:\/\/www.colindres.es\/index.php\/wp-json\/wp\/v2\/project\/1046","targetHints":{"allow":["GET"]}}],"collection":[{"href":"https:\/\/www.colindres.es\/index.php\/wp-json\/wp\/v2\/project"}],"about":[{"href":"https:\/\/www.colindres.es\/index.php\/wp-json\/wp\/v2\/types\/project"}],"author":[{"embeddable":true,"href":"https:\/\/www.colindres.es\/index.php\/wp-json\/wp\/v2\/users\/1"}],"replies":[{"embeddable":true,"href":"https:\/\/www.colindres.es\/index.php\/wp-json\/wp\/v2\/comments?post=1046"}],"version-history":[{"count":1,"href":"https:\/\/www.colindres.es\/index.php\/wp-json\/wp\/v2\/project\/1046\/revisions"}],"predecessor-version":[{"id":1048,"href":"https:\/\/www.colindres.es\/index.php\/wp-json\/wp\/v2\/project\/1046\/revisions\/1048"}],"wp:featuredmedia":[{"embeddable":true,"href":"https:\/\/www.colindres.es\/index.php\/wp-json\/wp\/v2\/media\/1047"}],"wp:attachment":[{"href":"https:\/\/www.colindres.es\/index.php\/wp-json\/wp\/v2\/media?parent=1046"}],"wp:term":[{"taxonomy":"project_category","embeddable":true,"href":"https:\/\/www.colindres.es\/index.php\/wp-json\/wp\/v2\/project_category?post=1046"},{"taxonomy":"project_tag","embeddable":true,"href":"https:\/\/www.colindres.es\/index.php\/wp-json\/wp\/v2\/project_tag?post=1046"}],"curies":[{"name":"wp","href":"https:\/\/api.w.org\/{rel}","templated":true}]}}