{"id":529,"date":"2017-05-10T11:34:28","date_gmt":"2017-05-10T11:34:28","guid":{"rendered":"http:\/\/colindres.es\/?page_id=529"},"modified":"2023-06-27T08:02:58","modified_gmt":"2023-06-27T06:02:58","slug":"plenos","status":"publish","type":"page","link":"https:\/\/www.colindres.es\/index.php\/normativa\/plenos\/","title":{"rendered":"Plenos"},"content":{"rendered":"<p>[et_pb_section fb_built=\u00bb1&#8243; custom_padding_last_edited=\u00bbon|desktop\u00bb _builder_version=\u00bb4.16&#8243; custom_padding_tablet=\u00bb50px|0|50px|0&#8243; custom_padding_phone=\u00bb\u00bb da_disable_devices=\u00bboff|off|off\u00bb padding_mobile=\u00bboff\u00bb global_colors_info=\u00bb{}\u00bb da_is_popup=\u00bboff\u00bb da_exit_intent=\u00bboff\u00bb da_has_close=\u00bbon\u00bb da_alt_close=\u00bboff\u00bb da_dark_close=\u00bboff\u00bb da_not_modal=\u00bbon\u00bb da_is_singular=\u00bboff\u00bb da_with_loader=\u00bboff\u00bb da_has_shadow=\u00bbon\u00bb][et_pb_row _builder_version=\u00bb4.16&#8243; global_colors_info=\u00bb{}\u00bb][et_pb_column type=\u00bb4_4&#8243; _builder_version=\u00bb4.16&#8243; custom_padding=\u00bb|||\u00bb global_colors_info=\u00bb{}\u00bb custom_padding__hover=\u00bb|||\u00bb][et_pb_cta title=\u00bbIncidencias Municipales\u00bb button_url=\u00bbhttps:\/\/colindres.es\/gloc\/incidencias\/incidencias\/2\/\u00bb button_text=\u00bbEnviar una incidencia\u00bb disabled_on=\u00bb||on\u00bb _builder_version=\u00bb4.16&#8243; background_color=\u00bb#cd5c5c\u00bb border_style=\u00bbsolid\u00bb button_letter_spacing_hover=\u00bb0&#8243; global_colors_info=\u00bb{}\u00bb button_text_size__hover_enabled=\u00bboff\u00bb button_text_size__hover=\u00bbnull\u00bb button_one_text_size__hover_enabled=\u00bboff\u00bb button_one_text_size__hover=\u00bbnull\u00bb button_two_text_size__hover_enabled=\u00bboff\u00bb button_two_text_size__hover=\u00bbnull\u00bb button_text_color__hover_enabled=\u00bboff\u00bb button_text_color__hover=\u00bbnull\u00bb button_one_text_color__hover_enabled=\u00bboff\u00bb button_one_text_color__hover=\u00bbnull\u00bb button_two_text_color__hover_enabled=\u00bboff\u00bb button_two_text_color__hover=\u00bbnull\u00bb button_border_width__hover_enabled=\u00bboff\u00bb button_border_width__hover=\u00bbnull\u00bb button_one_border_width__hover_enabled=\u00bboff\u00bb button_one_border_width__hover=\u00bbnull\u00bb button_two_border_width__hover_enabled=\u00bboff\u00bb button_two_border_width__hover=\u00bbnull\u00bb button_border_color__hover_enabled=\u00bboff\u00bb button_border_color__hover=\u00bbnull\u00bb button_one_border_color__hover_enabled=\u00bboff\u00bb button_one_border_color__hover=\u00bbnull\u00bb button_two_border_color__hover_enabled=\u00bboff\u00bb button_two_border_color__hover=\u00bbnull\u00bb button_border_radius__hover_enabled=\u00bboff\u00bb button_border_radius__hover=\u00bbnull\u00bb button_one_border_radius__hover_enabled=\u00bboff\u00bb button_one_border_radius__hover=\u00bbnull\u00bb button_two_border_radius__hover_enabled=\u00bboff\u00bb button_two_border_radius__hover=\u00bbnull\u00bb button_letter_spacing__hover_enabled=\u00bbon\u00bb button_letter_spacing__hover=\u00bb0&#8243; button_one_letter_spacing__hover_enabled=\u00bboff\u00bb button_one_letter_spacing__hover=\u00bbnull\u00bb button_two_letter_spacing__hover_enabled=\u00bboff\u00bb button_two_letter_spacing__hover=\u00bbnull\u00bb button_bg_color__hover_enabled=\u00bboff\u00bb button_bg_color__hover=\u00bbnull\u00bb button_one_bg_color__hover_enabled=\u00bboff\u00bb button_one_bg_color__hover=\u00bbnull\u00bb button_two_bg_color__hover_enabled=\u00bboff\u00bb button_two_bg_color__hover=\u00bbnull\u00bb][\/et_pb_cta][\/et_pb_column][\/et_pb_row][\/et_pb_section][et_pb_section fb_built=\u00bb1&#8243; custom_padding_last_edited=\u00bbon|desktop\u00bb _builder_version=\u00bb4.16&#8243; custom_padding_tablet=\u00bb50px|0|50px|0&#8243; custom_padding_phone=\u00bb\u00bb da_disable_devices=\u00bboff|off|off\u00bb global_colors_info=\u00bb{}\u00bb da_is_popup=\u00bboff\u00bb da_exit_intent=\u00bboff\u00bb da_has_close=\u00bbon\u00bb da_alt_close=\u00bboff\u00bb da_dark_close=\u00bboff\u00bb da_not_modal=\u00bbon\u00bb da_is_singular=\u00bboff\u00bb da_with_loader=\u00bboff\u00bb da_has_shadow=\u00bbon\u00bb][et_pb_row column_structure=\u00bb1_4,1_4,1_4,1_4&#8243; use_custom_gutter=\u00bbon\u00bb gutter_width=\u00bb1&#8243; padding_mobile=\u00bboff\u00bb make_equal=\u00bbon\u00bb column_padding_mobile=\u00bbon\u00bb module_class=\u00bb et_pb_row_fullwidth\u00bb _builder_version=\u00bb4.16&#8243; background_color=\u00bb#efefef\u00bb background_size=\u00bbinitial\u00bb background_position=\u00bbtop_left\u00bb background_repeat=\u00bbrepeat\u00bb width=\u00bb100%\u00bb width_tablet=\u00bb100%\u00bb width_phone=\u00bb\u00bb width_last_edited=\u00bbon|desktop\u00bb max_width=\u00bb100%\u00bb max_width_tablet=\u00bb100%\u00bb max_width_phone=\u00bb\u00bb max_width_last_edited=\u00bbon|desktop\u00bb custom_margin=\u00bb||2px|\u00bb custom_padding=\u00bb0px|0px|0px|0px\u00bb make_fullwidth=\u00bbon\u00bb global_colors_info=\u00bb{}\u00bb][et_pb_column type=\u00bb1_4&#8243; _builder_version=\u00bb4.16&#8243; custom_padding=\u00bb|||\u00bb global_colors_info=\u00bb{}\u00bb custom_padding__hover=\u00bb|||\u00bb][et_pb_button button_text=\u00bbLo m\u00e1s visto\u00bb button_alignment=\u00bbcenter\u00bb _builder_version=\u00bb4.16&#8243; custom_button=\u00bbon\u00bb button_bg_color=\u00bb#efefef\u00bb button_border_width=\u00bb0&#8243; button_font=\u00bbComfortaa||||\u00bb button_icon=\u00bb&#x49;||divi||400&#8243; button_on_hover=\u00bboff\u00bb global_colors_info=\u00bb{}\u00bb button_text_size__hover_enabled=\u00bboff\u00bb button_text_size__hover=\u00bbnull\u00bb button_one_text_size__hover_enabled=\u00bboff\u00bb button_one_text_size__hover=\u00bbnull\u00bb button_two_text_size__hover_enabled=\u00bboff\u00bb button_two_text_size__hover=\u00bbnull\u00bb button_text_color__hover_enabled=\u00bboff\u00bb button_text_color__hover=\u00bbnull\u00bb button_one_text_color__hover_enabled=\u00bboff\u00bb button_one_text_color__hover=\u00bbnull\u00bb button_two_text_color__hover_enabled=\u00bboff\u00bb button_two_text_color__hover=\u00bbnull\u00bb button_border_width__hover_enabled=\u00bboff\u00bb button_border_width__hover=\u00bbnull\u00bb button_one_border_width__hover_enabled=\u00bboff\u00bb button_one_border_width__hover=\u00bbnull\u00bb button_two_border_width__hover_enabled=\u00bboff\u00bb button_two_border_width__hover=\u00bbnull\u00bb button_border_color__hover_enabled=\u00bboff\u00bb button_border_color__hover=\u00bbnull\u00bb button_one_border_color__hover_enabled=\u00bboff\u00bb button_one_border_color__hover=\u00bbnull\u00bb button_two_border_color__hover_enabled=\u00bboff\u00bb button_two_border_color__hover=\u00bbnull\u00bb button_border_radius__hover_enabled=\u00bboff\u00bb button_border_radius__hover=\u00bbnull\u00bb button_one_border_radius__hover_enabled=\u00bboff\u00bb button_one_border_radius__hover=\u00bbnull\u00bb button_two_border_radius__hover_enabled=\u00bboff\u00bb button_two_border_radius__hover=\u00bbnull\u00bb button_letter_spacing__hover_enabled=\u00bboff\u00bb button_letter_spacing__hover=\u00bbnull\u00bb button_one_letter_spacing__hover_enabled=\u00bboff\u00bb button_one_letter_spacing__hover=\u00bbnull\u00bb button_two_letter_spacing__hover_enabled=\u00bboff\u00bb button_two_letter_spacing__hover=\u00bbnull\u00bb button_bg_color__hover_enabled=\u00bboff\u00bb button_bg_color__hover=\u00bbnull\u00bb button_one_bg_color__hover_enabled=\u00bboff\u00bb button_one_bg_color__hover=\u00bbnull\u00bb button_two_bg_color__hover_enabled=\u00bboff\u00bb button_two_bg_color__hover=\u00bbnull\u00bb][\/et_pb_button][\/et_pb_column][et_pb_column type=\u00bb1_4&#8243; _builder_version=\u00bb4.16&#8243; custom_padding=\u00bb|||\u00bb global_colors_info=\u00bb{}\u00bb custom_padding__hover=\u00bb|||\u00bb][et_pb_button button_url=\u00bbhttp:\/\/colindres.sedelectronica.es\/info.0&#8243; url_new_window=\u00bbon\u00bb button_text=\u00bbTr\u00e1mites ONLINE\u00bb button_alignment=\u00bbcenter\u00bb _builder_version=\u00bb4.16&#8243; custom_button=\u00bbon\u00bb button_border_width=\u00bb0&#8243; button_border_radius=\u00bb0&#8243; button_font=\u00bbComfortaa||||\u00bb button_icon=\u00bb&#x5a;||divi||400&#8243; button_icon_placement=\u00bbleft\u00bb button_on_hover=\u00bboff\u00bb button_bg_color_hover=\u00bbrgba(249,249,249,0)\u00bb global_colors_info=\u00bb{}\u00bb button_text_size__hover_enabled=\u00bboff\u00bb button_text_size__hover=\u00bbnull\u00bb button_one_text_size__hover_enabled=\u00bboff\u00bb button_one_text_size__hover=\u00bbnull\u00bb button_two_text_size__hover_enabled=\u00bboff\u00bb button_two_text_size__hover=\u00bbnull\u00bb button_text_color__hover_enabled=\u00bboff\u00bb button_text_color__hover=\u00bbnull\u00bb button_one_text_color__hover_enabled=\u00bboff\u00bb button_one_text_color__hover=\u00bbnull\u00bb button_two_text_color__hover_enabled=\u00bboff\u00bb button_two_text_color__hover=\u00bbnull\u00bb button_border_width__hover_enabled=\u00bboff\u00bb button_border_width__hover=\u00bbnull\u00bb button_one_border_width__hover_enabled=\u00bboff\u00bb button_one_border_width__hover=\u00bbnull\u00bb button_two_border_width__hover_enabled=\u00bboff\u00bb button_two_border_width__hover=\u00bbnull\u00bb button_border_color__hover_enabled=\u00bboff\u00bb button_border_color__hover=\u00bbnull\u00bb button_one_border_color__hover_enabled=\u00bboff\u00bb button_one_border_color__hover=\u00bbnull\u00bb button_two_border_color__hover_enabled=\u00bboff\u00bb button_two_border_color__hover=\u00bbnull\u00bb button_border_radius__hover_enabled=\u00bboff\u00bb button_border_radius__hover=\u00bbnull\u00bb button_one_border_radius__hover_enabled=\u00bboff\u00bb button_one_border_radius__hover=\u00bbnull\u00bb button_two_border_radius__hover_enabled=\u00bboff\u00bb button_two_border_radius__hover=\u00bbnull\u00bb button_letter_spacing__hover_enabled=\u00bboff\u00bb button_letter_spacing__hover=\u00bbnull\u00bb button_one_letter_spacing__hover_enabled=\u00bboff\u00bb button_one_letter_spacing__hover=\u00bbnull\u00bb button_two_letter_spacing__hover_enabled=\u00bboff\u00bb button_two_letter_spacing__hover=\u00bbnull\u00bb button_bg_color__hover_enabled=\u00bbon\u00bb button_bg_color__hover=\u00bbrgba(249,249,249,0)\u00bb button_one_bg_color__hover_enabled=\u00bboff\u00bb button_one_bg_color__hover=\u00bbnull\u00bb button_two_bg_color__hover_enabled=\u00bboff\u00bb button_two_bg_color__hover=\u00bbnull\u00bb][\/et_pb_button][\/et_pb_column][et_pb_column type=\u00bb1_4&#8243; _builder_version=\u00bb4.16&#8243; custom_padding=\u00bb|||\u00bb global_colors_info=\u00bb{}\u00bb custom_padding__hover=\u00bb|||\u00bb][et_pb_button button_url=\u00bbhttp:\/\/www.turismocolindres.es\u00bb url_new_window=\u00bbon\u00bb button_text=\u00bbTurismo\u00bb button_alignment=\u00bbcenter\u00bb _builder_version=\u00bb4.16&#8243; custom_button=\u00bbon\u00bb button_border_width=\u00bb0&#8243; button_font=\u00bbComfortaa||||\u00bb button_icon=\u00bb&#x5a;||divi||400&#8243; button_icon_placement=\u00bbleft\u00bb button_on_hover=\u00bboff\u00bb button_bg_color_hover=\u00bbrgba(249,249,249,0)\u00bb global_colors_info=\u00bb{}\u00bb button_text_size__hover_enabled=\u00bboff\u00bb button_text_size__hover=\u00bbnull\u00bb button_one_text_size__hover_enabled=\u00bboff\u00bb button_one_text_size__hover=\u00bbnull\u00bb button_two_text_size__hover_enabled=\u00bboff\u00bb button_two_text_size__hover=\u00bbnull\u00bb button_text_color__hover_enabled=\u00bboff\u00bb button_text_color__hover=\u00bbnull\u00bb button_one_text_color__hover_enabled=\u00bboff\u00bb button_one_text_color__hover=\u00bbnull\u00bb button_two_text_color__hover_enabled=\u00bboff\u00bb button_two_text_color__hover=\u00bbnull\u00bb button_border_width__hover_enabled=\u00bboff\u00bb button_border_width__hover=\u00bbnull\u00bb button_one_border_width__hover_enabled=\u00bboff\u00bb button_one_border_width__hover=\u00bbnull\u00bb button_two_border_width__hover_enabled=\u00bboff\u00bb button_two_border_width__hover=\u00bbnull\u00bb button_border_color__hover_enabled=\u00bboff\u00bb button_border_color__hover=\u00bbnull\u00bb button_one_border_color__hover_enabled=\u00bboff\u00bb button_one_border_color__hover=\u00bbnull\u00bb button_two_border_color__hover_enabled=\u00bboff\u00bb button_two_border_color__hover=\u00bbnull\u00bb button_border_radius__hover_enabled=\u00bboff\u00bb button_border_radius__hover=\u00bbnull\u00bb button_one_border_radius__hover_enabled=\u00bboff\u00bb button_one_border_radius__hover=\u00bbnull\u00bb button_two_border_radius__hover_enabled=\u00bboff\u00bb button_two_border_radius__hover=\u00bbnull\u00bb button_letter_spacing__hover_enabled=\u00bboff\u00bb button_letter_spacing__hover=\u00bbnull\u00bb button_one_letter_spacing__hover_enabled=\u00bboff\u00bb button_one_letter_spacing__hover=\u00bbnull\u00bb button_two_letter_spacing__hover_enabled=\u00bboff\u00bb button_two_letter_spacing__hover=\u00bbnull\u00bb button_bg_color__hover_enabled=\u00bbon\u00bb button_bg_color__hover=\u00bbrgba(249,249,249,0)\u00bb button_one_bg_color__hover_enabled=\u00bboff\u00bb button_one_bg_color__hover=\u00bbnull\u00bb button_two_bg_color__hover_enabled=\u00bboff\u00bb button_two_bg_color__hover=\u00bbnull\u00bb][\/et_pb_button][\/et_pb_column][et_pb_column type=\u00bb1_4&#8243; _builder_version=\u00bb4.16&#8243; custom_padding=\u00bb|||\u00bb global_colors_info=\u00bb{}\u00bb custom_padding__hover=\u00bb|||\u00bb][et_pb_button button_url=\u00bbhttps:\/\/www.facebook.com\/CasaJuventudColindres\/\u00bb url_new_window=\u00bbon\u00bb button_text=\u00bbServicio juventud\u00bb button_alignment=\u00bbcenter\u00bb _builder_version=\u00bb4.16&#8243; custom_button=\u00bbon\u00bb button_border_width=\u00bb0&#8243; button_font=\u00bbComfortaa||||\u00bb button_icon=\u00bb&#x5a;||divi||400&#8243; button_icon_placement=\u00bbleft\u00bb button_on_hover=\u00bboff\u00bb button_bg_color_hover=\u00bbrgba(249,249,249,0)\u00bb global_colors_info=\u00bb{}\u00bb button_text_size__hover_enabled=\u00bboff\u00bb button_text_size__hover=\u00bbnull\u00bb button_one_text_size__hover_enabled=\u00bboff\u00bb button_one_text_size__hover=\u00bbnull\u00bb button_two_text_size__hover_enabled=\u00bboff\u00bb button_two_text_size__hover=\u00bbnull\u00bb button_text_color__hover_enabled=\u00bboff\u00bb button_text_color__hover=\u00bbnull\u00bb button_one_text_color__hover_enabled=\u00bboff\u00bb button_one_text_color__hover=\u00bbnull\u00bb button_two_text_color__hover_enabled=\u00bboff\u00bb button_two_text_color__hover=\u00bbnull\u00bb button_border_width__hover_enabled=\u00bboff\u00bb button_border_width__hover=\u00bbnull\u00bb button_one_border_width__hover_enabled=\u00bboff\u00bb button_one_border_width__hover=\u00bbnull\u00bb button_two_border_width__hover_enabled=\u00bboff\u00bb button_two_border_width__hover=\u00bbnull\u00bb button_border_color__hover_enabled=\u00bboff\u00bb button_border_color__hover=\u00bbnull\u00bb button_one_border_color__hover_enabled=\u00bboff\u00bb button_one_border_color__hover=\u00bbnull\u00bb button_two_border_color__hover_enabled=\u00bboff\u00bb button_two_border_color__hover=\u00bbnull\u00bb button_border_radius__hover_enabled=\u00bboff\u00bb button_border_radius__hover=\u00bbnull\u00bb button_one_border_radius__hover_enabled=\u00bboff\u00bb button_one_border_radius__hover=\u00bbnull\u00bb button_two_border_radius__hover_enabled=\u00bboff\u00bb button_two_border_radius__hover=\u00bbnull\u00bb button_letter_spacing__hover_enabled=\u00bboff\u00bb button_letter_spacing__hover=\u00bbnull\u00bb button_one_letter_spacing__hover_enabled=\u00bboff\u00bb button_one_letter_spacing__hover=\u00bbnull\u00bb button_two_letter_spacing__hover_enabled=\u00bboff\u00bb button_two_letter_spacing__hover=\u00bbnull\u00bb button_bg_color__hover_enabled=\u00bbon\u00bb button_bg_color__hover=\u00bbrgba(249,249,249,0)\u00bb button_one_bg_color__hover_enabled=\u00bboff\u00bb button_one_bg_color__hover=\u00bbnull\u00bb button_two_bg_color__hover_enabled=\u00bboff\u00bb button_two_bg_color__hover=\u00bbnull\u00bb][\/et_pb_button][\/et_pb_column][\/et_pb_row][\/et_pb_section][et_pb_section fb_built=\u00bb1&#8243; fullwidth=\u00bbon\u00bb _builder_version=\u00bb4.16&#8243; custom_padding=\u00bb0px|0px|27px|0px\u00bb custom_css_main_element=\u00bbheight: 500px;\u00bb da_disable_devices=\u00bboff|off|off\u00bb global_colors_info=\u00bb{}\u00bb da_is_popup=\u00bboff\u00bb da_exit_intent=\u00bboff\u00bb da_has_close=\u00bbon\u00bb da_alt_close=\u00bboff\u00bb da_dark_close=\u00bboff\u00bb da_not_modal=\u00bbon\u00bb da_is_singular=\u00bboff\u00bb da_with_loader=\u00bboff\u00bb da_has_shadow=\u00bbon\u00bb][et_pb_fullwidth_image src=\u00bbhttps:\/\/www.colindres.es\/wp-content\/uploads\/2018\/04\/entorno-ayuntamiento.jpg\u00bb _builder_version=\u00bb4.16&#8243; parallax=\u00bbon\u00bb global_colors_info=\u00bb{}\u00bb][\/et_pb_fullwidth_image][\/et_pb_section][et_pb_section fb_built=\u00bb1&#8243; _builder_version=\u00bb4.16&#8243; da_disable_devices=\u00bboff|off|off\u00bb global_colors_info=\u00bb{}\u00bb da_is_popup=\u00bboff\u00bb da_exit_intent=\u00bboff\u00bb da_has_close=\u00bbon\u00bb da_alt_close=\u00bboff\u00bb da_dark_close=\u00bboff\u00bb da_not_modal=\u00bbon\u00bb da_is_singular=\u00bboff\u00bb da_with_loader=\u00bboff\u00bb da_has_shadow=\u00bbon\u00bb][et_pb_row _builder_version=\u00bb4.16&#8243; global_colors_info=\u00bb{}\u00bb][et_pb_column type=\u00bb4_4&#8243; _builder_version=\u00bb4.16&#8243; custom_padding=\u00bb|||\u00bb global_colors_info=\u00bb{}\u00bb custom_padding__hover=\u00bb|||\u00bb][et_pb_code _builder_version=\u00bb4.16&#8243; global_colors_info=\u00bb{}\u00bb]<nav aria-label=\"breadcrumbs\">\n            <div class=\"breadcrumb-container theme5\">\n                <ol>\n                                    <\/ol>\n            <\/div>\n        <\/nav>    <script type=\"application\/ld+json\">\n        {\n            \"@context\": \"http:\/\/schema.org\",\n            \"@type\": \"BreadcrumbList\",\n            \"itemListElement\": [\n                            ]\n        }\n    <\/script>\n   \n    <script>\n            <\/script>\n[\/et_pb_code][\/et_pb_column][\/et_pb_row][\/et_pb_section][et_pb_section fb_built=\u00bb1&#8243; _builder_version=\u00bb4.16&#8243; background_color=\u00bb#efefef\u00bb da_disable_devices=\u00bboff|off|off\u00bb global_colors_info=\u00bb{}\u00bb da_is_popup=\u00bboff\u00bb da_exit_intent=\u00bboff\u00bb da_has_close=\u00bbon\u00bb da_alt_close=\u00bboff\u00bb da_dark_close=\u00bboff\u00bb da_not_modal=\u00bbon\u00bb da_is_singular=\u00bboff\u00bb da_with_loader=\u00bboff\u00bb da_has_shadow=\u00bbon\u00bb][et_pb_row column_structure=\u00bb1_2,1_2&#8243; _builder_version=\u00bb4.16&#8243; custom_padding=\u00bb14px|0|0px|0px|false|false\u00bb global_colors_info=\u00bb{}\u00bb][et_pb_column type=\u00bb1_2&#8243; _builder_version=\u00bb4.16&#8243; custom_padding=\u00bb|||\u00bb global_colors_info=\u00bb{}\u00bb custom_padding__hover=\u00bb|||\u00bb][et_pb_text _builder_version=\u00bb4.16&#8243; text_font=\u00bbComfortaa|700|||||||\u00bb text_text_color=\u00bb#e02b20&#8243; global_colors_info=\u00bb{}\u00bb]<\/p>\n<h2>PLENOS:<\/h2>\n<p>[\/et_pb_text][et_pb_blog posts_number=\u00bb3&#8243; include_categories=\u00bb5&#8243; show_more=\u00bbon\u00bb show_comments=\u00bbon\u00bb _builder_version=\u00bb4.16&#8243; global_colors_info=\u00bb{}\u00bb][\/et_pb_blog][\/et_pb_column][et_pb_column type=\u00bb1_2&#8243; _builder_version=\u00bb4.16&#8243; custom_padding=\u00bb|||\u00bb global_colors_info=\u00bb{}\u00bb custom_padding__hover=\u00bb|||\u00bb][et_pb_text _builder_version=\u00bb4.16&#8243; global_colors_info=\u00bb{}\u00bb][\/et_pb_text][et_pb_accordion _builder_version=\u00bb4.21.0&#8243; body_font=\u00bbComfortaa||||||||\u00bb body_font_size=\u00bb10px\u00bb hover_enabled=\u00bb0&#8243; global_colors_info=\u00bb{}\u00bb sticky_enabled=\u00bb0&#8243;][et_pb_accordion_item title=\u00bbPlenos 2023&#8243; open=\u00bbon\u00bb _builder_version=\u00bb4.21.0&#8243; hover_enabled=\u00bb0&#8243; global_colors_info=\u00bb{}\u00bb sticky_enabled=\u00bb0&#8243;]<\/p>\n<table style=\"border-collapse: collapse; width: 100%; height: 236px;\" border=\"1\">\n<tbody>\n<tr style=\"height: 23px;\">\n<td style=\"width: 49.7159%; height: 23px;\">ACTA<\/td>\n<td style=\"width: 23.5796%; height: 23px;\">PLENO &#8211; FECHA (pdf)<\/td>\n<td style=\"width: 26.7045%; height: 23px;\">ENTRADA PUBLICADA WEB<\/td>\n<\/tr>\n<tr style=\"height: 47px;\">\n<td style=\"width: 49.7159%; height: 47px;\"><strong><u>ACTA DE LA SESI\u00d3N ORDINARIA DE PLENO<\/u><\/strong><strong>(celebrada el 22 de marzo de 2023)<\/strong><\/td>\n<td style=\"width: 23.5796%; height: 47px;\"><a href=\"https:\/\/www.colindres.es\/wp-content\/uploads\/2023\/06\/20230620_Acta_ACTA-DEL-PLENO-2023-0002-ACTA-PLENO-22.03.2023.pdf\">PLENO 01 &#8211; 22.03.2023<\/a><\/td>\n<td style=\"width: 26.7045%; height: 47px;\"><a href=\"https:\/\/www.colindres.es\/index.php\/2020\/12\/01\/acta-de-la-sesion-extraordinaria-de-pleno-celebrada-el-15-de-enero-de-2019\/\">Visite<\/a><\/td>\n<\/tr>\n<tr style=\"height: 47px;\">\n<td style=\"width: 49.7159%; height: 47px;\"><strong><u>ACTA DE LA SESI\u00d3N ORDINARIA DE PLENO<\/u><\/strong><strong>(celebrada el 2 de mayo de 2023)<\/strong><\/td>\n<td style=\"width: 23.5796%; height: 47px;\"><a href=\"https:\/\/www.colindres.es\/wp-content\/uploads\/2023\/06\/20230620_Acta_ACTA-DEL-PLENO-2023-0004-ACTA-PLENO-2.05.2023.pdf\">PLENO 03 &#8211; 02.05.2023<\/a><\/td>\n<td style=\"width: 26.7045%; height: 47px;\"><a href=\"https:\/\/www.colindres.es\/index.php\/2020\/12\/01\/acta-de-la-sesion-extraordinaria-y-urgente-de-pleno-celebrada-el-21-de-febrero-de-2019\/\">Visite<\/a><\/td>\n<\/tr>\n<tr style=\"height: 47px;\">\n<td style=\"width: 49.7159%; height: 47px;\"><\/td>\n<td style=\"width: 23.5796%; height: 47px;\"><\/td>\n<td style=\"width: 26.7045%; height: 47px;\"><\/td>\n<\/tr>\n<tr style=\"height: 24px;\">\n<td style=\"width: 49.7159%; height: 24px;\"><\/td>\n<td style=\"width: 23.5796%; height: 24px;\"><\/td>\n<td style=\"width: 26.7045%; height: 24px;\"><\/td>\n<\/tr>\n<tr style=\"height: 24px;\">\n<td style=\"width: 49.7159%; height: 24px;\"><\/td>\n<td style=\"width: 23.5796%; height: 24px;\"><\/td>\n<td style=\"width: 26.7045%; height: 24px;\"><\/td>\n<\/tr>\n<tr style=\"height: 24px;\">\n<td style=\"width: 49.7159%; height: 24px;\"><\/td>\n<td style=\"width: 23.5796%; height: 24px;\"><\/td>\n<td style=\"width: 26.7045%; height: 24px;\"><\/td>\n<\/tr>\n<\/tbody>\n<\/table>\n<p>&nbsp;<\/p>\n<p>[\/et_pb_accordion_item][et_pb_accordion_item title=\u00bbPlenos 2022&#8243; open=\u00bbon\u00bb _builder_version=\u00bb4.20.2&#8243; global_colors_info=\u00bb{}\u00bb]<\/p>\n<table style=\"border-collapse: collapse; width: 100%; height: 164px;\" border=\"1\">\n<tbody>\n<tr style=\"height: 23px;\">\n<td style=\"width: 49.7159%; height: 23px;\">ACTA<\/td>\n<td style=\"width: 23.5796%; height: 23px;\">PLENO &#8211; FECHA (pdf)<\/td>\n<td style=\"width: 26.7045%; height: 23px;\">ENTRADA PUBLiCADA WEB<\/td>\n<\/tr>\n<tr style=\"height: 47px;\">\n<td style=\"width: 49.7159%; height: 47px;\"><strong><u>ACTA DE LA SESI\u00d3N ORDINARIA DE PLENO<\/u><\/strong><strong>(celebrada el 2 de marzo de 2022)<\/strong><\/td>\n<td style=\"width: 23.5796%; height: 47px;\"><a href=\"https:\/\/www.colindres.es\/wp-content\/uploads\/2023\/04\/20221024_Acta_ACTA-DEL-PLENO-2022-0001-ACTA-PLENO-2-03-2022.pdf\">PLENO 01 &#8211; 02.03.2022<\/a><\/td>\n<td style=\"width: 26.7045%; height: 47px;\"><a href=\"https:\/\/www.colindres.es\/index.php\/2020\/12\/01\/acta-de-la-sesion-extraordinaria-de-pleno-celebrada-el-15-de-enero-de-2019\/\">Visite<\/a><\/td>\n<\/tr>\n<tr style=\"height: 47px;\">\n<td style=\"width: 49.7159%; height: 47px;\"><strong><u>ACTA DE LA SESI\u00d3N ORDINARIA DE PLENO<\/u><\/strong><strong>(celebrada el 9 de mayo de 2022)<\/strong><\/td>\n<td style=\"width: 23.5796%; height: 47px;\"><a href=\"https:\/\/www.colindres.es\/wp-content\/uploads\/2023\/04\/20221024_Acta_ACTA-DEL-PLENO-2022-0003-ACTA-PLENO-2-08-2022.pdf\">PLENO 02 &#8211; 09.05.2022<\/a><\/td>\n<td style=\"width: 26.7045%; height: 47px;\"><a href=\"https:\/\/www.colindres.es\/index.php\/2020\/12\/01\/acta-de-la-sesion-extraordinaria-y-urgente-de-pleno-celebrada-el-21-de-febrero-de-2019\/\">Visite<\/a><\/td>\n<\/tr>\n<tr style=\"height: 47px;\">\n<td style=\"width: 49.7159%; height: 47px;\"><strong><u>ACTA DE LA SESI\u00d3N ORDINARIA DE PLENO<\/u><\/strong><strong>(celebrada el 2 de agosto de 2022)<\/strong><\/td>\n<td style=\"width: 23.5796%; height: 47px;\"><a href=\"https:\/\/www.colindres.es\/wp-content\/uploads\/2023\/04\/20221024_Acta_ACTA-DEL-PLENO-2022-0003-ACTA-PLENO-2-08-2022.pdf\">PLENO 03 &#8211; 03.08.2022<\/a><\/td>\n<td style=\"width: 26.7045%; height: 47px;\"><a href=\"https:\/\/www.colindres.es\/index.php\/2020\/12\/01\/acta-de-la-sesion-ordinaria-de-pleno-celebrada-el-21-de-marzo-de-2019\/\">Visite<\/a><\/td>\n<\/tr>\n<tr>\n<td style=\"width: 49.7159%;\"><strong><u>ACTA DE LA SESI\u00d3N ORDINARIA DE PLENO<\/u>(celebrada el 4 de octubre de 2022)<\/strong><\/td>\n<td style=\"width: 23.5796%;\"><a href=\"https:\/\/www.colindres.es\/wp-content\/uploads\/2023\/04\/20230327_Acta_ACTA-DEL-PLENO-2022-0004-ACTA-PLENO-4-10-2022.pdf\">PLENO 04 -02.10.2022<\/a><\/td>\n<td style=\"width: 26.7045%;\">\u00a0<\/td>\n<\/tr>\n<tr>\n<td style=\"width: 49.7159%;\"><strong><u>ACTA DE LA SESI\u00d3N ORDINARIA DE PLENO<\/u><\/strong><strong>(celebrada el 28 de noviembre de 2022)<\/strong><strong><br \/><\/strong><\/td>\n<td style=\"width: 23.5796%;\"><a href=\"https:\/\/www.colindres.es\/wp-content\/uploads\/2023\/04\/20230327_Acta_ACTA-DEL-PLENO-2022-0005-ACTA-PLENO-28-11-2022.pdf\">PLENO 05 -28.11.2022<\/a><\/td>\n<td style=\"width: 26.7045%;\">\u00a0<\/td>\n<\/tr>\n<tr>\n<td style=\"width: 49.7159%;\"><strong><u>ACTA DE LA SESI\u00d3N ORDINARIA DE PLENO<\/u><\/strong><strong>(celebrada el 29 de diciembre de 2022)<\/strong><strong><br \/><\/strong><\/td>\n<td style=\"width: 23.5796%;\"><a href=\"https:\/\/www.colindres.es\/wp-content\/uploads\/2023\/04\/20230327_Acta_ACTA-DEL-PLENO-2022-0006-ACTA-PLENO-29-12-2022.pdf\">PLENO 06 -29.12.2022<\/a><\/td>\n<td style=\"width: 26.7045%;\">\u00a0<\/td>\n<\/tr>\n<\/tbody>\n<\/table>\n<p>&nbsp;<\/p>\n<p>[\/et_pb_accordion_item][et_pb_accordion_item title=\u00bbPlenos 2021&#8243; _builder_version=\u00bb4.18.0&#8243; global_colors_info=\u00bb{}\u00bb open=\u00bboff\u00bb]<\/p>\n<table style=\"border-collapse: collapse; width: 100%;\" border=\"1\">\n<tbody>\n<tr style=\"height: 23px;\">\n<td style=\"width: 49.7159%; height: 23px;\">ACTA<\/td>\n<td style=\"width: 23.5796%; height: 23px;\">PLENO &#8211; FECHA (pdf)<\/td>\n<td style=\"width: 26.7045%; height: 23px;\">ENTRADA PUBLiCADA WEB<\/td>\n<\/tr>\n<tr style=\"height: 47px;\">\n<td style=\"width: 49.7159%; height: 47px;\">BORRADOR DEL ACTA DE LA SESI\u00d3N EXTRAORDINARIA DE PLENO<br \/>(celebrada el 10 de febrero de 2021)<\/td>\n<td style=\"width: 23.5796%; height: 47px;\"><a href=\"https:\/\/www.colindres.es\/wp-content\/uploads\/2022\/10\/01-10.02.2021-borrador.pdf\">PLENO 01 &#8211; 10.02.2021<\/a><\/td>\n<td style=\"width: 26.7045%; height: 47px;\"><a href=\"https:\/\/www.colindres.es\/index.php\/2020\/12\/01\/acta-de-la-sesion-extraordinaria-de-pleno-celebrada-el-15-de-enero-de-2019\/\">Visite<\/a><\/td>\n<\/tr>\n<tr style=\"height: 47px;\">\n<td style=\"width: 49.7159%; height: 47px;\">BORRADOR DEL ACTA DE LA SESI\u00d3N ORDINARIA DE PLENO<br \/>(celebrada el 13 de abril de 2021)<\/td>\n<td style=\"width: 23.5796%; height: 47px;\"><a href=\"https:\/\/www.colindres.es\/wp-content\/uploads\/2022\/10\/02-13.04.2021-borrador.pdf\">PLENO 02 &#8211; 13.04.2021<\/a><\/td>\n<td style=\"width: 26.7045%; height: 47px;\"><a href=\"https:\/\/www.colindres.es\/index.php\/2020\/12\/01\/acta-de-la-sesion-extraordinaria-y-urgente-de-pleno-celebrada-el-21-de-febrero-de-2019\/\">Visite<\/a><\/td>\n<\/tr>\n<tr style=\"height: 47px;\">\n<td style=\"width: 49.7159%; height: 47px;\">BORRADOR DEL ACTA DE LA SESI\u00d3N ORDINARIA DE PLENO<br \/>(celebrada el 29 de abril de 2021)<\/td>\n<td style=\"width: 23.5796%; height: 47px;\"><a href=\"https:\/\/www.colindres.es\/wp-content\/uploads\/2022\/10\/03-29.04.2021-borrador.pdf\"> PLENO 03 &#8211; 29.04.2021<\/a><\/td>\n<td style=\"width: 26.7045%; height: 47px;\"><a href=\"https:\/\/www.colindres.es\/index.php\/2020\/12\/01\/acta-de-la-sesion-ordinaria-de-pleno-celebrada-el-21-de-marzo-de-2019\/\">Visite<\/a><\/td>\n<\/tr>\n<tr style=\"height: 47px;\">\n<td style=\"width: 49.7159%; height: 47px;\">BORRADOR DEL ACTA DE LA SESI\u00d3N ORDINARIA DE PLENO<br \/>(celebrada el 03 de agosto de 2021)<\/td>\n<td style=\"width: 23.5796%; height: 47px;\"><a href=\"https:\/\/www.colindres.es\/wp-content\/uploads\/2022\/10\/04-03.08.2021-borrador.pdf\">PLENO 04 &#8211; 03.08.2021<\/a><\/td>\n<td style=\"width: 26.7045%; height: 47px;\"><a href=\"https:\/\/www.colindres.es\/index.php\/2020\/12\/01\/acta-de-la-sesion-extraordinaria-de-pleno-celebrada-el-1-de-abril-de-2019\/\">Visite<\/a><\/td>\n<\/tr>\n<tr style=\"height: 47px;\">\n<td style=\"width: 49.7159%; height: 47px;\">BORRADOR DEL ACTA DE LA SESI\u00d3N EXTRAORDINARIA Y URGENTE DE PLENO-(celebrada el 07 de septiembre de 2021)<\/td>\n<td style=\"width: 23.5796%; height: 47px;\"><a href=\"https:\/\/www.colindres.es\/wp-content\/uploads\/2022\/10\/05-07.09.2021-borrador.pdf\">PLENO 05 &#8211; 07.09.2021<\/a><\/td>\n<td style=\"width: 26.7045%; height: 47px;\"><a href=\"https:\/\/www.colindres.es\/index.php\/2020\/12\/01\/acta-de-la-sesion-extraordinaria-de-pleno-celebrada-el-30-de-abril-de-2019\/\">Visite<\/a><\/td>\n<\/tr>\n<tr style=\"height: 47px;\">\n<td style=\"width: 49.7159%; height: 47px;\">BORRADOR DEL ACTA DE LA SESI\u00d3N ORDINARIA DE PLENO<br \/>(celebrada el 28 de septiembre de 2021)<\/td>\n<td style=\"width: 23.5796%; height: 47px;\"><a href=\"https:\/\/www.colindres.es\/wp-content\/uploads\/2022\/10\/06-28.09.2021-borrador.pdf\">PLENO 06 &#8211; 28.09.2021<\/a><\/td>\n<td style=\"width: 26.7045%; height: 47px;\"><a href=\"https:\/\/www.colindres.es\/index.php\/2020\/12\/01\/acta-de-la-sesion-ordinaria-de-pleno-celebrada-el-8-de-mayo-de-2019\/\">Visite<\/a><\/td>\n<\/tr>\n<tr style=\"height: 23px;\">\n<td style=\"width: 49.7159%; height: 23px;\">BORRADOR DEL ACTA DE LA SESI\u00d3N ORDINARIA DE PLENO<br \/>(celebrada el 02 de diciembre de 2021)<\/td>\n<td style=\"width: 23.5796%; height: 23px;\"><a href=\"https:\/\/www.colindres.es\/wp-content\/uploads\/2022\/10\/07-04.11.2020-borrador.pdf\">PLENO 07 &#8211; 02.12.2021<\/a><\/td>\n<td style=\"width: 26.7045%; height: 23px;\"><a href=\"https:\/\/www.colindres.es\/index.php\/2020\/12\/01\/acta-de-la-sesion-extraordinaria-de-pleno-celebrada-el-6-de-junio-de-2019\/\">Visite<\/a><\/td>\n<\/tr>\n<\/tbody>\n<\/table>\n<p>&nbsp;<\/p>\n<p>[\/et_pb_accordion_item][et_pb_accordion_item title=\u00bbPlenos 2020&#8243; _builder_version=\u00bb4.18.0&#8243; global_colors_info=\u00bb{}\u00bb open=\u00bboff\u00bb]<\/p>\n<table style=\"border-collapse: collapse; width: 100%;\" border=\"1\">\n<tbody>\n<tr style=\"height: 23px;\">\n<td style=\"width: 49.7159%; height: 23px;\">ACTA<\/td>\n<td style=\"width: 23.5796%; height: 23px;\">PLENO &#8211; FECHA (pdf)<\/td>\n<td style=\"width: 26.7045%; height: 23px;\">ENTRADA PUBLiCADA WEB<\/td>\n<\/tr>\n<tr style=\"height: 47px;\">\n<td style=\"width: 49.7159%; height: 47px;\">BORRADOR DEL ACTA DE LA SESI\u00d3N ORDINARIA DE PLENO<br \/>(celebrada el 4 de marzo de 2020)<\/td>\n<td style=\"width: 23.5796%; height: 47px;\"><a href=\"https:\/\/www.colindres.es\/wp-content\/uploads\/2022\/10\/01-04.03.2020-borrador.pdf\">PLENO 01 &#8211; 04.03.2020<\/a><\/td>\n<td style=\"width: 26.7045%; height: 47px;\"><a href=\"https:\/\/www.colindres.es\/index.php\/2020\/12\/01\/acta-de-la-sesion-extraordinaria-de-pleno-celebrada-el-15-de-enero-de-2019\/\">Visite<\/a><\/td>\n<\/tr>\n<tr style=\"height: 47px;\">\n<td style=\"width: 49.7159%; height: 47px;\">BORRADOR DEL ACTA DE LA SESI\u00d3N EXTRAORDINARIA DE PLENO<br \/>(celebrada el 11 de mayo de 2020)<\/td>\n<td style=\"width: 23.5796%; height: 47px;\"><a href=\"https:\/\/www.colindres.es\/wp-content\/uploads\/2022\/10\/02-11.05.2020-borrador.pdf\">PLENO 02 &#8211; 11.05.2020<\/a><\/td>\n<td style=\"width: 26.7045%; height: 47px;\"><a href=\"https:\/\/www.colindres.es\/index.php\/2020\/12\/01\/acta-de-la-sesion-extraordinaria-y-urgente-de-pleno-celebrada-el-21-de-febrero-de-2019\/\">Visite<\/a><\/td>\n<\/tr>\n<tr style=\"height: 47px;\">\n<td style=\"width: 49.7159%; height: 47px;\">BORRADOR DEL ACTA DE LA SESI\u00d3N ORDINARIA DE PLENO<br \/>(celebrada el 01 de julio de 2020)<\/td>\n<td style=\"width: 23.5796%; height: 47px;\"><a href=\"https:\/\/www.colindres.es\/wp-content\/uploads\/2022\/10\/03-01.07.2020-borrador.pdf\"> PLENO 03 &#8211; 01.07.2020<\/a><\/td>\n<td style=\"width: 26.7045%; height: 47px;\"><a href=\"https:\/\/www.colindres.es\/index.php\/2020\/12\/01\/acta-de-la-sesion-ordinaria-de-pleno-celebrada-el-21-de-marzo-de-2019\/\">Visite<\/a><\/td>\n<\/tr>\n<tr style=\"height: 47px;\">\n<td style=\"width: 49.7159%; height: 47px;\">BORRADOR DEL ACTA DE LA SESI\u00d3N EXTRAORDINARIA DE PLENO<br \/>(celebrada el 6 de agosto de 2020)<\/td>\n<td style=\"width: 23.5796%; height: 47px;\"><a href=\"https:\/\/www.colindres.es\/wp-content\/uploads\/2022\/10\/04-06.08.2020-borrador.pdf\">PLENO 04 &#8211; 06.08.2020<\/a><\/td>\n<td style=\"width: 26.7045%; height: 47px;\"><a href=\"https:\/\/www.colindres.es\/index.php\/2020\/12\/01\/acta-de-la-sesion-extraordinaria-de-pleno-celebrada-el-1-de-abril-de-2019\/\">Visite<\/a><\/td>\n<\/tr>\n<tr style=\"height: 47px;\">\n<td style=\"width: 49.7159%; height: 47px;\">BORRADOR DEL ACTA DE LA SESI\u00d3N EXTRAORDINARIA DE PLENO<br \/>(celebrada el 02 de septiembre de 2020)<\/td>\n<td style=\"width: 23.5796%; height: 47px;\"><a href=\"https:\/\/www.colindres.es\/wp-content\/uploads\/2020\/12\/05-30.04.2019.pdf\">PLENO 05 &#8211; 02.09.2020<\/a><\/td>\n<td style=\"width: 26.7045%; height: 47px;\"><a href=\"https:\/\/www.colindres.es\/index.php\/2020\/12\/01\/acta-de-la-sesion-extraordinaria-de-pleno-celebrada-el-30-de-abril-de-2019\/\">Visite<\/a><\/td>\n<\/tr>\n<tr style=\"height: 47px;\">\n<td style=\"width: 49.7159%; height: 47px;\">BORRADOR DEL ACTA DE LA SESI\u00d3N ORDINARIA DE PLENO<br \/>(celebrada el 13 de octubre de 2020)<\/td>\n<td style=\"width: 23.5796%; height: 47px;\"><a href=\"https:\/\/www.colindres.es\/wp-content\/uploads\/2022\/10\/06-13.10.2020-borrador.pdf\">PLENO 06 &#8211; 13.10.2020<\/a><\/td>\n<td style=\"width: 26.7045%; height: 47px;\"><a href=\"https:\/\/www.colindres.es\/index.php\/2020\/12\/01\/acta-de-la-sesion-ordinaria-de-pleno-celebrada-el-8-de-mayo-de-2019\/\">Visite<\/a><\/td>\n<\/tr>\n<tr style=\"height: 23px;\">\n<td style=\"width: 49.7159%; height: 23px;\">BORRADOR DEL ACTA DE LA SESI\u00d3N ORDINARIA DE PLENO<br \/>(celebrada el 4 de noviembre de 2020)<\/td>\n<td style=\"width: 23.5796%; height: 23px;\"><a href=\"https:\/\/www.colindres.es\/wp-content\/uploads\/2022\/10\/07-04.11.2020-borrador.pdf\">PLENO 07 &#8211; 04.11.2020<\/a><\/td>\n<td style=\"width: 26.7045%; height: 23px;\"><a href=\"https:\/\/www.colindres.es\/index.php\/2020\/12\/01\/acta-de-la-sesion-extraordinaria-de-pleno-celebrada-el-6-de-junio-de-2019\/\">Visite<\/a><\/td>\n<\/tr>\n<tr>\n<td style=\"width: 49.7159%;\">BORRADOR DEL ACTA DE LA SESI\u00d3N ORDINARIA DE PLENO<br \/>(celebrada el 29 de diciembre de 2020)<\/td>\n<td style=\"width: 23.5796%;\"><a href=\"https:\/\/www.colindres.es\/wp-content\/uploads\/2020\/12\/08-12.06.2019.pdf\">PLENO 08 &#8211; 29.12.2020<\/a><\/td>\n<td style=\"width: 26.7045%;\"><a href=\"https:\/\/www.colindres.es\/index.php\/2020\/12\/01\/acta-de-la-sesion-extraordinaria-de-pleno-celebrada-el-12-de-junio-de-2019\/\">Visite<\/a><\/td>\n<\/tr>\n<\/tbody>\n<\/table>\n<p>&nbsp;<\/p>\n<p>[\/et_pb_accordion_item][et_pb_accordion_item title=\u00bbPlenos 2019&#8243; _builder_version=\u00bb4.16&#8243; global_colors_info=\u00bb{}\u00bb open=\u00bboff\u00bb]<\/p>\n<table style=\"border-collapse: collapse; width: 100%;\" border=\"1\">\n<tbody>\n<tr style=\"height: 23px;\">\n<td style=\"width: 49.7159%; height: 23px;\">ACTA<\/td>\n<td style=\"width: 23.5796%; height: 23px;\">PLENO &#8211; FECHA (pdf)<\/td>\n<td style=\"width: 26.7045%; height: 23px;\">ENTRADA PUBLiCADA WEB<\/td>\n<\/tr>\n<tr style=\"height: 47px;\">\n<td style=\"width: 49.7159%; height: 47px;\">ACTA DE LA SESI\u00d3N EXTRAORDINARIA DE PLENO<br \/>(celebrada el 15 de enero de 2019)<\/td>\n<td style=\"width: 23.5796%; height: 47px;\"><a href=\"https:\/\/www.colindres.es\/wp-content\/uploads\/2020\/12\/01-15.01.2019.pdf\">PLENO 01 &#8211; 15.01.2019<\/a><\/td>\n<td style=\"width: 26.7045%; height: 47px;\"><a href=\"https:\/\/www.colindres.es\/index.php\/2020\/12\/01\/acta-de-la-sesion-extraordinaria-de-pleno-celebrada-el-15-de-enero-de-2019\/\">Visite<\/a><\/td>\n<\/tr>\n<tr style=\"height: 47px;\">\n<td style=\"width: 49.7159%; height: 47px;\">ACTA DE LA SESI\u00d3N EXTRAORDINARIA Y URGENTE DE PLENO<br \/>(celebrada el 21 de febrero de 2019)<\/td>\n<td style=\"width: 23.5796%; height: 47px;\"><a href=\"https:\/\/www.colindres.es\/wp-content\/uploads\/2020\/12\/02-21.02.2019-EXUR.pdf\">PLENO 02 &#8211; 21.02.2019<\/a><\/td>\n<td style=\"width: 26.7045%; height: 47px;\"><a href=\"https:\/\/www.colindres.es\/index.php\/2020\/12\/01\/acta-de-la-sesion-extraordinaria-y-urgente-de-pleno-celebrada-el-21-de-febrero-de-2019\/\">Visite<\/a><\/td>\n<\/tr>\n<tr style=\"height: 47px;\">\n<td style=\"width: 49.7159%; height: 47px;\">ACTA DE LA SESI\u00d3N ORDINARIA DE PLENO<br \/>(celebrada el 21 de marzo de 2019)<\/td>\n<td style=\"width: 23.5796%; height: 47px;\"><a href=\"https:\/\/www.colindres.es\/wp-content\/uploads\/2020\/12\/03-21.03.2019.pdf\"> PLENO 03 &#8211; 21.03.2019<\/a><\/td>\n<td style=\"width: 26.7045%; height: 47px;\"><a href=\"https:\/\/www.colindres.es\/index.php\/2020\/12\/01\/acta-de-la-sesion-ordinaria-de-pleno-celebrada-el-21-de-marzo-de-2019\/\">Visite<\/a><\/td>\n<\/tr>\n<tr style=\"height: 47px;\">\n<td style=\"width: 49.7159%; height: 47px;\">ACTA DE LA SESI\u00d3N EXTRAORDINARIA DE PLENO<br \/>(celebrada el 1 de abril de 2019)<\/td>\n<td style=\"width: 23.5796%; height: 47px;\"><a href=\"https:\/\/www.colindres.es\/wp-content\/uploads\/2020\/12\/04-01.04.2019.pdf\">PLENO 04 &#8211; 01.04.2019<\/a><\/td>\n<td style=\"width: 26.7045%; height: 47px;\"><a href=\"https:\/\/www.colindres.es\/index.php\/2020\/12\/01\/acta-de-la-sesion-extraordinaria-de-pleno-celebrada-el-1-de-abril-de-2019\/\">Visite<\/a><\/td>\n<\/tr>\n<tr style=\"height: 47px;\">\n<td style=\"width: 49.7159%; height: 47px;\">ACTA DE LA SESI\u00d3N EXTRAORDINARIA DE PLENO<br \/>(celebrada el 30 de abril de 2019)<\/td>\n<td style=\"width: 23.5796%; height: 47px;\"><a href=\"https:\/\/www.colindres.es\/wp-content\/uploads\/2020\/12\/05-30.04.2019.pdf\">PLENO 05 &#8211; 30.04.2018 corregida<\/a><\/td>\n<td style=\"width: 26.7045%; height: 47px;\"><a href=\"https:\/\/www.colindres.es\/index.php\/2020\/12\/01\/acta-de-la-sesion-extraordinaria-de-pleno-celebrada-el-30-de-abril-de-2019\/\">Visite<\/a><\/td>\n<\/tr>\n<tr style=\"height: 47px;\">\n<td style=\"width: 49.7159%; height: 47px;\">ACTA DE LA SESI\u00d3N ORDINARIA DE PLENO (celebrada el 8 de mayo de 2020)<\/td>\n<td style=\"width: 23.5796%; height: 47px;\"><a href=\"https:\/\/www.colindres.es\/wp-content\/uploads\/2020\/12\/06-08.05.2019-corregida.pdf\">PLENO 06 &#8211; 08.05.2019<\/a><\/td>\n<td style=\"width: 26.7045%; height: 47px;\"><a href=\"https:\/\/www.colindres.es\/index.php\/2020\/12\/01\/acta-de-la-sesion-ordinaria-de-pleno-celebrada-el-8-de-mayo-de-2019\/\">Visite<\/a><\/td>\n<\/tr>\n<tr style=\"height: 23px;\">\n<td style=\"width: 49.7159%; height: 23px;\">ACTA DE LA SESI\u00d3N EXTRAORDINARIA DE PLENO<br \/>(celebrada el 6 de junio de 2019)<\/td>\n<td style=\"width: 23.5796%; height: 23px;\"><a href=\"https:\/\/www.colindres.es\/wp-content\/uploads\/2020\/12\/07-06.06.2019.pdf\">PLENO 07 &#8211; 06.06.2019<\/a><\/td>\n<td style=\"width: 26.7045%; height: 23px;\"><a href=\"https:\/\/www.colindres.es\/index.php\/2020\/12\/01\/acta-de-la-sesion-extraordinaria-de-pleno-celebrada-el-6-de-junio-de-2019\/\">Visite<\/a><\/td>\n<\/tr>\n<tr>\n<td style=\"width: 49.7159%;\">ACTA DE LA SESI\u00d3N EXTRAORDINARIA DE PLENO<br \/>(celebrada el 12 de junio de 2019)<\/td>\n<td style=\"width: 23.5796%;\"><a href=\"https:\/\/www.colindres.es\/wp-content\/uploads\/2020\/12\/08-12.06.2019.pdf\">PLENO 08 &#8211; 12.06.2019<\/a><\/td>\n<td style=\"width: 26.7045%;\"><a href=\"https:\/\/www.colindres.es\/index.php\/2020\/12\/01\/acta-de-la-sesion-extraordinaria-de-pleno-celebrada-el-12-de-junio-de-2019\/\">Visite<\/a><\/td>\n<\/tr>\n<tr>\n<td style=\"width: 49.7159%;\">ACTA DE LA SESI\u00d3N EXTRAORDINARIA CONSTITUTIVA DE LA NUEVA CORPORACI\u00d3N DEL AYUNTAMIENTO DE COLINDRES CELEBRADA EL D\u00cdA 15 DE JUNIO DE 2019.<\/td>\n<td style=\"width: 23.5796%;\"><a href=\"https:\/\/www.colindres.es\/wp-content\/uploads\/2020\/12\/09-15.06.2019-APROBADA.pdf\">PLENO 09 &#8211; 12.06.2019<\/a><\/td>\n<td style=\"width: 26.7045%;\"><a href=\"https:\/\/www.colindres.es\/index.php\/2020\/12\/01\/acta-de-la-sesion-extraordinaria-constitutiva-de-la-nueva-corporacion-del-ayuntamiento-de-colindres-celebrada-el-dia-15-de-junio-de-2019\/\">Visite<\/a><\/td>\n<\/tr>\n<tr>\n<td style=\"width: 49.7159%;\">ACTA DE LA SESI\u00d3N EXTRAORDINARIA DE PLENO<br \/>(celebrada el 20 de junio de 2019)<\/td>\n<td style=\"width: 23.5796%;\"><a href=\"https:\/\/www.colindres.es\/wp-content\/uploads\/2020\/12\/10-ORGANIZATIVA-20.06.2019-APROBADA.pdf\">PLENO 10 &#8211; 20.06.2019<\/a><\/td>\n<td style=\"width: 26.7045%;\"><a href=\"https:\/\/www.colindres.es\/index.php\/2020\/12\/01\/acta-de-la-sesion-extraordinaria-de-pleno-celebrada-el-20-de-junio-de-2019\/\">Visite<\/a><\/td>\n<\/tr>\n<tr>\n<td style=\"width: 49.7159%;\">ACTA DE LA SESI\u00d3N ORDINARIA DE PLENO<br \/>(celebrada el 3 de octubre de 2019)<\/td>\n<td style=\"width: 23.5796%;\"><a href=\"https:\/\/www.colindres.es\/wp-content\/uploads\/2020\/12\/11-03.10.2019-APROBADA.pdf\">PLENO 11 &#8211; 03.10.2019<\/a><\/td>\n<td style=\"width: 26.7045%;\"><a href=\"https:\/\/www.colindres.es\/index.php\/2020\/12\/01\/acta-de-la-sesion-ordinaria-de-pleno-celebrada-el-3-de-octubre-de-2019\/\">Visite<\/a><\/td>\n<\/tr>\n<tr>\n<td style=\"width: 49.7159%;\">ACTA DE LA SESI\u00d3N EXTRAORDINARIA DE PLENO<br \/>(celebrada el 17 de octubre de 2019)<\/td>\n<td style=\"width: 23.5796%;\"><a href=\"https:\/\/www.colindres.es\/wp-content\/uploads\/2020\/12\/11-03.10.2019-APROBADA.pdf\">PLENO 12 &#8211; 17.10.2019<\/a><\/td>\n<td style=\"width: 26.7045%;\"><a href=\"https:\/\/www.colindres.es\/wp-content\/uploads\/2020\/12\/12-17.10.2019-APROBADA.pdf\">Visite<\/a><\/td>\n<\/tr>\n<tr>\n<td style=\"width: 49.7159%;\">ACTA DE LA SESI\u00d3N ORDINARIA DE PLENO<br \/>(celebrada el 29 de octubre de 2019)<\/td>\n<td style=\"width: 23.5796%;\"><a href=\"https:\/\/www.colindres.es\/wp-content\/uploads\/2020\/12\/13-29.10.2019-APROBADA.pdf\">PLENO 13 &#8211; 29.10.2019<\/a><\/td>\n<td style=\"width: 26.7045%;\"><a href=\"https:\/\/www.colindres.es\/index.php\/2020\/12\/01\/acta-de-la-sesion-ordinaria-de-pleno-celebrada-el-29-de-octubre-de-2019\/\">Visite<\/a><\/td>\n<\/tr>\n<tr>\n<td style=\"width: 49.7159%;\">ACTA DE LA SESI\u00d3N EXTRAORDINARIA Y URGENTE DE PLENO<br \/>(celebrada el 21 de noviembre de 2019)<\/td>\n<td style=\"width: 23.5796%;\"><a href=\"https:\/\/www.colindres.es\/wp-content\/uploads\/2020\/12\/14-21.11.2019-APROBADA.pdf\">PLENO 14 &#8211; 21.11.2019<\/a><\/td>\n<td style=\"width: 26.7045%;\"><a href=\"https:\/\/www.colindres.es\/index.php\/2020\/12\/01\/acta-de-la-sesion-extraordinaria-y-urgente-de-pleno-celebrada-el-21-de-noviembre-de-2019\/\">Visite<\/a><\/td>\n<\/tr>\n<tr>\n<td style=\"width: 49.7159%;\">ACTA DE LA SESI\u00d3N EXTRAORDINARIA DE PLENO<br \/>(celebrada el 27 de noviembre de 2019)<\/td>\n<td style=\"width: 23.5796%;\"><a href=\"https:\/\/www.colindres.es\/wp-content\/uploads\/2020\/12\/15-27.11.2019-APROBADA.pdf\">PLENO 15 &#8211; 27.11.2019<\/a><\/td>\n<td style=\"width: 26.7045%;\"><a href=\"https:\/\/www.colindres.es\/index.php\/2020\/12\/01\/acta-de-la-sesion-extraordinaria-de-pleno-celebrada-el-27-de-noviembre-de-2019\/\">Visite<\/a><\/td>\n<\/tr>\n<tr>\n<td style=\"width: 49.7159%;\">ACTA DE LA SESI\u00d3N ORDINARIA DE PLENO<br \/>(celebrada el 19 de diciembre de 2019)<\/td>\n<td style=\"width: 23.5796%;\"><a href=\"https:\/\/www.colindres.es\/wp-content\/uploads\/2020\/12\/16-19.12.2019-APROBADA.pdf\">PLENO 16 &#8211; 19.12.2019<\/a><\/td>\n<td style=\"width: 26.7045%;\"><a href=\"https:\/\/www.colindres.es\/index.php\/2020\/12\/01\/acta-de-la-sesion-ordinaria-de-pleno-celebrada-el-19-de-diciembre-de-2019\/\">Visite<\/a><\/td>\n<\/tr>\n<\/tbody>\n<\/table>\n<p>&nbsp;<\/p>\n<p>[\/et_pb_accordion_item][et_pb_accordion_item title=\u00bbPlenos 2018&#8243; _builder_version=\u00bb4.16&#8243; global_colors_info=\u00bb{}\u00bb open=\u00bboff\u00bb]<\/p>\n<table style=\"border-collapse: collapse; width: 100%;\" border=\"1\">\n<tbody>\n<tr style=\"height: 23px;\">\n<td style=\"width: 49.7159%; height: 23px;\">ACTA<\/td>\n<td style=\"width: 23.5796%; height: 23px;\">PLENO &#8211; FECHA (pdf)<\/td>\n<td style=\"width: 26.7045%; height: 23px;\">ENTRADA PUBLiCADA WEB<\/td>\n<\/tr>\n<tr style=\"height: 47px;\">\n<td style=\"width: 49.7159%; height: 47px;\">ACTA DE LA SESI\u00d3N ORDINARIA DE PLENO (celebrada el 7 de marzo de 2018)<\/td>\n<td style=\"width: 23.5796%; height: 47px;\"><a href=\"https:\/\/www.colindres.es\/wp-content\/uploads\/2019\/02\/01-07.03.2018.pdf\">PLENO 01 &#8211; 07.03.2018<\/a><\/td>\n<td style=\"width: 26.7045%; height: 47px;\"><a href=\"https:\/\/www.colindres.es\/index.php\/2019\/02\/28\/acta-de-la-sesion-ordinaria-de-pleno-celebrada-el-7-de-marzo-de-2018\/\">Visite<\/a><\/td>\n<\/tr>\n<tr style=\"height: 47px;\">\n<td style=\"width: 49.7159%; height: 47px;\">ACTA DE LA SESI\u00d3N EXTRAORDINARIA DE PLENO (celebrada el 6 de abril de 2018)<\/td>\n<td style=\"width: 23.5796%; height: 47px;\"><a href=\"https:\/\/www.colindres.es\/wp-content\/uploads\/2019\/02\/02-06.04.2018.pdf\">PLENO 02 &#8211; 06.04.2018<\/a><\/td>\n<td style=\"width: 26.7045%; height: 47px;\"><a href=\"https:\/\/www.colindres.es\/index.php\/2019\/02\/28\/acta-de-la-sesion-extraordinaria-de-pleno-celebrada-el-6-de-abril-de-2018\/\">Visite<\/a><\/td>\n<\/tr>\n<tr style=\"height: 47px;\">\n<td style=\"width: 49.7159%; height: 47px;\">ACTA DE LA SESI\u00d3N EXTRAORDINARIA DE PLENO (celebrada el 7 de junio de 2018)<\/td>\n<td style=\"width: 23.5796%; height: 47px;\"><a href=\"https:\/\/www.colindres.es\/wp-content\/uploads\/2019\/02\/03-07.06.2018.pdf\"> PLENO 03 &#8211; 07.06.2018<\/a><\/td>\n<td style=\"width: 26.7045%; height: 47px;\"><a href=\"https:\/\/www.colindres.es\/index.php\/2019\/02\/28\/acta-de-la-sesion-extraordinaria-de-pleno-celebrada-el-7-de-junio-de-2018\/\">Visite<\/a><\/td>\n<\/tr>\n<tr style=\"height: 47px;\">\n<td style=\"width: 49.7159%; height: 47px;\">ACTA DE LA SESI\u00d3N ORDINARIA DE PLENO (celebrada el 2 de agosto de 2018)<\/td>\n<td style=\"width: 23.5796%; height: 47px;\"><a href=\"https:\/\/www.colindres.es\/wp-content\/uploads\/2019\/02\/04-02.08.2018.pdf\">PLENO 04 &#8211; 02.08.2018<\/a><\/td>\n<td style=\"width: 26.7045%; height: 47px;\"><a href=\"https:\/\/www.colindres.es\/index.php\/2019\/02\/28\/acta-de-la-sesion-ordinaria-de-pleno-celebrada-el-2-de-agosto-de-2018\/\">Visite<\/a><\/td>\n<\/tr>\n<tr style=\"height: 47px;\">\n<td style=\"width: 49.7159%; height: 47px;\">ACTA DE LA SESI\u00d3N ORDINARIA DE PLENO (celebrada el 2 de agosto de 2018)<\/td>\n<td style=\"width: 23.5796%; height: 47px;\"><a href=\"https:\/\/www.colindres.es\/wp-content\/uploads\/2019\/02\/04-02.08.2018-corregida.pdf\">PLENO 04 &#8211; 02.08.2018 corregida<\/a><\/td>\n<td style=\"width: 26.7045%; height: 47px;\"><a href=\"https:\/\/www.colindres.es\/index.php\/2019\/02\/28\/acta-de-la-sesion-ordinaria-de-pleno-celebrada-el-2-de-agosto-de-2018-2\/\">Visite<\/a><\/td>\n<\/tr>\n<tr style=\"height: 47px;\">\n<td style=\"width: 49.7159%; height: 47px;\">ACTA DE LA SESI\u00d3N ORDINARIA DE PLENO (celebrada el 26 de septiembre de 2018)<\/td>\n<td style=\"width: 23.5796%; height: 47px;\"><a href=\"https:\/\/www.colindres.es\/wp-content\/uploads\/2019\/02\/05-26.09.2018.pdf\">PLENO 05 &#8211; 26.09.2018<\/a><\/td>\n<td style=\"width: 26.7045%; height: 47px;\"><a href=\"https:\/\/www.colindres.es\/index.php\/2019\/02\/28\/acta-de-la-sesion-ordinaria-de-pleno-celebrada-el-26-de-septiembre-de-2018\/\">Visite<\/a><\/td>\n<\/tr>\n<tr style=\"height: 23px;\">\n<td style=\"width: 49.7159%; height: 23px;\">ACTA DE LA SESI\u00d3N ORDINARIA DE PLENO (celebrada el 15 de noviembre de 2018)<\/td>\n<td style=\"width: 23.5796%; height: 23px;\"><a href=\"https:\/\/www.colindres.es\/wp-content\/uploads\/2019\/02\/06-15.11.2018.pdf\">PLENO 06 &#8211; 15.11.2018<\/a><\/td>\n<td style=\"width: 26.7045%; height: 23px;\"><a href=\"https:\/\/www.colindres.es\/index.php\/2019\/02\/28\/acta-de-la-sesion-ordinaria-de-pleno-celebrada-el-15-de-noviembre-de-2018\/\">Visite<\/a><\/td>\n<\/tr>\n<tr>\n<td style=\"width: 49.7159%;\">ACTA DE LA SESI\u00d3N ORDINARIA DE PLENO (celebrada el 27 de diciembre de 2018)<\/td>\n<td style=\"width: 23.5796%;\"><a href=\"https:\/\/www.colindres.es\/wp-content\/uploads\/2019\/02\/07-27.12.2018.pdf\">PLENO 07 &#8211; 27.12.2018<\/a><\/td>\n<td style=\"width: 26.7045%;\"><a href=\"https:\/\/www.colindres.es\/index.php\/2019\/02\/28\/acta-de-la-sesion-ordinaria-de-pleno-celebrada-el-27-de-diciembre-de-2018\/\">Visite<\/a><\/td>\n<\/tr>\n<\/tbody>\n<\/table>\n<p>[\/et_pb_accordion_item][et_pb_accordion_item title=\u00bbPlenos 2017&#8243; _builder_version=\u00bb4.16&#8243; global_colors_info=\u00bb{}\u00bb open=\u00bboff\u00bb]<\/p>\n<table style=\"border-collapse: collapse; width: 100%;\" border=\"1\">\n<tbody>\n<tr>\n<td style=\"width: 49.7159%;\">ACTA<\/td>\n<td style=\"width: 23.5796%;\">PLENO &#8211; FECHA (pdf)<\/td>\n<td style=\"width: 26.7045%;\">ENTRADA PUBLiCADA WEB<\/td>\n<\/tr>\n<tr>\n<td style=\"width: 49.7159%;\">ACTA DE LA SESI\u00d3N ORDINARIA DE PLENO (celebrada el 14 de marzo de 2017)<\/td>\n<td style=\"width: 23.5796%;\"><a href=\"https:\/\/www.colindres.es\/wp-content\/uploads\/2019\/02\/01-14.03.2017.pdf\" rel=\"attachment wp-att-13479\">PLENO 01 &#8211; 14.03.2<\/a><a href=\"https:\/\/www.colindres.es\/wp-content\/uploads\/2019\/02\/01-14.03.2017.pdf\" rel=\"attachment wp-att-13479\">017<\/a><\/td>\n<td style=\"width: 26.7045%;\"><a href=\"https:\/\/www.colindres.es\/index.php\/2019\/02\/27\/acta-de-la-sesion-ordinaria-de-pleno-celebrada-el-14-de-marzo-de-2017\/\">Visite<\/a><\/td>\n<\/tr>\n<tr>\n<td style=\"width: 49.7159%;\">ACTA DE LA SESI\u00d3N ORDINARIA DE PLENO (celebrada el 15 de mayo de 2017)<\/td>\n<td style=\"width: 23.5796%;\"><a href=\"https:\/\/www.colindres.es\/wp-content\/uploads\/2019\/02\/02-15.05.2017.pdf\" rel=\"attachment wp-att-13508\">PLENO 02 &#8211; 15.05.2017<\/a><a href=\"https:\/\/www.colindres.es\/wp-content\/uploads\/2019\/02\/02-15.05.2017.pdf\" rel=\"attachment wp-att-13508\">\u00a0<\/a><\/td>\n<td style=\"width: 26.7045%;\"><a href=\"https:\/\/www.colindres.es\/index.php\/2019\/02\/27\/acta-de-la-sesion-ordinaria-de-pleno-celebrada-el-15-de-mayo-de-2017\/\">Visite<\/a><\/td>\n<\/tr>\n<tr>\n<td style=\"width: 49.7159%;\">ACTA DE LA SESI\u00d3N ORDINARIA DE PLENO (celebrada el 27 de julio de 2017)<\/td>\n<td style=\"width: 23.5796%;\"><a href=\"https:\/\/www.colindres.es\/wp-content\/uploads\/2019\/02\/03-27.07.2017-1.pdf\">PLENO 03 &#8211; 27.07.2017<\/a><\/td>\n<td style=\"width: 26.7045%;\"><a href=\"https:\/\/www.colindres.es\/index.php\/2019\/02\/27\/acta-de-la-sesion-ordinaria-de-plenocelebrada-el-27-de-julio-de-2017\/\">Visite<\/a><\/td>\n<\/tr>\n<tr>\n<td style=\"width: 49.7159%;\">ACTA DE LA SESI\u00d3N ordinaria DE PLENO (celebrada el 4 de octubre de 2017)<\/td>\n<td style=\"width: 23.5796%;\"><a href=\"https:\/\/www.colindres.es\/wp-content\/uploads\/2019\/02\/04-04.10.2017-1.pdf\">PLENO 04 &#8211; 04.10.2017<\/a><\/td>\n<td style=\"width: 26.7045%;\"><a href=\"https:\/\/www.colindres.es\/index.php\/2019\/02\/27\/acta-de-la-sesion-ordinaria-de-plenocelebrada-el-4-de-octubre-de-2017\/\">Visite<\/a><\/td>\n<\/tr>\n<tr>\n<td style=\"width: 49.7159%;\">ACTA DE LA SESI\u00d3N ordinaria DE PLENO (celebrada el 15 de noviembre de 2017)<\/td>\n<td style=\"width: 23.5796%;\"><a href=\"https:\/\/www.colindres.es\/wp-content\/uploads\/2019\/02\/05-15.11.2017.pdf\">PLENO 05 &#8211; 15.11.2017<\/a><\/td>\n<td style=\"width: 26.7045%;\"><a href=\"https:\/\/www.colindres.es\/index.php\/2019\/02\/28\/acta-de-la-sesion-ordinaria-de-pleno-celebrada-el-15-de-noviembre-de-2017\/\">Visite<\/a><\/td>\n<\/tr>\n<tr>\n<td style=\"width: 49.7159%;\">ACTA DE LA SESI\u00d3N ordinaria DE PLENO (celebrada el 27 de diciembre de 2017)<\/td>\n<td style=\"width: 23.5796%;\"><a href=\"https:\/\/www.colindres.es\/wp-content\/uploads\/2019\/02\/06-27.12.2017.pdf\">PLENO 06 &#8211; 27.12.2017<\/a><\/td>\n<td style=\"width: 26.7045%;\"><a href=\"https:\/\/www.colindres.es\/index.php\/2019\/02\/28\/acta-de-la-sesion-ordinaria-de-plenocelebrada-el-27-de-diciembre-de-2017\/\">Visite<\/a><\/td>\n<\/tr>\n<\/tbody>\n<\/table>\n<p>&nbsp;<\/p>\n<p>[\/et_pb_accordion_item][et_pb_accordion_item title=\u00bbPlenos 2016&#8243; _builder_version=\u00bb4.16&#8243; global_colors_info=\u00bb{}\u00bb open=\u00bboff\u00bb]<\/p>\n<table style=\"border-collapse: collapse; width: 100%;\" border=\"1\">\n<tbody>\n<tr>\n<td style=\"width: 49.7159%;\">ACTA<\/td>\n<td style=\"width: 23.5796%;\">PLENO &#8211; FECHA (pdf)<\/td>\n<td style=\"width: 26.7045%;\">ENTRADA PUBLiCADA WEB<\/td>\n<\/tr>\n<tr>\n<td style=\"width: 49.7159%;\">ACTA DE LA SESI\u00d3N ORDINARIA DE PLENO (celebrada el 3 de febrero de 2016)<\/td>\n<td style=\"width: 23.5796%;\"><a href=\"https:\/\/www.colindres.es\/wp-content\/uploads\/2019\/03\/01-03.02.2016.pdf\" rel=\"attachment wp-att-13818\">PLENO 01 &#8211; 03.02.2016<\/a><\/td>\n<td style=\"width: 26.7045%;\"><a href=\"https:\/\/www.colindres.es\/index.php\/2019\/03\/05\/acta-de-la-sesion-ordinaria-de-pleno-celebrada-el-3-de-febrero-de-2016\/\">Visite<\/a><\/td>\n<\/tr>\n<tr>\n<td style=\"width: 49.7159%;\">ACTA DE LA SESI\u00d3N ORDINARIA DE PLENO (celebrada el 17 de marzo de 2016)<\/td>\n<td style=\"width: 23.5796%;\"><a href=\"https:\/\/www.colindres.es\/wp-content\/uploads\/2019\/03\/02-17.03.2016-FINAL.pdf\" rel=\"attachment wp-att-13822\">PLENO 02 &#8211; 17.03.2016 &#8211; FINAL<\/a><\/td>\n<td style=\"width: 26.7045%;\"><a href=\"https:\/\/www.colindres.es\/index.php\/2019\/03\/05\/acta-de-la-sesion-ordinaria-de-pleno-celebrada-el-17-de-marzo-de-2016\/\">Visite<\/a><\/td>\n<\/tr>\n<tr>\n<td style=\"width: 49.7159%;\">ACTA DE LA SESI\u00d3N ORDINARIA DE PLENO (celebrada el 11 de mayo de 2016)<\/td>\n<td style=\"width: 23.5796%;\"><a href=\"https:\/\/www.colindres.es\/wp-content\/uploads\/2019\/03\/03-11.05.2016.pdf\" rel=\"attachment wp-att-13825\">PLENO 03 &#8211; 11.05.2016<\/a><\/td>\n<td style=\"width: 26.7045%;\"><a href=\"https:\/\/www.colindres.es\/index.php\/2019\/03\/05\/acta-de-la-sesion-ordinaria-de-pleno-celebrada-el-11-de-mayo-de-2016\/\">Visite<\/a><\/td>\n<\/tr>\n<tr>\n<td style=\"width: 49.7159%;\">ACTA DE LA SESI\u00d3N EXTRAORDINARIA DE PLENO (celebrada el 30 de mayo de 2016)<\/td>\n<td style=\"width: 23.5796%;\"><a href=\"https:\/\/www.colindres.es\/wp-content\/uploads\/2019\/03\/04-30.05.2016.pdf\" rel=\"attachment wp-att-13828\">PLENO 04 &#8211; 30.05.2016<\/a><\/td>\n<td style=\"width: 26.7045%;\"><a href=\"https:\/\/www.colindres.es\/index.php\/2019\/03\/05\/acta-de-la-sesion-extraordinaria-de-pleno-celebrada-el-30-de-mayo-de-2016\/\">Visite<\/a><\/td>\n<\/tr>\n<tr>\n<td style=\"width: 49.7159%;\">ACTA DE LA SESI\u00d3N ORDINARIA DE PLENO (celebrada el 26 de julio de 2016)<\/td>\n<td style=\"width: 23.5796%;\"><a href=\"https:\/\/www.colindres.es\/wp-content\/uploads\/2019\/03\/05-26.07.2016-FINAL.pdf\" rel=\"attachment wp-att-13831\">PLENO 05 &#8211; 26.07.2016 FINAL<\/a><\/td>\n<td style=\"width: 26.7045%;\"><a href=\"https:\/\/www.colindres.es\/index.php\/2019\/03\/05\/acta-de-la-sesion-ordinaria-de-pleno-celebrada-el-26-de-julio-de-2016\/\">Visite<\/a><\/td>\n<\/tr>\n<tr>\n<td style=\"width: 49.7159%;\">ACTA DE LA SESI\u00d3N EXTRAORDINARIA Y URGENTE DE PLENO (celebrada el 11 de agosto de 2016)<\/td>\n<td style=\"width: 23.5796%;\"><a href=\"https:\/\/www.colindres.es\/wp-content\/uploads\/2019\/03\/06-11.08.2016-UR.pdf\" rel=\"attachment wp-att-13834\">PLENO 06 &#8211; 11.08.2016 UR<\/a><\/td>\n<td style=\"width: 26.7045%;\"><a href=\"https:\/\/www.colindres.es\/index.php\/2019\/03\/05\/acta-de-la-sesion-extraordinaria-y-urgente-de-pleno-celebrada-el-11-de-agosto-de-2016\/\">Visite<\/a><\/td>\n<\/tr>\n<tr>\n<td style=\"width: 49.7159%;\">ACTA DE LA SESI\u00d3N ORDINARIA DE PLENO (celebrada el 28 de septiembre de 2016)<\/td>\n<td style=\"width: 23.5796%;\"><a href=\"https:\/\/www.colindres.es\/wp-content\/uploads\/2019\/03\/07-28.09.2016.pdf\" rel=\"attachment wp-att-13837\">PLENO 07 &#8211; 28.09.2016<\/a><\/td>\n<td style=\"width: 26.7045%;\"><a href=\"https:\/\/www.colindres.es\/index.php\/2019\/03\/05\/acta-de-la-sesion-ordinaria-de-pleno-celebrada-el-28-de-septiembre-de-2016\/\">Visite<\/a><\/td>\n<\/tr>\n<tr>\n<td style=\"width: 49.7159%;\">ACTA DE LA SESI\u00d3N EXTRAORDINARIA Y URGENTE DE PLENO (celebrada el 9 de noviembre de 2016)<\/td>\n<td style=\"width: 23.5796%;\"><a href=\"https:\/\/www.colindres.es\/wp-content\/uploads\/2019\/03\/08-09.11.2016-UR-FINAL.pdf\" rel=\"attachment wp-att-13840\">PLENO 08 &#8211; 09.11.2016 UR FINAL<\/a><\/td>\n<td style=\"width: 26.7045%;\"><a href=\"https:\/\/www.colindres.es\/index.php\/2019\/03\/05\/acta-de-la-sesion-extraordinaria-y-urgente-de-pleno-celebrada-el-9-de-noviembre-de-2016\/\">Visite<\/a><\/td>\n<\/tr>\n<tr>\n<td style=\"width: 49.7159%;\">ACTA DE LA SESI\u00d3N ORDINARIA DE PLENO (celebrada el 20 de diciembre de 2016)<\/td>\n<td style=\"width: 23.5796%;\"><a href=\"https:\/\/www.colindres.es\/wp-content\/uploads\/2019\/03\/09-20.12.2016.pdf\" rel=\"attachment wp-att-13843\">PLENO 09 &#8211; 20.12.2016<\/a><\/td>\n<td style=\"width: 26.7045%;\"><a href=\"https:\/\/www.colindres.es\/index.php\/2019\/03\/05\/acta-de-la-sesion-ordinaria-de-pleno-celebrada-el-20-de-diciembre-de-2016\/\">Visite<\/a><\/td>\n<\/tr>\n<tr>\n<td style=\"width: 49.7159%;\">ACTA DE LA SESI\u00d3N EXTRAORDINARIA Y URGENTE DE PLENO (celebrada el 29 de diciembre de 2016)<\/td>\n<td style=\"width: 23.5796%;\"><a href=\"https:\/\/www.colindres.es\/wp-content\/uploads\/2019\/03\/10-29.12.16-UR.pdf\" rel=\"attachment wp-att-13846\">PLENO 10 &#8211; 29.12.16 UR<\/a><\/td>\n<td style=\"width: 26.7045%;\"><a href=\"https:\/\/www.colindres.es\/index.php\/2019\/03\/05\/acta-de-la-sesion-extraordinaria-y-urgente-de-pleno-celebrada-el-29-de-diciembre-de-2016\/\">Visite<\/a><\/td>\n<\/tr>\n<\/tbody>\n<\/table>\n<p>&nbsp;<\/p>\n<p>[\/et_pb_accordion_item][et_pb_accordion_item title=\u00bbPlenos 2015&#8243; _builder_version=\u00bb4.16&#8243; global_colors_info=\u00bb{}\u00bb open=\u00bboff\u00bb]<\/p>\n<table style=\"border-collapse: collapse; width: 100%;\" border=\"1\">\n<tbody>\n<tr style=\"height: 71px;\">\n<td style=\"width: 49.7159%; height: 71px;\">ACTA<\/td>\n<td style=\"width: 23.5796%; height: 71px;\">PLENO &#8211; FECHA (pdf)<\/td>\n<td style=\"width: 26.7045%; height: 71px;\">ENTRADA PUBLiCADA WEB<\/td>\n<\/tr>\n<tr style=\"height: 23px;\">\n<td style=\"width: 49.7159%; height: 23px;\"><strong><a class=\"row-title\" href=\"https:\/\/www.colindres.es\/wp-admin\/post.php?post=13933&amp;action=edit\" aria-label=\"\u201cACTA DE LA SESI\u00d3N EXTRAORDINARIA DE PLENO (celebrada el 3 de diciembre de 2015)\u201d (Editar)\">ACTA DE LA SESI\u00d3N EXTRAORDINARIA DE PLENO (celebrada el 3 de diciembre de 2015)<\/a><\/strong><\/td>\n<td style=\"width: 23.5796%; height: 23px;\"><a href=\"https:\/\/www.colindres.es\/wp-content\/uploads\/2019\/03\/18-03.12.15.pdf\" rel=\"attachment wp-att-13934\">DESCARGAR EL PLENO 18 &#8211; 03.12.15<\/a><\/td>\n<td style=\"width: 26.7045%; height: 23px;\"><a href=\"https:\/\/www.colindres.es\/index.php\/2019\/03\/05\/acta-de-la-sesion-ordinaria-de-pleno-celebrada-el-3-de-febrero-de-2016\/\">Visite<\/a><\/td>\n<\/tr>\n<tr style=\"height: 23px;\">\n<td style=\"width: 49.7159%; height: 23px;\"><strong><a class=\"row-title\" href=\"https:\/\/www.colindres.es\/wp-admin\/post.php?post=13930&amp;action=edit\" aria-label=\"\u201cACTA DE LA SESI\u00d3N EXTRAORDINARIA DE PLENO (celebrada el 23 de noviembre de 2015)\u201d (Editar)\">ACTA DE LA SESI\u00d3N EXTRAORDINARIA DE PLENO (celebrada el 23 de noviembre de 2015)<\/a><\/strong><\/td>\n<td style=\"width: 23.5796%; height: 23px;\"><a href=\"https:\/\/www.colindres.es\/wp-content\/uploads\/2019\/03\/17-23.11.15.pdf\" rel=\"attachment wp-att-13931\">DESCARGAR EL PLENO 17 &#8211; 23.11.15<\/a><\/td>\n<td style=\"width: 26.7045%; height: 23px;\"><a href=\"https:\/\/www.colindres.es\/index.php\/2019\/03\/05\/acta-de-la-sesion-ordinaria-de-pleno-celebrada-el-17-de-marzo-de-2016\/\">Visite<\/a><\/td>\n<\/tr>\n<tr style=\"height: 23px;\">\n<td style=\"width: 49.7159%; height: 23px;\"><strong><a class=\"row-title\" href=\"https:\/\/www.colindres.es\/wp-admin\/post.php?post=13927&amp;action=edit\" aria-label=\"\u201cACTA DE LA SESI\u00d3N ORDINARIA DE PLENO (celebrada el 06 de noviembre de 2015)\u201d (Editar)\">ACTA DE LA SESI\u00d3N ORDINARIA DE PLENO (celebrada el 06 de noviembre de 2015)<\/a><\/strong><\/td>\n<td style=\"width: 23.5796%; height: 23px;\"><a href=\"https:\/\/www.colindres.es\/wp-content\/uploads\/2019\/03\/16-06.11.15.pdf\" rel=\"attachment wp-att-13928\">DESCARGAR EL PLENO 16 &#8211; 06.11.15<\/a><\/td>\n<td style=\"width: 26.7045%; height: 23px;\"><a href=\"https:\/\/www.colindres.es\/index.php\/2019\/03\/05\/acta-de-la-sesion-ordinaria-de-pleno-celebrada-el-11-de-mayo-de-2016\/\">Visite<\/a><\/td>\n<\/tr>\n<tr style=\"height: 23px;\">\n<td style=\"width: 49.7159%; height: 23px;\"><strong><a class=\"row-title\" href=\"https:\/\/www.colindres.es\/wp-admin\/post.php?post=13924&amp;action=edit\" aria-label=\"\u201cACTA DE LA SESI\u00d3N ORDINARIA DE PLENO (celebrada el 02 de octubre de 2015)\u201d (Editar)\">ACTA DE LA SESI\u00d3N ORDINARIA DE PLENO (celebrada el 02 de octubre de 2015)<\/a><\/strong><\/td>\n<td style=\"width: 23.5796%; height: 23px;\"><a href=\"https:\/\/www.colindres.es\/wp-content\/uploads\/2019\/03\/15-02.10.15.pdf\" rel=\"attachment wp-att-13925\">DESCARGAR EL PLENO 15 &#8211; 02.10.15<\/a><\/td>\n<td style=\"width: 26.7045%; height: 23px;\"><a href=\"https:\/\/www.colindres.es\/index.php\/2019\/03\/05\/acta-de-la-sesion-extraordinaria-de-pleno-celebrada-el-30-de-mayo-de-2016\/\">Visite<\/a><\/td>\n<\/tr>\n<tr style=\"height: 23px;\">\n<td style=\"width: 49.7159%; height: 23px;\"><strong><a class=\"row-title\" href=\"https:\/\/www.colindres.es\/wp-admin\/post.php?post=13921&amp;action=edit\" aria-label=\"\u201cACTA DE LA SESI\u00d3N EXTRAORDINARIA DE PLENO (celebrada el 28 de septiembre de 2015)\u201d (Editar)\">ACTA DE LA SESI\u00d3N EXTRAORDINARIA DE PLENO (celebrada el 28 de septiembre de 2015)<\/a><\/strong><\/td>\n<td style=\"width: 23.5796%; height: 23px;\"><a href=\"https:\/\/www.colindres.es\/wp-content\/uploads\/2019\/03\/14-28.09.15.pdf\" rel=\"attachment wp-att-13922\">DESCARGAR EL PLENO 14 &#8211; 28.09.15<\/a><\/td>\n<td style=\"width: 26.7045%; height: 23px;\"><a href=\"https:\/\/www.colindres.es\/index.php\/2019\/03\/05\/acta-de-la-sesion-ordinaria-de-pleno-celebrada-el-26-de-julio-de-2016\/\">Visite<\/a><\/td>\n<\/tr>\n<tr id=\"post-13918\" class=\"iedit author-self level-0 post-13918 type-post status-publish format-standard hentry category-plenos\" style=\"height: 142px;\">\n<th class=\"check-column\" style=\"width: 49.7159%; height: 142px;\" scope=\"row\"><strong><a class=\"row-title\" href=\"https:\/\/www.colindres.es\/wp-admin\/post.php?post=13918&amp;action=edit\" aria-label=\"\u201cACTA DE LA SESI\u00d3N EXTRAORDINARIA DE PLENO (celebrada el 30 de julio de 2015)\u201d (Editar)\">ACTA DE LA SESI\u00d3N EXTRAORDINARIA DE PLENO (celebrada el 30 de julio de 2015)<\/a><\/strong><\/th>\n<td class=\"title column-title has-row-actions column-primary page-title\" style=\"width: 23.5796%; height: 142px;\" data-colname=\"T\u00edtulo\"><a href=\"https:\/\/www.colindres.es\/wp-content\/uploads\/2019\/03\/13-30.07.15.pdf\" rel=\"attachment wp-att-13919\">DESCARGAR EL PLENO 13 &#8211; 30.07.15<\/a><\/td>\n<td style=\"width: 26.7045%; height: 142px;\"><a href=\"https:\/\/www.colindres.es\/index.php\/2019\/03\/05\/acta-de-la-sesion-extraordinaria-y-urgente-de-pleno-celebrada-el-11-de-agosto-de-2016\/\">Visite<\/a><\/td>\n<\/tr>\n<tr style=\"height: 23px;\">\n<td style=\"width: 49.7159%; height: 23px;\"><strong><a class=\"row-title\" href=\"https:\/\/www.colindres.es\/wp-admin\/post.php?post=13915&amp;action=edit\" aria-label=\"\u201cACTA DE LA SESI\u00d3N EXTRAORDINARIA Y URGENTE DE PLENO (celebrada el 22 de junio de 2015)\u201d (Editar)\">ACTA DE LA SESI\u00d3N EXTRAORDINARIA Y URGENTE DE PLENO (celebrada el 22 de junio de 2015)<\/a><\/strong><\/td>\n<td style=\"width: 23.5796%; height: 23px;\"><a href=\"https:\/\/www.colindres.es\/wp-content\/uploads\/2019\/03\/12-22.06.15-UR.pdf\" rel=\"attachment wp-att-13916\">DESCARGAR EL PLENO 12 &#8211; 22.06.15 UR<\/a><\/td>\n<td style=\"width: 26.7045%; height: 23px;\"><a href=\"https:\/\/www.colindres.es\/index.php\/2019\/03\/05\/acta-de-la-sesion-ordinaria-de-pleno-celebrada-el-28-de-septiembre-de-2016\/\">Visite<\/a><\/td>\n<\/tr>\n<tr style=\"height: 23px;\">\n<td style=\"width: 49.7159%; height: 23px;\"><strong><a class=\"row-title\" href=\"https:\/\/www.colindres.es\/wp-admin\/post.php?post=13912&amp;action=edit\" aria-label=\"\u201cACTA DE LA SESI\u00d3N EXTRAORDINARIA DEL AYUNTAMIENTO PLENO (SESI\u00d3N ORGANIZATIVA) EN SESI\u00d3N DE 22 DE JUNIO DE 2015.\u201d (Editar)\">ACTA DE LA SESI\u00d3N EXTRAORDINARIA DEL AYUNTAMIENTO PLENO (SESI\u00d3N ORGANIZATIVA) EN SESI\u00d3N DE 22 DE JUNIO DE 2015.<\/a><\/strong><\/td>\n<td style=\"width: 23.5796%; height: 23px;\"><a href=\"https:\/\/www.colindres.es\/wp-content\/uploads\/2019\/03\/11-22.06.15-sesion-organizativa.pdf\" rel=\"attachment wp-att-13913\">DESCARGAR EL PLENO 11 &#8211; 22.06.15 sesion organizativa<\/a><\/td>\n<td style=\"width: 26.7045%; height: 23px;\"><a href=\"https:\/\/www.colindres.es\/index.php\/2019\/03\/05\/acta-de-la-sesion-extraordinaria-y-urgente-de-pleno-celebrada-el-9-de-noviembre-de-2016\/\">Visite<\/a><\/td>\n<\/tr>\n<tr style=\"height: 23px;\">\n<td style=\"width: 49.7159%; height: 23px;\"><strong><a class=\"row-title\" href=\"https:\/\/www.colindres.es\/wp-admin\/post.php?post=13909&amp;action=edit\" aria-label=\"\u201cACTA DE LA SESI\u00d3N EXTRAORDINARIA CONSTITUTIVA DE LA NUEVA CORPORACI\u00d3N DEL AYUNTAMIENTO DE COLINDRES CELEBRADA EL D\u00cdA 13 DE JUNIO DE 2015\u201d (Editar)\">ACTA DE LA SESI\u00d3N EXTRAORDINARIA CONSTITUTIVA DE LA NUEVA CORPORACI\u00d3N DEL AYUNTAMIENTO DE COLINDRES CELEBRADA EL D\u00cdA 13 DE JUNIO DE 2015<\/a><\/strong><\/td>\n<td style=\"width: 23.5796%; height: 23px;\"><a href=\"https:\/\/www.colindres.es\/wp-content\/uploads\/2019\/03\/10-13.06.15.pdf\" rel=\"attachment wp-att-13910\">DESCARGAR EL PLENO 10 &#8211; 13.06.15<\/a><\/td>\n<td style=\"width: 26.7045%; height: 23px;\"><a href=\"https:\/\/www.colindres.es\/index.php\/2019\/03\/05\/acta-de-la-sesion-ordinaria-de-pleno-celebrada-el-20-de-diciembre-de-2016\/\">Visite<\/a><\/td>\n<\/tr>\n<tr style=\"height: 23px;\">\n<td style=\"width: 49.7159%; height: 23px;\"><strong><a class=\"row-title\" href=\"https:\/\/www.colindres.es\/wp-admin\/post.php?post=13905&amp;action=edit\" aria-label=\"\u201cACTA DE LA SESI\u00d3N EXTRAORDINARIA DE PLENO (celebrada el 10 de junio de 2015)\u201d (Editar)\">ACTA DE LA SESI\u00d3N EXTRAORDINARIA DE PLENO (celebrada el 10 de junio de 2015)<\/a><\/strong><\/td>\n<td style=\"width: 23.5796%; height: 23px;\"><a href=\"https:\/\/www.colindres.es\/wp-content\/uploads\/2019\/03\/09-10.06.15.pdf\" rel=\"attachment wp-att-13906\">DESCARGAR EL PLENO 09 &#8211; 10.06.15<\/a><\/td>\n<td style=\"width: 26.7045%; height: 23px;\"><a href=\"https:\/\/www.colindres.es\/index.php\/2019\/03\/05\/acta-de-la-sesion-extraordinaria-y-urgente-de-pleno-celebrada-el-29-de-diciembre-de-2016\/\">Visite<\/a><\/td>\n<\/tr>\n<tr style=\"height: 23px;\">\n<td style=\"width: 49.7159%; height: 23px;\"><strong><a class=\"row-title\" href=\"https:\/\/www.colindres.es\/wp-admin\/post.php?post=13902&amp;action=edit\" aria-label=\"\u201cACTA DE LA SESI\u00d3N EXTRAORDINARIA Y URGENTE DE PLENO (celebrada el 22 de Mayo de 2015)\u201d (Editar)\">ACTA DE LA SESI\u00d3N EXTRAORDINARIA Y URGENTE DE PLENO (celebrada el 22 de Mayo de 2015)<\/a><\/strong><\/td>\n<td style=\"width: 23.5796%; height: 23px;\"><a href=\"https:\/\/www.colindres.es\/wp-content\/uploads\/2019\/03\/08-22.05.15.pdf\" rel=\"attachment wp-att-13903\">DESCARGAR EL PLENO 08 &#8211; 22.05.15<\/a><\/td>\n<td style=\"width: 26.7045%; height: 23px;\"><a href=\"https:\/\/www.colindres.es\/index.php\/2019\/03\/05\/acta-de-la-sesion-extraordinaria-y-urgente-de-pleno-celebrada-el-29-de-diciembre-de-2016\/\">Visite<\/a><\/td>\n<\/tr>\n<tr style=\"height: 23px;\">\n<td style=\"width: 49.7159%; height: 23px;\"><strong><a class=\"row-title\" href=\"https:\/\/www.colindres.es\/wp-admin\/post.php?post=13899&amp;action=edit\" aria-label=\"\u201cACTA DE LA SESI\u00d3N ORDINARIA DE PLENO (celebrada el 8 de mayo de 2015)\u201d (Editar)\">ACTA DE LA SESI\u00d3N ORDINARIA DE PLENO (celebrada el 8 de mayo de 2015)<\/a><\/strong><\/td>\n<td style=\"width: 23.5796%; height: 23px;\"><a href=\"https:\/\/www.colindres.es\/wp-content\/uploads\/2019\/03\/07-08.05.15.pdf\" rel=\"attachment wp-att-13900\">DESCARGAR EL PLENO 07 &#8211; 08.05.15<\/a><\/td>\n<td style=\"width: 26.7045%; height: 23px;\"><a href=\"https:\/\/www.colindres.es\/index.php\/2019\/03\/05\/acta-de-la-sesion-extraordinaria-y-urgente-de-pleno-celebrada-el-29-de-diciembre-de-2016\/\">Visite<\/a><\/td>\n<\/tr>\n<tr style=\"height: 23px;\">\n<td style=\"width: 49.7159%; height: 23px;\"><strong><a class=\"row-title\" href=\"https:\/\/www.colindres.es\/wp-admin\/post.php?post=13896&amp;action=edit\" aria-label=\"\u201cACTA DE LA SESI\u00d3N EXTRAORDINARIA DE PLENO (celebrada el 27 de abril de 2015)\u201d (Editar)\">ACTA DE LA SESI\u00d3N EXTRAORDINARIA DE PLENO (celebrada el 27 de abril de 2015)<\/a><\/strong><\/td>\n<td style=\"width: 23.5796%; height: 23px;\"><a href=\"https:\/\/www.colindres.es\/wp-content\/uploads\/2019\/03\/06-27.04.15.pdf\" rel=\"attachment wp-att-13897\">DESCARGAR EL PLENO 06 &#8211; 27.04.15<\/a><\/td>\n<td style=\"width: 26.7045%; height: 23px;\"><a href=\"https:\/\/www.colindres.es\/index.php\/2019\/03\/05\/acta-de-la-sesion-extraordinaria-y-urgente-de-pleno-celebrada-el-29-de-diciembre-de-2016\/\">Visite<\/a><\/td>\n<\/tr>\n<tr style=\"height: 23px;\">\n<td style=\"width: 49.7159%; height: 23px;\"><strong><a class=\"row-title\" href=\"https:\/\/www.colindres.es\/wp-admin\/post.php?post=13893&amp;action=edit\" aria-label=\"\u201cACTA DE LA SESI\u00d3N EXTRAORDINARIA DE PLENO (celebrada el 01 de abril de 2015)\u201d (Editar)\">ACTA DE LA SESI\u00d3N EXTRAORDINARIA DE PLENO (celebrada el 01 de abril de 2015)<\/a><\/strong><\/td>\n<td style=\"width: 23.5796%; height: 23px;\"><a href=\"https:\/\/www.colindres.es\/wp-content\/uploads\/2019\/03\/05-01.04.15.pdf\" rel=\"attachment wp-att-13894\">DESCARGAR EL PLENO 05 &#8211; 01.04.15<\/a><\/td>\n<td style=\"width: 26.7045%; height: 23px;\"><a href=\"https:\/\/www.colindres.es\/index.php\/2019\/03\/05\/acta-de-la-sesion-extraordinaria-y-urgente-de-pleno-celebrada-el-29-de-diciembre-de-2016\/\">Visite<\/a><\/td>\n<\/tr>\n<tr style=\"height: 23px;\">\n<td style=\"width: 49.7159%; height: 23px;\"><strong><a class=\"row-title\" href=\"https:\/\/www.colindres.es\/wp-admin\/post.php?post=13889&amp;action=edit\" aria-label=\"\u201cACTA DE LA SESI\u00d3N EXTRAORDINARIA DE PLENO (celebrada el 20 de marzo de 2015)\u201d (Editar)\">ACTA DE LA SESI\u00d3N EXTRAORDINARIA DE PLENO (celebrada el 20 de marzo de 2015)<\/a><\/strong><\/td>\n<td style=\"width: 23.5796%; height: 23px;\"><a href=\"https:\/\/www.colindres.es\/wp-content\/uploads\/2019\/03\/04-20.03.15.pdf\" rel=\"attachment wp-att-13890\">DESCARGAR EL PLENO 04 &#8211; 20.03.15<\/a><\/td>\n<td style=\"width: 26.7045%; height: 23px;\"><a href=\"https:\/\/www.colindres.es\/index.php\/2019\/03\/05\/acta-de-la-sesion-extraordinaria-y-urgente-de-pleno-celebrada-el-29-de-diciembre-de-2016\/\">Visite<\/a><\/td>\n<\/tr>\n<tr style=\"height: 23px;\">\n<td style=\"width: 49.7159%; height: 23px;\"><strong><a class=\"row-title\" href=\"https:\/\/www.colindres.es\/wp-admin\/post.php?post=13886&amp;action=edit\" aria-label=\"\u201cACTA DE LA SESI\u00d3N EXTRAORDINARIA Y URGENTE DE PLENO (celebrada el 6 de marzo de 2015)\u201d (Editar)\">ACTA DE LA SESI\u00d3N EXTRAORDINARIA Y URGENTE DE PLENO (celebrada el 6 de marzo de 2015)<\/a><\/strong><\/td>\n<td style=\"width: 23.5796%; height: 23px;\"><a href=\"https:\/\/www.colindres.es\/wp-content\/uploads\/2019\/03\/03-06.03.15.pdf\" rel=\"attachment wp-att-13887\">DESCARGAR EL PLENO 03 &#8211; 06.03.15<\/a><\/td>\n<td style=\"width: 26.7045%; height: 23px;\"><a href=\"https:\/\/www.colindres.es\/index.php\/2019\/03\/05\/acta-de-la-sesion-extraordinaria-y-urgente-de-pleno-celebrada-el-29-de-diciembre-de-2016\/\">Visite<\/a><\/td>\n<\/tr>\n<tr style=\"height: 23px;\">\n<td style=\"width: 49.7159%; height: 23px;\"><strong><a class=\"row-title\" href=\"https:\/\/www.colindres.es\/wp-admin\/post.php?post=13881&amp;action=edit\" aria-label=\"\u201cACTA DE LA SESI\u00d3N ORDINARIA DE PLENO (celebrada el 2 de marzo de 2015)\u201d (Editar)\">ACTA DE LA SESI\u00d3N ORDINARIA DE PLENO (celebrada el 2 de marzo de 2015)<\/a><\/strong><\/td>\n<td style=\"width: 23.5796%; height: 23px;\"><a href=\"https:\/\/www.colindres.es\/wp-content\/uploads\/2019\/03\/02-02.03.15.pdf\" rel=\"attachment wp-att-13883\">DESCARGAR EL PLENO 02 &#8211; 02.03.15<\/a><\/td>\n<td style=\"width: 26.7045%; height: 23px;\"><a href=\"https:\/\/www.colindres.es\/index.php\/2019\/03\/05\/acta-de-la-sesion-extraordinaria-y-urgente-de-pleno-celebrada-el-29-de-diciembre-de-2016\/\">Visite<\/a><\/td>\n<\/tr>\n<tr style=\"height: 23px;\">\n<td style=\"width: 49.7159%; height: 23px;\"><strong><a class=\"row-title\" href=\"https:\/\/www.colindres.es\/wp-admin\/post.php?post=13878&amp;action=edit\" aria-label=\"\u201cACTA DE LA SESI\u00d3N EXTRAORDINARIA Y URGENTE DE PLENO (celebrada el 12 de febrero de 2015)\u201d (Editar)\">ACTA DE LA SESI\u00d3N EXTRAORDINARIA Y URGENTE DE PLENO (celebrada el 12 de febrero de 2015)<\/a><\/strong><\/td>\n<td style=\"width: 23.5796%; height: 23px;\"><a href=\"https:\/\/www.colindres.es\/wp-content\/uploads\/2019\/03\/01-12.02.15.pdf\" rel=\"attachment wp-att-13879\">DESCARGAR EL PLENO 01 &#8211; 12.02.15<\/a><\/td>\n<td style=\"width: 26.7045%; height: 23px;\"><a href=\"https:\/\/www.colindres.es\/index.php\/2019\/03\/05\/acta-de-la-sesion-extraordinaria-y-urgente-de-pleno-celebrada-el-29-de-diciembre-de-2016\/\">Visite<\/a><\/td>\n<\/tr>\n<\/tbody>\n<\/table>\n<p>&nbsp;<\/p>\n<p>[\/et_pb_accordion_item][\/et_pb_accordion][et_pb_text _builder_version=\u00bb4.16&#8243; global_colors_info=\u00bb{}\u00bb]<\/p>\n<p>Todas las actas de plenos publcadas en formato \u00abpdf\u00bb que no vengan con la firma ya sea v\u00eda sobre el propio papel o no contengan la firma electr\u00f3nica normalizada carecen de finalizaci\u00f3n definitiva.<\/p>\n<p>[\/et_pb_text][\/et_pb_column][\/et_pb_row][\/et_pb_section][et_pb_section fb_built=\u00bb1&#8243; custom_padding_last_edited=\u00bbon|desktop\u00bb admin_label=\u00bbsection\u00bb _builder_version=\u00bb4.16&#8243; custom_padding=\u00bb0px|0px|0px|0px\u00bb custom_padding_tablet=\u00bb50px|0|50px|0&#8243; custom_padding_phone=\u00bb\u00bb da_disable_devices=\u00bboff|off|off\u00bb padding_mobile=\u00bboff\u00bb global_colors_info=\u00bb{}\u00bb da_is_popup=\u00bboff\u00bb da_exit_intent=\u00bboff\u00bb da_has_close=\u00bbon\u00bb da_alt_close=\u00bboff\u00bb da_dark_close=\u00bboff\u00bb da_not_modal=\u00bbon\u00bb da_is_singular=\u00bboff\u00bb da_with_loader=\u00bboff\u00bb da_has_shadow=\u00bbon\u00bb][et_pb_row padding_mobile=\u00bboff\u00bb make_equal=\u00bbon\u00bb column_padding_mobile=\u00bbon\u00bb admin_label=\u00bbrow\u00bb _builder_version=\u00bb4.16&#8243; background_size=\u00bbinitial\u00bb background_position=\u00bbtop_left\u00bb background_repeat=\u00bbrepeat\u00bb custom_padding=\u00bb29px|0px|0px|0px\u00bb global_colors_info=\u00bb{}\u00bb][et_pb_column type=\u00bb4_4&#8243; _builder_version=\u00bb4.16&#8243; custom_padding=\u00bb|||\u00bb global_colors_info=\u00bb{}\u00bb custom_padding__hover=\u00bb|||\u00bb][et_pb_text _builder_version=\u00bb4.16&#8243; text_font=\u00bbComfortaa||||\u00bb text_text_color=\u00bb#e02b20&#8243; text_font_size=\u00bb32&#8243; text_letter_spacing=\u00bb5px\u00bb header_font=\u00bbComfortaa||||\u00bb header_text_color=\u00bb#e02b20&#8243; header_font_size=\u00bb32px\u00bb header_letter_spacing=\u00bb5px\u00bb background_size=\u00bbinitial\u00bb background_position=\u00bbtop_left\u00bb background_repeat=\u00bbrepeat\u00bb global_colors_info=\u00bb{}\u00bb]ACTUALIDAD<br \/>\n[\/et_pb_text][et_pb_portfolio fullwidth=\u00bboff\u00bb posts_number=\u00bb4&#8243; zoom_icon_color=\u00bb#e02b20&#8243; _builder_version=\u00bb4.16&#8243; title_font=\u00bbComfortaa||||\u00bb title_text_color=\u00bb#e02b20&#8243; caption_font=\u00bbComfortaa||||\u00bb caption_text_color=\u00bb#ffffff\u00bb background_color=\u00bbrgba(224,43,32,0)\u00bb background_size=\u00bbinitial\u00bb background_position=\u00bbtop_left\u00bb background_repeat=\u00bbrepeat\u00bb background_layout=\u00bbdark\u00bb global_colors_info=\u00bb{}\u00bb][\/et_pb_portfolio][\/et_pb_column][\/et_pb_row][\/et_pb_section][et_pb_section fb_built=\u00bb1&#8243; custom_padding_last_edited=\u00bbon|desktop\u00bb _builder_version=\u00bb4.16&#8243; background_color=\u00bb#efefef\u00bb custom_padding=\u00bb0px|0px|0px|0px\u00bb custom_padding_tablet=\u00bb\u00bb custom_padding_phone=\u00bb\u00bb da_disable_devices=\u00bboff|off|off\u00bb transparent_background=\u00bbon\u00bb global_colors_info=\u00bb{}\u00bb da_is_popup=\u00bboff\u00bb da_exit_intent=\u00bboff\u00bb da_has_close=\u00bbon\u00bb da_alt_close=\u00bboff\u00bb da_dark_close=\u00bboff\u00bb da_not_modal=\u00bbon\u00bb da_is_singular=\u00bboff\u00bb da_with_loader=\u00bboff\u00bb da_has_shadow=\u00bbon\u00bb][et_pb_row column_padding_mobile=\u00bbon\u00bb module_class=\u00bb et_pb_row_fullwidth\u00bb _builder_version=\u00bb4.16&#8243; background_color=\u00bb#efefef\u00bb background_size=\u00bbinitial\u00bb background_position=\u00bbtop_left\u00bb background_repeat=\u00bbrepeat\u00bb width=\u00bb94%\u00bb width_tablet=\u00bb80%\u00bb width_phone=\u00bb\u00bb width_last_edited=\u00bbon|desktop\u00bb max_width=\u00bb94%\u00bb max_width_tablet=\u00bb80%\u00bb max_width_phone=\u00bb\u00bb max_width_last_edited=\u00bbon|desktop\u00bb custom_padding=\u00bb0px|0px|0px|0px\u00bb make_fullwidth=\u00bbon\u00bb global_colors_info=\u00bb{}\u00bb][et_pb_column type=\u00bb4_4&#8243; _builder_version=\u00bb4.16&#8243; custom_padding=\u00bb|||\u00bb global_colors_info=\u00bb{}\u00bb custom_padding__hover=\u00bb|||\u00bb][et_pb_text _builder_version=\u00bb4.16&#8243; text_font=\u00bbComfortaa||||\u00bb text_text_color=\u00bb#e02b20&#8243; text_font_size=\u00bb20&#8243; text_letter_spacing=\u00bb5px\u00bb header_font=\u00bbComfortaa||||\u00bb header_text_color=\u00bb#e02b20&#8243; header_font_size=\u00bb20px\u00bb header_letter_spacing=\u00bb5px\u00bb background_size=\u00bbinitial\u00bb background_position=\u00bbtop_left\u00bb background_repeat=\u00bbrepeat\u00bb global_colors_info=\u00bb{}\u00bb]TE PUEDE INTERESAR&#8230;, tr\u00e1mites y pagos ON-LINE<br \/>\n[\/et_pb_text][\/et_pb_column][\/et_pb_row][et_pb_row column_structure=\u00bb1_3,1_3,1_3&#8243; use_custom_gutter=\u00bbon\u00bb padding_mobile=\u00bboff\u00bb column_padding_mobile=\u00bbon\u00bb module_class=\u00bb et_pb_row_fullwidth\u00bb _builder_version=\u00bb4.16&#8243; background_color=\u00bb#efefef\u00bb background_size=\u00bbinitial\u00bb background_position=\u00bbtop_left\u00bb background_repeat=\u00bbrepeat\u00bb width=\u00bb94%\u00bb width_tablet=\u00bb80%\u00bb width_phone=\u00bb\u00bb width_last_edited=\u00bbon|desktop\u00bb max_width=\u00bb94%\u00bb max_width_tablet=\u00bb80%\u00bb max_width_phone=\u00bb\u00bb max_width_last_edited=\u00bbon|desktop\u00bb make_fullwidth=\u00bbon\u00bb global_colors_info=\u00bb{}\u00bb][et_pb_column type=\u00bb1_3&#8243; _builder_version=\u00bb4.16&#8243; custom_padding=\u00bb|||\u00bb global_colors_info=\u00bb{}\u00bb custom_padding__hover=\u00bb|||\u00bb][et_pb_image src=\u00bbhttp:\/\/colindres.es\/wp-content\/uploads\/2016\/09\/tramites-on-lien-e1493124190275.png\u00bb url=\u00bbhttp:\/\/colindres.sedelectronica.es\/info.0&#8243; url_new_window=\u00bbon\u00bb align=\u00bbcenter\u00bb align_tablet=\u00bbcenter\u00bb align_phone=\u00bb\u00bb align_last_edited=\u00bbon|desktop\u00bb _builder_version=\u00bb4.16&#8243; border_width_all=\u00bb4px\u00bb border_color_all=\u00bb#ffffff\u00bb border_style_all=\u00bbsolid\u00bb use_border_color=\u00bbon\u00bb border_width=\u00bb4px\u00bb animation=\u00bboff\u00bb global_colors_info=\u00bb{}\u00bb][\/et_pb_image][\/et_pb_column][et_pb_column type=\u00bb1_3&#8243; _builder_version=\u00bb4.16&#8243; custom_padding=\u00bb|||\u00bb global_colors_info=\u00bb{}\u00bb custom_padding__hover=\u00bb|||\u00bb][et_pb_image src=\u00bbhttp:\/\/colindres.es\/wp-content\/uploads\/2016\/09\/La_Caixa_logo.svg_-e1493122719704.png\u00bb alt=\u00bbPara Clientes\u00bb title_text=\u00bbPara Clientes\u00bb url=\u00bbhttps:\/\/loc3.lacaixa.es\/GPeticiones?FLAG_BORSA=0&#038;PE=1&#038;DEMO=0&#038;PN=LGN&#038;IDIOMA2=02&#038;CANAL=I&#038;IDIOMA=02&#038;INICIAL_PN=GPA&#038;INICIAL_PE=30&#038;ORIGEN=CAI&#038;ENTORNO=L\u00bb url_new_window=\u00bbon\u00bb align=\u00bbcenter\u00bb align_tablet=\u00bbcenter\u00bb align_phone=\u00bb\u00bb align_last_edited=\u00bbon|desktop\u00bb _builder_version=\u00bb4.16&#8243; border_width_all=\u00bb4px\u00bb border_color_all=\u00bb#ffffff\u00bb border_style_all=\u00bbsolid\u00bb use_border_color=\u00bbon\u00bb border_width=\u00bb4px\u00bb animation=\u00bboff\u00bb global_colors_info=\u00bb{}\u00bb][\/et_pb_image][\/et_pb_column][et_pb_column type=\u00bb1_3&#8243; _builder_version=\u00bb4.16&#8243; custom_padding=\u00bb|||\u00bb global_colors_info=\u00bb{}\u00bb custom_padding__hover=\u00bb|||\u00bb][et_pb_image src=\u00bbhttp:\/\/colindres.es\/wp-content\/uploads\/2016\/09\/La_Caixa_logo.svg-copia.png\u00bb alt=\u00bbPara Clientes\u00bb title_text=\u00bbPara Clientes\u00bb url=\u00bbhttps:\/\/portal1.lacaixa.es\/apl\/pagos\/index_es.html?CODCPR=90INI001&#8243; url_new_window=\u00bbon\u00bb use_overlay=\u00bbon\u00bb align=\u00bbcenter\u00bb align_tablet=\u00bbcenter\u00bb align_phone=\u00bb\u00bb align_last_edited=\u00bbon|desktop\u00bb _builder_version=\u00bb4.16&#8243; border_width_all=\u00bb4px\u00bb border_color_all=\u00bb#ffffff\u00bb border_style_all=\u00bbsolid\u00bb use_border_color=\u00bbon\u00bb border_width=\u00bb4px\u00bb animation=\u00bboff\u00bb global_colors_info=\u00bb{}\u00bb][\/et_pb_image][\/et_pb_column][\/et_pb_row][\/et_pb_section]<\/p>\n","protected":false},"excerpt":{"rendered":"<p><nav aria-label=\"breadcrumbs\">\n            <div class=\"breadcrumb-container theme5\">\n                <ol>\n                                    <\/ol>\n            <\/div>\n        <\/nav>    <script type=\"application\/ld+json\">\n        {\n            \"@context\": \"http:\/\/schema.org\",\n            \"@type\": \"BreadcrumbList\",\n            \"itemListElement\": [\n                            ]\n        }\n    <\/script>\n   \n    <script>\n            <\/script>\nPLENOS: ACTA PLENO &#8211; FECHA (pdf) ENTRADA PUBLICADA WEB ACTA DE LA SESI\u00d3N ORDINARIA DE PLENO(celebrada el 22 de marzo de 2023) PLENO 01 &#8211; 22.03.2023 Visite ACTA DE LA SESI\u00d3N ORDINARIA DE PLENO(celebrada el 2 de mayo de 2023) PLENO 03 &#8211; 02.05.2023 Visite &nbsp; ACTA PLENO &#8211; FECHA (pdf) ENTRADA PUBLiCADA WEB ACTA [&hellip;]<\/p>\n","protected":false},"author":1,"featured_media":0,"parent":2436,"menu_order":0,"comment_status":"closed","ping_status":"closed","template":"","meta":{"_et_pb_use_builder":"on","_et_pb_old_content":"<p>[et_pb_section bb_built=\"1\" admin_label=\"Secci\u00f3n\" background_color=\"#d8d8d8\"][et_pb_row admin_label=\"Fila\" make_fullwidth=\"on\" custom_padding=\"0px|0px|0px|0px\" parallax_method_1=\"off\" parallax_method_2=\"off\" parallax_method_3=\"off\" use_custom_width=\"off\" width_unit=\"on\" use_custom_gutter=\"off\" allow_player_pause=\"off\" parallax=\"off\" parallax_method=\"on\" make_equal=\"off\" parallax_1=\"off\" parallax_2=\"off\"][et_pb_column type=\"1_4\"][et_pb_button admin_label=\"Bot\u00f3n\" button_text=\"Lo m\u00e1s visto\" button_alignment=\"left\" custom_button=\"on\" button_text_color=\"#e02b20\" button_border_width=\"0\" button_font=\"Comfortaa||||\" button_icon=\"%%79%%\" button_on_hover=\"off\" background_color=\"#7EBEC5\" url_new_window=\"off\" background_layout=\"light\" button_border_radius=\"1\" button_letter_spacing=\"0\" button_use_icon=\"default\" button_icon_placement=\"right\" button_letter_spacing_hover=\"0\" \/][\/et_pb_column][et_pb_column type=\"3_4\"][et_pb_text admin_label=\"Texto\" text_orientation=\"center\" header_font=\"Comfortaa||||\" text_font=\"Comfortaa||||\" text_font_size=\"16\" background_layout=\"light\" use_border_color=\"off\" border_color=\"#ffffff\" border_style=\"solid\" custom_margin=\"15px|||\"]<\/p><p><a href=\"http:\/\/colindres.sedelectronica.es\/info.0\">Tr\u00e1mites ON-LINE<\/a>\u00a0 \/ \u00a0<a href=\"http:\/\/www.turismo.es\">Turismo<\/a>\u00a0 \/\u00a0 <a href=\"http:\/\/www.transparenciacolindres.es\">Portal de Transparencia<\/a><\/p><p>[\/et_pb_text][\/et_pb_column][\/et_pb_row][\/et_pb_section][et_pb_section bb_built=\"1\" admin_label=\"Secci\u00f3n\" fullwidth=\"on\" custom_css_main_element=\"height: 350px;\"][et_pb_fullwidth_image admin_label=\"Imagen de anchura completa\" src=\"http:\/\/colindres.es\/wp-content\/uploads\/2016\/09\/IMG_9250-2.jpg\" custom_css_main_element=\"height: 350px;\" \/][\/et_pb_section][et_pb_section bb_built=\"1\" admin_label=\"Secci\u00f3n\"][et_pb_row admin_label=\"Fila\" custom_padding=\"0px|0px|0px|0px\"][et_pb_column type=\"4_4\"][et_pb_code admin_label=\"C\u00f3digo\"][breadcrumb][\/et_pb_code][\/et_pb_column][\/et_pb_row][\/et_pb_section][et_pb_section bb_built=\"1\" admin_label=\"Secci\u00f3n\" background_color=\"#d8d8d8\"][et_pb_row admin_label=\"Fila\"][et_pb_column type=\"4_4\"][et_pb_text admin_label=\"Texto\" header_font=\"Comfortaa||||\" header_text_color=\"#e02b20\" text_font=\"Comfortaa||||\" text_font_size=\"30\" text_text_color=\"#e02b20\" background_layout=\"light\" text_orientation=\"left\" use_border_color=\"off\" border_color=\"#ffffff\" border_style=\"solid\"]<\/p><p>DIRECTORIO TELEF\u00d3NICO<\/p><p>[\/et_pb_text][\/et_pb_column][\/et_pb_row][\/et_pb_section][et_pb_section bb_built=\"1\" admin_label=\"section\" background_image=\"http:\/\/colindres.es\/wp-content\/uploads\/2016\/09\/cultura-1.jpg\"][et_pb_row admin_label=\"Fila\" parallax_method_1=\"off\" parallax_method_2=\"off\"][et_pb_column type=\"1_3\"][et_pb_social_media_follow admin_label=\"Seguir en medios sociales\" link_shape=\"circle\" url_new_window=\"off\"]<\/p><p>[et_pb_social_media_follow_network social_network=\"facebook\" bg_color=\"#3b5998\" link_shape=\"circle\" follow_button=\"off\" url_new_window=\"off\"] Facebook [\/et_pb_social_media_follow_network][et_pb_social_media_follow_network social_network=\"twitter\" bg_color=\"#00aced\" link_shape=\"circle\" follow_button=\"off\" url_new_window=\"off\"] Twitter [\/et_pb_social_media_follow_network][et_pb_social_media_follow_network social_network=\"linkedin\" bg_color=\"#007bb6\" link_shape=\"circle\" follow_button=\"off\" url_new_window=\"off\"] LinkedIn [\/et_pb_social_media_follow_network][et_pb_social_media_follow_network social_network=\"rss\" bg_color=\"#ff8a3c\" link_shape=\"circle\" follow_button=\"off\" url_new_window=\"off\"] RSS [\/et_pb_social_media_follow_network]<\/p><p>[\/et_pb_social_media_follow][et_pb_image admin_label=\"Imagen\" src=\"http:\/\/colindres.es\/wp-content\/uploads\/2017\/04\/IMG_9265.jpg\" show_in_lightbox=\"off\" url_new_window=\"off\" use_overlay=\"off\" animation=\"left\" sticky=\"off\" align=\"left\" force_fullwidth=\"off\" always_center_on_mobile=\"on\" use_border_color=\"on\" border_color=\"#e02b20\" border_style=\"solid\" border_width=\"2px\" \/][\/et_pb_column][et_pb_column type=\"2_3\"][et_pb_accordion admin_label=\"Acorde\u00f3n\" use_border_color=\"on\" border_color=\"#ffffff\" border_style=\"solid\" toggle_font=\"Comfortaa||||\" body_font=\"Comfortaa||||\"]<\/p><p>[et_pb_accordion_item title=\"AYUNTAMIENTO\"]<\/p><p>Telf. +34 942 674 000<\/p><p>Fax. +34 942 674 588<\/p><p>Email. administracion@colindres.es<\/p><p>[\/et_pb_accordion_item][et_pb_accordion_item title=\"SERVICIO DE RECAUDACI\u00d3N\"]<\/p><p>Telf. +34 942 652 089<\/p><p>Fax. +34 942 380 582<\/p><p>Email. recaudacion@colindres.es<\/p><p>[\/et_pb_accordion_item][et_pb_accordion_item title=\"POLIC\u00cdA LOCAL\"]<\/p><p>Telf. +34 942 682 560<\/p><p>M\u00f3vil. +34 608 878 797<\/p><p>Fax. +34 942 682 561<\/p><p>Email. policia@colindres.es<\/p><p>[\/et_pb_accordion_item][et_pb_accordion_item title=\"CASA DE CULTURA\"]<\/p><p>Telf. +34 942 652 128<\/p><p>Email. biblioteca@Colindres.es<\/p><p>[\/et_pb_accordion_item][et_pb_accordion_item title=\"PROTECCI\u00d3N CIVIL\"]<\/p><p>Telf. +34 942 629 812<\/p><p>Fax. +942 681 822<\/p><p>[\/et_pb_accordion_item][et_pb_accordion_item title=\"AGENCIA DE DESARROLLO LOCAL\"]<\/p><p>Telf. +34 942 682 991<\/p><p>Email. adl@colindres.es \u00f3 proyectos@colindres.es<\/p><p>[\/et_pb_accordion_item][et_pb_accordion_item title=\"JUZGADO\"]<\/p><p>Telf. +34 942 682 994<\/p><p>Fax. +34 942 682 975<\/p><p>Email. juzgado@colindres.es<\/p><p>[\/et_pb_accordion_item][et_pb_accordion_item title=\"SERVICIOS SOCIALES\/MANCOMUNIDAD DE SERVICIOS SOCIALES\"]<\/p><p>Telf. +34 942 682 993<\/p><p>Fax. +34 942 682 972<\/p><p>Email. admin@mancomunidadssap24.es<\/p><p>[\/et_pb_accordion_item][et_pb_accordion_item title=\"LUDOTECA\"]<\/p><p>Telf. +34 942 652 930<\/p><p>[\/et_pb_accordion_item][et_pb_accordion_item title=\"SERJUCO\/CASA DE LA JUVENTUD\"]<\/p><p>Telf. + 942 680 561<\/p><p>Email. serjuco@colindres.es<\/p><p>[\/et_pb_accordion_item]<\/p><p>[\/et_pb_accordion][\/et_pb_column][\/et_pb_row][\/et_pb_section]<\/p>","_et_gb_content_width":"","footnotes":""},"class_list":["post-529","page","type-page","status-publish","hentry"],"yoast_head":"<!-- This site is optimized with the Yoast SEO plugin v24.9 - https:\/\/yoast.com\/wordpress\/plugins\/seo\/ -->\n<title>Plenos - Ayuntamiento de Colindres<\/title>\n<meta name=\"robots\" content=\"index, follow, max-snippet:-1, max-image-preview:large, max-video-preview:-1\" \/>\n<link rel=\"canonical\" href=\"https:\/\/www.colindres.es\/index.php\/normativa\/plenos\/\" \/>\n<meta property=\"og:locale\" content=\"es_ES\" \/>\n<meta property=\"og:type\" content=\"article\" \/>\n<meta property=\"og:title\" content=\"Plenos - Ayuntamiento de Colindres\" \/>\n<meta property=\"og:description\" content=\"PLENOS: ACTA PLENO - FECHA (pdf) ENTRADA PUBLICADA WEB ACTA DE LA SESI\u00d3N ORDINARIA DE PLENO(celebrada el 22 de marzo de 2023) PLENO 01 - 22.03.2023 Visite ACTA DE LA SESI\u00d3N ORDINARIA DE PLENO(celebrada el 2 de mayo de 2023) PLENO 03 - 02.05.2023 Visite &nbsp; ACTA PLENO - FECHA (pdf) ENTRADA PUBLiCADA WEB ACTA [&hellip;]\" \/>\n<meta property=\"og:url\" content=\"https:\/\/www.colindres.es\/index.php\/normativa\/plenos\/\" \/>\n<meta property=\"og:site_name\" content=\"Ayuntamiento de Colindres\" \/>\n<meta property=\"article:modified_time\" content=\"2023-06-27T06:02:58+00:00\" \/>\n<meta name=\"twitter:card\" content=\"summary_large_image\" \/>\n<meta name=\"twitter:label1\" content=\"Tiempo de lectura\" \/>\n\t<meta name=\"twitter:data1\" content=\"24 minutos\" \/>\n<script type=\"application\/ld+json\" class=\"yoast-schema-graph\">{\"@context\":\"https:\/\/schema.org\",\"@graph\":[{\"@type\":\"WebPage\",\"@id\":\"https:\/\/www.colindres.es\/index.php\/normativa\/plenos\/\",\"url\":\"https:\/\/www.colindres.es\/index.php\/normativa\/plenos\/\",\"name\":\"Plenos - Ayuntamiento de Colindres\",\"isPartOf\":{\"@id\":\"https:\/\/www.colindres.es\/#website\"},\"datePublished\":\"2017-05-10T11:34:28+00:00\",\"dateModified\":\"2023-06-27T06:02:58+00:00\",\"breadcrumb\":{\"@id\":\"https:\/\/www.colindres.es\/index.php\/normativa\/plenos\/#breadcrumb\"},\"inLanguage\":\"es\",\"potentialAction\":[{\"@type\":\"ReadAction\",\"target\":[\"https:\/\/www.colindres.es\/index.php\/normativa\/plenos\/\"]}]},{\"@type\":\"BreadcrumbList\",\"@id\":\"https:\/\/www.colindres.es\/index.php\/normativa\/plenos\/#breadcrumb\",\"itemListElement\":[{\"@type\":\"ListItem\",\"position\":1,\"name\":\"Portada\",\"item\":\"https:\/\/www.colindres.es\/\"},{\"@type\":\"ListItem\",\"position\":2,\"name\":\"Normativa\",\"item\":\"https:\/\/www.colindres.es\/index.php\/normativa\/\"},{\"@type\":\"ListItem\",\"position\":3,\"name\":\"Plenos\"}]},{\"@type\":\"WebSite\",\"@id\":\"https:\/\/www.colindres.es\/#website\",\"url\":\"https:\/\/www.colindres.es\/\",\"name\":\"Ayuntamiento de Colindres\",\"description\":\"Dise\u00f1ado por NTIC&#039;s\",\"publisher\":{\"@id\":\"https:\/\/www.colindres.es\/#organization\"},\"potentialAction\":[{\"@type\":\"SearchAction\",\"target\":{\"@type\":\"EntryPoint\",\"urlTemplate\":\"https:\/\/www.colindres.es\/?s={search_term_string}\"},\"query-input\":{\"@type\":\"PropertyValueSpecification\",\"valueRequired\":true,\"valueName\":\"search_term_string\"}}],\"inLanguage\":\"es\"},{\"@type\":\"Organization\",\"@id\":\"https:\/\/www.colindres.es\/#organization\",\"name\":\"AYUNTAMIENTO DE COLINDRES\",\"url\":\"https:\/\/www.colindres.es\/\",\"logo\":{\"@type\":\"ImageObject\",\"inLanguage\":\"es\",\"@id\":\"https:\/\/www.colindres.es\/#\/schema\/logo\/image\/\",\"url\":\"https:\/\/www.colindres.es\/wp-content\/uploads\/2017\/01\/LOGO-PRINCIPAL.jpg\",\"contentUrl\":\"https:\/\/www.colindres.es\/wp-content\/uploads\/2017\/01\/LOGO-PRINCIPAL.jpg\",\"width\":1209,\"height\":579,\"caption\":\"AYUNTAMIENTO DE COLINDRES\"},\"image\":{\"@id\":\"https:\/\/www.colindres.es\/#\/schema\/logo\/image\/\"}}]}<\/script>\n<!-- \/ Yoast SEO plugin. -->","yoast_head_json":{"title":"Plenos - Ayuntamiento de Colindres","robots":{"index":"index","follow":"follow","max-snippet":"max-snippet:-1","max-image-preview":"max-image-preview:large","max-video-preview":"max-video-preview:-1"},"canonical":"https:\/\/www.colindres.es\/index.php\/normativa\/plenos\/","og_locale":"es_ES","og_type":"article","og_title":"Plenos - Ayuntamiento de Colindres","og_description":"PLENOS: ACTA PLENO - FECHA (pdf) ENTRADA PUBLICADA WEB ACTA DE LA SESI\u00d3N ORDINARIA DE PLENO(celebrada el 22 de marzo de 2023) PLENO 01 - 22.03.2023 Visite ACTA DE LA SESI\u00d3N ORDINARIA DE PLENO(celebrada el 2 de mayo de 2023) PLENO 03 - 02.05.2023 Visite &nbsp; ACTA PLENO - FECHA (pdf) ENTRADA PUBLiCADA WEB ACTA [&hellip;]","og_url":"https:\/\/www.colindres.es\/index.php\/normativa\/plenos\/","og_site_name":"Ayuntamiento de Colindres","article_modified_time":"2023-06-27T06:02:58+00:00","twitter_card":"summary_large_image","twitter_misc":{"Tiempo de lectura":"24 minutos"},"schema":{"@context":"https:\/\/schema.org","@graph":[{"@type":"WebPage","@id":"https:\/\/www.colindres.es\/index.php\/normativa\/plenos\/","url":"https:\/\/www.colindres.es\/index.php\/normativa\/plenos\/","name":"Plenos - Ayuntamiento de Colindres","isPartOf":{"@id":"https:\/\/www.colindres.es\/#website"},"datePublished":"2017-05-10T11:34:28+00:00","dateModified":"2023-06-27T06:02:58+00:00","breadcrumb":{"@id":"https:\/\/www.colindres.es\/index.php\/normativa\/plenos\/#breadcrumb"},"inLanguage":"es","potentialAction":[{"@type":"ReadAction","target":["https:\/\/www.colindres.es\/index.php\/normativa\/plenos\/"]}]},{"@type":"BreadcrumbList","@id":"https:\/\/www.colindres.es\/index.php\/normativa\/plenos\/#breadcrumb","itemListElement":[{"@type":"ListItem","position":1,"name":"Portada","item":"https:\/\/www.colindres.es\/"},{"@type":"ListItem","position":2,"name":"Normativa","item":"https:\/\/www.colindres.es\/index.php\/normativa\/"},{"@type":"ListItem","position":3,"name":"Plenos"}]},{"@type":"WebSite","@id":"https:\/\/www.colindres.es\/#website","url":"https:\/\/www.colindres.es\/","name":"Ayuntamiento de Colindres","description":"Dise\u00f1ado por NTIC&#039;s","publisher":{"@id":"https:\/\/www.colindres.es\/#organization"},"potentialAction":[{"@type":"SearchAction","target":{"@type":"EntryPoint","urlTemplate":"https:\/\/www.colindres.es\/?s={search_term_string}"},"query-input":{"@type":"PropertyValueSpecification","valueRequired":true,"valueName":"search_term_string"}}],"inLanguage":"es"},{"@type":"Organization","@id":"https:\/\/www.colindres.es\/#organization","name":"AYUNTAMIENTO DE COLINDRES","url":"https:\/\/www.colindres.es\/","logo":{"@type":"ImageObject","inLanguage":"es","@id":"https:\/\/www.colindres.es\/#\/schema\/logo\/image\/","url":"https:\/\/www.colindres.es\/wp-content\/uploads\/2017\/01\/LOGO-PRINCIPAL.jpg","contentUrl":"https:\/\/www.colindres.es\/wp-content\/uploads\/2017\/01\/LOGO-PRINCIPAL.jpg","width":1209,"height":579,"caption":"AYUNTAMIENTO DE COLINDRES"},"image":{"@id":"https:\/\/www.colindres.es\/#\/schema\/logo\/image\/"}}]}},"_links":{"self":[{"href":"https:\/\/www.colindres.es\/index.php\/wp-json\/wp\/v2\/pages\/529","targetHints":{"allow":["GET"]}}],"collection":[{"href":"https:\/\/www.colindres.es\/index.php\/wp-json\/wp\/v2\/pages"}],"about":[{"href":"https:\/\/www.colindres.es\/index.php\/wp-json\/wp\/v2\/types\/page"}],"author":[{"embeddable":true,"href":"https:\/\/www.colindres.es\/index.php\/wp-json\/wp\/v2\/users\/1"}],"replies":[{"embeddable":true,"href":"https:\/\/www.colindres.es\/index.php\/wp-json\/wp\/v2\/comments?post=529"}],"version-history":[{"count":62,"href":"https:\/\/www.colindres.es\/index.php\/wp-json\/wp\/v2\/pages\/529\/revisions"}],"predecessor-version":[{"id":17270,"href":"https:\/\/www.colindres.es\/index.php\/wp-json\/wp\/v2\/pages\/529\/revisions\/17270"}],"up":[{"embeddable":true,"href":"https:\/\/www.colindres.es\/index.php\/wp-json\/wp\/v2\/pages\/2436"}],"wp:attachment":[{"href":"https:\/\/www.colindres.es\/index.php\/wp-json\/wp\/v2\/media?parent=529"}],"curies":[{"name":"wp","href":"https:\/\/api.w.org\/{rel}","templated":true}]}}