{"id":13939,"date":"2019-03-05T11:12:13","date_gmt":"2019-03-05T11:12:13","guid":{"rendered":"https:\/\/www.colindres.es\/?page_id=13939"},"modified":"2019-03-05T12:35:41","modified_gmt":"2019-03-05T12:35:41","slug":"junta-de-gobierno-local-2016","status":"publish","type":"page","link":"https:\/\/www.colindres.es\/index.php\/normativa\/junta-de-gobierno-local-2\/junta-de-gobierno-local-2016\/","title":{"rendered":"Junta de Gobierno Local 2016"},"content":{"rendered":"<p>[et_pb_section fb_built=\u00bb1&#8243; custom_padding_last_edited=\u00bbon|desktop\u00bb next_background_color=\u00bb#000000&#8243; _builder_version=\u00bb3.0.74&#8243; custom_padding_tablet=\u00bb50px|0|50px|0&#8243; padding_mobile=\u00bboff\u00bb][et_pb_row _builder_version=\u00bb3.0.51&#8243;][et_pb_column type=\u00bb4_4&#8243; _builder_version=\u00bb3.0.47&#8243;][et_pb_cta title=\u00bbIncidencias Municipales\u00bb button_url=\u00bbhttps:\/\/colindres.es\/gloc\/incidencias\/incidencias\/2\/\u00bb button_text=\u00bbEnviar una incidencia\u00bb disabled_on=\u00bb||on\u00bb _builder_version=\u00bb3.19.14&#8243; background_color=\u00bb#cd5c5c\u00bb border_style=\u00bbsolid\u00bb button_letter_spacing_hover=\u00bb0&#8243; button_text_size__hover_enabled=\u00bboff\u00bb button_text_size__hover=\u00bbnull\u00bb button_one_text_size__hover_enabled=\u00bboff\u00bb button_one_text_size__hover=\u00bbnull\u00bb button_two_text_size__hover_enabled=\u00bboff\u00bb button_two_text_size__hover=\u00bbnull\u00bb button_text_color__hover_enabled=\u00bboff\u00bb button_text_color__hover=\u00bbnull\u00bb button_one_text_color__hover_enabled=\u00bboff\u00bb button_one_text_color__hover=\u00bbnull\u00bb button_two_text_color__hover_enabled=\u00bboff\u00bb button_two_text_color__hover=\u00bbnull\u00bb button_border_width__hover_enabled=\u00bboff\u00bb button_border_width__hover=\u00bbnull\u00bb button_one_border_width__hover_enabled=\u00bboff\u00bb button_one_border_width__hover=\u00bbnull\u00bb button_two_border_width__hover_enabled=\u00bboff\u00bb button_two_border_width__hover=\u00bbnull\u00bb button_border_color__hover_enabled=\u00bboff\u00bb button_border_color__hover=\u00bbnull\u00bb button_one_border_color__hover_enabled=\u00bboff\u00bb button_one_border_color__hover=\u00bbnull\u00bb button_two_border_color__hover_enabled=\u00bboff\u00bb button_two_border_color__hover=\u00bbnull\u00bb button_border_radius__hover_enabled=\u00bboff\u00bb button_border_radius__hover=\u00bbnull\u00bb button_one_border_radius__hover_enabled=\u00bboff\u00bb button_one_border_radius__hover=\u00bbnull\u00bb button_two_border_radius__hover_enabled=\u00bboff\u00bb button_two_border_radius__hover=\u00bbnull\u00bb button_letter_spacing__hover_enabled=\u00bbon\u00bb button_letter_spacing__hover=\u00bb0&#8243; button_one_letter_spacing__hover_enabled=\u00bboff\u00bb button_one_letter_spacing__hover=\u00bbnull\u00bb button_two_letter_spacing__hover_enabled=\u00bboff\u00bb button_two_letter_spacing__hover=\u00bbnull\u00bb button_bg_color__hover_enabled=\u00bboff\u00bb button_bg_color__hover=\u00bbnull\u00bb button_one_bg_color__hover_enabled=\u00bboff\u00bb button_one_bg_color__hover=\u00bbnull\u00bb button_two_bg_color__hover_enabled=\u00bboff\u00bb button_two_bg_color__hover=\u00bbnull\u00bb][\/et_pb_cta][\/et_pb_column][\/et_pb_row][\/et_pb_section][et_pb_section fb_built=\u00bb1&#8243; custom_padding_last_edited=\u00bbon|desktop\u00bb prev_background_color=\u00bb#000000&#8243; next_background_color=\u00bb#000000&#8243; _builder_version=\u00bb3.19.14&#8243; custom_padding_tablet=\u00bb50px|0|50px|0&#8243;][et_pb_row make_fullwidth=\u00bbon\u00bb use_custom_gutter=\u00bbon\u00bb gutter_width=\u00bb1&#8243; custom_padding=\u00bb0px|0px|0px|0px\u00bb padding_mobile=\u00bboff\u00bb custom_margin=\u00bb||2px|\u00bb make_equal=\u00bbon\u00bb column_padding_mobile=\u00bbon\u00bb parallax_method_1=\u00bboff\u00bb parallax_method_2=\u00bboff\u00bb parallax_method_3=\u00bboff\u00bb parallax_method_4=\u00bboff\u00bb _builder_version=\u00bb3.19.14&#8243; background_color=\u00bb#efefef\u00bb background_size=\u00bbinitial\u00bb background_position=\u00bbtop_left\u00bb background_repeat=\u00bbrepeat\u00bb][et_pb_column type=\u00bb1_4&#8243; _builder_version=\u00bb3.0.47&#8243;][et_pb_button button_text=\u00bbLo m\u00e1s visto\u00bb button_alignment=\u00bbcenter\u00bb _builder_version=\u00bb3.19.14&#8243; custom_button=\u00bbon\u00bb button_bg_color=\u00bb#efefef\u00bb button_border_width=\u00bb0&#8243; button_font=\u00bbComfortaa||||\u00bb button_icon=\u00bb%%40%%\u00bb button_on_hover=\u00bboff\u00bb button_text_size__hover_enabled=\u00bboff\u00bb button_text_size__hover=\u00bbnull\u00bb button_one_text_size__hover_enabled=\u00bboff\u00bb button_one_text_size__hover=\u00bbnull\u00bb button_two_text_size__hover_enabled=\u00bboff\u00bb button_two_text_size__hover=\u00bbnull\u00bb button_text_color__hover_enabled=\u00bboff\u00bb button_text_color__hover=\u00bbnull\u00bb button_one_text_color__hover_enabled=\u00bboff\u00bb button_one_text_color__hover=\u00bbnull\u00bb button_two_text_color__hover_enabled=\u00bboff\u00bb button_two_text_color__hover=\u00bbnull\u00bb button_border_width__hover_enabled=\u00bboff\u00bb button_border_width__hover=\u00bbnull\u00bb button_one_border_width__hover_enabled=\u00bboff\u00bb button_one_border_width__hover=\u00bbnull\u00bb button_two_border_width__hover_enabled=\u00bboff\u00bb button_two_border_width__hover=\u00bbnull\u00bb button_border_color__hover_enabled=\u00bboff\u00bb button_border_color__hover=\u00bbnull\u00bb button_one_border_color__hover_enabled=\u00bboff\u00bb button_one_border_color__hover=\u00bbnull\u00bb button_two_border_color__hover_enabled=\u00bboff\u00bb button_two_border_color__hover=\u00bbnull\u00bb button_border_radius__hover_enabled=\u00bboff\u00bb button_border_radius__hover=\u00bbnull\u00bb button_one_border_radius__hover_enabled=\u00bboff\u00bb button_one_border_radius__hover=\u00bbnull\u00bb button_two_border_radius__hover_enabled=\u00bboff\u00bb button_two_border_radius__hover=\u00bbnull\u00bb button_letter_spacing__hover_enabled=\u00bboff\u00bb button_letter_spacing__hover=\u00bbnull\u00bb button_one_letter_spacing__hover_enabled=\u00bboff\u00bb button_one_letter_spacing__hover=\u00bbnull\u00bb button_two_letter_spacing__hover_enabled=\u00bboff\u00bb button_two_letter_spacing__hover=\u00bbnull\u00bb button_bg_color__hover_enabled=\u00bboff\u00bb button_bg_color__hover=\u00bbnull\u00bb button_one_bg_color__hover_enabled=\u00bboff\u00bb button_one_bg_color__hover=\u00bbnull\u00bb button_two_bg_color__hover_enabled=\u00bboff\u00bb button_two_bg_color__hover=\u00bbnull\u00bb][\/et_pb_button][\/et_pb_column][et_pb_column type=\u00bb1_4&#8243; _builder_version=\u00bb3.0.47&#8243;][et_pb_button button_url=\u00bbhttp:\/\/colindres.sedelectronica.es\/info.0&#8243; url_new_window=\u00bbon\u00bb button_text=\u00bbTr\u00e1mites ONLINE\u00bb button_alignment=\u00bbcenter\u00bb _builder_version=\u00bb3.16&#8243; custom_button=\u00bbon\u00bb button_border_width=\u00bb0&#8243; button_border_radius=\u00bb0&#8243; button_font=\u00bbComfortaa||||\u00bb button_icon=\u00bb%%57%%\u00bb button_icon_placement=\u00bbleft\u00bb button_on_hover=\u00bboff\u00bb button_bg_color_hover=\u00bbrgba(249,249,249,0)\u00bb button_text_size__hover_enabled=\u00bboff\u00bb button_text_size__hover=\u00bbnull\u00bb button_one_text_size__hover_enabled=\u00bboff\u00bb button_one_text_size__hover=\u00bbnull\u00bb button_two_text_size__hover_enabled=\u00bboff\u00bb button_two_text_size__hover=\u00bbnull\u00bb button_text_color__hover_enabled=\u00bboff\u00bb button_text_color__hover=\u00bbnull\u00bb button_one_text_color__hover_enabled=\u00bboff\u00bb button_one_text_color__hover=\u00bbnull\u00bb button_two_text_color__hover_enabled=\u00bboff\u00bb button_two_text_color__hover=\u00bbnull\u00bb button_border_width__hover_enabled=\u00bboff\u00bb button_border_width__hover=\u00bbnull\u00bb button_one_border_width__hover_enabled=\u00bboff\u00bb button_one_border_width__hover=\u00bbnull\u00bb button_two_border_width__hover_enabled=\u00bboff\u00bb button_two_border_width__hover=\u00bbnull\u00bb button_border_color__hover_enabled=\u00bboff\u00bb button_border_color__hover=\u00bbnull\u00bb button_one_border_color__hover_enabled=\u00bboff\u00bb button_one_border_color__hover=\u00bbnull\u00bb button_two_border_color__hover_enabled=\u00bboff\u00bb button_two_border_color__hover=\u00bbnull\u00bb button_border_radius__hover_enabled=\u00bboff\u00bb button_border_radius__hover=\u00bbnull\u00bb button_one_border_radius__hover_enabled=\u00bboff\u00bb button_one_border_radius__hover=\u00bbnull\u00bb button_two_border_radius__hover_enabled=\u00bboff\u00bb button_two_border_radius__hover=\u00bbnull\u00bb button_letter_spacing__hover_enabled=\u00bboff\u00bb button_letter_spacing__hover=\u00bbnull\u00bb button_one_letter_spacing__hover_enabled=\u00bboff\u00bb button_one_letter_spacing__hover=\u00bbnull\u00bb button_two_letter_spacing__hover_enabled=\u00bboff\u00bb button_two_letter_spacing__hover=\u00bbnull\u00bb button_bg_color__hover_enabled=\u00bbon\u00bb button_bg_color__hover=\u00bbrgba(249,249,249,0)\u00bb button_one_bg_color__hover_enabled=\u00bboff\u00bb button_one_bg_color__hover=\u00bbnull\u00bb button_two_bg_color__hover_enabled=\u00bboff\u00bb button_two_bg_color__hover=\u00bbnull\u00bb][\/et_pb_button][\/et_pb_column][et_pb_column type=\u00bb1_4&#8243; _builder_version=\u00bb3.0.47&#8243;][et_pb_button button_url=\u00bbhttp:\/\/www.turismocolindres.es\u00bb url_new_window=\u00bbon\u00bb button_text=\u00bbTurismo\u00bb button_alignment=\u00bbcenter\u00bb _builder_version=\u00bb3.16&#8243; custom_button=\u00bbon\u00bb button_border_width=\u00bb0&#8243; button_font=\u00bbComfortaa||||\u00bb button_icon=\u00bb%%57%%\u00bb button_icon_placement=\u00bbleft\u00bb button_on_hover=\u00bboff\u00bb button_bg_color_hover=\u00bbrgba(249,249,249,0)\u00bb button_text_size__hover_enabled=\u00bboff\u00bb button_text_size__hover=\u00bbnull\u00bb button_one_text_size__hover_enabled=\u00bboff\u00bb button_one_text_size__hover=\u00bbnull\u00bb button_two_text_size__hover_enabled=\u00bboff\u00bb button_two_text_size__hover=\u00bbnull\u00bb button_text_color__hover_enabled=\u00bboff\u00bb button_text_color__hover=\u00bbnull\u00bb button_one_text_color__hover_enabled=\u00bboff\u00bb button_one_text_color__hover=\u00bbnull\u00bb button_two_text_color__hover_enabled=\u00bboff\u00bb button_two_text_color__hover=\u00bbnull\u00bb button_border_width__hover_enabled=\u00bboff\u00bb button_border_width__hover=\u00bbnull\u00bb button_one_border_width__hover_enabled=\u00bboff\u00bb button_one_border_width__hover=\u00bbnull\u00bb button_two_border_width__hover_enabled=\u00bboff\u00bb button_two_border_width__hover=\u00bbnull\u00bb button_border_color__hover_enabled=\u00bboff\u00bb button_border_color__hover=\u00bbnull\u00bb button_one_border_color__hover_enabled=\u00bboff\u00bb button_one_border_color__hover=\u00bbnull\u00bb button_two_border_color__hover_enabled=\u00bboff\u00bb button_two_border_color__hover=\u00bbnull\u00bb button_border_radius__hover_enabled=\u00bboff\u00bb button_border_radius__hover=\u00bbnull\u00bb button_one_border_radius__hover_enabled=\u00bboff\u00bb button_one_border_radius__hover=\u00bbnull\u00bb button_two_border_radius__hover_enabled=\u00bboff\u00bb button_two_border_radius__hover=\u00bbnull\u00bb button_letter_spacing__hover_enabled=\u00bboff\u00bb button_letter_spacing__hover=\u00bbnull\u00bb button_one_letter_spacing__hover_enabled=\u00bboff\u00bb button_one_letter_spacing__hover=\u00bbnull\u00bb button_two_letter_spacing__hover_enabled=\u00bboff\u00bb button_two_letter_spacing__hover=\u00bbnull\u00bb button_bg_color__hover_enabled=\u00bbon\u00bb button_bg_color__hover=\u00bbrgba(249,249,249,0)\u00bb button_one_bg_color__hover_enabled=\u00bboff\u00bb button_one_bg_color__hover=\u00bbnull\u00bb button_two_bg_color__hover_enabled=\u00bboff\u00bb button_two_bg_color__hover=\u00bbnull\u00bb][\/et_pb_button][\/et_pb_column][et_pb_column type=\u00bb1_4&#8243; _builder_version=\u00bb3.0.47&#8243;][et_pb_button button_url=\u00bbhttps:\/\/www.facebook.com\/CasaJuventudColindres\/\u00bb url_new_window=\u00bbon\u00bb button_text=\u00bbServicio juventud\u00bb button_alignment=\u00bbcenter\u00bb _builder_version=\u00bb3.16&#8243; custom_button=\u00bbon\u00bb button_border_width=\u00bb0&#8243; button_font=\u00bbComfortaa||||\u00bb button_icon=\u00bb%%57%%\u00bb button_icon_placement=\u00bbleft\u00bb button_on_hover=\u00bboff\u00bb button_bg_color_hover=\u00bbrgba(249,249,249,0)\u00bb button_text_size__hover_enabled=\u00bboff\u00bb button_text_size__hover=\u00bbnull\u00bb button_one_text_size__hover_enabled=\u00bboff\u00bb button_one_text_size__hover=\u00bbnull\u00bb button_two_text_size__hover_enabled=\u00bboff\u00bb button_two_text_size__hover=\u00bbnull\u00bb button_text_color__hover_enabled=\u00bboff\u00bb button_text_color__hover=\u00bbnull\u00bb button_one_text_color__hover_enabled=\u00bboff\u00bb button_one_text_color__hover=\u00bbnull\u00bb button_two_text_color__hover_enabled=\u00bboff\u00bb button_two_text_color__hover=\u00bbnull\u00bb button_border_width__hover_enabled=\u00bboff\u00bb button_border_width__hover=\u00bbnull\u00bb button_one_border_width__hover_enabled=\u00bboff\u00bb button_one_border_width__hover=\u00bbnull\u00bb button_two_border_width__hover_enabled=\u00bboff\u00bb button_two_border_width__hover=\u00bbnull\u00bb button_border_color__hover_enabled=\u00bboff\u00bb button_border_color__hover=\u00bbnull\u00bb button_one_border_color__hover_enabled=\u00bboff\u00bb button_one_border_color__hover=\u00bbnull\u00bb button_two_border_color__hover_enabled=\u00bboff\u00bb button_two_border_color__hover=\u00bbnull\u00bb button_border_radius__hover_enabled=\u00bboff\u00bb button_border_radius__hover=\u00bbnull\u00bb button_one_border_radius__hover_enabled=\u00bboff\u00bb button_one_border_radius__hover=\u00bbnull\u00bb button_two_border_radius__hover_enabled=\u00bboff\u00bb button_two_border_radius__hover=\u00bbnull\u00bb button_letter_spacing__hover_enabled=\u00bboff\u00bb button_letter_spacing__hover=\u00bbnull\u00bb button_one_letter_spacing__hover_enabled=\u00bboff\u00bb button_one_letter_spacing__hover=\u00bbnull\u00bb button_two_letter_spacing__hover_enabled=\u00bboff\u00bb button_two_letter_spacing__hover=\u00bbnull\u00bb button_bg_color__hover_enabled=\u00bbon\u00bb button_bg_color__hover=\u00bbrgba(249,249,249,0)\u00bb button_one_bg_color__hover_enabled=\u00bboff\u00bb button_one_bg_color__hover=\u00bbnull\u00bb button_two_bg_color__hover_enabled=\u00bboff\u00bb button_two_bg_color__hover=\u00bbnull\u00bb][\/et_pb_button][\/et_pb_column][\/et_pb_row][\/et_pb_section][et_pb_section fb_built=\u00bb1&#8243; fullwidth=\u00bbon\u00bb prev_background_color=\u00bb#000000&#8243; next_background_color=\u00bb#000000&#8243; _builder_version=\u00bb3.0.47&#8243; custom_padding=\u00bb0px|0px|27px|0px\u00bb custom_css_main_element=\u00bbheight: 500px;\u00bb][et_pb_fullwidth_image src=\u00bbhttps:\/\/www.colindres.es\/wp-content\/uploads\/2018\/04\/entorno-ayuntamiento.jpg\u00bb _builder_version=\u00bb3.19.14&#8243; parallax=\u00bbon\u00bb][\/et_pb_fullwidth_image][\/et_pb_section][et_pb_section fb_built=\u00bb1&#8243; _builder_version=\u00bb3.19.14&#8243;][et_pb_row _builder_version=\u00bb3.19.14&#8243;][et_pb_column type=\u00bb4_4&#8243; _builder_version=\u00bb3.19.14&#8243;][et_pb_code _builder_version=\u00bb3.19.15&#8243;]<nav aria-label=\"breadcrumbs\">\n            <div class=\"breadcrumb-container theme5\">\n                <ol>\n                                    <\/ol>\n            <\/div>\n        <\/nav>    <script type=\"application\/ld+json\">\n        {\n            \"@context\": \"http:\/\/schema.org\",\n            \"@type\": \"BreadcrumbList\",\n            \"itemListElement\": [\n                            ]\n        }\n    <\/script>\n   \n    <script>\n            <\/script>\n[\/et_pb_code][\/et_pb_column][\/et_pb_row][\/et_pb_section][et_pb_section fb_built=\u00bb1&#8243; _builder_version=\u00bb3.19.17&#8243; background_color=\u00bb#efefef\u00bb custom_padding=\u00bb0px|0px|14px|0px|false|false\u00bb][et_pb_row custom_padding=\u00bb14px|0|0px|0px|false|false\u00bb _builder_version=\u00bb3.19.17&#8243;][et_pb_column type=\u00bb4_4&#8243; _builder_version=\u00bb3.19.14&#8243;][et_pb_text _builder_version=\u00bb3.19.18&#8243; text_font=\u00bbComfortaa|700|||||||\u00bb text_text_color=\u00bb#e02b20&#8243;]<\/p>\n<h2>JUNTA DE GOBIERNO LOCAL 2016:<\/h2>\n<p>[\/et_pb_text][et_pb_toggle title=\u00bbACTA DE LA SESI\u00d3N ORDINARIA DE LA JUNTA DE GOBIERNO LOCAL DE FECHA 14 DE ENERO DE 2016&#8243; _builder_version=\u00bb3.19.18&#8243;]<\/p>\n<p>En la Alcald\u00eda de la Casa Consistorial del Ayuntamiento de Colindres (Cantabria), siendo diez horas y cincuenta y siete minutos del d\u00eda 14 de enero de 2016, se reunieron en primera convocatoria los\/as se\u00f1ores\/as concejales\/as a continuaci\u00f3n relacionados, bajo la Presidencia del Sr. Alcalde, D. Javier Incera Goyenechea, con el objeto de realizar la sesi\u00f3n ordinaria correspondiente al d\u00eda de la fecha para la que fueron previamente citados.<\/p>\n<p><strong>Asistentes:<\/strong><\/p>\n<p><strong>Presidente:<\/strong><\/p>\n<p><strong>El Sr. Alcalde:<\/strong><\/p>\n<ol>\n<li>D. Javier Incera Goyenechea<\/li>\n<\/ol>\n<p><strong>Concejales:<\/strong><\/p>\n<p>D\u00f1a. Mar\u00eda Eugenia Casta\u00f1eda Arrasate<\/p>\n<ol>\n<li>D. Adri\u00e1n Setien Exp\u00f3sito<\/li>\n<li>D. Alberto Echevarria Ortiz<\/li>\n<li>D\u00f1a. Saray Villal\u00f3n Fern\u00e1ndez<\/li>\n<\/ol>\n<p><strong>Secretaria: <\/strong><\/p>\n<p>D\u00f1a. Paula Albors Ferreiro<\/p>\n<p>Con el qu\u00f3rum establecido por las disposiciones legales vigentes para la v\u00e1lida constituci\u00f3n, el Sr. Alcalde declara abierto el acto, adopt\u00e1ndose los siguientes acuerdos conforme al siguiente orden del d\u00eda que figura en la convocatoria:<\/p>\n<ul>\n<li><strong>1.- CONTRATACION<\/strong><\/li>\n<li><strong>2.- LICENCIAS DE OBRA MENOR<\/strong><\/li>\n<li><strong>3.- LICENCIAS DE OBRA MAYOR<\/strong><\/li>\n<li><strong>4.- AUTORIZACION DE USO DE DOMINIO P\u00daBLICO<\/strong><\/li>\n<li><strong>5.- SOLICITUD DE SUBVENCIONES<\/strong><\/li>\n<\/ul>\n<p>&nbsp;<\/p>\n<p>[\/et_pb_toggle][et_pb_toggle title=\u00bbACTA DE LA SESI\u00d3N ORDINARIA DE LA JUNTA DE GOBIERNO LOCAL DE FECHA 21 DE ENERO DE 2016&#8243; _builder_version=\u00bb3.19.18&#8243;]<\/p>\n<p>En la Alcald\u00eda de la Casa Consistorial del Ayuntamiento de Colindres (Cantabria), siendo once horas y dos minutos del d\u00eda 21 de enero de 2016, se reunieron en primera convocatoria los\/as se\u00f1ores\/as concejales\/as a continuaci\u00f3n relacionados, bajo la Presidencia del Sr. Alcalde, D. Javier Incera Goyenechea, con el objeto de realizar la sesi\u00f3n ordinaria correspondiente al d\u00eda de la fecha para la que fueron previamente citados.<\/p>\n<p><strong>Asistentes:<\/strong><\/p>\n<p><strong>Presidente:<\/strong><\/p>\n<p><strong>El Sr. Alcalde:<\/strong><\/p>\n<ol>\n<li>D. Javier Incera Goyenechea<\/li>\n<\/ol>\n<p><strong>Concejales:<\/strong><\/p>\n<ol>\n<li>D. Adri\u00e1n Setien Exp\u00f3sito<\/li>\n<li>D. Alberto Echevarria Ortiz<\/li>\n<li>D\u00f1a. Saray Villal\u00f3n Fern\u00e1ndez<\/li>\n<\/ol>\n<p><strong>Secretaria: <\/strong><\/p>\n<ol>\n<li>D\u00f1a. Paula Albors Ferreiro<\/li>\n<\/ol>\n<p>Con el qu\u00f3rum establecido por las disposiciones legales vigentes para la v\u00e1lida constituci\u00f3n, el Sr. Alcalde declara abierto el acto, adopt\u00e1ndose los siguientes acuerdos conforme al siguiente orden del d\u00eda que figura en la convocatoria:<\/p>\n<ul>\n<li><strong>1.- FACTURAS Y GASTOS<\/strong><\/li>\n<li><strong>\u00a0\u00a0\u00a0\u00a0\u00a0 1.1.- OTROS PAGOS<\/strong><\/li>\n<li><strong>2.- CONTRATACION<\/strong><\/li>\n<li><strong>3.- LICENCIAS DE OBRA MENOR<\/strong><\/li>\n<li><strong>4.- EXPEDIENTES DE COMPROBACION AMBIENTAL<\/strong><\/li>\n<li><strong>5.- AUTORIZACION DE USO DE DOMINIO P\u00daBLICO<\/strong><\/li>\n<li><strong>6.- APROBACION DE LIQUIDACIONES TRIBUTARIAS<\/strong><\/li>\n<li><strong>7.- SOLICITUD DE SUBVENCIONES<\/strong><\/li>\n<\/ul>\n<p>[\/et_pb_toggle][et_pb_toggle title=\u00bbACTA DE LA SESI\u00d3N ORDINARIA DE LA JUNTA DE GOBIERNO LOCAL DE FECHA 28 DE ENERO DE 2016&#8243; _builder_version=\u00bb3.19.18&#8243;]<\/p>\n<p>En la Alcald\u00eda de la Casa Consistorial del Ayuntamiento de Colindres (Cantabria), siendo once horas del d\u00eda 28 de enero de 2016, se reunieron en primera convocatoria los\/as se\u00f1ores\/as concejales\/as a continuaci\u00f3n relacionados, bajo la Presidencia del Sr. Alcalde, D. Javier Incera Goyenechea, con el objeto de realizar la sesi\u00f3n ordinaria correspondiente al d\u00eda de la fecha para la que fueron previamente citados.<\/p>\n<p><strong>Asistentes:<\/strong><\/p>\n<p><strong>Presidente:<\/strong><\/p>\n<p><strong>El Sr. Alcalde:<\/strong><\/p>\n<ol>\n<li>D. Javier Incera Goyenechea<\/li>\n<\/ol>\n<p><strong>Concejales:<\/strong><\/p>\n<ol>\n<li>D\u00f1a. Maria Eugenia Casta\u00f1eda Arrasate<\/li>\n<li>D. Adri\u00e1n Setien Exp\u00f3sito<\/li>\n<li>D\u00f1a. Saray Villal\u00f3n Fern\u00e1ndez<\/li>\n<\/ol>\n<p><strong>Secretaria: <\/strong><\/p>\n<ol>\n<li>D\u00f1a. Paula Albors Ferreiro<\/li>\n<\/ol>\n<p>Con el qu\u00f3rum establecido por las disposiciones legales vigentes para la v\u00e1lida constituci\u00f3n, el Sr. Alcalde declara abierto el acto, adopt\u00e1ndose los siguientes acuerdos conforme al siguiente orden del d\u00eda que figura en la convocatoria:<\/p>\n<ul>\n<li><strong>1.- FACTURAS Y GASTOS<\/strong><\/li>\n<li><strong>\u00a0\u00a0\u00a0\u00a0\u00a0 1.1.- RELACION DE FACTURAS<\/strong><\/li>\n<li><strong>\u00a0\u00a0\u00a0\u00a0\u00a0 1.2.- OTROS PAGOS<\/strong><\/li>\n<li><strong>2.- CONTRATACION<\/strong><\/li>\n<li><strong>3.- LICENCIAS DE OBRA Y ACTIVIDAD<\/strong><\/li>\n<li><strong>4.- AUTORIZACION DE USO DE DOMINIO P\u00daBLICO<\/strong><\/li>\n<\/ul>\n<p>[\/et_pb_toggle][et_pb_toggle title=\u00bbACTA DE LA SESI\u00d3N ORDINARIA DE LA JUNTA DE GOBIERNO LOCAL DE FECHA 4 DE FEBRERO DE 2016&#8243; _builder_version=\u00bb3.19.18&#8243;]<\/p>\n<p>En la Alcald\u00eda de la Casa Consistorial del Ayuntamiento de Colindres (Cantabria), siendo diez horas y veinte minutos del d\u00eda 4 de febrero de 2016, se reunieron en primera convocatoria los\/as se\u00f1ores\/as concejales\/as a continuaci\u00f3n relacionados, bajo la Presidencia del Sr. Alcalde, D. Javier Incera Goyenechea, con el objeto de realizar la sesi\u00f3n ordinaria correspondiente al d\u00eda de la fecha para la que fueron previamente citados.<\/p>\n<p><strong>Asistentes:<\/strong><\/p>\n<p><strong>Presidente:<\/strong><\/p>\n<p><strong>El Sr. Alcalde:<\/strong><\/p>\n<ol>\n<li>Javier Incera Goyenechea<\/li>\n<\/ol>\n<p><strong>Concejales:<\/strong><\/p>\n<ol>\n<li>D\u00f1a. Maria Eugenia Casta\u00f1eda Arrasate<\/li>\n<li>D. Alberto Echevarria Ortiz<\/li>\n<li>D\u00f1a. Saray Villal\u00f3n Fern\u00e1nde<\/li>\n<\/ol>\n<p><strong>Secretaria: <\/strong><\/p>\n<ol>\n<li>D\u00f1a. Paula Albors Ferreiro<\/li>\n<\/ol>\n<p>Con el qu\u00f3rum establecido por las disposiciones legales vigentes para la v\u00e1lida constituci\u00f3n, el Sr. Alcalde declara abierto el acto, adopt\u00e1ndose los siguientes acuerdos conforme al siguiente orden del d\u00eda que figura en la convocatoria:<\/p>\n<ul>\n<li><strong>1.- APROBACI\u00d3N DE ACTAS DE SESIONES ANTERIORES DE FECHA: 28\/10\/2015, 05\/11\/2015, 13\/11\/2015, 23\/11\/2015, 27\/11\/2015, 03\/12\/2015, 10\/12\/2015, 17\/12\/2015\u00a0\u00a0\u00a0\u00a0\u00a0\u00a0\u00a0\u00a0\u00a0\u00a0\u00a0\u00a0\u00a0\u00a0 <\/strong><\/li>\n<li><strong>2.- FACTURAS Y GASTOS<\/strong><\/li>\n<li><strong>\u00a0\u00a0\u00a0\u00a0\u00a0 2.1.- OTROS PAGOS<\/strong><\/li>\n<li><strong>3.- LICENCIAS DE OBRA <\/strong><\/li>\n<li><strong>4.- LICENCIAS DE APERTURA<\/strong><\/li>\n<li><strong>5.- AUTORIZACION DE USO DE DOMINIO P\u00daBLICO<\/strong><\/li>\n<li><strong>6.- APROBACION DE LIQUIDACIONES TRIBUTARIAS<\/strong><\/li>\n<\/ul>\n<p>[\/et_pb_toggle][et_pb_toggle title=\u00bbACTA DE LA SESI\u00d3N EXTRAORDINARIA DE LA JUNTA DE GOBIERNO LOCAL DE FECHA 12 DE FEBRERO DE 2016&#8243; _builder_version=\u00bb3.19.18&#8243;]<\/p>\n<p>En la Alcald\u00eda de la Casa Consistorial del Ayuntamiento de Colindres (Cantabria), siendo las trece horas y cuarenta y cinco minutos del d\u00eda 12 de febrero de 2016, se reunieron en primera convocatoria los\/as se\u00f1ores\/as concejales\/as a continuaci\u00f3n relacionados, bajo la Presidencia del Sr. Alcalde, D. Javier Incera Goyenechea, con el objeto de realizar la sesi\u00f3n ordinaria correspondiente al d\u00eda de la fecha para la que fueron previamente citados.<\/p>\n<p><strong>Asistentes:<\/strong><\/p>\n<p><strong>Presidente:<\/strong><\/p>\n<p><strong>El Sr. Alcalde:<\/strong><\/p>\n<ol>\n<li>D. Javier Incera Goyenechea<\/li>\n<\/ol>\n<p><strong>Concejales:<\/strong><\/p>\n<p>D\u00f1a. Maria Eugenia Casta\u00f1eda Arrasate<\/p>\n<ol>\n<li>D. Adri\u00e1n Setien Exp\u00f3sito<\/li>\n<li>D. Alberto Echevarria Ortiz<\/li>\n<li>D\u00f1a. Saray Villal\u00f3n Fern\u00e1ndez<\/li>\n<\/ol>\n<p><strong>Secretaria: <\/strong><\/p>\n<ol>\n<li>D\u00f1a. Paula Albors Ferreiro<\/li>\n<\/ol>\n<p>Con el qu\u00f3rum establecido por las disposiciones legales vigentes para la v\u00e1lida constituci\u00f3n, el Sr. Alcalde declara abierto el acto, adopt\u00e1ndose los siguientes acuerdos conforme al siguiente orden del d\u00eda que figura en la convocatoria:<\/p>\n<ul>\n<li><strong>1.- FACTURAS Y GASTOS<\/strong><\/li>\n<li><strong>\u00a0\u00a0\u00a0\u00a0\u00a0 1.1.- RELACION DE FACTURAS<\/strong><\/li>\n<li><strong>\u00a0\u00a0\u00a0\u00a0\u00a0 1.2.- OTROS PAGOS<\/strong><\/li>\n<li><strong>2.- CONTRATACION<\/strong><\/li>\n<li><strong>3.- CONCURSO DE MERITOS SUSTITUCI\u00d3N CABO POLICIA LOCAL<\/strong><\/li>\n<li><strong>4.- LICENCIAS DE OBRA <\/strong><\/li>\n<li><strong>5.- AUTORIZACION DE USO DE DOMINIO P\u00daBLICO<\/strong><\/li>\n<li><strong>6.- APROBACION DE LIQUIDACIONES TRIBUTARIAS<\/strong><\/li>\n<\/ul>\n<p>[\/et_pb_toggle][et_pb_toggle title=\u00bbACTA DE LA SESI\u00d3N EXTRAORDINARIA DE LA JUNTA DE GOBIERNO LOCAL DE FECHA 19 DE FEBRERO DE 2016&#8243; _builder_version=\u00bb3.19.18&#8243;]<\/p>\n<p>En la Alcald\u00eda de la Casa Consistorial del Ayuntamiento de Colindres (Cantabria), siendo las once horas y cincuenta y dos minutos del d\u00eda 19 de febrero de 2016, se reunieron en primera convocatoria los\/as se\u00f1ores\/as concejales\/as a continuaci\u00f3n relacionados, bajo la Presidencia del Sr. Alcalde, D. Javier Incera Goyenechea, con el objeto de realizar la sesi\u00f3n ordinaria correspondiente al d\u00eda de la fecha para la que fueron previamente citados.<\/p>\n<p><strong>Asistentes:<\/strong><\/p>\n<p><strong>Presidente:<\/strong><\/p>\n<p><strong>El Sr. Alcalde:<\/strong><\/p>\n<ol>\n<li>D. Javier Incera Goyenechea<\/li>\n<\/ol>\n<p><strong>Concejales:<\/strong><\/p>\n<ol>\n<li>D\u00f1a. Maria Eugenia Casta\u00f1eda Arrasate<\/li>\n<li>D. Adri\u00e1n Setien Exp\u00f3sito<\/li>\n<li>D. Alberto Echevarria Ortiz<\/li>\n<li>D\u00f1a. Saray Villal\u00f3n Fern\u00e1ndez<\/li>\n<\/ol>\n<p><strong>Secretaria: <\/strong><\/p>\n<ol>\n<li>D\u00f1a. Paula Albors Ferreiro<\/li>\n<\/ol>\n<p>Con el qu\u00f3rum establecido por las disposiciones legales vigentes para la v\u00e1lida constituci\u00f3n, el Sr. Alcalde declara abierto el acto, adopt\u00e1ndose los siguientes acuerdos conforme al siguiente orden del d\u00eda que figura en la convocatoria:<\/p>\n<ul>\n<li><strong>1.- APROBACI\u00d3N DE ACTAS DE SESIONES ANTERIORES DE FECHA: 23\/12\/2015<\/strong><\/li>\n<li><strong>2.- FACTURAS Y GASTOS<\/strong><\/li>\n<li><strong>\u00a0\u00a0\u00a0\u00a0\u00a0 2.1.- RELACION DE FACTURAS<\/strong><\/li>\n<li><strong>\u00a0\u00a0\u00a0\u00a0\u00a0 2.2.- OTROS PAGOS<\/strong><\/li>\n<li><strong>3.- CONTRATACI\u00d3N <\/strong><\/li>\n<li><strong>4.- LICENCIAS DE OBRA MAYOR<\/strong><\/li>\n<li><strong>5.- AUTORIZACION DE USO DE DOMINIO P\u00daBLICO<\/strong><\/li>\n<li><strong>6.- APROBACION DE LIQUIDACIONES TRIBUTARIAS<\/strong><\/li>\n<\/ul>\n<p>[\/et_pb_toggle][et_pb_toggle title=\u00bbACTA DE LA SESI\u00d3N ORDINARIA DE LA JUNTA DE GOBIERNO LOCAL DE FECHA 25 DE FEBRERO DE 2016&#8243; _builder_version=\u00bb3.19.18&#8243;]<\/p>\n<p>En la Alcald\u00eda de la Casa Consistorial del Ayuntamiento de Colindres (Cantabria), siendo las once horas y cinco minutos del d\u00eda 25 de febrero de 2016, se reunieron en primera convocatoria los\/as se\u00f1ores\/as concejales\/as a continuaci\u00f3n relacionados, bajo la Presidencia del Sr. Alcalde, D. Javier Incera Goyenechea, con el objeto de realizar la sesi\u00f3n ordinaria correspondiente al d\u00eda de la fecha para la que fueron previamente citados.<\/p>\n<p><strong>Asistentes:<\/strong><\/p>\n<p><strong>Presidente:<\/strong><\/p>\n<p><strong>El Sr. Alcalde:<\/strong><\/p>\n<ol>\n<li>Javier Incera Goyenechea<\/li>\n<\/ol>\n<p><strong>Concejales:<\/strong><\/p>\n<ol>\n<li>D\u00f1a. Maria Eugenia Casta\u00f1eda Arrasate<\/li>\n<li>D. Adri\u00e1n Setien Exp\u00f3sito<\/li>\n<li>D\u00f1a. Saray Villal\u00f3n Fern\u00e1ndez<\/li>\n<\/ol>\n<p><strong>Secretaria: <\/strong><\/p>\n<ol>\n<li>D\u00f1a. Paula Albors Ferreiro<\/li>\n<\/ol>\n<p>Con el qu\u00f3rum establecido por las disposiciones legales vigentes para la v\u00e1lida constituci\u00f3n, el Sr. Alcalde declara abierto el acto, adopt\u00e1ndose los siguientes acuerdos conforme al siguiente orden del d\u00eda que figura en la convocatoria:<\/p>\n<ul>\n<li><strong>1.- FACTURAS Y GASTOS<\/strong><\/li>\n<li><strong>\u00a0\u00a0\u00a0\u00a0\u00a0 1.1.- RELACION DE FACTURAS<\/strong><\/li>\n<li><strong>\u00a0\u00a0\u00a0\u00a0\u00a0 1.2.- OTROS PAGOS<\/strong><\/li>\n<li><strong>2.- CONTRATACI\u00d3N <\/strong><\/li>\n<li><strong>3.- AUTORIZACION DE USO DE DOMINIO P\u00daBLICO<\/strong><\/li>\n<li><strong>4.- APROBACION DE LIQUIDACIONES TRIBUTARIAS<\/strong><\/li>\n<li><strong>5.- SOLICITUD DE SUBVENCIONES<\/strong><\/li>\n<\/ul>\n<p>[\/et_pb_toggle][et_pb_toggle title=\u00bbACTA DE LA SESI\u00d3N EXTRAORDINARIA DE LA JUNTA DE GOBIERNO LOCAL DE FECHA 7 DE MARZO DE 2016&#8243; _builder_version=\u00bb3.19.18&#8243;]<\/p>\n<p>En la Alcald\u00eda de la Casa Consistorial del Ayuntamiento de Colindres (Cantabria), siendo las nueve horas y cuarenta minutos del d\u00eda 7 de marzo de 2016, se reunieron en primera convocatoria los\/as se\u00f1ores\/as concejales\/as a continuaci\u00f3n relacionados, bajo la Presidencia del Sr. Alcalde, D. Javier Incera Goyenechea, con el objeto de realizar la sesi\u00f3n ordinaria correspondiente al d\u00eda de la fecha para la que fueron previamente citados.<\/p>\n<p><strong>Asistentes:<\/strong><\/p>\n<p><strong>Presidente:<\/strong><\/p>\n<p><strong>El Sr. Alcalde:<\/strong><\/p>\n<ol>\n<li>D. Javier Incera Goyenechea<\/li>\n<\/ol>\n<p><strong>\u00a0<\/strong><strong>Concejales:<\/strong><\/p>\n<ol>\n<li>D\u00f1a. Maria Eugenia Casta\u00f1eda Arrasate<\/li>\n<li>D. Adri\u00e1n Setien Exp\u00f3sito<\/li>\n<li>D\u00f1a. Saray Villal\u00f3n Fern\u00e1ndez<\/li>\n<li>D. Alberto Echevarr\u00eda Ortiz<\/li>\n<\/ol>\n<p><strong>Secretaria: <\/strong><\/p>\n<ol>\n<li>D\u00f1a. Paula Albors Ferreiro<\/li>\n<\/ol>\n<p>Con el qu\u00f3rum establecido por las disposiciones legales vigentes para la v\u00e1lida constituci\u00f3n, el Sr. Alcalde declara abierto el acto, adopt\u00e1ndose los siguientes acuerdos conforme al siguiente orden del d\u00eda que figura en la convocatoria:<\/p>\n<p><strong>1.- FACTURAS Y GASTOS<\/strong><\/p>\n<p><strong>\u00a0\u00a0\u00a0\u00a0\u00a0 1.1.- RELACION DE FACTURAS<\/strong><\/p>\n<p><strong>\u00a0\u00a0\u00a0\u00a0\u00a0 1.2.- OTROS PAGOS<\/strong><\/p>\n<p><strong>2.- CONTRATACI\u00d3N <\/strong><\/p>\n<p><strong>3.- RECEPCI\u00d3N OBRAS DE URBANIZACI\u00d3N<\/strong><\/p>\n<p><strong>4.- LICENCIAS DE OBRA MENOR<\/strong><\/p>\n<p><strong>5.- LICENCIAS DE APERTURA<\/strong><\/p>\n<p><strong>6.- INFORME SOBRE LA SOLICITUD DE AUTORIZACION<\/strong><\/p>\n<p><strong>7.- AUTORIZACION DE USO DE DOMINIO P\u00daBLICO<\/strong><\/p>\n<p><strong>8.- DACI\u00d3N DE CUENTA DE SENTENCIA<\/strong><\/p>\n<p><strong><u>___________________________________________________________<\/u><\/strong><\/p>\n<p>[\/et_pb_toggle][et_pb_toggle title=\u00bbACTA DE LA SESI\u00d3N ORDINARIA DE LA JUNTA DE GOBIERNO LOCAL DE FECHA 10 DE MARZO DE 2016&#8243; _builder_version=\u00bb3.19.18&#8243;]<\/p>\n<p>En la Alcald\u00eda de la Casa Consistorial del Ayuntamiento de Colindres (Cantabria), siendo las once horas del d\u00eda 10 de marzo de 2016, se reunieron en primera convocatoria los\/as se\u00f1ores\/as concejales\/as a continuaci\u00f3n relacionados, bajo la Presidencia del Sr. Alcalde, D. Javier Incera Goyenechea, con el objeto de realizar la sesi\u00f3n ordinaria correspondiente al d\u00eda de la fecha para la que fueron previamente citados.<\/p>\n<p><strong>Asistentes:<\/strong><\/p>\n<p><strong>Presidente:<\/strong><\/p>\n<p><strong>El Sr. Alcalde:<\/strong><\/p>\n<ol>\n<li>D.Javier Incera Goyenechea<\/li>\n<\/ol>\n<p><strong>Concejales:<\/strong><\/p>\n<ol>\n<li>D\u00f1a. Maria Eugenia Casta\u00f1eda Arrasate<\/li>\n<\/ol>\n<ol>\n<li>D. Adri\u00e1n Setien Exp\u00f3sito<\/li>\n<\/ol>\n<ol>\n<li>D\u00f1a. Saray Villal\u00f3n Fern\u00e1ndez<\/li>\n<\/ol>\n<ol>\n<li>D. Alberto Echevarr\u00eda Ortiz<\/li>\n<\/ol>\n<p><strong>Secretaria: <\/strong><\/p>\n<ol>\n<li>D\u00f1a. Paula Albors Ferreiro<\/li>\n<\/ol>\n<p>Con el qu\u00f3rum establecido por las disposiciones legales vigentes para la v\u00e1lida constituci\u00f3n, el Sr. Alcalde declara abierto el acto, adopt\u00e1ndose los siguientes acuerdos conforme al siguiente orden del d\u00eda que figura en la convocatoria:<\/p>\n<ul>\n<li><strong>1.- APROBACI\u00d3N DE ACTAS DE SESIONES ANTERIORES DE FECHA: 30\/12\/2015, 14\/01\/2016, 21\/01\/2016, 28\/01\/2016, 04\/02\/2016, 12\/02\/2016<\/strong><\/li>\n<li><strong>2.- FACTURAS Y GASTOS<\/strong><\/li>\n<li><strong>\u00a0\u00a0\u00a0\u00a0\u00a0 2.1.- RELACION DE FACTURAS<\/strong><\/li>\n<li><strong>\u00a0\u00a0\u00a0\u00a0\u00a0 2.2.- OTROS PAGOS<\/strong><\/li>\n<li><strong>3.- CONTRATACI\u00d3N <\/strong><\/li>\n<li><strong>4.- LICENCIAS DE SEGREGACION<\/strong><\/li>\n<\/ul>\n<p>[\/et_pb_toggle][et_pb_toggle title=\u00bbACTA DE LA SESI\u00d3N ORDINARIA DE LA JUNTA DE GOBIERNO LOCAL DE FECHA 17 DE MARZO DE 2016&#8243; _builder_version=\u00bb3.19.18&#8243;]<\/p>\n<p>En la Alcald\u00eda de la Casa Consistorial del Ayuntamiento de Colindres (Cantabria), siendo las diez horas y cuarenta minutos del d\u00eda 17 de marzo de 2016, se reunieron en primera convocatoria los\/as se\u00f1ores\/as concejales\/as a continuaci\u00f3n relacionados, bajo la Presidencia del Sr. Alcalde, D. Javier Incera Goyenechea, con el objeto de realizar la sesi\u00f3n ordinaria correspondiente al d\u00eda de la fecha para la que fueron previamente citados.<\/p>\n<p><strong>Asistentes:<\/strong><\/p>\n<p><strong>Presidente:<\/strong><\/p>\n<p><strong>El Sr. Alcalde:<\/strong><\/p>\n<ol>\n<li>D. Javier Incera Goyenechea<\/li>\n<\/ol>\n<p><strong>Concejales:<\/strong><\/p>\n<ol>\n<li>D\u00f1a. Maria Eugenia Casta\u00f1eda Arrasate<\/li>\n<li>D\u00f1a. Saray Villal\u00f3n Fern\u00e1ndez<\/li>\n<\/ol>\n<p><strong>Secretaria: <\/strong><\/p>\n<p>D\u00f1a. Paula Albors Ferreiro<\/p>\n<p>Con el qu\u00f3rum establecido por las disposiciones legales vigentes para la v\u00e1lida constituci\u00f3n, el Sr. Alcalde declara abierto el acto, adopt\u00e1ndose los siguientes acuerdos conforme al siguiente orden del d\u00eda que figura en la convocatoria:<\/p>\n<ul>\n<li><strong>1.- FACTURAS Y GASTOS<\/strong><\/li>\n<li><strong>\u00a0\u00a0\u00a0\u00a0\u00a0 1.1.- RELACION DE FACTURAS<\/strong><\/li>\n<li><strong>\u00a0\u00a0\u00a0\u00a0\u00a0 1.2.- OTROS PAGOS<\/strong><\/li>\n<li><strong>2.- AUTORIZACI\u00d3N DE USO DE DOMINIO P\u00daBLICO <\/strong><\/li>\n<\/ul>\n<p>[\/et_pb_toggle][et_pb_toggle title=\u00bbACTA DE LA SESI\u00d3N ORDINARIA DE LA JUNTA DE GOBIERNO LOCAL DE FECHA 23 DE MARZO DE 2016&#8243; _builder_version=\u00bb3.19.18&#8243;]<\/p>\n<p>En la Alcald\u00eda de la Casa Consistorial del Ayuntamiento de Colindres (Cantabria), siendo las diez horas y cincuenta minutos del d\u00eda 23 de marzo de 2016, se reunieron en primera convocatoria los\/as se\u00f1ores\/as concejales\/as a continuaci\u00f3n relacionados, bajo la Presidencia del Sr. Alcalde, D. Javier Incera Goyenechea, con el objeto de realizar la sesi\u00f3n ordinaria correspondiente al d\u00eda de la fecha para la que fueron previamente citados<\/p>\n<p><strong>Asistentes:<\/strong><\/p>\n<p><strong>Presidente:<\/strong><\/p>\n<p><strong>El Sr. Alcalde:<\/strong><\/p>\n<ol>\n<li>D. Javier Incera Goyenechea<\/li>\n<\/ol>\n<p><strong>Concejales:<\/strong><\/p>\n<ol>\n<li>D\u00f1a. Maria Eugenia Casta\u00f1eda Arrasate<\/li>\n<li>D. Adri\u00e1n Setien Exp\u00f3sito<\/li>\n<li>D\u00f1a. Saray Villal\u00f3n Fern\u00e1ndez<\/li>\n<li>D. Alberto Echevarr\u00eda Ortiz<\/li>\n<\/ol>\n<p><strong>Secretaria: <\/strong><\/p>\n<ol>\n<li>D\u00f1a. Paula Albors Ferreiro<\/li>\n<\/ol>\n<p>Con el qu\u00f3rum establecido por las disposiciones legales vigentes para la v\u00e1lida constituci\u00f3n, el Sr. Alcalde declara abierto el acto, adopt\u00e1ndose los siguientes acuerdos conforme al siguiente orden del d\u00eda que figura en la convocatoria:<\/p>\n<ul>\n<li><strong>1.- FACTURAS Y GASTOS<\/strong><\/li>\n<li><strong>\u00a0\u00a0\u00a0\u00a0\u00a0 1.1.- RELACION DE FACTURAS<\/strong><\/li>\n<li><strong>\u00a0\u00a0\u00a0\u00a0\u00a0 1.2.- OTROS PAGOS<\/strong><\/li>\n<li><strong>2.- CONTRATACION<\/strong><\/li>\n<li><strong>3.- LICENCIAS DE SEGREGACI\u00d3N<\/strong><\/li>\n<li><strong>4.- LICENCIAS DE OBRA MENOR<\/strong><\/li>\n<li><strong>5.- LICENCIAS DE APERTURA<\/strong><\/li>\n<li><strong>6.- AUTORIZACI\u00d3N DE USO DE DOMINIO P\u00daBLICO<\/strong><\/li>\n<\/ul>\n<p><strong><u>___________________________________________________________<\/u><\/strong><\/p>\n<p>[\/et_pb_toggle][et_pb_toggle title=\u00bbACTA DE LA SESI\u00d3N EXTRAORDINARIA DE LA JUNTA DE GOBIERNO LOCAL DE FECHA 1 DE ABRIL DE 2016&#8243; _builder_version=\u00bb3.19.18&#8243;]<\/p>\n<p>En la Alcald\u00eda de la Casa Consistorial del Ayuntamiento de Colindres (Cantabria), siendo las once horas del d\u00eda 1 de abril de 2016, se reunieron en primera convocatoria los\/as se\u00f1ores\/as concejales\/as a continuaci\u00f3n relacionados, bajo la Presidencia del Sr. Alcalde, D. Javier Incera Goyenechea, con el objeto de realizar la sesi\u00f3n ordinaria correspondiente al d\u00eda de la fecha para la que fueron previamente citados.<\/p>\n<p><strong>Asistentes:<\/strong><\/p>\n<p><strong>Presidente:<\/strong><\/p>\n<p><strong>El Sr. Alcalde:<\/strong><\/p>\n<ol>\n<li>D. Javier Incera Goyenechea<\/li>\n<\/ol>\n<p><strong>Concejales:<\/strong><\/p>\n<ol>\n<li>D\u00f1a. Maria Eugenia Casta\u00f1eda Arrasate<\/li>\n<li>D. Alberto Echevarr\u00eda Ortiz<\/li>\n<\/ol>\n<p><strong>Secretaria: <\/strong><\/p>\n<ol>\n<li>D\u00f1a. Paula Albors Ferreiro<\/li>\n<\/ol>\n<p>&nbsp;<\/p>\n<p>&nbsp;<\/p>\n<p>&nbsp;<\/p>\n<p>Con el qu\u00f3rum establecido por las disposiciones legales vigentes para la v\u00e1lida constituci\u00f3n, el Sr. Alcalde declara abierto el acto, adopt\u00e1ndose los siguientes acuerdos conforme al siguiente orden del d\u00eda que figura en la convocatoria:<\/p>\n<ul>\n<li><strong>1.- FACTURAS Y GASTOS<\/strong><\/li>\n<li><strong>\u00a0\u00a0\u00a0\u00a0\u00a0 1.1.- OTROS PAGOS<\/strong><\/li>\n<li><strong>2.- CONTRATACION<\/strong><\/li>\n<li><strong>3.- ESTABLECIMIENTO PRECIO PUBLICO CURSOS ADL<\/strong><\/li>\n<li><strong>4.- LICENCIAS DE OBRA MENOR<\/strong><\/li>\n<li><strong>5.- LICENCIAS DE OBRA MAYOR<\/strong><\/li>\n<li><strong>6.- AUTORIZACI\u00d3N DE USO DE DOMINIO P\u00daBLICO<\/strong><\/li>\n<\/ul>\n<p>[\/et_pb_toggle][et_pb_toggle title=\u00bbACTA DE LA SESI\u00d3N ORDINARIA DE LA JUNTA DE GOBIERNO LOCAL DE FECHA 14 DE ABRIL DE 2016&#8243; _builder_version=\u00bb3.19.18&#8243;]<\/p>\n<p>En la Alcald\u00eda de la Casa Consistorial del Ayuntamiento de Colindres (Cantabria), siendo las diez horas y cincuenta minutos del d\u00eda 14 de abril de 2016, se reunieron en primera convocatoria los\/as se\u00f1ores\/as concejales\/as a continuaci\u00f3n relacionados, bajo la Presidencia del Sr. Alcalde, D. Javier Incera Goyenechea, con el objeto de realizar la sesi\u00f3n ordinaria correspondiente al d\u00eda de la fecha para la que fueron previamente citados.<\/p>\n<p><strong>Asistentes:<\/strong><\/p>\n<p><strong>Presidente:<\/strong><\/p>\n<p><strong>El Sr. Alcalde:<\/strong><\/p>\n<ol>\n<li>D. Javier Incera Goyenechea<\/li>\n<\/ol>\n<p><strong>Concejales:<\/strong><\/p>\n<ol>\n<li>D\u00f1a. Saray Villal\u00f3n Fern\u00e1ndez<\/li>\n<li>D. Alberto Echevarr\u00eda Ortiz<\/li>\n<\/ol>\n<p><strong>Secretaria: <\/strong><\/p>\n<ol>\n<li>D\u00f1a. Paula Albors Ferreiro<\/li>\n<\/ol>\n<p>Con el qu\u00f3rum establecido por las disposiciones legales vigentes para la v\u00e1lida constituci\u00f3n, el Sr. Alcalde declara abierto el acto, adopt\u00e1ndose los siguientes acuerdos conforme al siguiente orden del d\u00eda que figura en la convocatoria:<\/p>\n<ul>\n<li><strong>1.- FACTURAS Y GASTOS<\/strong><\/li>\n<li><strong>\u00a0\u00a0\u00a0\u00a0\u00a0 1.1.- RELACION DE FACTURAS<\/strong><\/li>\n<li><strong>\u00a0\u00a0\u00a0\u00a0\u00a0 1.2.- OTROS PAGOS<\/strong><\/li>\n<li><strong>2.- LICENCIAS DE SEGREGACION<\/strong><\/li>\n<li><strong>3.- APROBACION DE LIQUIDACIONES TRIBUTARIAS<\/strong><\/li>\n<\/ul>\n<p>[\/et_pb_toggle][et_pb_toggle title=\u00bbACTA DE LA SESI\u00d3N ORDINARIA DE LA JUNTA DE GOBIERNO LOCAL DE FECHA 21 DE ABRIL DE 2016&#8243; _builder_version=\u00bb3.19.18&#8243;]<\/p>\n<p>En la Alcald\u00eda de la Casa Consistorial del Ayuntamiento de Colindres (Cantabria), siendo las diez horas y quince minutos del d\u00eda 21 de abril de 2016, se reunieron en primera convocatoria los\/as se\u00f1ores\/as concejales\/as a continuaci\u00f3n relacionados, bajo la Presidencia del Sr. Alcalde, D. Javier Incera Goyenechea, con el objeto de realizar la sesi\u00f3n ordinaria correspondiente al d\u00eda de la fecha para la que fueron previamente citados.<\/p>\n<p><strong>Asistentes:<\/strong><\/p>\n<p><strong>Presidente:<\/strong><\/p>\n<p><strong>El Sr. Alcalde:<\/strong><\/p>\n<ol>\n<li>D. Javier Incera Goyenechea<\/li>\n<\/ol>\n<p><strong>Concejales:<\/strong><\/p>\n<ol>\n<li>D. Adri\u00e1n Setien Exp\u00f3sito<\/li>\n<li>D\u00f1a. Saray Villal\u00f3n Fern\u00e1ndez<\/li>\n<li>D. Alberto Echevarr\u00eda Ortiz<\/li>\n<\/ol>\n<p><strong>Secretaria: <\/strong><\/p>\n<ol>\n<li>D\u00f1a. Paula Albors Ferreiro<\/li>\n<\/ol>\n<p>Con el qu\u00f3rum establecido por las disposiciones legales vigentes para la v\u00e1lida constituci\u00f3n, el Sr. Alcalde declara abierto el acto, adopt\u00e1ndose los siguientes acuerdos conforme al siguiente orden del d\u00eda que figura en la convocatoria:<\/p>\n<ul>\n<li><strong>1.- FACTURAS Y GASTOS<\/strong><\/li>\n<li><strong>\u00a0\u00a0\u00a0\u00a0\u00a0 1.1.- RELACION DE FACTURAS<\/strong><\/li>\n<li><strong>\u00a0\u00a0\u00a0\u00a0\u00a0 1.2.- OTROS PAGOS<\/strong><\/li>\n<li><strong>2.- CONTRATACION<\/strong><\/li>\n<li><strong>3.- LICENCIAS DE OBRA MENOR<\/strong><\/li>\n<li><strong>4.- AUTORIZACI\u00d3N DE USO DE DOMINIO P\u00daBLICO<\/strong><\/li>\n<li><strong>5.- DACI\u00d3N DE CUENTA DE CONVENIO DE COLABORACI\u00d3N<\/strong><\/li>\n<\/ul>\n<p>[\/et_pb_toggle][et_pb_toggle title=\u00bbACTA DE LA SESI\u00d3N ORDINARIA DE LA JUNTA DE GOBIERNO LOCAL DE FECHA 28 DE ABRIL DE 2016&#8243; _builder_version=\u00bb3.19.18&#8243;]<\/p>\n<p><strong>\u00a0<\/strong><\/p>\n<p>En la Alcald\u00eda de la Casa Consistorial del Ayuntamiento de Colindres (Cantabria), siendo las once horas del d\u00eda 28 de abril de 2016, se reunieron en primera convocatoria los\/as se\u00f1ores\/as concejales\/as a continuaci\u00f3n relacionados, bajo la Presidencia del Sr. Alcalde, D. Javier Incera Goyenechea, con el objeto de realizar la sesi\u00f3n ordinaria correspondiente al d\u00eda de la fecha para la que fueron previamente citados.<\/p>\n<p><strong>Asistentes:<\/strong><\/p>\n<p><strong>Presidente:<\/strong><\/p>\n<p><strong>El Sr. Alcalde:<\/strong><\/p>\n<ol>\n<li>D. Javier Incera Goyenechea<\/li>\n<\/ol>\n<p><strong>Concejales:<\/strong><\/p>\n<ol>\n<li>D. Adri\u00e1n Setien Exp\u00f3sito<\/li>\n<li>D\u00f1a. Saray Villal\u00f3n Fern\u00e1ndez<\/li>\n<li>D. Alberto Echevarr\u00eda Ortiz<\/li>\n<\/ol>\n<p><strong>Secretaria: <\/strong><\/p>\n<ol>\n<li>D\u00f1a. Paula Albors Ferreiro<\/li>\n<\/ol>\n<p>Con el qu\u00f3rum establecido por las disposiciones legales vigentes para la v\u00e1lida constituci\u00f3n, el Sr. Alcalde declara abierto el acto, adopt\u00e1ndose los siguientes acuerdos conforme al siguiente orden del d\u00eda que figura en la convocatoria:<\/p>\n<ul>\n<li><strong>1.- FACTURAS Y GASTOS<\/strong><\/li>\n<li><strong>\u00a0\u00a0\u00a0\u00a0\u00a0 1.1.- OTROS PAGOS<\/strong><\/li>\n<li><strong>2.- CONTRATACION<\/strong><\/li>\n<li><strong>3.- LICENCIAS DE OBRA MENOR<\/strong><\/li>\n<li><strong>4.- AUTORIZACI\u00d3N EN SUELO R\u00daSTICO<\/strong><\/li>\n<li><strong>5.- AUTORIZACION DE USO DE DOMINIO P\u00daBLICO<\/strong><\/li>\n<\/ul>\n<p>[\/et_pb_toggle][et_pb_toggle title=\u00bbACTA DE LA SESI\u00d3N EXTRAORDINARIA DE LA JUNTA DE GOBIERNO LOCAL DE FECHA 5 DE MAYO DE 2016&#8243; _builder_version=\u00bb3.19.18&#8243;]<\/p>\n<p>En la Alcald\u00eda de la Casa Consistorial del Ayuntamiento de Colindres (Cantabria), siendo las trece horas y cinco minutos del d\u00eda 5 de mayo de 2016, se reunieron en primera convocatoria los\/as se\u00f1ores\/as concejales\/as a continuaci\u00f3n relacionados, bajo la Presidencia del Sr. Alcalde, D. Javier Incera Goyenechea, con el objeto de realizar la sesi\u00f3n extraordinaria correspondiente al d\u00eda de la fecha para la que fueron previamente citados.<\/p>\n<p><strong>Asistentes:<\/strong><\/p>\n<p><strong>Presidente:<\/strong><\/p>\n<p><strong>El Sr. Alcalde:<\/strong><\/p>\n<ol>\n<li>D. Javier Incera Goyenechea<\/li>\n<\/ol>\n<p><strong>Concejales:<\/strong><\/p>\n<ol>\n<li>D\u00f1a. Mar\u00eda Eugenia Casta\u00f1eda Arrasate<\/li>\n<li>D. Adri\u00e1n Setien Exp\u00f3sito<\/li>\n<li>D. Alberto Echevarr\u00eda Ortiz<\/li>\n<\/ol>\n<p><strong>Secretaria: <\/strong><\/p>\n<ol>\n<li>D\u00f1a. Paula Albors Ferreiro<\/li>\n<\/ol>\n<p>Con el qu\u00f3rum establecido por las disposiciones legales vigentes para la v\u00e1lida constituci\u00f3n, el Sr. Alcalde declara abierto el acto, adopt\u00e1ndose los siguientes acuerdos conforme al siguiente orden del d\u00eda que figura en la convocatoria:<\/p>\n<ul>\n<li><strong>1.- FACTURAS Y GASTOS<\/strong><\/li>\n<li><strong>\u00a0\u00a0\u00a0\u00a0\u00a0 1.1.- FACTURAS<\/strong><\/li>\n<li><strong>\u00a0\u00a0\u00a0\u00a0\u00a0 1.2.- OTROS PAGOS<\/strong><\/li>\n<li><strong>2.- CONTRATACION<\/strong><\/li>\n<li><strong>3.- APROBACION BASES SELECCI\u00d3N DE PERSONAL<\/strong><\/li>\n<li><strong>4.- LICENCIAS DE OBRA MENOR<\/strong><\/li>\n<li><strong>5.- LICENCIAS DE OBRA MAYOR<\/strong><\/li>\n<li><strong>6.- AUTORIZACION DE USO DE DOMINIO P\u00daBLICO<\/strong><\/li>\n<li><strong>7.- APROBACION DE LIQUIDACIONES TRIBUTARIAS<\/strong><\/li>\n<\/ul>\n<p>[\/et_pb_toggle][et_pb_toggle title=\u00bbACTA DE LA SESI\u00d3N ORDINARIA DE LA JUNTA DE GOBIERNO LOCAL DE FECHA 12 DE MAYO DE 2016&#8243; _builder_version=\u00bb3.19.18&#8243;]<\/p>\n<p>En la Alcald\u00eda de la Casa Consistorial del Ayuntamiento de Colindres (Cantabria), siendo las once horas minutos del d\u00eda 12 de mayo de 2016, se reunieron en primera convocatoria los\/as se\u00f1ores\/as concejales\/as a continuaci\u00f3n relacionados, bajo la Presidencia del Sr. Alcalde, D. Javier Incera Goyenechea, con el objeto de realizar la sesi\u00f3n ordinaria correspondiente al d\u00eda de la fecha para la que fueron previamente citados.<\/p>\n<p><strong>Asistentes:<\/strong><\/p>\n<p><strong>Presidente:<\/strong><\/p>\n<p><strong>El Sr. Alcalde:<\/strong><\/p>\n<ol>\n<li>D. Javier Incera Goyenechea<\/li>\n<\/ol>\n<p><strong>Concejales:<\/strong><\/p>\n<ol>\n<li>D\u00f1a. Mar\u00eda Eugenia Casta\u00f1eda Arrasate<\/li>\n<li>D. Adri\u00e1n Setien Exp\u00f3sito<\/li>\n<li>D. Alberto Echevarr\u00eda Ortiz<\/li>\n<\/ol>\n<p><strong>Secretaria: <\/strong><\/p>\n<ol>\n<li>D\u00f1a. Paula Albors Ferreiro<\/li>\n<\/ol>\n<p>Con el qu\u00f3rum establecido por las disposiciones legales vigentes para la v\u00e1lida constituci\u00f3n, el Sr. Alcalde declara abierto el acto, adopt\u00e1ndose los siguientes acuerdos conforme al siguiente orden del d\u00eda que figura en la convocatoria:<\/p>\n<ul>\n<li><strong>1.- FACTURAS Y GASTOS<\/strong><\/li>\n<li><strong>\u00a0\u00a0\u00a0\u00a0\u00a0 1.1.- FACTURAS<\/strong><\/li>\n<li><strong>\u00a0\u00a0\u00a0\u00a0\u00a0 1.2.- OTROS PAGOS<\/strong><\/li>\n<li><strong>2.- LICENCIAS DE OBRA MENOR<\/strong><\/li>\n<li><strong>3.- LICENCIAS DE OBRA MAYOR<\/strong><\/li>\n<li><strong>4.- AUTORIZACION DE USO DE DOMINIO P\u00daBLICO<\/strong><\/li>\n<li><strong>5.- APROBACION DE LIQUIDACIONES TRIBUTARIAS<\/strong><\/li>\n<\/ul>\n<p><strong><u>___________________________________________________________<\/u><\/strong><\/p>\n<p>[\/et_pb_toggle][et_pb_toggle title=\u00bbACTA DE LA SESI\u00d3N ORDINARIA DE LA JUNTA DE GOBIERNO LOCAL DE FECHA 19 DE MAYO DE 2016&#8243; _builder_version=\u00bb3.19.18&#8243;]<\/p>\n<p>En la Alcald\u00eda de la Casa Consistorial del Ayuntamiento de Colindres (Cantabria), siendo las once horas y diez minutos del d\u00eda 19 de mayo de 2016, se reunieron en primera convocatoria los\/as se\u00f1ores\/as concejales\/as a continuaci\u00f3n relacionados, bajo la Presidencia del Sr. Alcalde, D. Javier Incera Goyenechea, con el objeto de realizar la sesi\u00f3n ordinaria correspondiente al d\u00eda de la fecha para la que fueron previamente citados.<\/p>\n<p><strong>Asistentes:<\/strong><\/p>\n<p><strong>Presidente:<\/strong><\/p>\n<p><strong>El Sr. Alcalde:<\/strong><\/p>\n<ol>\n<li>Javier Incera Goyenechea<\/li>\n<\/ol>\n<p><strong>Concejales:<\/strong><\/p>\n<ol>\n<li>D\u00f1a. Mar\u00eda Eugenia Casta\u00f1eda Arrasate<\/li>\n<li>D. Adri\u00e1n Setien Exp\u00f3sito<\/li>\n<li>D\u00f1a. Saray Villal\u00f3n Fern\u00e1ndez<\/li>\n<li>D. Alberto Echevarr\u00eda Ortiz<\/li>\n<\/ol>\n<p><strong>Secretaria: <\/strong><\/p>\n<ol>\n<li>D\u00f1a. Paula Albors Ferreiro<\/li>\n<\/ol>\n<p>Con el qu\u00f3rum establecido por las disposiciones legales vigentes para la v\u00e1lida constituci\u00f3n, el Sr. Alcalde declara abierto el acto, adopt\u00e1ndose los siguientes acuerdos conforme al siguiente orden del d\u00eda que figura en la convocatoria:<\/p>\n<ul>\n<li><strong>1.- APROBACI\u00d3N DE ACTAS DE SESIONES ANTERIORES DE FECHA: 19\/02\/2016, 25\/02\/2016, 07\/03\/2016, 10\/03\/2016 y 17\/03\/2016<\/strong><\/li>\n<li><strong>2.- FACTURAS Y GASTOS<\/strong><\/li>\n<li><strong>\u00a0\u00a0\u00a0\u00a0\u00a0 2.1.- OTROS PAGOS<\/strong><\/li>\n<li><strong>3.- CONTRATACI\u00d3N <\/strong><\/li>\n<li><strong>4.- EXPEDIENTES DE COMPROBACI\u00d3N AMBIENTAL<\/strong><\/li>\n<li><strong>5.- AUTORIZACI\u00d3N DE USO DE DOMINIO P\u00daBLICO<\/strong><\/li>\n<li><strong>6.- APROBACI\u00d3N DE LIQUIDACIONES TRIBUTARIAS<\/strong><\/li>\n<\/ul>\n<p>[\/et_pb_toggle][et_pb_toggle title=\u00bbACTA DE LA SESI\u00d3N EXTRAORDINARIA DE LA JUNTA DE GOBIERNO LOCAL DE FECHA 26 DE MAYO DE 2016&#8243; _builder_version=\u00bb3.19.18&#8243;]<\/p>\n<p>En la Alcald\u00eda de la Casa Consistorial del Ayuntamiento de Colindres (Cantabria), siendo las doce horas y treinta minutos del d\u00eda 26 de mayo de 2016, se reunieron en primera convocatoria los\/as se\u00f1ores\/as concejales\/as a continuaci\u00f3n relacionados, bajo la Presidencia del Sr. Alcalde, D. Javier Incera Goyenechea, con el objeto de realizar la sesi\u00f3n extraordinaria correspondiente al d\u00eda de la fecha para la que fueron previamente citados.<\/p>\n<p><strong>Asistentes:<\/strong><\/p>\n<p><strong>Presidente:<\/strong><\/p>\n<p><strong>La Sra. Alcaldesa en funciones:<\/strong><\/p>\n<ol>\n<li>D\u00f1a. Mar\u00eda Eugenia Casta\u00f1eda Arrasate<\/li>\n<\/ol>\n<p><strong>Concejales:<\/strong><\/p>\n<ol>\n<li>D. Adri\u00e1n Setien Exp\u00f3sito<\/li>\n<li>D. Alberto Echevarr\u00eda Ortiz<\/li>\n<\/ol>\n<p><strong>Secretaria: <\/strong><\/p>\n<ol>\n<li>D\u00f1a. Paula Albors Ferreiro<\/li>\n<\/ol>\n<p>Con el qu\u00f3rum establecido por las disposiciones legales vigentes para la v\u00e1lida constituci\u00f3n, el Sr. Alcalde declara abierto el acto, adopt\u00e1ndose los siguientes acuerdos conforme al siguiente orden del d\u00eda que figura en la convocatoria:<\/p>\n<ul>\n<li><strong>1.- FACTURAS Y GASTOS<\/strong><\/li>\n<li><strong>\u00a0\u00a0\u00a0\u00a0\u00a0 1.1.- RELACION DE FACTURAS <\/strong><\/li>\n<li><strong>\u00a0\u00a0\u00a0\u00a0\u00a0 1.2.- OTROS PAGOS<\/strong><\/li>\n<li><strong>2.- CONTRATACI\u00d3N <\/strong><\/li>\n<li><strong>3.- CORRECCION DE ERRORES BASES DE SELECCI\u00d3N DE PERSONAL<\/strong><\/li>\n<li><strong>4.- LICENCIAS DE OBRA MENOR<\/strong><\/li>\n<li><strong>5.- LICENCIAS DE OBRA MAYOR<\/strong><\/li>\n<li><strong>6.- LICENCIAS DE APERTURA<\/strong><\/li>\n<li><strong>7.- EXTINCION AUTORIZACI\u00d3N DE USO DE DOMINIO P\u00daBLICO<\/strong><\/li>\n<li><strong>8.- APROBACI\u00d3N DE LIQUIDACIONES TRIBUTARIAS<\/strong><\/li>\n<\/ul>\n<p>[\/et_pb_toggle][et_pb_toggle title=\u00bbACTA DE LA SESI\u00d3N ORDINARIA DE LA JUNTA DE GOBIERNO LOCAL DE FECHA 2 DE JUNIO DE 2016&#8243; _builder_version=\u00bb3.19.18&#8243;]<\/p>\n<p>En la Alcald\u00eda de la Casa Consistorial del Ayuntamiento de Colindres (Cantabria), siendo las doce horas y veinte minutos del d\u00eda 2 de junio de 2016, se reunieron en primera convocatoria los\/as se\u00f1ores\/as concejales\/as a continuaci\u00f3n relacionados, bajo la Presidencia del Sr. Alcalde en funciones, D. Adri\u00e1n Setien Exp\u00f3sito, con el objeto de realizar la sesi\u00f3n extraordinaria correspondiente al d\u00eda de la fecha para la que fueron previamente citados.<\/p>\n<p><strong>Asistentes:<\/strong><\/p>\n<p><strong>Presidente:<\/strong><\/p>\n<p><strong>El Sr. Alcalde en funciones:<\/strong><\/p>\n<ol>\n<li>D. Adri\u00e1n Setien Exp\u00f3sito<\/li>\n<\/ol>\n<p><strong>Concejales:<\/strong><\/p>\n<ol>\n<li>D\u00f1a. Saray Villal\u00f3n Fern\u00e1ndez<\/li>\n<li>D. Alberto Echevarr\u00eda Ortiz<\/li>\n<\/ol>\n<p><strong>Secretaria: <\/strong><\/p>\n<p>D\u00f1a. Paula Albors Ferreiro<\/p>\n<p>Con el qu\u00f3rum establecido por las disposiciones legales vigentes para la v\u00e1lida constituci\u00f3n, el Sr. Alcalde declara abierto el acto, adopt\u00e1ndose los siguientes acuerdos conforme al siguiente orden del d\u00eda que figura en la convocatoria:<\/p>\n<ol>\n<li><strong>1.- APROBACI\u00d3N DE ACTAS DE SESIONES ANTERIORES DE FECHA: 23\/03\/2016, 01\/04\/2016, 14\/04\/2016, 21\/04\/2016 y 28\/04\/2016 <\/strong><\/li>\n<li><strong>2.- FACTURAS Y GASTOS<\/strong><\/li>\n<li><strong>\u00a0\u00a0\u00a0\u00a0\u00a0 2.1.- RELACION DE FACTURAS <\/strong><\/li>\n<li><strong>\u00a0\u00a0\u00a0\u00a0\u00a0 2.2.- OTROS PAGOS<\/strong><\/li>\n<li><strong>3.- CONTRATACI\u00d3N <\/strong><\/li>\n<li><strong>4.- LICENCIAS DE OBRA MENOR<\/strong><\/li>\n<li><strong>5.- LICENCIAS DE OBRA MAYOR<\/strong><\/li>\n<li><strong>6.- AUTORIZACI\u00d3N DE USO DE DOMINIO P\u00daBLICO<\/strong><\/li>\n<li><strong>7.- SOLICITUD DE SUBVENCIONES<\/strong><\/li>\n<\/ol>\n<p>[\/et_pb_toggle][et_pb_toggle title=\u00bbACTA DE LA SESI\u00d3N EXTRAORDINARIA DE LA JUNTA DE GOBIERNO LOCAL DE FECHA 13 DE JUNIO DE 2016&#8243; _builder_version=\u00bb3.19.18&#8243;]<\/p>\n<p>En la Alcald\u00eda de la Casa Consistorial del Ayuntamiento de Colindres (Cantabria), siendo las once horas y dos minutos del d\u00eda 13 de junio de 2016, se reunieron en primera convocatoria los\/as se\u00f1ores\/as concejales\/as a continuaci\u00f3n relacionados, bajo la Presidencia del Sr. Alcalde, D. Javier Incera Goyenechea, con el objeto de realizar la sesi\u00f3n extraordinaria correspondiente al d\u00eda de la fecha para la que fueron previamente citados.<\/p>\n<p><strong>Asistentes:<\/strong><\/p>\n<p><strong>Presidente:<\/strong><\/p>\n<p><strong>El Sr. Alcalde:<\/strong><\/p>\n<ol>\n<li>D. Javier Incera Goyenechea<\/li>\n<\/ol>\n<p><strong>Concejales:<\/strong><\/p>\n<ol>\n<li>D\u00f1a. Mar\u00eda Eugenia Casta\u00f1eda Arrasate<\/li>\n<li>D. Adri\u00e1n Setien Exp\u00f3sito<\/li>\n<li>D\u00f1a. Saray Villal\u00f3n Fern\u00e1ndez<\/li>\n<li>D. Alberto Echevarr\u00eda Ortiz<\/li>\n<\/ol>\n<p><strong>Secretaria: <\/strong><\/p>\n<ol>\n<li>D\u00f1a. Paula Albors Ferreiro<\/li>\n<\/ol>\n<p>Con el qu\u00f3rum establecido por las disposiciones legales vigentes para la v\u00e1lida constituci\u00f3n, el Sr. Alcalde declara abierto el acto, adopt\u00e1ndose los siguientes acuerdos conforme al siguiente orden del d\u00eda que figura en la convocatoria:<\/p>\n<ol>\n<li><strong>1.- FACTURAS Y GASTOS<\/strong><\/li>\n<li><strong>\u00a0\u00a0\u00a0\u00a0\u00a0 1.1.- OTROS PAGOS<\/strong><\/li>\n<li><strong>2.- CONTRATACI\u00d3N <\/strong><\/li>\n<li><strong>3.- LICENCIAS DE OBRA MENOR<\/strong><\/li>\n<li><strong>4.- LICENCIAS DE OBRA Y ACTIVIDAD<\/strong><\/li>\n<li><strong>5.- AUTORIZACI\u00d3N DE USO DE DOMINIO P\u00daBLICO<\/strong><\/li>\n<li><strong>6.- APROBACION LIQUIDACIONES TRIBUTARIAS<\/strong><\/li>\n<\/ol>\n<p>[\/et_pb_toggle][et_pb_toggle title=\u00bbACTA DE LA SESI\u00d3N ORDINARIA DE LA JUNTA DE GOBIERNO LOCAL DE FECHA 16 DE JUNIO DE 2016&#8243; _builder_version=\u00bb3.19.18&#8243;]<\/p>\n<p>En la Alcald\u00eda de la Casa Consistorial del Ayuntamiento de Colindres (Cantabria), siendo las doce horas y ocho minutos del d\u00eda 16 de junio de 2016, se reunieron en primera convocatoria los\/as se\u00f1ores\/as concejales\/as a continuaci\u00f3n relacionados, bajo la Presidencia del Sr. Alcalde, D. Javier Incera Goyenechea, con el objeto de realizar la sesi\u00f3n ordinaria correspondiente al d\u00eda de la fecha para la que fueron previamente citados.<\/p>\n<p><strong>Asistentes:<\/strong><\/p>\n<p><strong>Presidente:<\/strong><\/p>\n<p><strong>El Sr. Alcalde:<\/strong><\/p>\n<ol>\n<li>D. Javier Incera Goyenechea<\/li>\n<\/ol>\n<p><strong>Concejales:<\/strong><\/p>\n<ol>\n<li>D\u00f1a. Mar\u00eda Eugenia Casta\u00f1eda Arrasate<\/li>\n<li>D. Adri\u00e1n Setien Exp\u00f3sito<\/li>\n<li>D\u00f1a. Saray Villal\u00f3n Fern\u00e1ndez<\/li>\n<li>D. Alberto Echevarr\u00eda Ortiz<\/li>\n<\/ol>\n<p><strong>Secretaria: <\/strong><\/p>\n<ol>\n<li>D\u00f1a. Paula Albors Ferreiro<\/li>\n<\/ol>\n<p>Con el qu\u00f3rum establecido por las disposiciones legales vigentes para la v\u00e1lida constituci\u00f3n, el Sr. Alcalde declara abierto el acto, adopt\u00e1ndose los siguientes acuerdos conforme al siguiente orden del d\u00eda que figura en la convocatoria:<\/p>\n<ul>\n<li><strong>1.- FACTURAS Y GASTOS<\/strong><\/li>\n<li><strong>\u00a0\u00a0\u00a0\u00a0\u00a0 1.1.- RELACI\u00d3N DE FACTURAS<\/strong><\/li>\n<li><strong>\u00a0\u00a0\u00a0\u00a0\u00a0\u00a0 1.2.- OTROS PAGOS<\/strong><\/li>\n<li><strong>2.- CONTRATACI\u00d3N <\/strong><\/li>\n<li><strong>3.- LICENCIAS DE OBRA MENOR<\/strong><\/li>\n<li><strong>4.- SOLICITUD DE SUBVENCIONES<\/strong><\/li>\n<\/ul>\n<p>[\/et_pb_toggle][et_pb_toggle title=\u00bbACTA DE LA SESI\u00d3N ORDINARIA DE LA JUNTA DE GOBIERNO LOCAL DE FECHA 23 DE JUNIO DE 2016&#8243; _builder_version=\u00bb3.19.18&#8243;]<\/p>\n<p>En la Alcald\u00eda de la Casa Consistorial del Ayuntamiento de Colindres (Cantabria), siendo las diez horas y cuarenta minutos del d\u00eda 23 de junio de 2016, se reunieron en primera convocatoria los\/as se\u00f1ores\/as concejales\/as a continuaci\u00f3n relacionados, bajo la Presidencia del Sr. Alcalde, D. Javier Incera Goyenechea, con el objeto de realizar la sesi\u00f3n ordinaria correspondiente al d\u00eda de la fecha para la que fueron previamente citados.<\/p>\n<p><strong>Asistentes:<\/strong><\/p>\n<p><strong>Presidente:<\/strong><\/p>\n<p><strong>El Sr. Alcalde:<\/strong><\/p>\n<ol>\n<li>D. Javier Incera Goyenechea<\/li>\n<\/ol>\n<p><strong>Concejales:<\/strong><\/p>\n<ol>\n<li>D. Adri\u00e1n Setien Exp\u00f3sito<\/li>\n<li>D\u00f1a. Saray Villal\u00f3n Fern\u00e1ndez<\/li>\n<li>D. Alberto Echevarr\u00eda Ortiz<\/li>\n<\/ol>\n<p><strong>Secretaria: <\/strong><\/p>\n<ol>\n<li>D\u00f1a. Paula Albors Ferreiro<\/li>\n<\/ol>\n<p>Con el qu\u00f3rum establecido por las disposiciones legales vigentes para la v\u00e1lida constituci\u00f3n, el Sr. Alcalde declara abierto el acto, adopt\u00e1ndose los siguientes acuerdos conforme al siguiente orden del d\u00eda que figura en la convocatoria:<\/p>\n<ul>\n<li><strong>1.- FACTURAS Y GASTOS<\/strong><\/li>\n<li><strong>\u00a0\u00a0\u00a0\u00a0\u00a0\u00a0 1.1.- OTROS PAGOS<\/strong><\/li>\n<li><strong>2.- CONTRATACI\u00d3N <\/strong><\/li>\n<li><strong>3.- LICENCIAS DE OBRA MENOR<\/strong><\/li>\n<li><strong>4.- AUTORIZACI\u00d3N DE USO DE DOMINIO P\u00daBLICO<\/strong><\/li>\n<li><strong>5.- APROBACION\/ANULACION LIQUIDACIONES TRIBUTARIAS<\/strong><\/li>\n<\/ul>\n<p>[\/et_pb_toggle][et_pb_toggle title=\u00bbACTA DE LA SESI\u00d3N EXTRAORDINARIA DE LA JUNTA DE GOBIERNO LOCAL DE FECHA 30 DE JUNIO DE 2016&#8243; _builder_version=\u00bb3.19.18&#8243;]<\/p>\n<p>En la Alcald\u00eda de la Casa Consistorial del Ayuntamiento de Colindres (Cantabria), siendo las trece horas y cincuenta minutos del d\u00eda 30 de junio de 2016, se reunieron en primera convocatoria los\/as se\u00f1ores\/as concejales\/as a continuaci\u00f3n relacionados, bajo la Presidencia del Sr. Alcalde, D. Javier Incera Goyenechea, con el objeto de realizar la sesi\u00f3n extraordinaria correspondiente al d\u00eda de la fecha para la que fueron previamente citados.<\/p>\n<p><strong>Asistentes:<\/strong><\/p>\n<p><strong>Presidente:<\/strong><\/p>\n<p><strong>El Sr. Alcalde:<\/strong><\/p>\n<ol>\n<li>Javier Incera Goyenechea<\/li>\n<\/ol>\n<p><strong>Concejales:<\/strong><\/p>\n<ol>\n<li>D\u00f1a. Mar\u00eda Eugenia Casta\u00f1eda Arrasate<\/li>\n<li>D. Adri\u00e1n Setien Exp\u00f3sito<\/li>\n<li>D\u00f1a. Saray Villal\u00f3n Fern\u00e1ndez<\/li>\n<li>D. Alberto Echevarr\u00eda Ortiz<\/li>\n<\/ol>\n<p><strong>Secretaria: <\/strong><\/p>\n<ol>\n<li>D\u00f1a. Marta Rebollo Santos, secretaria <em>accidental (Decreto de Alcald\u00eda n\u00ba 481\/2016, 23.06.2016)<\/em><\/li>\n<\/ol>\n<p>Con el qu\u00f3rum establecido por las disposiciones legales vigentes para la v\u00e1lida constituci\u00f3n, el Sr. Alcalde declara abierto el acto, adopt\u00e1ndose los siguientes acuerdos conforme al siguiente orden del d\u00eda que figura en la convocatoria:<\/p>\n<ul>\n<li><strong>1.- FACTURAS Y GASTOS<\/strong><\/li>\n<li><strong>\u00a0\u00a0\u00a0\u00a0\u00a0\u00a0 1.1.- RELACION DE FACTURAS<\/strong><\/li>\n<li><strong>\u00a0\u00a0\u00a0\u00a0\u00a0 1.2.- OTROS PAGOS<\/strong><\/li>\n<li><strong>2.- CONTRATACI\u00d3N <\/strong><\/li>\n<li><strong>3.- LICENCIAS DE OBRA MENOR<\/strong><\/li>\n<li><strong>4.- SOLICITUD DE SUBVENCIONES<\/strong><\/li>\n<\/ul>\n<p>[\/et_pb_toggle][et_pb_toggle title=\u00bbACTA DE LA SESI\u00d3N ORDINARIA DE LA JUNTA DE GOBIERNO LOCAL DE FECHA 7 DE JULIO DE 2016&#8243; _builder_version=\u00bb3.19.18&#8243;]<\/p>\n<p>En la Alcald\u00eda de la Casa Consistorial del Ayuntamiento de Colindres (Cantabria), siendo las doce horas y cuarenta minutos del d\u00eda 7 de julio de 2016, se reunieron en segunda convocatoria los\/as se\u00f1ores\/as concejales\/as a continuaci\u00f3n relacionados, bajo la Presidencia del Sr. Alcalde, D. Javier Incera Goyenechea, con el objeto de realizar la sesi\u00f3n ordinaria correspondiente al d\u00eda de la fecha para la que fueron previamente citados.<\/p>\n<p><strong>Asistentes:<\/strong><\/p>\n<p><strong>Presidente:<\/strong><\/p>\n<p><strong>El Sr. Alcalde:<\/strong><\/p>\n<ol>\n<li>D. Javier Incera Goyenechea<\/li>\n<\/ol>\n<p><strong>Concejales:<\/strong><\/p>\n<ol>\n<li>D\u00f1a. Mar\u00eda Eugenia Casta\u00f1eda Arrasate<\/li>\n<li>D. Adri\u00e1n Setien Exp\u00f3sito<\/li>\n<\/ol>\n<p><strong>Secretaria: <\/strong><\/p>\n<ol>\n<li>D\u00f1a. Paula Albors Ferreiro<\/li>\n<\/ol>\n<p>Con el qu\u00f3rum establecido por las disposiciones legales vigentes para la v\u00e1lida constituci\u00f3n, el Sr. Alcalde declara abierto el acto, adopt\u00e1ndose los siguientes acuerdos conforme al siguiente orden del d\u00eda que figura en la convocatoria:<\/p>\n<ul>\n<li><strong>1.- FACTURAS Y GASTOS<\/strong><\/li>\n<li><strong>\u00a0\u00a0\u00a0\u00a0\u00a0\u00a0 1.1.- RELACION DE FACTURAS<\/strong><\/li>\n<li><strong>\u00a0\u00a0\u00a0\u00a0\u00a0 \u00a0\u00a01.2.- OTROS PAGOS<\/strong><\/li>\n<li><strong>2.- CONTRATACI\u00d3N <\/strong><\/li>\n<li><strong>3.- LICENCIAS DE OBRA MENOR<\/strong><\/li>\n<li><strong>4.- AUTORIZACI\u00d3N DE USO DE DOMINIO P\u00daBLICO<\/strong><\/li>\n<li><strong>5.- APROBACION LIQUIDACIONES TRIBUTARIAS<\/strong><\/li>\n<\/ul>\n<p>[\/et_pb_toggle][et_pb_toggle title=\u00bbACTA DE LA SESI\u00d3N EXTRAORDINARIA DE LA JUNTA DE GOBIERNO LOCAL DE FECHA 18 DE JULIO DE 2016&#8243; _builder_version=\u00bb3.19.18&#8243;]<\/p>\n<p>En la Alcald\u00eda de la Casa Consistorial del Ayuntamiento de Colindres (Cantabria), siendo las doce horas y veinte minutos del d\u00eda 18 de julio de 2016, se reunieron en segunda convocatoria los\/as se\u00f1ores\/as concejales\/as a continuaci\u00f3n relacionados, bajo la Presidencia del Sr. Alcalde, D. Javier Incera Goyenechea, con el objeto de realizar la sesi\u00f3n extraordinaria correspondiente al d\u00eda de la fecha para la que fueron previamente citados:<\/p>\n<p><strong>Asistentes:<\/strong><\/p>\n<p><strong>Presidente:<\/strong><\/p>\n<p><strong>El Sr. Alcalde:<\/strong><\/p>\n<ol>\n<li>D. Javier Incera Goyenechea<\/li>\n<\/ol>\n<p><strong>Concejales:<\/strong><\/p>\n<ol>\n<li>D\u00f1a. Mar\u00eda Eugenia Casta\u00f1eda Arrasate<\/li>\n<li>D. Adri\u00e1n Setien Exp\u00f3sito<\/li>\n<li>D. Alberto Echevarr\u00eda Ortiz<\/li>\n<li>D\u00f1a. Saray Villal\u00f3n Fern\u00e1ndez<\/li>\n<\/ol>\n<p><strong>Secretaria: <\/strong><\/p>\n<ol>\n<li>D\u00f1a. Paula Albors Ferreiro<\/li>\n<\/ol>\n<p>Con el qu\u00f3rum establecido por las disposiciones legales vigentes para la v\u00e1lida constituci\u00f3n, el Sr. Alcalde declara abierto el acto, adopt\u00e1ndose los siguientes acuerdos conforme al siguiente orden del d\u00eda que figura en la convocatoria:<\/p>\n<ul>\n<li><strong>1.- FACTURAS Y GASTOS<\/strong><\/li>\n<li><strong>\u00a0\u00a0\u00a0\u00a0\u00a0 \u00a0\u00a01.1.- OTROS PAGOS<\/strong><\/li>\n<li><strong>2.- CONTRATACI\u00d3N <\/strong><\/li>\n<li><strong>3.- APROBACION BASES DE SELECCI\u00d3N DE PERSONAL<\/strong><\/li>\n<li><strong>4.- LICENCIAS DE OBRA MENOR<\/strong><\/li>\n<li><strong>5.- LICENCIAS DE OBRA MAYOR<\/strong><\/li>\n<li><strong>6.- AUTORIZACIONES SUELO R\u00daSTICO<\/strong><\/li>\n<\/ul>\n<p>[\/et_pb_toggle][et_pb_toggle title=\u00bbACTA DE LA SESI\u00d3N ORDINARIA DE LA JUNTA DE GOBIERNO LOCAL DE FECHA 21 DE JULIO DE 2016&#8243; _builder_version=\u00bb3.19.18&#8243;]<\/p>\n<p>En la Alcald\u00eda de la Casa Consistorial del Ayuntamiento de Colindres (Cantabria), siendo las doce horas y cuarenta y cinco minutos del d\u00eda 21 de julio de 2016, se reunieron en primera convocatoria los\/as se\u00f1ores\/as concejales\/as a continuaci\u00f3n relacionados, bajo la Presidencia del Sr. Alcalde, D. Javier Incera Goyenechea, con el objeto de realizar la sesi\u00f3n ordinaria correspondiente al d\u00eda de la fecha para la que fueron previamente citados.<\/p>\n<p><strong>Asistentes:<\/strong><\/p>\n<p><strong>Presidente:<\/strong><\/p>\n<p><strong>El Sr. Alcalde:<\/strong><\/p>\n<ol>\n<li>D. Javier Incera Goyenechea<\/li>\n<\/ol>\n<p><strong>Concejales:<\/strong><\/p>\n<ol>\n<li>D\u00f1a. Mar\u00eda Eugenia Casta\u00f1eda Arrasate<\/li>\n<li>D. Adri\u00e1n Setien Exp\u00f3sito<\/li>\n<\/ol>\n<p><strong>Secretaria: <\/strong><\/p>\n<ol>\n<li>D\u00f1a. Paula Albors Ferreiro<\/li>\n<\/ol>\n<p>Con el qu\u00f3rum establecido por las disposiciones legales vigentes para la v\u00e1lida constituci\u00f3n, el Sr. Alcalde declara abierto el acto, adopt\u00e1ndose los siguientes acuerdos conforme al siguiente orden del d\u00eda que figura en la convocatoria:<\/p>\n<ul>\n<li><strong>1.- FACTURAS Y GASTOS<\/strong><\/li>\n<li><strong>\u00a0\u00a0\u00a0\u00a0\u00a0\u00a0 \u00a0 1.1.- OTROS PAGOS<\/strong><\/li>\n<li><strong>2.- CONTRATACI\u00d3N <\/strong><\/li>\n<li><strong>3.- ESTABLECIMIENTO PRECIO PUBLICO<\/strong><\/li>\n<li><strong>4.- LICENCIAS DE OBRA MAYOR<\/strong><\/li>\n<li><strong>5.- LICENCIAS DE APERTURA<\/strong><\/li>\n<li><strong>6.- AUTORIZACION DE USO DE DOMINIO P\u00daBLICO<\/strong><\/li>\n<li><strong>7.- APROBACION LIQUIDACIONES TRIBUTARIAS<\/strong><\/li>\n<\/ul>\n<p>[\/et_pb_toggle][et_pb_toggle title=\u00bbACTA DE LA SESI\u00d3N EXTRAORDINARIA DE LA JUNTA DE GOBIERNO LOCAL DE FECHA 2 DE AGOSTO DE 2016&#8243; _builder_version=\u00bb3.19.18&#8243;]<\/p>\n<p>En la Alcald\u00eda de la Casa Consistorial del Ayuntamiento de Colindres (Cantabria), siendo las trece horas y cincuenta minutos del d\u00eda 2 de agosto de 2016, se reunieron en primera convocatoria los\/as se\u00f1ores\/as concejales\/as a continuaci\u00f3n relacionados, bajo la Presidencia del Sr. Alcalde, D. Javier Incera Goyenechea, con el objeto de realizar la sesi\u00f3n extraordinaria correspondiente al d\u00eda de la fecha para la que fueron previamente citados.<\/p>\n<p><strong>Asistentes:<\/strong><\/p>\n<p><strong>Presidente:<\/strong><\/p>\n<p><strong>El Sr. Alcalde:<\/strong><\/p>\n<ol>\n<li>D. Javier Incera Goyenechea<\/li>\n<\/ol>\n<p><strong>Concejales:<\/strong><\/p>\n<ol>\n<li>D\u00f1a. Mar\u00eda Eugenia Casta\u00f1eda Arrasate<\/li>\n<li>D. Adri\u00e1n Setien Exp\u00f3sito<\/li>\n<li>D\u00f1a. Saray Villal\u00f3n Fern\u00e1ndez<\/li>\n<li>D. Alberto Echevarr\u00eda Ortiz<\/li>\n<\/ol>\n<p><strong>Secretaria: <\/strong><\/p>\n<ol>\n<li>D\u00f1a. Paula Albors Ferreiro<\/li>\n<\/ol>\n<p>Con el qu\u00f3rum establecido por las disposiciones legales vigentes para la v\u00e1lida constituci\u00f3n, el Sr. Alcalde declara abierto el acto, adopt\u00e1ndose los siguientes acuerdos conforme al siguiente orden del d\u00eda que figura en la convocatoria:<\/p>\n<ul>\n<li><strong>1.- RECTIFICACION ERROR FACTURA<\/strong><\/li>\n<li><strong>2.- APROBACI\u00d3N BASES CONCURSO<\/strong><\/li>\n<li><strong>3.- CONTRATACI\u00d3N <\/strong><\/li>\n<li><strong>4.- LICENCIAS DE OBRA MENOR<\/strong><\/li>\n<li><strong>5.- LICENCIAS DE OBRA MAYOR<\/strong><\/li>\n<li><strong>6.- APROBACION LIQUIDACIONES TRIBUTARIAS<\/strong><\/li>\n<\/ul>\n<p>[\/et_pb_toggle][et_pb_toggle title=\u00bbACTA DE LA SESI\u00d3N EXTRAORDINARIA DE LA JUNTA DE GOBIERNO LOCAL DE FECHA 04 DE AGOSTO DE 2016&#8243; _builder_version=\u00bb3.19.18&#8243;]<\/p>\n<p>En la Alcald\u00eda de la Casa Consistorial del Ayuntamiento de Colindres (Cantabria), siendo las trece horas y cuarenta y cuatro minutos del d\u00eda 04 de agosto de 2016, se reunieron en primera convocatoria los\/as se\u00f1ores\/as concejales\/as a continuaci\u00f3n relacionados, bajo la Presidencia de la Sra. Alcaldesa en funciones, D\u00f1a. Mar\u00eda Eugenia Casta\u00f1eda Arrasate (Decreto 578\/2016, de 03.08.2016), con el objeto de realizar la sesi\u00f3n ordinaria correspondiente al d\u00eda de la fecha para la que fueron previamente citados.<\/p>\n<p><strong>Asistentes:<\/strong><\/p>\n<p><strong>Presidente:<\/strong><\/p>\n<p><strong>La Sra. Alcaldesa en funciones:<\/strong><\/p>\n<ol>\n<li>D\u00f1a. Mar\u00eda Eugenia Casta\u00f1eda Arrasate<\/li>\n<\/ol>\n<p><strong>Concejales:<\/strong><\/p>\n<ol>\n<li>D. Adri\u00e1n Setien Exp\u00f3sito<\/li>\n<li>D\u00f1a. Saray Villal\u00f3n Fern\u00e1ndez<\/li>\n<li>D. Alberto Echevarr\u00eda Ortiz<\/li>\n<\/ol>\n<p><strong>Secretaria: <\/strong><\/p>\n<ol>\n<li>D\u00f1a. Paula Albors Ferreiro<\/li>\n<\/ol>\n<p>Con el qu\u00f3rum establecido por las disposiciones legales vigentes para la v\u00e1lida constituci\u00f3n, el Sr. Alcalde declara abierto el acto, adopt\u00e1ndose los siguientes acuerdos conforme al siguiente orden del d\u00eda que figura en la convocatoria:<\/p>\n<ul>\n<li><strong>1.- OTROS PAGOS<\/strong><\/li>\n<li><strong>2.- CONTRATACI\u00d3N <\/strong><\/li>\n<li><strong>3.- LICENCIAS DE OBRA MENOR<\/strong><\/li>\n<li><strong>4.- LICENCIAS DE APERTURA<\/strong><\/li>\n<li><strong>5.- AUTORIZACION DE USO DE DOMINIO P\u00daBLICO<\/strong><\/li>\n<\/ul>\n<p>[\/et_pb_toggle][et_pb_toggle title=\u00bbACTA DE LA SESI\u00d3N ORDINARIA DE LA JUNTA DE GOBIERNO LOCAL DE FECHA 11 DE AGOSTO DE 2016&#8243; _builder_version=\u00bb3.19.18&#8243;]<\/p>\n<p>En la Alcald\u00eda de la Casa Consistorial del Ayuntamiento de Colindres (Cantabria), siendo las once horas del d\u00eda 11 de agosto de 2016, se reunieron en primera convocatoria los\/as se\u00f1ores\/as concejales\/as a continuaci\u00f3n relacionados, bajo la Presidencia del Sr. Alcalde, D. Javier Incera Goyenechea, con el objeto de realizar la sesi\u00f3n ordinaria correspondiente al d\u00eda de la fecha para la que fueron previamente citados.<\/p>\n<p><strong>Asistentes:<\/strong><\/p>\n<p><strong>Presidente:<\/strong><\/p>\n<p><strong>El Sr. Alcalde:<\/strong><\/p>\n<ol>\n<li>D. Javier Incera Goyenechea<\/li>\n<\/ol>\n<p><strong>Concejales:<\/strong><\/p>\n<ol>\n<li>D\u00f1a. Mar\u00eda Eugenia Casta\u00f1eda Arrasate<\/li>\n<li>D. Adri\u00e1n Setien Exp\u00f3sito<\/li>\n<li>D\u00f1a. Saray Villal\u00f3n Fern\u00e1ndez<\/li>\n<li>D. Alberto Echevarr\u00eda Ortiz<\/li>\n<\/ol>\n<p><strong>Secretaria: <\/strong><\/p>\n<ol>\n<li>D\u00f1a. Marta Rebollo Santos, secretaria accidental (<em>(Decreto Alcald\u00eda n\u00ba 588\/2016, 5.08.2016)<\/em><\/li>\n<\/ol>\n<p>Con el qu\u00f3rum establecido por las disposiciones legales vigentes para la v\u00e1lida constituci\u00f3n, el Sr. Alcalde declara abierto el acto, adopt\u00e1ndose los siguientes acuerdos conforme al siguiente orden del d\u00eda que figura en la convocatoria:<\/p>\n<ul>\n<li><strong>1.- FACTURAS Y GASTOS<\/strong><\/li>\n<li><strong>\u00a0\u00a0\u00a0\u00a0\u00a0\u00a0\u00a0\u00a0\u00a0\u00a0\u00a0 \u00a01.1.- RELACION DE FACTURAS<\/strong><\/li>\n<li><strong>\u00a0\u00a0\u00a0\u00a0\u00a0\u00a0\u00a0\u00a0\u00a0 1.2.- OTROS PAGOS<\/strong><\/li>\n<li><strong>2.- CONTRATACI\u00d3N <\/strong><\/li>\n<li><strong>3.- LICENCIAS DE OBRA MENOR<\/strong><\/li>\n<li><strong>4.- AUTORIZACION USO DOMINIO P\u00daBLICO<\/strong><\/li>\n<li><strong>5.- APROBACION LIQUIDACIONES TRIBUTARIAS<\/strong><\/li>\n<li><strong>6.- SOLICITUD DE SUBVENCIONES<\/strong><\/li>\n<\/ul>\n<p>[\/et_pb_toggle][et_pb_toggle title=\u00bbACTA DE LA SESI\u00d3N ORDINARIA DE LA JUNTA DE GOBIERNO LOCAL DE FECHA 18 DE AGOSTO DE 2016&#8243; _builder_version=\u00bb3.19.18&#8243;]<\/p>\n<p>En la Alcald\u00eda de la Casa Consistorial del Ayuntamiento de Colindres (Cantabria), siendo las once horas y cinco minutos del d\u00eda 18 de agosto de 2016, se reunieron en primera convocatoria los\/as se\u00f1ores\/as concejales\/as a continuaci\u00f3n relacionados, bajo la Presidencia del Sr. Alcalde, D. Javier Incera Goyenechea, con el objeto de realizar la sesi\u00f3n ordinaria correspondiente al d\u00eda de la fecha para la que fueron previamente citados.<\/p>\n<p><strong>Asistentes:<\/strong><\/p>\n<p><strong>Presidente:<\/strong><\/p>\n<p><strong>El Sr. Alcalde:<\/strong><\/p>\n<ol>\n<li>D. Javier Incera Goyenechea<\/li>\n<\/ol>\n<p><strong>Concejales:<\/strong><\/p>\n<ol>\n<li>D. Adri\u00e1n Setien Exp\u00f3sito<\/li>\n<li>D\u00f1a. Saray Villal\u00f3n Fern\u00e1ndez<\/li>\n<\/ol>\n<p><strong>Secretaria: <\/strong><\/p>\n<ol>\n<li>D\u00f1a. Marta Rebollo Santos, secretaria accidental (<em>(Decreto Alcald\u00eda n\u00ba 588\/2016, 5.08.2016)<\/em><\/li>\n<\/ol>\n<p>Con el qu\u00f3rum establecido por las disposiciones legales vigentes para la v\u00e1lida constituci\u00f3n, el Sr. Alcalde declara abierto el acto, adopt\u00e1ndose los siguientes acuerdos conforme al siguiente orden del d\u00eda que figura en la convocatoria:<\/p>\n<ul>\n<li><strong>1.- FACTURAS Y GASTOS<\/strong><\/li>\n<li><strong>\u00a0\u00a0\u00a0\u00a0\u00a0\u00a0\u00a0\u00a0\u00a0 1.1.- RELACION DE FACTURAS<\/strong><\/li>\n<li><strong>\u00a0\u00a0\u00a0\u00a0\u00a0\u00a0\u00a0\u00a0\u00a0 1.2.- OTROS PAGOS<\/strong><\/li>\n<li><strong>2.- LICENCIAS DE OBRA MENOR<\/strong><\/li>\n<li><strong>3.- SOLICITUD DE SUBVENCIONES<\/strong><\/li>\n<\/ul>\n<p>[\/et_pb_toggle][et_pb_toggle title=\u00bbACTA DE LA SESI\u00d3N ORDINARIA DE LA JUNTA DE GOBIERNO LOCAL DE FECHA 24 DE AGOSTO DE 2016&#8243; _builder_version=\u00bb3.19.18&#8243;]<\/p>\n<p>En la Alcald\u00eda de la Casa Consistorial del Ayuntamiento de Colindres (Cantabria), siendo las once horas y cinco minutos del d\u00eda 24 de agosto de 2016, se reunieron en primera convocatoria los\/as se\u00f1ores\/as concejales\/as a continuaci\u00f3n relacionados, bajo la Presidencia del Sr. Alcalde, D. Javier Incera Goyenechea, con el objeto de realizar la sesi\u00f3n ordinaria correspondiente al d\u00eda de la fecha para la que fueron previamente citados.<\/p>\n<p><strong>Asistentes:<\/strong><\/p>\n<p><strong>Presidente:<\/strong><\/p>\n<p><strong>El Sr. Alcalde:<\/strong><\/p>\n<ol>\n<li>D. Javier Incera Goyenechea<\/li>\n<\/ol>\n<p><strong>Concejales:<\/strong><\/p>\n<ol>\n<li>D. Adri\u00e1n Setien Exp\u00f3sito<\/li>\n<li>D\u00f1a. Saray Villal\u00f3n Fern\u00e1ndez<\/li>\n<\/ol>\n<p><strong>Secretaria: <\/strong><\/p>\n<ol>\n<li>D\u00f1a. Marta Rebollo Santos, secretaria accidental (<em>(Decreto Alcald\u00eda n\u00ba 588\/2016, 5.08.2016)<\/em><\/li>\n<\/ol>\n<p>Con el qu\u00f3rum establecido por las disposiciones legales vigentes para la v\u00e1lida constituci\u00f3n, el Sr. Alcalde declara abierto el acto, adopt\u00e1ndose los siguientes acuerdos conforme al siguiente orden del d\u00eda que figura en la convocatoria:<\/p>\n<ul>\n<li><strong>1.- FACTURAS Y GASTOS<\/strong><\/li>\n<li><strong>\u00a0\u00a0\u00a0\u00a0\u00a0\u00a0 1.1.- RELACION DE FACTURAS<\/strong><\/li>\n<li><strong>\u00a0\u00a0\u00a0\u00a0\u00a0\u00a0\u00a0 1.2.- OTROS PAGOS<\/strong><\/li>\n<li><strong>2.- CONTRATACION<\/strong><\/li>\n<li><strong>3.- LICENCIAS DE OBRA MENOR<\/strong><\/li>\n<li><strong>4.- LICENCIA DE SEGREGACION<\/strong><\/li>\n<li><strong>5.- LICENCIA INSTALACION CIRCO<\/strong><\/li>\n<li><strong>6.- EXPEDIENTES DE COMPROBACI\u00d3N AMBIENTAL<\/strong><\/li>\n<li><strong>7.- AUTORIZACIONES DE USO DE DOMINIO P\u00daBLICO<\/strong><\/li>\n<\/ul>\n<p>[\/et_pb_toggle][et_pb_toggle title=\u00bbACTA DE LA SESI\u00d3N ORDINARIA DE LA JUNTA DE GOBIERNO LOCAL DE FECHA 01 DE SEPTIEMBRE DE 2016&#8243; _builder_version=\u00bb3.19.18&#8243;]<\/p>\n<p>En la Alcald\u00eda de la Casa Consistorial del Ayuntamiento de Colindres (Cantabria), siendo las doce horas y veinticuatro minutos del d\u00eda 01 de septiembre de 2016, se reunieron en primera convocatoria los\/as se\u00f1ores\/as concejales\/as a continuaci\u00f3n relacionados, bajo la Presidencia del Sr. Alcalde, D. Javier Incera Goyenechea, con el objeto de realizar la sesi\u00f3n ordinaria correspondiente al d\u00eda de la fecha para la que fueron previamente citados.<\/p>\n<p><strong>Asistentes:<\/strong><\/p>\n<p><strong>Presidente:<\/strong><\/p>\n<p><strong>El Sr. Alcalde:<\/strong><\/p>\n<ol>\n<li>D. Javier Incera Goyenechea<\/li>\n<\/ol>\n<p><strong>Concejales:<\/strong><\/p>\n<ol>\n<li>D\u00f1a. Mar\u00eda Eugenia Casta\u00f1eda Arrasate<\/li>\n<li>D. Adri\u00e1n Setien Exp\u00f3sito<\/li>\n<li>D. Alberto Echevarria Ortiz<\/li>\n<\/ol>\n<p><strong>Secretaria: <\/strong><\/p>\n<p>D\u00f1a. Paula Albors Ferreiro, Secretaria del Ayuntamiento de Colindres.<\/p>\n<p>Con el qu\u00f3rum establecido por las disposiciones legales vigentes para la v\u00e1lida constituci\u00f3n, el Sr. Alcalde declara abierto el acto, adopt\u00e1ndose los siguientes acuerdos conforme al siguiente orden del d\u00eda que figura en la convocatoria:<\/p>\n<ul>\n<li><strong>1.- FACTURAS Y GASTOS<\/strong><\/li>\n<li><strong>\u00a0\u00a0\u00a0\u00a0\u00a0\u00a0\u00a0 1.1.- OTROS PAGOS<\/strong><\/li>\n<li><strong>2.- CONTRATACION<\/strong><\/li>\n<li><strong>3.- LICENCIAS DE OBRA MENOR<\/strong><\/li>\n<li><strong>4.- EXPEDIENTES DE COMPROBACION AMBIENTAL<\/strong><\/li>\n<\/ul>\n<p>[\/et_pb_toggle][et_pb_toggle title=\u00bbACTA DE LA SESI\u00d3N EXTRAORDINARIA DE LA JUNTA DE GOBIERNO LOCAL DE FECHA 08 DE SEPTIEMBRE DE 2016&#8243; _builder_version=\u00bb3.19.18&#8243;]<\/p>\n<p>En la Alcald\u00eda de la Casa Consistorial del Ayuntamiento de Colindres (Cantabria), siendo las once horas y cincuenta minutos del d\u00eda 08 de septiembre de 2016, se reunieron en primera convocatoria los\/as se\u00f1ores\/as concejales\/as a continuaci\u00f3n relacionados, bajo la Presidencia del Sr. Alcalde, D. Javier Incera Goyenechea, con el objeto de realizar la sesi\u00f3n ordinaria correspondiente al d\u00eda de la fecha para la que fueron previamente citados.<\/p>\n<p><strong>Asistentes:<\/strong><\/p>\n<p><strong>Presidente:<\/strong><\/p>\n<p><strong>El Sr. Alcalde:<\/strong><\/p>\n<ol>\n<li>D. Javier Incera Goyenechea<\/li>\n<\/ol>\n<p><strong>Concejales:<\/strong><\/p>\n<ol>\n<li>D\u00f1a. Mar\u00eda Eugenia Casta\u00f1eda Arrasate<\/li>\n<li>D. Adri\u00e1n Setien Exp\u00f3sito<\/li>\n<li>D\u00f1a. Saray Villal\u00f3n Fern\u00e1ndez<\/li>\n<li>D. Alberto Seti\u00e9n Exp\u00f3sito<\/li>\n<\/ol>\n<p><strong>Secretaria: <\/strong><\/p>\n<ol>\n<li>D\u00f1a. Paula Albors Ferreiro, Secretaria del Ayuntamiento de Colindres.<\/li>\n<\/ol>\n<p>Con el qu\u00f3rum establecido por las disposiciones legales vigentes para la v\u00e1lida constituci\u00f3n, el Sr. Alcalde declara abierto el acto, adopt\u00e1ndose los siguientes acuerdos conforme al siguiente orden del d\u00eda que figura en la convocatoria:<\/p>\n<ul>\n<li><strong>1.- CONTRATACION<\/strong><\/li>\n<li><strong>2.- SOLICITUD SUBVENCIONES<\/strong><\/li>\n<\/ul>\n<p>[\/et_pb_toggle][et_pb_toggle title=\u00bbACTA DE LA SESI\u00d3N EXTRAORDINARIA DE LA JUNTA DE GOBIERNO LOCAL DE FECHA 19 DE SEPTIEMBRE DE 2016&#8243; _builder_version=\u00bb3.19.18&#8243;]<\/p>\n<p>En la Alcald\u00eda de la Casa Consistorial del Ayuntamiento de Colindres (Cantabria), siendo las diez horas y treinta y cinco minutos del d\u00eda 19 de septiembre de 2016, se reunieron en primera convocatoria los\/as se\u00f1ores\/as concejales\/as a continuaci\u00f3n relacionados, bajo la Presidencia del Sr. Alcalde, D. Javier Incera Goyenechea, con el objeto de realizar la sesi\u00f3n extraordinaria correspondiente al d\u00eda de la fecha para la que fueron previamente citados.<\/p>\n<p><strong>Asistentes:<\/strong><\/p>\n<p><strong>Presidente:<\/strong><\/p>\n<p><strong>El Sr. Alcalde:<\/strong><\/p>\n<ol>\n<li>D. Javier Incera Goyenechea<\/li>\n<\/ol>\n<p><strong>Concejales:<\/strong><\/p>\n<ol>\n<li>D\u00f1a. Mar\u00eda Eugenia Casta\u00f1eda Arrasate<\/li>\n<li>D. Alberto Echevarria Ortiz<\/li>\n<li>D\u00f1a. Saray Villal\u00f3n Fern\u00e1ndez<\/li>\n<\/ol>\n<p><strong>Secretaria: <\/strong><\/p>\n<ol>\n<li>D\u00f1a. Paula Albors Ferreiro, Secretaria del Ayuntamiento de Colindres.<\/li>\n<\/ol>\n<p>Con el qu\u00f3rum establecido por las disposiciones legales vigentes para la v\u00e1lida constituci\u00f3n, el Sr. Alcalde declara abierto el acto, adopt\u00e1ndose los siguientes acuerdos conforme al siguiente orden del d\u00eda que figura en la convocatoria:<\/p>\n<ul>\n<li><strong>1.- OTROS PAGOS<\/strong><\/li>\n<li><strong>2.- CONTRATACION<\/strong><\/li>\n<li><strong>3.- LICENCIAS DE OBRA MENOR<\/strong><\/li>\n<li><strong>4.- LICENCIAS DE APERTURA<\/strong><\/li>\n<li><strong>5.- APROBACION LIQUIDACIONES TRIBUTARIAS<\/strong><\/li>\n<\/ul>\n<p>[\/et_pb_toggle][et_pb_toggle title=\u00bbACTA DE LA SESI\u00d3N ORDINARIA DE LA JUNTA DE GOBIERNO LOCAL DE FECHA 22 DE SEPTIEMBRE DE 2016&#8243; _builder_version=\u00bb3.19.18&#8243;]<\/p>\n<p>En la Alcald\u00eda de la Casa Consistorial del Ayuntamiento de Colindres (Cantabria), siendo las once horas y ocho minutos del d\u00eda 22 de septiembre de 2016, se reunieron en primera convocatoria los\/as se\u00f1ores\/as concejales\/as a continuaci\u00f3n relacionados, bajo la Presidencia del Sr. Alcalde, D. Javier Incera Goyenechea, con el objeto de realizar la sesi\u00f3n ordinaria correspondiente al d\u00eda de la fecha para la que fueron previamente citados.<\/p>\n<p><strong>Asistentes:<\/strong><\/p>\n<p><strong>Presidente:<\/strong><\/p>\n<p><strong>El Sr. Alcalde:<\/strong><\/p>\n<ol>\n<li>D. Javier Incera Goyenechea<\/li>\n<\/ol>\n<p><strong>Concejales:<\/strong><\/p>\n<ol>\n<li>D\u00f1a. Mar\u00eda Eugenia Casta\u00f1eda Arrasate<\/li>\n<li>D. Adri\u00e1n Setien Exp\u00f3sito<\/li>\n<li>D\u00f1a. Saray Villal\u00f3n Fern\u00e1ndez<\/li>\n<\/ol>\n<p><strong>Secretaria: <\/strong><\/p>\n<ol>\n<li>D\u00f1a. Paula Albors Ferreiro, Secretaria del Ayuntamiento de Colindres.<\/li>\n<\/ol>\n<p>Con el qu\u00f3rum establecido por las disposiciones legales vigentes para la v\u00e1lida constituci\u00f3n, el Sr. Alcalde declara abierto el acto, adopt\u00e1ndose los siguientes acuerdos conforme al siguiente orden del d\u00eda que figura en la convocatoria:<\/p>\n<ul>\n<li><strong>1.- FACTURAS Y GASTOS<\/strong><\/li>\n<li><strong>\u00a0\u00a0\u00a0\u00a0\u00a0 1.1.- RELACION DE FACTURAS<\/strong><\/li>\n<li><strong>\u00a0\u00a0\u00a0\u00a0\u00a0 1.2.- OTROS PAGOS<\/strong><\/li>\n<li><strong>2.- CONTRATACION<\/strong><\/li>\n<li><strong>3.- LICENCIAS DE OBRA MENOR<\/strong><\/li>\n<li><strong>4.- APROBACION LIQUIDACIONES TRIBUTARIAS<\/strong><\/li>\n<\/ul>\n<p>[\/et_pb_toggle][et_pb_toggle title=\u00bbACTA DE LA SESI\u00d3N EXTRAORDINARIA DE LA JUNTA DE GOBIERNO LOCAL DE FECHA 30 DE SEPTIEMBRE DE 2016&#8243; _builder_version=\u00bb3.19.18&#8243;]<\/p>\n<p>En la Alcald\u00eda de la Casa Consistorial del Ayuntamiento de Colindres (Cantabria), siendo las trece horas y cuarenta y ocho minutos del d\u00eda 30 de septiembre de 2016, se reunieron en primera convocatoria los\/as se\u00f1ores\/as concejales\/as a continuaci\u00f3n relacionados, bajo la Presidencia del Sr. Alcalde, D. Javier Incera Goyenechea, con el objeto de realizar la sesi\u00f3n extraordinaria correspondiente al d\u00eda de la fecha para la que fueron previamente citados.<\/p>\n<p><strong>Asistentes:<\/strong><\/p>\n<p><strong>Presidente:<\/strong><\/p>\n<p><strong>El Sr. Alcalde:<\/strong><\/p>\n<ol>\n<li>D. Javier Incera Goyenechea<\/li>\n<\/ol>\n<p><strong>Concejales:<\/strong><\/p>\n<ol>\n<li>D\u00f1a. Mar\u00eda Eugenia Casta\u00f1eda Arrasate<\/li>\n<li>D. Adri\u00e1n Setien Exp\u00f3sito<\/li>\n<li>D\u00f1a. Saray Villal\u00f3n Fern\u00e1ndez<\/li>\n<\/ol>\n<p><strong>Secretaria: <\/strong><\/p>\n<ol>\n<li>D\u00f1a. Paula Albors Ferreiro, Secretaria del Ayuntamiento de Colindres.<\/li>\n<\/ol>\n<p>Con el qu\u00f3rum establecido por las disposiciones legales vigentes para la v\u00e1lida constituci\u00f3n, el Sr. Alcalde declara abierto el acto, adopt\u00e1ndose los siguientes acuerdos conforme al siguiente orden del d\u00eda que figura en la convocatoria:<\/p>\n<ul>\n<li><strong>1.- APROBACI\u00d3N DE ACTAS DE SESIONES ANTERIORES DE FECHA: 05\/05\/2016, 12\/05\/2016, 19\/05\/2016, 26\/05\/2016, 02\/06\/2016, 13\/06\/2016, 16\/06\/2016, 23\/06\/2016, 30\/06\/2016, 07\/07\/2016 y 18\/07\/2016<\/strong><\/li>\n<li><strong>2.- FACTURAS Y GASTOS<\/strong><\/li>\n<li><strong>\u00a0\u00a0\u00a0\u00a0\u00a0 2.1.- RELACION DE FACTURAS<\/strong><\/li>\n<li><strong>\u00a0\u00a0\u00a0\u00a0\u00a0 2.2.- OTROS PAGOS<\/strong><\/li>\n<li><strong>3.- CONTRATACION<\/strong><\/li>\n<li><strong>4.- LICENCIAS DE OBRA MENOR<\/strong><\/li>\n<li><strong>5.- LICENCIAS DE APERTURA<\/strong><\/li>\n<li><strong>6.- APROBACION DE LIQUIDACIONES TRIBUTARIAS<\/strong><\/li>\n<\/ul>\n<p>[\/et_pb_toggle][et_pb_toggle title=\u00bbACTA DE LA SESI\u00d3N EXTRAORDINARIA DE LA JUNTA DE GOBIERNO LOCAL DE FECHA 6 DE OCTUBRE DE 2016&#8243; _builder_version=\u00bb3.19.18&#8243;]<\/p>\n<p>En la Alcald\u00eda de la Casa Consistorial del Ayuntamiento de Colindres (Cantabria), siendo las doce horas y dieciocho minutos del d\u00eda 6 de octubre de 2016, se reunieron en primera convocatoria los\/as se\u00f1ores\/as concejales\/as a continuaci\u00f3n relacionados, bajo la Presidencia del Sr. Alcalde, D. Javier Incera Goyenechea, con el objeto de realizar la sesi\u00f3n extraordinaria correspondiente al d\u00eda de la fecha para la que fueron previamente citados.<\/p>\n<p><strong>Asistentes:<\/strong><\/p>\n<p><strong>Presidente:<\/strong><\/p>\n<p><strong>El Sr. Alcalde:<\/strong><\/p>\n<ol>\n<li>D. Javier Incera Goyenechea<\/li>\n<\/ol>\n<p><strong>Concejales:<\/strong><\/p>\n<ol>\n<li>D\u00f1a. Mar\u00eda Eugenia Casta\u00f1eda Arrasate<\/li>\n<li>D. Alberto Echevarr\u00eda Ortiz<\/li>\n<li>D. Adri\u00e1n Setien Exp\u00f3sito<\/li>\n<li>D\u00f1a. Saray Villal\u00f3n Fern\u00e1ndez<\/li>\n<\/ol>\n<p><strong>Secretaria: <\/strong><\/p>\n<ol>\n<li>D\u00f1a. Paula Albors Ferreiro, Secretaria del Ayuntamiento de Colindres.<\/li>\n<\/ol>\n<p>Con el qu\u00f3rum establecido por las disposiciones legales vigentes para la v\u00e1lida constituci\u00f3n, el Sr. Alcalde declara abierto el acto, adopt\u00e1ndose los siguientes acuerdos conforme al siguiente orden del d\u00eda que figura en la convocatoria:<\/p>\n<ul>\n<li><strong>1.- FACTURAS Y GASTOS<\/strong><\/li>\n<li><strong>\u00a0\u00a0\u00a0\u00a0\u00a0 1.1.- OTROS PAGOS<\/strong><\/li>\n<li><strong>2.- CONTRATACION<\/strong><\/li>\n<li><strong>3.- LICENCIAS DE OBRA MAYOR<\/strong><\/li>\n<li><strong>4.- INFORME SOLICITUD AUTORIZACION<\/strong><\/li>\n<\/ul>\n<p>[\/et_pb_toggle][et_pb_toggle title=\u00bbACTA DE LA SESI\u00d3N EXTRAORDINARIA DE LA JUNTA DE GOBIERNO LOCAL DE FECHA 11 DE OCTUBRE DE 2016&#8243; _builder_version=\u00bb3.19.18&#8243;]<\/p>\n<p>En la Alcald\u00eda de la Casa Consistorial del Ayuntamiento de Colindres (Cantabria), siendo las once horas y treinta minutos del d\u00eda 11 de octubre de 2016, se reunieron en primera convocatoria los\/as se\u00f1ores\/as concejales\/as a continuaci\u00f3n relacionados, bajo la Presidencia del Sr. Alcalde, D. Javier Incera Goyenechea, con el objeto de realizar la sesi\u00f3n extraordinaria correspondiente al d\u00eda de la fecha para la que fueron previamente citados.<\/p>\n<p><strong>Asistentes:<\/strong><\/p>\n<p><strong>Presidente:<\/strong><\/p>\n<p><strong>El Sr. Alcalde:<\/strong><\/p>\n<ol>\n<li>Javier Incera Goyenechea<\/li>\n<\/ol>\n<p><strong>Concejales:<\/strong><\/p>\n<ol>\n<li>D\u00f1a. Mar\u00eda Eugenia Casta\u00f1eda Arrasate<\/li>\n<li>D. Alberto Echevarr\u00eda Ortiz<\/li>\n<li>D. Adri\u00e1n Setien Exp\u00f3sito<\/li>\n<\/ol>\n<p><strong>Secretaria: <\/strong><\/p>\n<ol>\n<li>D\u00f1a. Paula Albors Ferreiro, Secretaria del Ayuntamiento de Colindres.<\/li>\n<\/ol>\n<p>Con el qu\u00f3rum establecido por las disposiciones legales vigentes para la v\u00e1lida constituci\u00f3n, el Sr. Alcalde declara abierto el acto, adopt\u00e1ndose los siguientes acuerdos conforme al siguiente orden del d\u00eda que figura en la convocatoria:<\/p>\n<ul>\n<li><strong>1.- FACTURAS Y GASTOS<\/strong><\/li>\n<li><strong>\u00a0\u00a0\u00a0\u00a0\u00a0 1.1.- OTROS PAGOS<\/strong><\/li>\n<li><strong>2.- CONTRATACION<\/strong><\/li>\n<li><strong>3.- MODIFICACION PRECIOS PUBLICOS<\/strong><\/li>\n<li><strong>4.- APROBACION DE BASES DE SELECCI\u00d3N DE PERSONAL<\/strong><\/li>\n<li><strong>5.- EXTINCION DE AUTORIZACIONES ADMINISTRATIVAS<\/strong><\/li>\n<\/ul>\n<p>[\/et_pb_toggle][et_pb_toggle title=\u00bbACTA DE LA SESI\u00d3N ORDINARIA DE LA JUNTA DE GOBIERNO LOCAL DE FECHA 20 DE OCTUBRE DE 2016&#8243; _builder_version=\u00bb3.19.18&#8243;]<\/p>\n<p>En la Alcald\u00eda de la Casa Consistorial del Ayuntamiento de Colindres (Cantabria), siendo las nueve horas y cuarenta minutos del d\u00eda 20 de octubre de 2016, se reunieron en primera convocatoria los\/as se\u00f1ores\/as concejales\/as a continuaci\u00f3n relacionados, bajo la Presidencia del Sr. Alcalde, D. Javier Incera Goyenechea, con el objeto de realizar la sesi\u00f3n ordinaria correspondiente al d\u00eda de la fecha para la que fueron previamente citados.<\/p>\n<p><strong>Asistentes:<\/strong><\/p>\n<p><strong>Presidente:<\/strong><\/p>\n<p><strong>El Sr. Alcalde:<\/strong><\/p>\n<ol>\n<li>D. Javier Incera Goyenechea<\/li>\n<\/ol>\n<p><strong>Concejales:<\/strong><\/p>\n<ol>\n<li>D\u00f1a. Mar\u00eda Eugenia Casta\u00f1eda Arrasate<\/li>\n<li>D. Adri\u00e1n Setien Exp\u00f3sito<\/li>\n<li>D. Alberto Echevarria Ortiz<\/li>\n<li>D\u00f1a. Saray Villal\u00f3n Fern\u00e1ndez<\/li>\n<\/ol>\n<p><strong>Secretaria: <\/strong><\/p>\n<ol>\n<li>D\u00f1a. Paula Albors Ferreiro, Secretaria del Ayuntamiento de Colindres.<\/li>\n<\/ol>\n<p>Con el qu\u00f3rum establecido por las disposiciones legales vigentes para la v\u00e1lida constituci\u00f3n, el Sr. Alcalde declara abierto el acto, adopt\u00e1ndose los siguientes acuerdos conforme al siguiente orden del d\u00eda que figura en la convocatoria:<\/p>\n<ul>\n<li><strong>1.- FACTURAS Y GASTOS<\/strong><\/li>\n<li><strong>\u00a0\u00a0\u00a0\u00a0\u00a0 1.1.- FACTURAS<\/strong><\/li>\n<li><strong>\u00a0\u00a0\u00a0\u00a0\u00a0 1.2.- OTROS PAGOS<\/strong><\/li>\n<li><strong>2.- CONTRATACION<\/strong><\/li>\n<li><strong>3.- APROBACION DE BASES DE SELECCI\u00d3N DE PERSONAL<\/strong><\/li>\n<li><strong>4.- LICENCIAS DE OBRA MENOR<\/strong><\/li>\n<li><strong>5.- APROBACI\u00d3N DE LIQUIDACIONES TRIBUTARIAS<\/strong><\/li>\n<li><strong>6.- SOLICITUD DE SUBVENCIONES<\/strong><\/li>\n<\/ul>\n<p>[\/et_pb_toggle][et_pb_toggle title=\u00bbACTA DE LA SESI\u00d3N ORDINARIA DE LA JUNTA DE GOBIERNO LOCAL DE FECHA 27 DE OCTUBRE DE 2016&#8243; _builder_version=\u00bb3.19.18&#8243;]<\/p>\n<p>En la Alcald\u00eda de la Casa Consistorial del Ayuntamiento de Colindres (Cantabria), siendo las once horas y diez minutos del d\u00eda 27 de octubre de 2016, se reunieron en primera convocatoria los\/as se\u00f1ores\/as concejales\/as a continuaci\u00f3n relacionados, bajo la Presidencia del Sr. Alcalde, D. Javier Incera Goyenechea, con el objeto de realizar la sesi\u00f3n ordinaria correspondiente al d\u00eda de la fecha para la que fueron previamente citados.<\/p>\n<p><strong>Asistentes:<\/strong><\/p>\n<p><strong>Presidente:<\/strong><\/p>\n<p><strong>El Sr. Alcalde:<\/strong><\/p>\n<ol>\n<li>D. Javier Incera Goyenechea<\/li>\n<\/ol>\n<p><strong>Concejales:<\/strong><\/p>\n<ol>\n<li>D\u00f1a. Mar\u00eda Eugenia Casta\u00f1eda Arrasate<\/li>\n<li>D. Adri\u00e1n Setien Exp\u00f3sito<\/li>\n<li>D. Alberto Echevarria Ortiz<\/li>\n<li>D\u00f1a. Saray Villal\u00f3n Fern\u00e1ndez<\/li>\n<\/ol>\n<p><strong>Secretaria: <\/strong><\/p>\n<ol>\n<li>D\u00f1a. Paula Albors Ferreiro, Secretaria del Ayuntamiento de Colindres.<\/li>\n<\/ol>\n<p>Con el qu\u00f3rum establecido por las disposiciones legales vigentes para la v\u00e1lida constituci\u00f3n, el Sr. Alcalde declara abierto el acto, adopt\u00e1ndose los siguientes acuerdos conforme al siguiente orden del d\u00eda que figura en la convocatoria:<\/p>\n<ul>\n<li><strong>1.- APROBACI\u00d3N DE ACTAS DE SESIONES ANTERIORES DE FECHA: 21\/07\/2016, 02\/08\/2016, 04\/08\/2016, 11\/08\/2016, 18\/08\/2016, 24\/08\/2016, 01\/09\/2016, 08\/09\/2016, 19\/09\/2016, 22\/09\/2016, 30\/09\/2016, 06\/10\/2016 y 11\/10\/2016<\/strong><\/li>\n<li><strong>2.- FACTURAS Y GASTOS<\/strong><\/li>\n<li><strong>\u00a0\u00a0\u00a0\u00a0\u00a0 2.1.- RELACION DE FACTURAS<\/strong><\/li>\n<li><strong>\u00a0\u00a0\u00a0\u00a0\u00a0 2.2.- OTROS PAGOS<\/strong><\/li>\n<li><strong>3.- CONTRATACION<\/strong><\/li>\n<li><strong>4.- LICENCIAS DE OBRA MENOR<\/strong><\/li>\n<li><strong>5.- LICENCIAS DE OBRA MAYOR<\/strong><\/li>\n<li><strong>6.- AUTORIZACIONES DE USO DE DOMINIO P\u00daBLICO<\/strong><\/li>\n<li><strong>7.- APROBACION DE LIQUIDACIONES TRIBUTARIAS<\/strong><\/li>\n<\/ul>\n<p>[\/et_pb_toggle][et_pb_toggle title=\u00bbACTA DE LA SESI\u00d3N ORDINARIA DE LA JUNTA DE GOBIERNO LOCAL DE FECHA 10 DE NOVIEMBRE DE 2016&#8243; _builder_version=\u00bb3.19.18&#8243;]<\/p>\n<p>En la Alcald\u00eda de la Casa Consistorial del Ayuntamiento de Colindres (Cantabria), siendo las once horas y cuarenta y cinco minutos del d\u00eda 10 de noviembre de 2016, se reunieron en segunda convocatoria los\/as se\u00f1ores\/as concejales\/as a continuaci\u00f3n relacionados, bajo la Presidencia del Sr. Alcalde, D. Javier Incera Goyenechea, con el objeto de realizar la sesi\u00f3n ordinaria correspondiente al d\u00eda de la fecha para la que fueron previamente citados.<\/p>\n<p><strong>Asistentes:<\/strong><\/p>\n<p><strong>Presidente:<\/strong><\/p>\n<p><strong>El Sr. Alcalde:<\/strong><\/p>\n<ol>\n<li>D. Javier Incera Goyenechea<\/li>\n<\/ol>\n<p><strong>Concejales:<\/strong><\/p>\n<ol>\n<li>D\u00f1a. Mar\u00eda Eugenia Casta\u00f1eda Arrasate<\/li>\n<li>D. Adri\u00e1n Setien Exp\u00f3sito<\/li>\n<li>D. Alberto Echevarria Ortiz<\/li>\n<li>D\u00f1a. Saray Villal\u00f3n Fern\u00e1ndez<\/li>\n<\/ol>\n<p><strong>Secretaria: <\/strong><\/p>\n<ol>\n<li>D\u00f1a. Marta Rebollo Santos, Secretaria accidental del Ayuntamiento de Colindres.<\/li>\n<\/ol>\n<p>Con el qu\u00f3rum establecido por las disposiciones legales vigentes para la v\u00e1lida constituci\u00f3n, el Sr. Alcalde declara abierto el acto, adopt\u00e1ndose los siguientes acuerdos conforme al siguiente orden del d\u00eda que figura en la convocatoria:<\/p>\n<ul>\n<li><strong>1.- CONTRATACION<\/strong><\/li>\n<li><strong>2.- LICENCIAS DE OBRA<\/strong><\/li>\n<li><strong>3.- AUTORIZACI\u00d3N DE USO DE DOMINIO P\u00daBLICO<\/strong><\/li>\n<li><strong>4.- SOLICITUD DE SUBVENCIONES<\/strong><\/li>\n<\/ul>\n<p>[\/et_pb_toggle][et_pb_toggle title=\u00bbACTA DE LA SESI\u00d3N ORDINARIA DE LA JUNTA DE GOBIERNO LOCAL DE FECHA 17 DE NOVIEMBRE DE 2016&#8243; _builder_version=\u00bb3.19.18&#8243;]<\/p>\n<p>En la Alcald\u00eda de la Casa Consistorial del Ayuntamiento de Colindres (Cantabria), siendo las once horas y diez minutos del d\u00eda 17 de noviembre de 2016, se reunieron en primera convocatoria los\/as se\u00f1ores\/as concejales\/as a continuaci\u00f3n relacionados, bajo la Presidencia del Sr. Alcalde, D. Javier Incera Goyenechea, con el objeto de realizar la sesi\u00f3n ordinaria correspondiente al d\u00eda de la fecha para la que fueron previamente citados.<\/p>\n<p><strong>Asistentes:<\/strong><\/p>\n<p><strong>Presidente:<\/strong><\/p>\n<p><strong>El Sr. Alcalde:<\/strong><\/p>\n<ol>\n<li>Javier Incera Goyenechea<\/li>\n<\/ol>\n<p><strong>Concejales:<\/strong><\/p>\n<ol>\n<li>D\u00f1a. Mar\u00eda Eugenia Casta\u00f1eda Arrasate<\/li>\n<li>D. Alberto Echevarria Ortiz<\/li>\n<li>D\u00f1a. Saray Villal\u00f3n Fern\u00e1ndez<\/li>\n<\/ol>\n<p><strong>Secretaria: <\/strong><\/p>\n<ol>\n<li>D\u00f1a. Marta Rebollo Santos, Secretaria accidental del Ayuntamiento de Colindres.<\/li>\n<\/ol>\n<p>Con el qu\u00f3rum establecido por las disposiciones legales vigentes para la v\u00e1lida constituci\u00f3n, el Sr. Alcalde declara abierto el acto, adopt\u00e1ndose los siguientes acuerdos conforme al siguiente orden del d\u00eda que figura en la convocatoria:<\/p>\n<ul>\n<li><strong>1.- FACTURAS Y GASTOS<\/strong><\/li>\n<li><strong>\u00a0\u00a0\u00a0\u00a0 1.1.- RELACION DE FACTURAS<\/strong><\/li>\n<li><strong>\u00a0\u00a0\u00a0\u00a0 1.2.- OTROS PAGOS<\/strong><\/li>\n<li><strong>2.- CONTRATACION<\/strong><\/li>\n<li><strong>3.- LICENCIAS DE OBRA MENOR<\/strong><\/li>\n<li><strong>4.- EXTINCI\u00d3N\/AUTORIZACI\u00d3N DE USO DE DOMINIO P\u00daBLICO<\/strong><\/li>\n<li><strong>5.- APROBACION DE LIQUIDACIONES TRIBUTARIAS<\/strong><\/li>\n<\/ul>\n<p>[\/et_pb_toggle][et_pb_toggle title=\u00bbACTA DE LA SESI\u00d3N EXTRAORDINARIA DE LA JUNTA DE GOBIERNO LOCAL DE FECHA 25 DE NOVIEMBRE DE 2016&#8243; _builder_version=\u00bb3.19.18&#8243;]<\/p>\n<p>En la Alcald\u00eda de la Casa Consistorial del Ayuntamiento de Colindres (Cantabria), siendo las once horas y treinta y cinco minutos del d\u00eda 25 de noviembre de 2016, se reunieron en primera convocatoria los\/as se\u00f1ores\/as concejales\/as a continuaci\u00f3n relacionados, bajo la Presidencia del Sr. Alcalde, D. Javier Incera Goyenechea, con el objeto de realizar la sesi\u00f3n ordinaria correspondiente al d\u00eda de la fecha para la que fueron previamente citados.<\/p>\n<p><strong>Asistentes:<\/strong><\/p>\n<p><strong>Presidente:<\/strong><\/p>\n<p><strong>El Sr. Alcalde:<\/strong><\/p>\n<ol>\n<li>D. Javier Incera Goyenechea<\/li>\n<\/ol>\n<p><strong>Concejales:<\/strong><\/p>\n<ol>\n<li>D\u00f1a. Mar\u00eda Eugenia Casta\u00f1eda Arrasate<\/li>\n<li>D. Adri\u00e1n Setien Exp\u00f3sito<\/li>\n<li>D. Alberto Echevarria Ortiz<\/li>\n<li>D\u00f1a. Saray Villal\u00f3n Fern\u00e1ndez<\/li>\n<\/ol>\n<p><strong>Secretaria: <\/strong><\/p>\n<ol>\n<li>D\u00f1a. Marta Rebollo Santos, Secretaria accidental del Ayuntamiento de Colindres.<\/li>\n<\/ol>\n<p>Con el qu\u00f3rum establecido por las disposiciones legales vigentes para la v\u00e1lida constituci\u00f3n, el Sr. Alcalde declara abierto el acto, adopt\u00e1ndose los siguientes acuerdos conforme al siguiente orden del d\u00eda que figura en la convocatoria:<\/p>\n<ul>\n<li><strong>1.- APROBACI\u00d3N DE GASTOS Y PAGOS<\/strong><\/li>\n<li><strong>2.- CONTRATACION<\/strong><\/li>\n<li><strong>3.- LICENCIAS DE OBRA MENOR<\/strong><\/li>\n<li><strong>4.- LICENCIA DE LEGALIZACI\u00d3N DE OBRA<\/strong><\/li>\n<li><strong>5.- AUTORIZACI\u00d3N DE USO DE DOMINIO P\u00daBLICO<\/strong><\/li>\n<li><strong>6.- APROBACION DE LIQUIDACIONES TRIBUTARIAS<\/strong><\/li>\n<\/ul>\n<p>[\/et_pb_toggle][et_pb_toggle title=\u00bbACTA DE LA SESI\u00d3N EXTRAORDINARIA DE LA JUNTA DE GOBIERNO LOCAL DE FECHA 2 DE DICIEMBRE DE 2016&#8243; _builder_version=\u00bb3.19.18&#8243;]<\/p>\n<p>En la Alcald\u00eda de la Casa Consistorial del Ayuntamiento de Colindres (Cantabria), siendo las once horas del d\u00eda 2 de diciembre de 2016, se reunieron en primera convocatoria los\/as se\u00f1ores\/as concejales\/as a continuaci\u00f3n relacionados, bajo la Presidencia del Sr. Alcalde, D. Javier Incera Goyenechea, con el objeto de realizar la sesi\u00f3n ordinaria correspondiente al d\u00eda de la fecha para la que fueron previamente citados.<\/p>\n<p><strong>Asistentes:<\/strong><\/p>\n<p><strong>Presidente:<\/strong><\/p>\n<p><strong>El Sr. Alcalde:<\/strong><\/p>\n<ol>\n<li>D. Javier Incera Goyenechea<\/li>\n<\/ol>\n<p><strong>Concejales:<\/strong><\/p>\n<ol>\n<li>D\u00f1a. Mar\u00eda Eugenia Casta\u00f1eda Arrasate<\/li>\n<li>D. Adri\u00e1n Setien Exp\u00f3sito<\/li>\n<li>D. Alberto Echevarria Ortiz<\/li>\n<li>D\u00f1a. Saray Villal\u00f3n Fern\u00e1ndez<\/li>\n<\/ol>\n<p><strong>Secretaria: <\/strong><\/p>\n<ol>\n<li>D\u00f1a. Paula Albors Ferreiro, Secretaria del Ayuntamiento de Colindres.<\/li>\n<\/ol>\n<p>Con el qu\u00f3rum establecido por las disposiciones legales vigentes para la v\u00e1lida constituci\u00f3n, el Sr. Alcalde declara abierto el acto, adopt\u00e1ndose los siguientes acuerdos conforme al siguiente orden del d\u00eda que figura en la convocatoria:<\/p>\n<ul>\n<li><strong>1.- FACTURAS Y GASTOS<\/strong><\/li>\n<li><strong>\u00a0\u00a0\u00a0\u00a0\u00a0\u00a0\u00a0\u00a0\u00a0 1.1.- RELACION DE FACTURAS<\/strong><\/li>\n<li><strong>\u00a0\u00a0\u00a0\u00a0\u00a0\u00a0\u00a0\u00a0\u00a0 1.2.- OTROS PAGOS<\/strong><\/li>\n<li><strong>2.- CONTRATACION<\/strong><\/li>\n<li><strong>3.- LICENCIAS DE OBRA <\/strong><\/li>\n<li><strong>4.- LICENCIAS DE APERTURA<\/strong><\/li>\n<li><strong>5.- INFORME DEMARCACI\u00d3N DE COSTAS<\/strong><\/li>\n<\/ul>\n<p>[\/et_pb_toggle][et_pb_toggle title=\u00bbACTA DE LA SESI\u00d3N ORDINARIA DE LA JUNTA DE GOBIERNO LOCAL DE FECHA 16 DE DICIEMBRE DE 2016&#8243; _builder_version=\u00bb3.19.18&#8243;]<\/p>\n<p>En la Alcald\u00eda de la Casa Consistorial del Ayuntamiento de Colindres (Cantabria), siendo las diez horas y treinta minutos del d\u00eda 16 de diciembre de 2016, se reunieron en primera convocatoria los\/as se\u00f1ores\/as concejales\/as a continuaci\u00f3n relacionados, bajo la Presidencia del Sr. Alcalde, D. Javier Incera Goyenechea, con el objeto de realizar la sesi\u00f3n ordinaria correspondiente al d\u00eda de la fecha para la que fueron previamente citados.<\/p>\n<p><strong>Asistentes:<\/strong><\/p>\n<p><strong>Presidente:<\/strong><\/p>\n<p><strong>El Sr. Alcalde:<\/strong><\/p>\n<ol>\n<li>D. Javier Incera Goyenechea<\/li>\n<\/ol>\n<p><strong>Concejales:<\/strong><\/p>\n<ol>\n<li>D\u00f1a. Mar\u00eda Eugenia Casta\u00f1eda Arrasate<\/li>\n<li>D. Alberto Echevarria Ortiz<\/li>\n<li>D\u00f1a. Saray Villal\u00f3n Fern\u00e1ndez<\/li>\n<\/ol>\n<p><strong>Secretaria: <\/strong><\/p>\n<ol>\n<li>D\u00f1a. Paula Albors Ferreiro, Secretaria del Ayuntamiento de Colindres.<\/li>\n<\/ol>\n<p>Con el qu\u00f3rum establecido por las disposiciones legales vigentes para la v\u00e1lida constituci\u00f3n, el Sr. Alcalde declara abierto el acto, adopt\u00e1ndose los siguientes acuerdos conforme al siguiente orden del d\u00eda que figura en la convocatoria:<\/p>\n<ul>\n<li><strong>1.- FACTURAS Y GASTOS<\/strong><\/li>\n<li><strong>\u00a0\u00a0\u00a0\u00a0\u00a0\u00a0\u00a0\u00a0\u00a0 1.1.- RELACION DE FACTURAS<\/strong><\/li>\n<li><strong>\u00a0\u00a0\u00a0\u00a0\u00a0\u00a0\u00a0\u00a0\u00a0 1.2.- OTROS PAGOS<\/strong><\/li>\n<li><strong>2.- CONTRATACION<\/strong><\/li>\n<li><strong>3.- BASES PARA LA CONCESI\u00d3N DE BECAS A DEPORTISTAS LOCALES EN COMPETICIONES NACIONALES E INTERNACIONALES 2016<\/strong><\/li>\n<li><strong>4.- BASES PARA LA CONCESI\u00d3N DE BECAS PARA LA FORMACI\u00d3N DE MONITORES, ENTRENADORES Y DEPORTISTAS EN EL EJERCICIO 2016<\/strong><\/li>\n<li><strong>5.- APROBACI\u00d3N DE LA MODIFICACI\u00d3N ORDENANZA REGULADORA N\u00ba: 1 RELATIVA A PRECIOS P\u00daBLICOS POR UTILIZACI\u00d3N DE LAS INSTALACIONES DEPORTIVAS<\/strong><\/li>\n<li><strong>6.- APROBACI\u00d3N DE LA MODIFICACI\u00d3N ORDENANZA REGULADORA N\u00ba: 4 RELATIVA A PRECIO P\u00daBLICO POR LA PRESTACI\u00d3N DEL SERVICIO DE COMIDA A DOMICILIO<\/strong><\/li>\n<li><strong>7.- APROBACI\u00d3N DE LA CORRECCI\u00d3N DE ERRORES DE ACUERDO JUNTA DE GOBIERNO LOCAL 11\/12\/2016 SOBRE MODIFICACI\u00d3N ORDENANZA REGULADORA N\u00ba: 2 RELATIVA A PRECIO P\u00daBLICO POR LA PARTICIPACI\u00d3N EN CURSOS EN CENTROS CULTURALES<\/strong><\/li>\n<li><strong>8.- LICENCIAS DE OBRA MENOR<\/strong><\/li>\n<li><strong>9.- LICENCIAS DE OBRAS MAYOR<\/strong><\/li>\n<\/ul>\n<p>[\/et_pb_toggle][et_pb_toggle title=\u00bbACTA DE LA SESI\u00d3N EXTRAORDINARIA DE LA JUNTA DE GOBIERNO LOCAL DE FECHA 30 DE DICIEMBRE DE 2016&#8243; _builder_version=\u00bb3.19.18&#8243;]<\/p>\n<p>En la Alcald\u00eda de la Casa Consistorial del Ayuntamiento de Colindres (Cantabria), siendo las once horas y cinco minutos del d\u00eda 30 de diciembre de 2016, se reunieron en primera convocatoria los\/as se\u00f1ores\/as concejales\/as a continuaci\u00f3n relacionados, bajo la Presidencia del Sr. Alcalde, D. Javier Incera Goyenechea, con el objeto de realizar la sesi\u00f3n ordinaria correspondiente al d\u00eda de la fecha para la que fueron previamente citados.<\/p>\n<p><strong>Asistentes:<\/strong><\/p>\n<p><strong>Presidente:<\/strong><\/p>\n<p><strong>El Sr. Alcalde:<\/strong><\/p>\n<ol>\n<li>D. Javier Incera Goyenechea<\/li>\n<\/ol>\n<p><strong>Concejales:<\/strong><\/p>\n<ol>\n<li>D. Adri\u00e1n Setien Exp\u00f3sito<\/li>\n<li>D. Alberto Echevarria Ortiz<\/li>\n<li>D\u00f1a. Saray Villal\u00f3n Fern\u00e1ndez<\/li>\n<\/ol>\n<p><strong>Secretaria: <\/strong><\/p>\n<ol>\n<li>D\u00f1a. Paula Albors Ferreiro, Secretaria del Ayuntamiento de Colindres.<\/li>\n<\/ol>\n<p>Con el qu\u00f3rum establecido por las disposiciones legales vigentes para la v\u00e1lida constituci\u00f3n, el Sr. Alcalde declara abierto el acto, adopt\u00e1ndose los siguientes acuerdos conforme al siguiente orden del d\u00eda que figura en la convocatoria:<strong>\u00a0<\/strong><\/p>\n<ul>\n<li><strong>1.- FACTURAS Y GASTOS<\/strong><\/li>\n<li><strong>\u00a0\u00a0\u00a0\u00a0\u00a0\u00a0\u00a0\u00a0\u00a0 1.1.- RELACION DE FACTURAS<\/strong><\/li>\n<li><strong>\u00a0\u00a0\u00a0\u00a0\u00a0\u00a0\u00a0\u00a0\u00a0 1.2.- OTROS PAGOS<\/strong><\/li>\n<li><strong>2.- CONTRATACION<\/strong><\/li>\n<li><strong>3.- CONCESION VIVERO DE EMPRESAS<\/strong><\/li>\n<\/ul>\n<p>[\/et_pb_toggle][\/et_pb_column][\/et_pb_row][\/et_pb_section][et_pb_section fb_built=\u00bb1&#8243; custom_padding_last_edited=\u00bbon|desktop\u00bb prev_background_color=\u00bb#000000&#8243; next_background_color=\u00bb#000000&#8243; admin_label=\u00bbsection\u00bb _builder_version=\u00bb3.0.74&#8243; custom_padding=\u00bb0|0px|0px|0px|false|false\u00bb custom_padding_tablet=\u00bb50px|0|50px|0&#8243;][et_pb_row custom_padding=\u00bb29px|0px|0px|0px\u00bb padding_mobile=\u00bboff\u00bb make_equal=\u00bbon\u00bb column_padding_mobile=\u00bbon\u00bb admin_label=\u00bbrow\u00bb _builder_version=\u00bb3.0.47&#8243; background_size=\u00bbinitial\u00bb background_position=\u00bbtop_left\u00bb background_repeat=\u00bbrepeat\u00bb][et_pb_column type=\u00bb4_4&#8243; _builder_version=\u00bb3.0.47&#8243;][et_pb_text _builder_version=\u00bb3.19.14&#8243; text_font=\u00bbComfortaa||||\u00bb text_text_color=\u00bb#e02b20&#8243; text_font_size=\u00bb32&#8243; text_letter_spacing=\u00bb5px\u00bb header_font=\u00bbComfortaa||||\u00bb header_text_color=\u00bb#e02b20&#8243; header_font_size=\u00bb32px\u00bb header_letter_spacing=\u00bb5px\u00bb background_size=\u00bbinitial\u00bb background_position=\u00bbtop_left\u00bb background_repeat=\u00bbrepeat\u00bb]ACTUALIDAD<br \/>\n[\/et_pb_text][et_pb_portfolio fullwidth=\u00bboff\u00bb posts_number=\u00bb4&#8243; zoom_icon_color=\u00bb#e02b20&#8243; _builder_version=\u00bb3.19.14&#8243; title_font=\u00bbComfortaa||||\u00bb title_text_color=\u00bb#e02b20&#8243; caption_font=\u00bbComfortaa||||\u00bb caption_text_color=\u00bb#ffffff\u00bb background_color=\u00bbrgba(224,43,32,0)\u00bb background_size=\u00bbinitial\u00bb background_position=\u00bbtop_left\u00bb background_repeat=\u00bbrepeat\u00bb background_layout=\u00bbdark\u00bb][\/et_pb_portfolio][\/et_pb_column][\/et_pb_row][\/et_pb_section][et_pb_section fb_built=\u00bb1&#8243; custom_padding_last_edited=\u00bbon|desktop\u00bb prev_background_color=\u00bb#ffffff\u00bb next_background_color=\u00bb#ffffff\u00bb _builder_version=\u00bb3.19.17&#8243; background_color=\u00bb#efefef\u00bb custom_padding=\u00bb0px|0px|0px|0px\u00bb transparent_background=\u00bbon\u00bb][et_pb_row make_fullwidth=\u00bbon\u00bb custom_padding=\u00bb0px|0px|0px|0px\u00bb column_padding_mobile=\u00bbon\u00bb parallax_method_1=\u00bboff\u00bb _builder_version=\u00bb3.19.14&#8243; background_color=\u00bb#efefef\u00bb background_size=\u00bbinitial\u00bb background_position=\u00bbtop_left\u00bb background_repeat=\u00bbrepeat\u00bb][et_pb_column type=\u00bb4_4&#8243; _builder_version=\u00bb3.0.47&#8243;][et_pb_text _builder_version=\u00bb3.0.74&#8243; text_font=\u00bbComfortaa||||\u00bb text_text_color=\u00bb#e02b20&#8243; text_font_size=\u00bb20&#8243; text_letter_spacing=\u00bb5px\u00bb header_font=\u00bbComfortaa||||\u00bb header_text_color=\u00bb#e02b20&#8243; header_font_size=\u00bb20px\u00bb header_letter_spacing=\u00bb5px\u00bb background_size=\u00bbinitial\u00bb background_position=\u00bbtop_left\u00bb background_repeat=\u00bbrepeat\u00bb]TE PUEDE INTERESAR&#8230;, tr\u00e1mites y pagos ON-LINE<br \/>\n[\/et_pb_text][\/et_pb_column][\/et_pb_row][et_pb_row make_fullwidth=\u00bbon\u00bb use_custom_gutter=\u00bbon\u00bb padding_mobile=\u00bboff\u00bb column_padding_mobile=\u00bbon\u00bb parallax_method_1=\u00bboff\u00bb parallax_method_2=\u00bboff\u00bb parallax_method_3=\u00bboff\u00bb _builder_version=\u00bb3.19.14&#8243; background_color=\u00bb#efefef\u00bb background_size=\u00bbinitial\u00bb background_position=\u00bbtop_left\u00bb background_repeat=\u00bbrepeat\u00bb][et_pb_column type=\u00bb1_3&#8243; _builder_version=\u00bb3.0.47&#8243;][et_pb_image src=\u00bbhttp:\/\/colindres.es\/wp-content\/uploads\/2016\/09\/tramites-on-lien-e1493124190275.png\u00bb url=\u00bbhttp:\/\/colindres.sedelectronica.es\/info.0&#8243; url_new_window=\u00bbon\u00bb align=\u00bbcenter\u00bb _builder_version=\u00bb3.0.87&#8243; border_width_all=\u00bb4px\u00bb border_color_all=\u00bb#ffffff\u00bb border_style_all=\u00bbsolid\u00bb use_border_color=\u00bbon\u00bb border_width=\u00bb4px\u00bb animation=\u00bboff\u00bb][\/et_pb_image][\/et_pb_column][et_pb_column type=\u00bb1_3&#8243; _builder_version=\u00bb3.0.47&#8243;][et_pb_image src=\u00bbhttp:\/\/colindres.es\/wp-content\/uploads\/2016\/09\/La_Caixa_logo.svg_-e1493122719704.png\u00bb alt=\u00bbPara Clientes\u00bb title_text=\u00bbPara Clientes\u00bb url=\u00bbhttps:\/\/loc3.lacaixa.es\/GPeticiones?FLAG_BORSA=0&#038;PE=1&#038;DEMO=0&#038;PN=LGN&#038;IDIOMA2=02&#038;CANAL=I&#038;IDIOMA=02&#038;INICIAL_PN=GPA&#038;INICIAL_PE=30&#038;ORIGEN=CAI&#038;ENTORNO=L\u00bb url_new_window=\u00bbon\u00bb align=\u00bbcenter\u00bb _builder_version=\u00bb3.0.87&#8243; border_width_all=\u00bb4px\u00bb border_color_all=\u00bb#ffffff\u00bb border_style_all=\u00bbsolid\u00bb use_border_color=\u00bbon\u00bb border_width=\u00bb4px\u00bb animation=\u00bboff\u00bb][\/et_pb_image][\/et_pb_column][et_pb_column type=\u00bb1_3&#8243; _builder_version=\u00bb3.0.47&#8243;][et_pb_image src=\u00bbhttp:\/\/colindres.es\/wp-content\/uploads\/2016\/09\/La_Caixa_logo.svg-copia.png\u00bb alt=\u00bbPara Clientes\u00bb title_text=\u00bbPara Clientes\u00bb url=\u00bbhttps:\/\/portal1.lacaixa.es\/apl\/pagos\/index_es.html?CODCPR=90INI001&#8243; url_new_window=\u00bbon\u00bb use_overlay=\u00bbon\u00bb align=\u00bbcenter\u00bb _builder_version=\u00bb3.0.87&#8243; border_width_all=\u00bb4px\u00bb border_color_all=\u00bb#ffffff\u00bb border_style_all=\u00bbsolid\u00bb use_border_color=\u00bbon\u00bb border_width=\u00bb4px\u00bb animation=\u00bboff\u00bb][\/et_pb_image][\/et_pb_column][\/et_pb_row][\/et_pb_section]<\/p>\n","protected":false},"excerpt":{"rendered":"<p><nav aria-label=\"breadcrumbs\">\n            <div class=\"breadcrumb-container theme5\">\n                <ol>\n                                    <\/ol>\n            <\/div>\n        <\/nav>    <script type=\"application\/ld+json\">\n        {\n            \"@context\": \"http:\/\/schema.org\",\n            \"@type\": \"BreadcrumbList\",\n            \"itemListElement\": [\n                            ]\n        }\n    <\/script>\n   \n    <script>\n            <\/script>\nJUNTA DE GOBIERNO LOCAL 2016:En la Alcald\u00eda de la Casa Consistorial del Ayuntamiento de Colindres (Cantabria), siendo diez horas y cincuenta y siete minutos del d\u00eda 14 de enero de 2016, se reunieron en primera convocatoria los\/as se\u00f1ores\/as concejales\/as a continuaci\u00f3n relacionados, bajo la Presidencia del Sr. Alcalde, D. Javier Incera Goyenechea, con el objeto [&hellip;]<\/p>\n","protected":false},"author":1,"featured_media":0,"parent":13748,"menu_order":0,"comment_status":"closed","ping_status":"closed","template":"","meta":{"_et_pb_use_builder":"on","_et_pb_old_content":"","_et_gb_content_width":"","footnotes":""},"class_list":["post-13939","page","type-page","status-publish","hentry"],"yoast_head":"<!-- This site is optimized with the Yoast SEO plugin v24.9 - https:\/\/yoast.com\/wordpress\/plugins\/seo\/ -->\n<title>Junta de Gobierno Local 2016 - Ayuntamiento de Colindres<\/title>\n<meta name=\"robots\" content=\"index, follow, max-snippet:-1, max-image-preview:large, max-video-preview:-1\" \/>\n<link rel=\"canonical\" href=\"https:\/\/www.colindres.es\/index.php\/normativa\/junta-de-gobierno-local-2\/junta-de-gobierno-local-2016\/\" \/>\n<meta property=\"og:locale\" content=\"es_ES\" \/>\n<meta property=\"og:type\" content=\"article\" \/>\n<meta property=\"og:title\" content=\"Junta de Gobierno Local 2016 - Ayuntamiento de Colindres\" \/>\n<meta property=\"og:description\" content=\"JUNTA DE GOBIERNO LOCAL 2016:En la Alcald\u00eda de la Casa Consistorial del Ayuntamiento de Colindres (Cantabria), siendo diez horas y cincuenta y siete minutos del d\u00eda 14 de enero de 2016, se reunieron en primera convocatoria los\/as se\u00f1ores\/as concejales\/as a continuaci\u00f3n relacionados, bajo la Presidencia del Sr. Alcalde, D. Javier Incera Goyenechea, con el objeto [&hellip;]\" \/>\n<meta property=\"og:url\" content=\"https:\/\/www.colindres.es\/index.php\/normativa\/junta-de-gobierno-local-2\/junta-de-gobierno-local-2016\/\" \/>\n<meta property=\"og:site_name\" content=\"Ayuntamiento de Colindres\" \/>\n<meta property=\"article:modified_time\" content=\"2019-03-05T12:35:41+00:00\" \/>\n<meta name=\"twitter:card\" content=\"summary_large_image\" \/>\n<meta name=\"twitter:label1\" content=\"Tiempo de lectura\" \/>\n\t<meta name=\"twitter:data1\" content=\"64 minutos\" \/>\n<script type=\"application\/ld+json\" class=\"yoast-schema-graph\">{\"@context\":\"https:\/\/schema.org\",\"@graph\":[{\"@type\":\"WebPage\",\"@id\":\"https:\/\/www.colindres.es\/index.php\/normativa\/junta-de-gobierno-local-2\/junta-de-gobierno-local-2016\/\",\"url\":\"https:\/\/www.colindres.es\/index.php\/normativa\/junta-de-gobierno-local-2\/junta-de-gobierno-local-2016\/\",\"name\":\"Junta de Gobierno Local 2016 - Ayuntamiento de Colindres\",\"isPartOf\":{\"@id\":\"https:\/\/www.colindres.es\/#website\"},\"datePublished\":\"2019-03-05T11:12:13+00:00\",\"dateModified\":\"2019-03-05T12:35:41+00:00\",\"breadcrumb\":{\"@id\":\"https:\/\/www.colindres.es\/index.php\/normativa\/junta-de-gobierno-local-2\/junta-de-gobierno-local-2016\/#breadcrumb\"},\"inLanguage\":\"es\",\"potentialAction\":[{\"@type\":\"ReadAction\",\"target\":[\"https:\/\/www.colindres.es\/index.php\/normativa\/junta-de-gobierno-local-2\/junta-de-gobierno-local-2016\/\"]}]},{\"@type\":\"BreadcrumbList\",\"@id\":\"https:\/\/www.colindres.es\/index.php\/normativa\/junta-de-gobierno-local-2\/junta-de-gobierno-local-2016\/#breadcrumb\",\"itemListElement\":[{\"@type\":\"ListItem\",\"position\":1,\"name\":\"Portada\",\"item\":\"https:\/\/www.colindres.es\/\"},{\"@type\":\"ListItem\",\"position\":2,\"name\":\"Normativa\",\"item\":\"https:\/\/www.colindres.es\/index.php\/normativa\/\"},{\"@type\":\"ListItem\",\"position\":3,\"name\":\"Junta de Gobierno Local\",\"item\":\"https:\/\/www.colindres.es\/index.php\/normativa\/junta-de-gobierno-local-2\/\"},{\"@type\":\"ListItem\",\"position\":4,\"name\":\"Junta de Gobierno Local 2016\"}]},{\"@type\":\"WebSite\",\"@id\":\"https:\/\/www.colindres.es\/#website\",\"url\":\"https:\/\/www.colindres.es\/\",\"name\":\"Ayuntamiento de Colindres\",\"description\":\"Dise\u00f1ado por NTIC&#039;s\",\"publisher\":{\"@id\":\"https:\/\/www.colindres.es\/#organization\"},\"potentialAction\":[{\"@type\":\"SearchAction\",\"target\":{\"@type\":\"EntryPoint\",\"urlTemplate\":\"https:\/\/www.colindres.es\/?s={search_term_string}\"},\"query-input\":{\"@type\":\"PropertyValueSpecification\",\"valueRequired\":true,\"valueName\":\"search_term_string\"}}],\"inLanguage\":\"es\"},{\"@type\":\"Organization\",\"@id\":\"https:\/\/www.colindres.es\/#organization\",\"name\":\"AYUNTAMIENTO DE COLINDRES\",\"url\":\"https:\/\/www.colindres.es\/\",\"logo\":{\"@type\":\"ImageObject\",\"inLanguage\":\"es\",\"@id\":\"https:\/\/www.colindres.es\/#\/schema\/logo\/image\/\",\"url\":\"https:\/\/www.colindres.es\/wp-content\/uploads\/2017\/01\/LOGO-PRINCIPAL.jpg\",\"contentUrl\":\"https:\/\/www.colindres.es\/wp-content\/uploads\/2017\/01\/LOGO-PRINCIPAL.jpg\",\"width\":1209,\"height\":579,\"caption\":\"AYUNTAMIENTO DE COLINDRES\"},\"image\":{\"@id\":\"https:\/\/www.colindres.es\/#\/schema\/logo\/image\/\"}}]}<\/script>\n<!-- \/ Yoast SEO plugin. -->","yoast_head_json":{"title":"Junta de Gobierno Local 2016 - Ayuntamiento de Colindres","robots":{"index":"index","follow":"follow","max-snippet":"max-snippet:-1","max-image-preview":"max-image-preview:large","max-video-preview":"max-video-preview:-1"},"canonical":"https:\/\/www.colindres.es\/index.php\/normativa\/junta-de-gobierno-local-2\/junta-de-gobierno-local-2016\/","og_locale":"es_ES","og_type":"article","og_title":"Junta de Gobierno Local 2016 - Ayuntamiento de Colindres","og_description":"JUNTA DE GOBIERNO LOCAL 2016:En la Alcald\u00eda de la Casa Consistorial del Ayuntamiento de Colindres (Cantabria), siendo diez horas y cincuenta y siete minutos del d\u00eda 14 de enero de 2016, se reunieron en primera convocatoria los\/as se\u00f1ores\/as concejales\/as a continuaci\u00f3n relacionados, bajo la Presidencia del Sr. Alcalde, D. Javier Incera Goyenechea, con el objeto [&hellip;]","og_url":"https:\/\/www.colindres.es\/index.php\/normativa\/junta-de-gobierno-local-2\/junta-de-gobierno-local-2016\/","og_site_name":"Ayuntamiento de Colindres","article_modified_time":"2019-03-05T12:35:41+00:00","twitter_card":"summary_large_image","twitter_misc":{"Tiempo de lectura":"64 minutos"},"schema":{"@context":"https:\/\/schema.org","@graph":[{"@type":"WebPage","@id":"https:\/\/www.colindres.es\/index.php\/normativa\/junta-de-gobierno-local-2\/junta-de-gobierno-local-2016\/","url":"https:\/\/www.colindres.es\/index.php\/normativa\/junta-de-gobierno-local-2\/junta-de-gobierno-local-2016\/","name":"Junta de Gobierno Local 2016 - Ayuntamiento de Colindres","isPartOf":{"@id":"https:\/\/www.colindres.es\/#website"},"datePublished":"2019-03-05T11:12:13+00:00","dateModified":"2019-03-05T12:35:41+00:00","breadcrumb":{"@id":"https:\/\/www.colindres.es\/index.php\/normativa\/junta-de-gobierno-local-2\/junta-de-gobierno-local-2016\/#breadcrumb"},"inLanguage":"es","potentialAction":[{"@type":"ReadAction","target":["https:\/\/www.colindres.es\/index.php\/normativa\/junta-de-gobierno-local-2\/junta-de-gobierno-local-2016\/"]}]},{"@type":"BreadcrumbList","@id":"https:\/\/www.colindres.es\/index.php\/normativa\/junta-de-gobierno-local-2\/junta-de-gobierno-local-2016\/#breadcrumb","itemListElement":[{"@type":"ListItem","position":1,"name":"Portada","item":"https:\/\/www.colindres.es\/"},{"@type":"ListItem","position":2,"name":"Normativa","item":"https:\/\/www.colindres.es\/index.php\/normativa\/"},{"@type":"ListItem","position":3,"name":"Junta de Gobierno Local","item":"https:\/\/www.colindres.es\/index.php\/normativa\/junta-de-gobierno-local-2\/"},{"@type":"ListItem","position":4,"name":"Junta de Gobierno Local 2016"}]},{"@type":"WebSite","@id":"https:\/\/www.colindres.es\/#website","url":"https:\/\/www.colindres.es\/","name":"Ayuntamiento de Colindres","description":"Dise\u00f1ado por NTIC&#039;s","publisher":{"@id":"https:\/\/www.colindres.es\/#organization"},"potentialAction":[{"@type":"SearchAction","target":{"@type":"EntryPoint","urlTemplate":"https:\/\/www.colindres.es\/?s={search_term_string}"},"query-input":{"@type":"PropertyValueSpecification","valueRequired":true,"valueName":"search_term_string"}}],"inLanguage":"es"},{"@type":"Organization","@id":"https:\/\/www.colindres.es\/#organization","name":"AYUNTAMIENTO DE COLINDRES","url":"https:\/\/www.colindres.es\/","logo":{"@type":"ImageObject","inLanguage":"es","@id":"https:\/\/www.colindres.es\/#\/schema\/logo\/image\/","url":"https:\/\/www.colindres.es\/wp-content\/uploads\/2017\/01\/LOGO-PRINCIPAL.jpg","contentUrl":"https:\/\/www.colindres.es\/wp-content\/uploads\/2017\/01\/LOGO-PRINCIPAL.jpg","width":1209,"height":579,"caption":"AYUNTAMIENTO DE COLINDRES"},"image":{"@id":"https:\/\/www.colindres.es\/#\/schema\/logo\/image\/"}}]}},"_links":{"self":[{"href":"https:\/\/www.colindres.es\/index.php\/wp-json\/wp\/v2\/pages\/13939","targetHints":{"allow":["GET"]}}],"collection":[{"href":"https:\/\/www.colindres.es\/index.php\/wp-json\/wp\/v2\/pages"}],"about":[{"href":"https:\/\/www.colindres.es\/index.php\/wp-json\/wp\/v2\/types\/page"}],"author":[{"embeddable":true,"href":"https:\/\/www.colindres.es\/index.php\/wp-json\/wp\/v2\/users\/1"}],"replies":[{"embeddable":true,"href":"https:\/\/www.colindres.es\/index.php\/wp-json\/wp\/v2\/comments?post=13939"}],"version-history":[{"count":3,"href":"https:\/\/www.colindres.es\/index.php\/wp-json\/wp\/v2\/pages\/13939\/revisions"}],"predecessor-version":[{"id":13946,"href":"https:\/\/www.colindres.es\/index.php\/wp-json\/wp\/v2\/pages\/13939\/revisions\/13946"}],"up":[{"embeddable":true,"href":"https:\/\/www.colindres.es\/index.php\/wp-json\/wp\/v2\/pages\/13748"}],"wp:attachment":[{"href":"https:\/\/www.colindres.es\/index.php\/wp-json\/wp\/v2\/media?parent=13939"}],"curies":[{"name":"wp","href":"https:\/\/api.w.org\/{rel}","templated":true}]}}