{"id":13764,"date":"2019-03-04T10:38:03","date_gmt":"2019-03-04T10:38:03","guid":{"rendered":"https:\/\/www.colindres.es\/?page_id=13764"},"modified":"2022-10-04T10:23:08","modified_gmt":"2022-10-04T08:23:08","slug":"junta-de-gobierno-local-2019","status":"publish","type":"page","link":"https:\/\/www.colindres.es\/index.php\/normativa\/junta-de-gobierno-local-2\/junta-de-gobierno-local-2019\/","title":{"rendered":"Junta de Gobierno Local 2019"},"content":{"rendered":"<p>[et_pb_section fb_built=\u00bb1&#8243; custom_padding_last_edited=\u00bbon|desktop\u00bb _builder_version=\u00bb4.16&#8243; custom_padding_tablet=\u00bb50px|0|50px|0&#8243; custom_padding_phone=\u00bb\u00bb da_disable_devices=\u00bboff|off|off\u00bb padding_mobile=\u00bboff\u00bb global_colors_info=\u00bb{}\u00bb da_is_popup=\u00bboff\u00bb da_exit_intent=\u00bboff\u00bb da_has_close=\u00bbon\u00bb da_alt_close=\u00bboff\u00bb da_dark_close=\u00bboff\u00bb da_not_modal=\u00bbon\u00bb da_is_singular=\u00bboff\u00bb da_with_loader=\u00bboff\u00bb da_has_shadow=\u00bbon\u00bb][et_pb_row _builder_version=\u00bb4.16&#8243; global_colors_info=\u00bb{}\u00bb][et_pb_column type=\u00bb4_4&#8243; _builder_version=\u00bb4.16&#8243; custom_padding=\u00bb|||\u00bb global_colors_info=\u00bb{}\u00bb custom_padding__hover=\u00bb|||\u00bb][et_pb_cta title=\u00bbIncidencias Municipales\u00bb button_url=\u00bbhttps:\/\/colindres.es\/gloc\/incidencias\/incidencias\/2\/\u00bb button_text=\u00bbEnviar una incidencia\u00bb disabled_on=\u00bb||on\u00bb _builder_version=\u00bb4.16&#8243; background_color=\u00bb#cd5c5c\u00bb border_style=\u00bbsolid\u00bb button_letter_spacing_hover=\u00bb0&#8243; global_colors_info=\u00bb{}\u00bb button_text_size__hover_enabled=\u00bboff\u00bb button_text_size__hover=\u00bbnull\u00bb button_one_text_size__hover_enabled=\u00bboff\u00bb button_one_text_size__hover=\u00bbnull\u00bb button_two_text_size__hover_enabled=\u00bboff\u00bb button_two_text_size__hover=\u00bbnull\u00bb button_text_color__hover_enabled=\u00bboff\u00bb button_text_color__hover=\u00bbnull\u00bb button_one_text_color__hover_enabled=\u00bboff\u00bb button_one_text_color__hover=\u00bbnull\u00bb button_two_text_color__hover_enabled=\u00bboff\u00bb button_two_text_color__hover=\u00bbnull\u00bb button_border_width__hover_enabled=\u00bboff\u00bb button_border_width__hover=\u00bbnull\u00bb button_one_border_width__hover_enabled=\u00bboff\u00bb button_one_border_width__hover=\u00bbnull\u00bb button_two_border_width__hover_enabled=\u00bboff\u00bb button_two_border_width__hover=\u00bbnull\u00bb button_border_color__hover_enabled=\u00bboff\u00bb button_border_color__hover=\u00bbnull\u00bb button_one_border_color__hover_enabled=\u00bboff\u00bb button_one_border_color__hover=\u00bbnull\u00bb button_two_border_color__hover_enabled=\u00bboff\u00bb button_two_border_color__hover=\u00bbnull\u00bb button_border_radius__hover_enabled=\u00bboff\u00bb button_border_radius__hover=\u00bbnull\u00bb button_one_border_radius__hover_enabled=\u00bboff\u00bb button_one_border_radius__hover=\u00bbnull\u00bb button_two_border_radius__hover_enabled=\u00bboff\u00bb button_two_border_radius__hover=\u00bbnull\u00bb button_letter_spacing__hover_enabled=\u00bbon\u00bb button_letter_spacing__hover=\u00bb0&#8243; button_one_letter_spacing__hover_enabled=\u00bboff\u00bb button_one_letter_spacing__hover=\u00bbnull\u00bb button_two_letter_spacing__hover_enabled=\u00bboff\u00bb button_two_letter_spacing__hover=\u00bbnull\u00bb button_bg_color__hover_enabled=\u00bboff\u00bb button_bg_color__hover=\u00bbnull\u00bb button_one_bg_color__hover_enabled=\u00bboff\u00bb button_one_bg_color__hover=\u00bbnull\u00bb button_two_bg_color__hover_enabled=\u00bboff\u00bb button_two_bg_color__hover=\u00bbnull\u00bb][\/et_pb_cta][\/et_pb_column][\/et_pb_row][\/et_pb_section][et_pb_section fb_built=\u00bb1&#8243; custom_padding_last_edited=\u00bbon|desktop\u00bb _builder_version=\u00bb4.16&#8243; custom_padding_tablet=\u00bb50px|0|50px|0&#8243; custom_padding_phone=\u00bb\u00bb da_disable_devices=\u00bboff|off|off\u00bb global_colors_info=\u00bb{}\u00bb da_is_popup=\u00bboff\u00bb da_exit_intent=\u00bboff\u00bb da_has_close=\u00bbon\u00bb da_alt_close=\u00bboff\u00bb da_dark_close=\u00bboff\u00bb da_not_modal=\u00bbon\u00bb da_is_singular=\u00bboff\u00bb da_with_loader=\u00bboff\u00bb da_has_shadow=\u00bbon\u00bb][et_pb_row column_structure=\u00bb1_4,1_4,1_4,1_4&#8243; use_custom_gutter=\u00bbon\u00bb gutter_width=\u00bb1&#8243; padding_mobile=\u00bboff\u00bb make_equal=\u00bbon\u00bb column_padding_mobile=\u00bbon\u00bb module_class=\u00bb et_pb_row_fullwidth\u00bb _builder_version=\u00bb4.16&#8243; background_color=\u00bb#efefef\u00bb background_size=\u00bbinitial\u00bb background_position=\u00bbtop_left\u00bb background_repeat=\u00bbrepeat\u00bb width=\u00bb100%\u00bb width_tablet=\u00bb100%\u00bb width_phone=\u00bb100%\u00bb width_last_edited=\u00bbon|desktop\u00bb max_width=\u00bb100%\u00bb max_width_tablet=\u00bb100%\u00bb max_width_phone=\u00bb100%\u00bb max_width_last_edited=\u00bbon|desktop\u00bb custom_margin=\u00bb||2px|\u00bb custom_padding=\u00bb0px|0px|0px|0px\u00bb make_fullwidth=\u00bbon\u00bb global_colors_info=\u00bb{}\u00bb][et_pb_column type=\u00bb1_4&#8243; _builder_version=\u00bb4.16&#8243; custom_padding=\u00bb|||\u00bb global_colors_info=\u00bb{}\u00bb custom_padding__hover=\u00bb|||\u00bb][et_pb_button button_text=\u00bbLo m\u00e1s visto\u00bb button_alignment=\u00bbcenter\u00bb _builder_version=\u00bb4.16&#8243; custom_button=\u00bbon\u00bb button_bg_color=\u00bb#efefef\u00bb button_border_width=\u00bb0&#8243; button_font=\u00bbComfortaa||||\u00bb button_icon=\u00bb&#x49;||divi||400&#8243; button_on_hover=\u00bboff\u00bb global_colors_info=\u00bb{}\u00bb button_text_size__hover_enabled=\u00bboff\u00bb button_text_size__hover=\u00bbnull\u00bb button_one_text_size__hover_enabled=\u00bboff\u00bb button_one_text_size__hover=\u00bbnull\u00bb button_two_text_size__hover_enabled=\u00bboff\u00bb button_two_text_size__hover=\u00bbnull\u00bb button_text_color__hover_enabled=\u00bboff\u00bb button_text_color__hover=\u00bbnull\u00bb button_one_text_color__hover_enabled=\u00bboff\u00bb button_one_text_color__hover=\u00bbnull\u00bb button_two_text_color__hover_enabled=\u00bboff\u00bb button_two_text_color__hover=\u00bbnull\u00bb button_border_width__hover_enabled=\u00bboff\u00bb button_border_width__hover=\u00bbnull\u00bb button_one_border_width__hover_enabled=\u00bboff\u00bb button_one_border_width__hover=\u00bbnull\u00bb button_two_border_width__hover_enabled=\u00bboff\u00bb button_two_border_width__hover=\u00bbnull\u00bb button_border_color__hover_enabled=\u00bboff\u00bb button_border_color__hover=\u00bbnull\u00bb button_one_border_color__hover_enabled=\u00bboff\u00bb button_one_border_color__hover=\u00bbnull\u00bb button_two_border_color__hover_enabled=\u00bboff\u00bb button_two_border_color__hover=\u00bbnull\u00bb button_border_radius__hover_enabled=\u00bboff\u00bb button_border_radius__hover=\u00bbnull\u00bb button_one_border_radius__hover_enabled=\u00bboff\u00bb button_one_border_radius__hover=\u00bbnull\u00bb button_two_border_radius__hover_enabled=\u00bboff\u00bb button_two_border_radius__hover=\u00bbnull\u00bb button_letter_spacing__hover_enabled=\u00bboff\u00bb button_letter_spacing__hover=\u00bbnull\u00bb button_one_letter_spacing__hover_enabled=\u00bboff\u00bb button_one_letter_spacing__hover=\u00bbnull\u00bb button_two_letter_spacing__hover_enabled=\u00bboff\u00bb button_two_letter_spacing__hover=\u00bbnull\u00bb button_bg_color__hover_enabled=\u00bboff\u00bb button_bg_color__hover=\u00bbnull\u00bb button_one_bg_color__hover_enabled=\u00bboff\u00bb button_one_bg_color__hover=\u00bbnull\u00bb button_two_bg_color__hover_enabled=\u00bboff\u00bb button_two_bg_color__hover=\u00bbnull\u00bb][\/et_pb_button][\/et_pb_column][et_pb_column type=\u00bb1_4&#8243; _builder_version=\u00bb4.16&#8243; custom_padding=\u00bb|||\u00bb global_colors_info=\u00bb{}\u00bb custom_padding__hover=\u00bb|||\u00bb][et_pb_button button_url=\u00bbhttp:\/\/colindres.sedelectronica.es\/info.0&#8243; url_new_window=\u00bbon\u00bb button_text=\u00bbTr\u00e1mites ONLINE\u00bb button_alignment=\u00bbcenter\u00bb _builder_version=\u00bb4.16&#8243; custom_button=\u00bbon\u00bb button_border_width=\u00bb0&#8243; button_border_radius=\u00bb0&#8243; button_font=\u00bbComfortaa||||\u00bb button_icon=\u00bb&#x5a;||divi||400&#8243; button_icon_placement=\u00bbleft\u00bb button_on_hover=\u00bboff\u00bb button_bg_color_hover=\u00bbrgba(249,249,249,0)\u00bb global_colors_info=\u00bb{}\u00bb button_text_size__hover_enabled=\u00bboff\u00bb button_text_size__hover=\u00bbnull\u00bb button_one_text_size__hover_enabled=\u00bboff\u00bb button_one_text_size__hover=\u00bbnull\u00bb button_two_text_size__hover_enabled=\u00bboff\u00bb button_two_text_size__hover=\u00bbnull\u00bb button_text_color__hover_enabled=\u00bboff\u00bb button_text_color__hover=\u00bbnull\u00bb button_one_text_color__hover_enabled=\u00bboff\u00bb button_one_text_color__hover=\u00bbnull\u00bb button_two_text_color__hover_enabled=\u00bboff\u00bb button_two_text_color__hover=\u00bbnull\u00bb button_border_width__hover_enabled=\u00bboff\u00bb button_border_width__hover=\u00bbnull\u00bb button_one_border_width__hover_enabled=\u00bboff\u00bb button_one_border_width__hover=\u00bbnull\u00bb button_two_border_width__hover_enabled=\u00bboff\u00bb button_two_border_width__hover=\u00bbnull\u00bb button_border_color__hover_enabled=\u00bboff\u00bb button_border_color__hover=\u00bbnull\u00bb button_one_border_color__hover_enabled=\u00bboff\u00bb button_one_border_color__hover=\u00bbnull\u00bb button_two_border_color__hover_enabled=\u00bboff\u00bb button_two_border_color__hover=\u00bbnull\u00bb button_border_radius__hover_enabled=\u00bboff\u00bb button_border_radius__hover=\u00bbnull\u00bb button_one_border_radius__hover_enabled=\u00bboff\u00bb button_one_border_radius__hover=\u00bbnull\u00bb button_two_border_radius__hover_enabled=\u00bboff\u00bb button_two_border_radius__hover=\u00bbnull\u00bb button_letter_spacing__hover_enabled=\u00bboff\u00bb button_letter_spacing__hover=\u00bbnull\u00bb button_one_letter_spacing__hover_enabled=\u00bboff\u00bb button_one_letter_spacing__hover=\u00bbnull\u00bb button_two_letter_spacing__hover_enabled=\u00bboff\u00bb button_two_letter_spacing__hover=\u00bbnull\u00bb button_bg_color__hover_enabled=\u00bbon\u00bb button_bg_color__hover=\u00bbrgba(249,249,249,0)\u00bb button_one_bg_color__hover_enabled=\u00bboff\u00bb button_one_bg_color__hover=\u00bbnull\u00bb button_two_bg_color__hover_enabled=\u00bboff\u00bb button_two_bg_color__hover=\u00bbnull\u00bb][\/et_pb_button][\/et_pb_column][et_pb_column type=\u00bb1_4&#8243; _builder_version=\u00bb4.16&#8243; custom_padding=\u00bb|||\u00bb global_colors_info=\u00bb{}\u00bb custom_padding__hover=\u00bb|||\u00bb][et_pb_button button_url=\u00bbhttp:\/\/www.turismocolindres.es\u00bb url_new_window=\u00bbon\u00bb button_text=\u00bbTurismo\u00bb button_alignment=\u00bbcenter\u00bb _builder_version=\u00bb4.16&#8243; custom_button=\u00bbon\u00bb button_border_width=\u00bb0&#8243; button_font=\u00bbComfortaa||||\u00bb button_icon=\u00bb&#x5a;||divi||400&#8243; button_icon_placement=\u00bbleft\u00bb button_on_hover=\u00bboff\u00bb button_bg_color_hover=\u00bbrgba(249,249,249,0)\u00bb global_colors_info=\u00bb{}\u00bb button_text_size__hover_enabled=\u00bboff\u00bb button_text_size__hover=\u00bbnull\u00bb button_one_text_size__hover_enabled=\u00bboff\u00bb button_one_text_size__hover=\u00bbnull\u00bb button_two_text_size__hover_enabled=\u00bboff\u00bb button_two_text_size__hover=\u00bbnull\u00bb button_text_color__hover_enabled=\u00bboff\u00bb button_text_color__hover=\u00bbnull\u00bb button_one_text_color__hover_enabled=\u00bboff\u00bb button_one_text_color__hover=\u00bbnull\u00bb button_two_text_color__hover_enabled=\u00bboff\u00bb button_two_text_color__hover=\u00bbnull\u00bb button_border_width__hover_enabled=\u00bboff\u00bb button_border_width__hover=\u00bbnull\u00bb button_one_border_width__hover_enabled=\u00bboff\u00bb button_one_border_width__hover=\u00bbnull\u00bb button_two_border_width__hover_enabled=\u00bboff\u00bb button_two_border_width__hover=\u00bbnull\u00bb button_border_color__hover_enabled=\u00bboff\u00bb button_border_color__hover=\u00bbnull\u00bb button_one_border_color__hover_enabled=\u00bboff\u00bb button_one_border_color__hover=\u00bbnull\u00bb button_two_border_color__hover_enabled=\u00bboff\u00bb button_two_border_color__hover=\u00bbnull\u00bb button_border_radius__hover_enabled=\u00bboff\u00bb button_border_radius__hover=\u00bbnull\u00bb button_one_border_radius__hover_enabled=\u00bboff\u00bb button_one_border_radius__hover=\u00bbnull\u00bb button_two_border_radius__hover_enabled=\u00bboff\u00bb button_two_border_radius__hover=\u00bbnull\u00bb button_letter_spacing__hover_enabled=\u00bboff\u00bb button_letter_spacing__hover=\u00bbnull\u00bb button_one_letter_spacing__hover_enabled=\u00bboff\u00bb button_one_letter_spacing__hover=\u00bbnull\u00bb button_two_letter_spacing__hover_enabled=\u00bboff\u00bb button_two_letter_spacing__hover=\u00bbnull\u00bb button_bg_color__hover_enabled=\u00bbon\u00bb button_bg_color__hover=\u00bbrgba(249,249,249,0)\u00bb button_one_bg_color__hover_enabled=\u00bboff\u00bb button_one_bg_color__hover=\u00bbnull\u00bb button_two_bg_color__hover_enabled=\u00bboff\u00bb button_two_bg_color__hover=\u00bbnull\u00bb][\/et_pb_button][\/et_pb_column][et_pb_column type=\u00bb1_4&#8243; _builder_version=\u00bb4.16&#8243; custom_padding=\u00bb|||\u00bb global_colors_info=\u00bb{}\u00bb custom_padding__hover=\u00bb|||\u00bb][et_pb_button button_url=\u00bbhttps:\/\/www.facebook.com\/CasaJuventudColindres\/\u00bb url_new_window=\u00bbon\u00bb button_text=\u00bbServicio juventud\u00bb button_alignment=\u00bbcenter\u00bb _builder_version=\u00bb4.16&#8243; custom_button=\u00bbon\u00bb button_border_width=\u00bb0&#8243; button_font=\u00bbComfortaa||||\u00bb button_icon=\u00bb&#x5a;||divi||400&#8243; button_icon_placement=\u00bbleft\u00bb button_on_hover=\u00bboff\u00bb button_bg_color_hover=\u00bbrgba(249,249,249,0)\u00bb global_colors_info=\u00bb{}\u00bb button_text_size__hover_enabled=\u00bboff\u00bb button_text_size__hover=\u00bbnull\u00bb button_one_text_size__hover_enabled=\u00bboff\u00bb button_one_text_size__hover=\u00bbnull\u00bb button_two_text_size__hover_enabled=\u00bboff\u00bb button_two_text_size__hover=\u00bbnull\u00bb button_text_color__hover_enabled=\u00bboff\u00bb button_text_color__hover=\u00bbnull\u00bb button_one_text_color__hover_enabled=\u00bboff\u00bb button_one_text_color__hover=\u00bbnull\u00bb button_two_text_color__hover_enabled=\u00bboff\u00bb button_two_text_color__hover=\u00bbnull\u00bb button_border_width__hover_enabled=\u00bboff\u00bb button_border_width__hover=\u00bbnull\u00bb button_one_border_width__hover_enabled=\u00bboff\u00bb button_one_border_width__hover=\u00bbnull\u00bb button_two_border_width__hover_enabled=\u00bboff\u00bb button_two_border_width__hover=\u00bbnull\u00bb button_border_color__hover_enabled=\u00bboff\u00bb button_border_color__hover=\u00bbnull\u00bb button_one_border_color__hover_enabled=\u00bboff\u00bb button_one_border_color__hover=\u00bbnull\u00bb button_two_border_color__hover_enabled=\u00bboff\u00bb button_two_border_color__hover=\u00bbnull\u00bb button_border_radius__hover_enabled=\u00bboff\u00bb button_border_radius__hover=\u00bbnull\u00bb button_one_border_radius__hover_enabled=\u00bboff\u00bb button_one_border_radius__hover=\u00bbnull\u00bb button_two_border_radius__hover_enabled=\u00bboff\u00bb button_two_border_radius__hover=\u00bbnull\u00bb button_letter_spacing__hover_enabled=\u00bboff\u00bb button_letter_spacing__hover=\u00bbnull\u00bb button_one_letter_spacing__hover_enabled=\u00bboff\u00bb button_one_letter_spacing__hover=\u00bbnull\u00bb button_two_letter_spacing__hover_enabled=\u00bboff\u00bb button_two_letter_spacing__hover=\u00bbnull\u00bb button_bg_color__hover_enabled=\u00bbon\u00bb button_bg_color__hover=\u00bbrgba(249,249,249,0)\u00bb button_one_bg_color__hover_enabled=\u00bboff\u00bb button_one_bg_color__hover=\u00bbnull\u00bb button_two_bg_color__hover_enabled=\u00bboff\u00bb button_two_bg_color__hover=\u00bbnull\u00bb][\/et_pb_button][\/et_pb_column][\/et_pb_row][\/et_pb_section][et_pb_section fb_built=\u00bb1&#8243; fullwidth=\u00bbon\u00bb _builder_version=\u00bb4.16&#8243; custom_padding=\u00bb0px|0px|27px|0px\u00bb custom_css_main_element=\u00bbheight: 500px;\u00bb da_disable_devices=\u00bboff|off|off\u00bb global_colors_info=\u00bb{}\u00bb da_is_popup=\u00bboff\u00bb da_exit_intent=\u00bboff\u00bb da_has_close=\u00bbon\u00bb da_alt_close=\u00bboff\u00bb da_dark_close=\u00bboff\u00bb da_not_modal=\u00bbon\u00bb da_is_singular=\u00bboff\u00bb da_with_loader=\u00bboff\u00bb da_has_shadow=\u00bbon\u00bb][et_pb_fullwidth_image src=\u00bbhttps:\/\/www.colindres.es\/wp-content\/uploads\/2018\/04\/entorno-ayuntamiento.jpg\u00bb _builder_version=\u00bb4.16&#8243; parallax=\u00bbon\u00bb global_colors_info=\u00bb{}\u00bb][\/et_pb_fullwidth_image][\/et_pb_section][et_pb_section fb_built=\u00bb1&#8243; _builder_version=\u00bb4.16&#8243; da_disable_devices=\u00bboff|off|off\u00bb global_colors_info=\u00bb{}\u00bb da_is_popup=\u00bboff\u00bb da_exit_intent=\u00bboff\u00bb da_has_close=\u00bbon\u00bb da_alt_close=\u00bboff\u00bb da_dark_close=\u00bboff\u00bb da_not_modal=\u00bbon\u00bb da_is_singular=\u00bboff\u00bb da_with_loader=\u00bboff\u00bb da_has_shadow=\u00bbon\u00bb][et_pb_row _builder_version=\u00bb4.16&#8243; global_colors_info=\u00bb{}\u00bb][et_pb_column type=\u00bb4_4&#8243; _builder_version=\u00bb4.16&#8243; custom_padding=\u00bb|||\u00bb global_colors_info=\u00bb{}\u00bb custom_padding__hover=\u00bb|||\u00bb][et_pb_code _builder_version=\u00bb4.16&#8243; global_colors_info=\u00bb{}\u00bb]<nav aria-label=\"breadcrumbs\">\n            <div class=\"breadcrumb-container theme5\">\n                <ol>\n                                    <\/ol>\n            <\/div>\n        <\/nav>    <script type=\"application\/ld+json\">\n        {\n            \"@context\": \"http:\/\/schema.org\",\n            \"@type\": \"BreadcrumbList\",\n            \"itemListElement\": [\n                            ]\n        }\n    <\/script>\n   \n    <script>\n            <\/script>\n[\/et_pb_code][\/et_pb_column][\/et_pb_row][\/et_pb_section][et_pb_section fb_built=\u00bb1&#8243; _builder_version=\u00bb4.16&#8243; background_color=\u00bb#efefef\u00bb custom_padding=\u00bb0px|0px|14px|0px|false|false\u00bb da_disable_devices=\u00bboff|off|off\u00bb global_colors_info=\u00bb{}\u00bb da_is_popup=\u00bboff\u00bb da_exit_intent=\u00bboff\u00bb da_has_close=\u00bbon\u00bb da_alt_close=\u00bboff\u00bb da_dark_close=\u00bboff\u00bb da_not_modal=\u00bbon\u00bb da_is_singular=\u00bboff\u00bb da_with_loader=\u00bboff\u00bb da_has_shadow=\u00bbon\u00bb][et_pb_row _builder_version=\u00bb4.16&#8243; custom_padding=\u00bb14px|0|0px|0px|false|false\u00bb global_colors_info=\u00bb{}\u00bb][et_pb_column type=\u00bb4_4&#8243; _builder_version=\u00bb4.16&#8243; custom_padding=\u00bb|||\u00bb global_colors_info=\u00bb{}\u00bb custom_padding__hover=\u00bb|||\u00bb][et_pb_text _builder_version=\u00bb4.16&#8243; text_font=\u00bbComfortaa|700|||||||\u00bb text_text_color=\u00bb#e02b20&#8243; global_colors_info=\u00bb{}\u00bb]<\/p>\n<h2>JUNTA DE GOBIERNO LOCAL 2019:<\/h2>\n<p>[\/et_pb_text][et_pb_toggle title=\u00bbACTA DE LA SESI\u00d3N ORDINARIA DE LA JUNTA DE GOBIERNO LOCAL DE FECHA 10 DE ENERO DE 2019&#8243; _builder_version=\u00bb4.18.0&#8243; hover_enabled=\u00bb0&#8243; global_colors_info=\u00bb{}\u00bb sticky_enabled=\u00bb0&#8243;]<\/p>\n<p>En la Alcald\u00eda de la Casa Consistorial del Ayuntamiento de Colindres (Cantabria), siendo las trece horas y cincuenta minutos del d\u00eda 10 de enero de 2019, se reunieron en primera convocatoria los\/as se\u00f1ores\/as concejales\/as a continuaci\u00f3n relacionados, bajo la Presidencia del Sr. Alcalde, con el objeto de realizar la sesi\u00f3n ordinaria correspondiente al d\u00eda de la fecha para la que fueron previamente citados.<\/p>\n<p><strong>Asistentes:<\/strong><\/p>\n<p><strong>Presidente:<\/strong><\/p>\n<p><strong>El Sr. Alcalde:<\/strong><\/p>\n<ol>\n<li>Javier Incera Goyenechea<\/li>\n<\/ol>\n<p><strong>Concejales:<\/strong><\/p>\n<ol>\n<li>Adri\u00e1n Seti\u00e9n Exp\u00f3sito<\/li>\n<li>D\u00f1a. Saray Villal\u00f3n Fern\u00e1ndez<\/li>\n<\/ol>\n<p><strong>Secretaria: <\/strong><\/p>\n<p>D\u00f1a. Marta Rebollo Santos, Secretaria accidental del Ayuntamiento de Colindres<\/p>\n<p><strong>Interventor:<\/strong><\/p>\n<ol>\n<li>Jos\u00e9 Ignacio S\u00e1nchez Mart\u00ednez, Interventor del Ayuntamiento de Colindres<\/li>\n<\/ol>\n<p>Con el qu\u00f3rum establecido por las disposiciones legales vigentes para la v\u00e1lida constituci\u00f3n, el Sr. Alcalde declara abierto el acto, adopt\u00e1ndose los siguientes acuerdos conforme al siguiente orden del d\u00eda que figura en la convocatoria:<\/p>\n<p><strong>1.- FACTURAS Y GASTOS<\/strong><\/p>\n<p><strong>\u00a0\u00a0\u00a0\u00a0\u00a0\u00a0\u00a0 1.1.- OTROS PAGOS<\/strong><\/p>\n<p><strong>2.- LICENCIAS DE OBRA MENOR<\/strong><\/p>\n<p><strong>3.- LICENCIAS DE APERTURA<\/strong><\/p>\n<p><strong>4.- APROBACI\u00d3N LIQUIDACIONES TRIBUTARIAS<\/strong><\/p>\n<p><strong>5.- SOLICITUD DE SUBVENCIONES<\/strong><\/p>\n<p>[\/et_pb_toggle][et_pb_toggle title=\u00bbACTA DE LA SESI\u00d3N EXTRAORDINARIA DE LA JUNTA DE GOBIERNO LOCAL DE FECHA 18 DE ENERO DE 2019&#8243; _builder_version=\u00bb4.16&#8243; global_colors_info=\u00bb{}\u00bb]<\/p>\n<p>En la Alcald\u00eda de la Casa Consistorial del Ayuntamiento de Colindres (Cantabria), siendo las trece horas y veinte minutos del d\u00eda 18 de enero de 2019, se reunieron en primera convocatoria los\/as se\u00f1ores\/as concejales\/as a continuaci\u00f3n relacionados, bajo la Presidencia del Sr. Alcalde, con el objeto de realizar la sesi\u00f3n extraordinaria correspondiente al d\u00eda de la fecha para la que fueron previamente citados.<\/p>\n<p><strong>Asistentes:<\/strong><\/p>\n<p><strong>Presidente:<\/strong><\/p>\n<p><strong>El Sr. Alcalde:<\/strong><\/p>\n<ol>\n<li>Javier Incera Goyenechea<\/li>\n<\/ol>\n<p><strong>Concejales:<\/strong><\/p>\n<ol>\n<li>Adri\u00e1n Seti\u00e9n Exp\u00f3sito<\/li>\n<li>D\u00f1a. Saray Villal\u00f3n Fern\u00e1ndez<\/li>\n<\/ol>\n<p><strong>Secretaria: <\/strong><\/p>\n<p>D\u00f1a. Marta Rebollo Santos, Secretaria accidental del Ayuntamiento de Colindres<\/p>\n<p><strong>Interventor:<\/strong><\/p>\n<ol>\n<li>Jos\u00e9 Ignacio S\u00e1nchez Mart\u00ednez, Interventor del Ayuntamiento de Colindres<\/li>\n<\/ol>\n<p>Con el qu\u00f3rum establecido por las disposiciones legales vigentes para la v\u00e1lida constituci\u00f3n, el Sr. Alcalde declara abierto el acto, adopt\u00e1ndose los siguientes acuerdos conforme al siguiente orden del d\u00eda que figura en la convocatoria:<\/p>\n<p><strong>1.- FACTURAS Y GASTOS<\/strong><\/p>\n<p><strong>\u00a0\u00a0\u00a0\u00a0\u00a0\u00a0\u00a0 1.1.- OTROS PAGOS<\/strong><\/p>\n<p><strong>2.- LICENCIAS DE OBRA MENOR<\/strong><\/p>\n<p><strong>3.- LICENCIAS DE OBRA MAYOR<\/strong><\/p>\n<p><strong>4.- AUTORIZACI\u00d3N DE USO DE DOMINIO P\u00daBLICO<\/strong><\/p>\n<p><strong>5.- APROBACI\u00d3N LIQUIDACIONES TRIBUTARIAS<\/strong><\/p>\n<p><strong>6.- SOLICITUD DE SUBVENCIONES<\/strong><\/p>\n<p>[\/et_pb_toggle][et_pb_toggle title=\u00bbACTA DE LA SESI\u00d3N EXTRAORDINARIA DE LA JUNTA DE GOBIERNO LOCAL DE FECHA 30 DE ENERO DE 2019&#8243; _builder_version=\u00bb4.16&#8243; global_colors_info=\u00bb{}\u00bb]<\/p>\n<p>En la Alcald\u00eda de la Casa Consistorial del Ayuntamiento de Colindres (Cantabria), siendo las catorce horas del d\u00eda 30 de enero de 2019, se reunieron en primera convocatoria los\/as se\u00f1ores\/as concejales\/as a continuaci\u00f3n relacionados, bajo la Presidencia del Sr. Alcalde, con el objeto de realizar la sesi\u00f3n extraordinaria correspondiente al d\u00eda de la fecha para la que fueron previamente citados.<\/p>\n<p><strong>Asistentes:<\/strong><\/p>\n<p><strong>Presidente:<\/strong><\/p>\n<p><strong>El Sr. Alcalde:<\/strong><\/p>\n<ol>\n<li>Javier Incera Goyenechea<\/li>\n<\/ol>\n<p><strong>Concejales:<\/strong><\/p>\n<ol>\n<li>Adri\u00e1n Seti\u00e9n Exp\u00f3sito<\/li>\n<li>Alberto Echevarr\u00eda Ortiz<\/li>\n<\/ol>\n<p><strong>Secretaria: <\/strong><\/p>\n<p>D\u00f1a. Paula Albors Ferreiro, Secretaria del Ayuntamiento de Colindres<\/p>\n<p><strong>Interventor:<\/strong><\/p>\n<ol>\n<li>Jos\u00e9 Ignacio S\u00e1nchez Mart\u00ednez, Interventor del Ayuntamiento de Colindres<\/li>\n<\/ol>\n<p>Con el qu\u00f3rum establecido por las disposiciones legales vigentes para la v\u00e1lida constituci\u00f3n, el Sr. Alcalde declara abierto el acto, adopt\u00e1ndose los siguientes acuerdos conforme al siguiente orden del d\u00eda que figura en la convocatoria:<\/p>\n<p><strong>1.- FACTURAS Y GASTOS<\/strong><\/p>\n<p><strong>\u00a0\u00a0\u00a0\u00a0\u00a0\u00a0\u00a0 1.1.- OTROS PAGOS<\/strong><\/p>\n<p><strong>2.- CONTRATACION<\/strong><\/p>\n<p><strong>3.- LICENCIAS DE OBRA MENOR<\/strong><\/p>\n<p><strong>4.- LICENCIAS DE OBRA MAYOR<\/strong><\/p>\n<p><strong>5.- LICENCIAS DE APERTURA<\/strong><\/p>\n<p><strong>6.- AUTORIZACIONES DE USO DE DOMINIO P\u00daBLICO<\/strong><\/p>\n<p><strong>7.- APROBACI\u00d3N LIQUIDACIONES TRIBUTARIAS<\/strong><\/p>\n<p>[\/et_pb_toggle][et_pb_toggle title=\u00bbACTA DE LA SESI\u00d3N ORDINARIA DE LA JUNTA DE GOBIERNO LOCAL DE FECHA 7 DE FEBRERO DE 2019&#8243; _builder_version=\u00bb4.16&#8243; global_colors_info=\u00bb{}\u00bb]<\/p>\n<p>En la Alcald\u00eda de la Casa Consistorial del Ayuntamiento de Colindres (Cantabria), siendo las doce horas y treinta minutos del d\u00eda 7 de febrero de 2019, se reunieron en primera convocatoria los\/as se\u00f1ores\/as concejales\/as a continuaci\u00f3n relacionados, bajo la Presidencia del Sr. Alcalde, con el objeto de realizar la sesi\u00f3n ordinaria correspondiente al d\u00eda de la fecha para la que fueron previamente citados.<\/p>\n<p><strong>Asistentes:<\/strong><\/p>\n<p><strong>Presidente:<\/strong><\/p>\n<p><strong>El Sr. Alcalde:<\/strong><\/p>\n<ol>\n<li>Javier Incera Goyenechea<\/li>\n<\/ol>\n<p><strong>Concejales:<\/strong><\/p>\n<ol>\n<li>D\u00f1a. Mar\u00eda Eugenia Casta\u00f1eda Arrasate<\/li>\n<li>Adri\u00e1n Seti\u00e9n Exp\u00f3sito<\/li>\n<li>D\u00f1a. Saray Villal\u00f3n Fern\u00e1ndez<\/li>\n<li>Alberto Echevarr\u00eda Ortiz<\/li>\n<\/ol>\n<p><strong>Secretaria: <\/strong><\/p>\n<p>D\u00f1a. Paula Albors Ferreiro, Secretaria del Ayuntamiento de Colindres<\/p>\n<p><strong>Interventor:<\/strong><\/p>\n<ol>\n<li>Jos\u00e9 Ignacio S\u00e1nchez Mart\u00ednez, Interventor del Ayuntamiento de Colindres<\/li>\n<\/ol>\n<p>Con el qu\u00f3rum establecido por las disposiciones legales vigentes para la v\u00e1lida constituci\u00f3n, el Sr. Alcalde declara abierto el acto, adopt\u00e1ndose los siguientes acuerdos conforme al siguiente orden del d\u00eda que figura en la convocatoria:<\/p>\n<p><strong>1.- FACTURAS Y GASTOS<\/strong><\/p>\n<p><strong>\u00a0\u00a0\u00a0\u00a0\u00a0\u00a0\u00a0 1.1.- OTROS PAGOS<\/strong><\/p>\n<p><strong>2.- APROBACION BASES CONCURSOS<\/strong><\/p>\n<p><strong>3.- LICENCIAS DE OBRA MAYOR<\/strong><\/p>\n<p><strong>4.- LICENCIAS DE PRIMERA OCUPACI\u00d3N<\/strong><\/p>\n<p><strong>5.- AUTORIZACIONES DE USO DE DOMINIO P\u00daBLICO<\/strong><\/p>\n<p><strong>6.- APROBACI\u00d3N LIQUIDACIONES TRIBUTARIAS<\/strong><\/p>\n<p>[\/et_pb_toggle][et_pb_toggle title=\u00bbACTA DE LA SESI\u00d3N EXTRAORDINARIA DE LA JUNTA DE GOBIERNO LOCAL DE FECHA 15 DE FEBRERO DE 2019&#8243; _builder_version=\u00bb4.16&#8243; global_colors_info=\u00bb{}\u00bb]<\/p>\n<p>En la Alcald\u00eda de la Casa Consistorial del Ayuntamiento de Colindres (Cantabria), siendo las doce horas del d\u00eda 15 de febrero de 2019, se reunieron en primera convocatoria los\/as se\u00f1ores\/as concejales\/as a continuaci\u00f3n relacionados, bajo la Presidencia del Sr. Alcalde, con el objeto de realizar la sesi\u00f3n extraordinaria correspondiente al d\u00eda de la fecha para la que fueron previamente citados.<\/p>\n<p><strong>Asistentes:<\/strong><\/p>\n<p><strong>Presidente:<\/strong><\/p>\n<p><strong>El Sr. Alcalde:<\/strong><\/p>\n<ol>\n<li>Javier Incera Goyenechea<\/li>\n<\/ol>\n<p><strong>Concejales:<\/strong><\/p>\n<ol>\n<li>D\u00f1a. Mar\u00eda Eugenia Casta\u00f1eda Arrasate<\/li>\n<li>Adri\u00e1n Seti\u00e9n Exp\u00f3sito<\/li>\n<li>D\u00f1a. Saray Villal\u00f3n Fern\u00e1ndez<\/li>\n<li>Alberto Echevarr\u00eda Ortiz<\/li>\n<\/ol>\n<p><strong>Secretaria: <\/strong><\/p>\n<p>D\u00f1a. Paula Albors Ferreiro, Secretaria del Ayuntamiento de Colindres<\/p>\n<p>Con el qu\u00f3rum establecido por las disposiciones legales vigentes para la v\u00e1lida constituci\u00f3n, el Sr. Alcalde declara abierto el acto, adopt\u00e1ndose los siguientes acuerdos conforme al siguiente orden del d\u00eda que figura en la convocatoria:<\/p>\n<p><strong>1.- FACTURAS Y GASTOS<\/strong><\/p>\n<p><strong>\u00a0\u00a0\u00a0\u00a0\u00a0\u00a0\u00a0 1.1.- RELACION DE FACTURAS<\/strong><\/p>\n<p><strong>\u00a0\u00a0\u00a0\u00a0\u00a0\u00a0\u00a0 1.2.- OTROS PAGOS<\/strong><\/p>\n<p><strong>2.- CONTRATACION<\/strong><\/p>\n<p><strong>3.- AUTORIZACION EN SUELO RUSTICO<\/strong><\/p>\n<p><strong>4.- LICENCIAS DE OBRA MENOR<\/strong><\/p>\n<p><strong>5.- AUTORIZACIONES DE USO DE DOMINIO P\u00daBLICO<\/strong><\/p>\n<p><strong>6.- APROBACI\u00d3N LIQUIDACIONES TRIBUTARIAS<\/strong><\/p>\n<p>[\/et_pb_toggle][et_pb_toggle title=\u00bbACTA DE LA SESI\u00d3N ORDINARIA DE LA JUNTA DE GOBIERNO LOCAL DE FECHA 21 DE FEBRERO DE 2019&#8243; _builder_version=\u00bb4.18.0&#8243; global_colors_info=\u00bb{}\u00bb]<\/p>\n<p>En la Alcald\u00eda de la Casa Consistorial del Ayuntamiento de Colindres (Cantabria), siendo las doce horas y quince minutos del d\u00eda 21 de febrero de 2019, se reunieron en primera convocatoria los\/as se\u00f1ores\/as concejales\/as a continuaci\u00f3n relacionados, bajo la Presidencia del Sr. Alcalde, con el objeto de realizar la sesi\u00f3n ordinaria correspondiente al d\u00eda de la fecha para la que fueron previamente citados.<\/p>\n<p><strong>Asistentes:<\/strong><\/p>\n<p><strong>Presidente:<\/strong><\/p>\n<p><strong>El Sr. Alcalde:<\/strong><\/p>\n<ol>\n<li>Javier Incera Goyenechea<\/li>\n<\/ol>\n<p><strong>Concejales:<\/strong><\/p>\n<ol>\n<li>D\u00f1a. Mar\u00eda Eugenia Casta\u00f1eda Arrasate<\/li>\n<li>Adri\u00e1n Seti\u00e9n Exp\u00f3sito<\/li>\n<li>D\u00f1a. Saray Villal\u00f3n Fern\u00e1ndez<\/li>\n<li>Alberto Echevarr\u00eda Ortiz<\/li>\n<\/ol>\n<p><strong>Secretaria: <\/strong><\/p>\n<p>D\u00f1a. Paula Albors Ferreiro, Secretaria del Ayuntamiento de Colindres<\/p>\n<p><strong>Interventor:<\/strong><\/p>\n<ol>\n<li>Jos\u00e9 Ignacio S\u00e1nchez Mart\u00ednez, Interventor del Ayuntamiento de Colindres<\/li>\n<\/ol>\n<p>Con el qu\u00f3rum establecido por las disposiciones legales vigentes para la v\u00e1lida constituci\u00f3n, el Sr. Alcalde declara abierto el acto, adopt\u00e1ndose los siguientes acuerdos conforme al siguiente orden del d\u00eda que figura en la convocatoria:<\/p>\n<p><strong>1.- FACTURAS Y GASTOS<\/strong><\/p>\n<p><strong>\u00a0\u00a0\u00a0\u00a0\u00a0\u00a0\u00a0 1.1.- OTROS PAGOS<\/strong><\/p>\n<p><strong>2.- LICENCIAS DE OBRA MENOR<\/strong><\/p>\n<p><strong>3.- LICENCIAS DE PRIMERA OCUPACI\u00d3N<\/strong><\/p>\n<p><strong>4.- AUTORIZACIONES DE USO DE DOMINIO P\u00daBLICO<\/strong><\/p>\n<p><strong>5.- APROBACI\u00d3N LIQUIDACIONES TRIBUTARIAS<\/strong><\/p>\n<p>[\/et_pb_toggle][et_pb_toggle title=\u00bbACTA DE LA SESI\u00d3N EXTRAORDINARIA DE LA JUNTA DE GOBIERNO LOCAL DE FECHA 4 DE MARZO DE 2019&#8243; _builder_version=\u00bb4.18.0&#8243; global_colors_info=\u00bb{}\u00bb]<\/p>\n<p>ACTA DE LA SESI\u00d3N EXTRAORDINARIA DE LA JUNTA DE GOBIERNO LOCAL DE FECHA 4 DE MARZO DE 2019<\/p>\n<p>En la Alcald\u00eda de la Casa Consistorial del Ayuntamiento de Colindres (Cantabria), siendo las diez horas y treinta y cinco minutos del d\u00eda 4 de marzo de 2019, se reunieron en primera convocatoria los\/as se\u00f1ores\/as concejales\/as a continuaci\u00f3n relacionados, bajo la Presidencia del Sr. Alcalde, con el objeto de realizar la sesi\u00f3n extraordinaria correspondiente al d\u00eda de la fecha para la que fueron previamente citados.<br \/><em><strong>Asistentes:<\/strong><\/em><br \/><em><strong>Presidente:<\/strong><\/em><br \/>El Sr. Alcalde:<br \/>D. Javier Incera Goyenechea<br \/><em><strong>Concejales:<\/strong><\/em><br \/>D\u00f1a. Saray Villal\u00f3n Fern\u00e1ndez<br \/>D. Alberto Echevarr\u00eda Ortiz<br \/><em><strong>Secretaria:<\/strong><\/em><br \/>D\u00f1a. Paula Albors Ferreiro, Secretaria del Ayuntamiento de Colindres<br \/>Con el qu\u00f3rum establecido por las disposiciones legales vigentes para la v\u00e1lida constituci\u00f3n, el Sr. Alcalde declara abierto el acto, adopt\u00e1ndose los siguientes acuerdos conforme al siguiente orden del d\u00eda que figura en la convocatoria:<br \/>1.- FACTURAS Y GASTOS<br \/>1.1.- OTROS PAGOS<br \/>2.- CONTRATACION<br \/>3.- LICENCIAS DE OBRA MENOR<br \/>4.- LICENCIAS DE APERTURA<br \/>5.- AUTORIZACI\u00d3N DE USO DE DOMINIO P\u00daBLICO<\/p>\n<p>[\/et_pb_toggle][et_pb_toggle title=\u00bbACTA DE LA SESI\u00d3N EXTRAORDINARIA DE LA JUNTA DE GOBIERNO LOCAL DE FECHA 11 DE MARZO DE 2019&#8243; _builder_version=\u00bb4.18.0&#8243; global_colors_info=\u00bb{}\u00bb]<\/p>\n<p>ACTA DE LA SESI\u00d3N EXTRAORDINARIA DE LA JUNTA DE GOBIERNO LOCAL DE FECHA 11 DE MARZO DE 2019<br \/>En la Alcald\u00eda de la Casa Consistorial del Ayuntamiento de Colindres (Cantabria), siendo las nueve horas y cincuenta minutos del d\u00eda 11 de marzo de 2019, se reunieron en primera convocatoria los\/as se\u00f1ores\/as concejales\/as a continuaci\u00f3n relacionados, bajo la Presidencia del Sr. Alcalde, con el objeto de realizar la sesi\u00f3n extraordinaria correspondiente al d\u00eda de la fecha para la que fueron previamente citados.<br \/><em><strong>Asistentes:<\/strong><\/em><br \/><em><strong>Presidente:<\/strong><\/em><br \/>El Sr. Alcalde:<br \/>D. Javier Incera Goyenechea<br \/><em><strong>Concejales:<\/strong><\/em><br \/>D\u00f1a. Saray Villal\u00f3n Fern\u00e1ndez<br \/>D. Alberto Echevarr\u00eda Ortiz<br \/><em><strong>Secretaria:<\/strong><\/em><br \/>D\u00f1a. Paula Albors Ferreiro, Secretaria del Ayuntamiento de Colindres<br \/>Con el qu\u00f3rum establecido por las disposiciones legales vigentes para la v\u00e1lida constituci\u00f3n, el Sr. Alcalde declara abierto el acto, adopt\u00e1ndose los siguientes acuerdos conforme al siguiente orden del d\u00eda que figura en la convocatoria:<br \/>1.- FACTURAS Y GASTOS<br \/>1.1.- RELACION DE FACTURAS<br \/>1.2.- OTROS PAGOS<br \/>2.- LICENCIAS DE OBRA MENOR<br \/>3.- SOLICITUDES DE LICENCIAS DE APERTURA<\/p>\n<p>[\/et_pb_toggle][et_pb_toggle title=\u00bbACTA DE LA SESI\u00d3N EXTRAORDINARIA DE LA JUNTA DE GOBIERNO LOCAL DE FECHA 18 DE MARZO DE 2019&#8243; _builder_version=\u00bb4.18.0&#8243; global_colors_info=\u00bb{}\u00bb]<\/p>\n<p>ACTA DE LA SESI\u00d3N EXTRAORDINARIA DE LA JUNTA DE GOBIERNO LOCAL DE FECHA 18 DE MARZO DE 2019<br \/>En la Alcald\u00eda de la Casa Consistorial del Ayuntamiento de Colindres (Cantabria), siendo las once horas y veinte minutos del d\u00eda 18 de marzo de 2019, se reunieron en primera convocatoria los\/as se\u00f1ores\/as concejales\/as a continuaci\u00f3n relacionados, bajo la Presidencia del Sr. Alcalde, con el objeto de realizar la sesi\u00f3n extraordinaria correspondiente al d\u00eda de la fecha para la que fueron previamente citados.<br \/><em><strong>Asistentes:<\/strong><\/em><br \/><em><strong>Presidente:<\/strong><\/em><br \/>El Sr. Alcalde:<br \/>D. Javier Incera Goyenechea<br \/><em><strong>Concejales:<\/strong><\/em><br \/>D\u00f1a. Mar\u00eda Eugenia Casta\u00f1eda Arrasate<br \/>D. Adri\u00e1n Seti\u00e9n Exp\u00f3sito<br \/>D. Alberto Echevarr\u00eda Ortiz<br \/><em><strong>Secretaria:<\/strong><\/em><br \/>D\u00f1a. Paula Albors Ferreiro, Secretaria del Ayuntamiento de Colindres<br \/>Con el qu\u00f3rum establecido por las disposiciones legales vigentes para la v\u00e1lida constituci\u00f3n, el Sr. Alcalde declara abierto el acto, adopt\u00e1ndose los siguientes acuerdos conforme al siguiente orden del d\u00eda que figura en la convocatoria:<br \/>1.- FACTURAS Y GASTOS<br \/>1.1.- RELACION DE FACTURAS<br \/>1.2.- OTROS PAGOS<br \/>2.- LICENCIAS DE OBRA MENOR<br \/>3.- AUTORIZACIONES DE USO DE DOMINIO P\u00daBLICO<br \/>__________________________________________________________________________<\/p>\n<p>[\/et_pb_toggle][et_pb_toggle title=\u00bbACTA DE LA SESI\u00d3N EXTRAORDINARIA DE LA JUNTA DE GOBIERNO LOCAL DE FECHA 25 DE MARZO DE 2019&#8243; _builder_version=\u00bb4.18.0&#8243; global_colors_info=\u00bb{}\u00bb]<\/p>\n<p>ACTA DE LA SESI\u00d3N EXTRAORDINARIA DE LA JUNTA DE GOBIERNO LOCAL DE FECHA 25 DE MARZO DE 2019<br \/>En la Alcald\u00eda de la Casa Consistorial del Ayuntamiento de Colindres (Cantabria), siendo las once horas y veinte minutos del d\u00eda 25 de marzo de 2019, se reunieron en primera convocatoria los\/as se\u00f1ores\/as concejales\/as a continuaci\u00f3n relacionados, bajo la Presidencia del Sr. Alcalde, con el objeto de realizar la sesi\u00f3n extraordinaria correspondiente al d\u00eda de la fecha para la que fueron previamente citados.<br \/><em><strong>Asistentes:<\/strong><\/em><br \/><em><strong>Presidente:<\/strong><\/em><br \/>El Sr. Alcalde:<br \/>D. Javier Incera Goyenechea<br \/><em><strong>Concejales:<\/strong><\/em><br \/>D\u00f1a. Maria Eugenia Casta\u00f1eda Arrasate<br \/>D. Adri\u00e1n Seti\u00e9n Exp\u00f3sito<br \/>D. Alberto Echevarr\u00eda Ortiz<br \/><em><strong>Secretaria:<\/strong><\/em><br \/>D\u00f1a. Paula Albors Ferreiro, Secretaria del Ayuntamiento de Colindres<br \/>Interventor:<br \/>D. Jos\u00e9 Ignacio S\u00e1nchez Mart\u00ednez, Interventor del Ayuntamiento de Colindres<br \/>Con el qu\u00f3rum establecido por las disposiciones legales vigentes para la v\u00e1lida constituci\u00f3n, el Sr. Alcalde declara abierto el acto, adopt\u00e1ndose los siguientes acuerdos conforme al siguiente orden del d\u00eda que figura en la convocatoria:<br \/>1.- FACTURAS Y GASTOS<br \/>1.1.- RELACION DE FACTURAS<br \/>1.2.- OTROS PAGOS<br \/>2.- CONTRATACION<br \/>3.- LICENCIAS DE OBRA MENOR<br \/>4.- LICENCIAS DE OBRA MAYOR<br \/>5.- AUTORIZACIONES DE USO DE DOMINIO P\u00daBLICO<br \/>6.- SOLICITUD DE SUBVENCIONES<br \/>__________________________________________________________________________<\/p>\n<p>[\/et_pb_toggle][et_pb_toggle title=\u00bbACTA DE LA SESI\u00d3N EXTRAORDINARIA DE LA JUNTA DE GOBIERNO LOCAL DE FECHA 5 DE ABRIL DE 2019&#8243; _builder_version=\u00bb4.18.0&#8243; global_colors_info=\u00bb{}\u00bb]<\/p>\n<p>ACTA DE LA SESI\u00d3N EXTRAORDINARIA DE LA JUNTA DE GOBIERNO LOCAL DE FECHA 5 DE ABRIL DE 2019<br \/>En la Alcald\u00eda de la Casa Consistorial del Ayuntamiento de Colindres (Cantabria), siendo las diez horas y veinticinco minutos del d\u00eda 5 de abril de 2019, se reunieron en primera convocatoria los\/as se\u00f1ores\/as concejales\/as a continuaci\u00f3n relacionados, bajo la Presidencia del Sr. Alcalde, con el objeto de realizar la sesi\u00f3n extraordinaria correspondiente al d\u00eda de la fecha para la que fueron previamente citados.<br \/><em><strong>Asistentes:<\/strong><\/em><br \/><em><strong>Presidente:<\/strong><\/em><br \/>El Sr. Alcalde:<br \/>D. Javier Incera Goyenechea<br \/><em><strong>Concejales:<\/strong><\/em><br \/>D\u00f1a. Maria Eugenia Casta\u00f1eda Arrasate<br \/>D. Adri\u00e1n Seti\u00e9n Exp\u00f3sito<br \/>D. Alberto Echevarr\u00eda Ortiz<br \/><em><strong>Secretaria:<\/strong><\/em><br \/>D\u00f1a. Paula Albors Ferreiro, Secretaria del Ayuntamiento de Colindres<br \/>Con el qu\u00f3rum establecido por las disposiciones legales vigentes para la v\u00e1lida constituci\u00f3n, el Sr. Alcalde declara abierto el acto, adopt\u00e1ndose los siguientes acuerdos conforme al siguiente orden del d\u00eda que figura en la convocatoria:<br \/>1.- FACTURAS Y GASTOS<br \/>1.1.- RELACION DE FACTURAS<br \/>1.2.- OTROS PAGOS<br \/>2.- CONTRATACION<br \/>3.- OFERTA DE EMPLEO PUBLICO 2019<br \/>4.- LICENCIAS DE OBRA<br \/>5.- APROBACI\u00d3N DE LIQUIDACIONES TRIBUTARIAS<br \/>6.- SOLICITUD DE SUBVENCIONES<\/p>\n<p>[\/et_pb_toggle][et_pb_toggle title=\u00bbACTA DE LA SESI\u00d3N EXTRAORDINARIA DE LA JUNTA DE GOBIERNO LOCAL DE FECHA 15 DE ABRIL DE 2019&#8243; _builder_version=\u00bb4.18.0&#8243; global_colors_info=\u00bb{}\u00bb]<\/p>\n<p>ACTA DE LA SESI\u00d3N EXTRAORDINARIA DE LA JUNTA DE GOBIERNO LOCAL DE FECHA 15 DE ABRIL DE 2019<br \/>En la Alcald\u00eda de la Casa Consistorial del Ayuntamiento de Colindres (Cantabria), siendo las diez horas y veinte minutos del d\u00eda 15 de abril de 2019, se reunieron en primera convocatoria los\/as se\u00f1ores\/as concejales\/as a continuaci\u00f3n relacionados, bajo la Presidencia del Sr. Alcalde, con el objeto de realizar la sesi\u00f3n extraordinaria correspondiente al d\u00eda de la fecha para la que fueron previamente citados.<br \/><em><strong>Asistentes:<\/strong><\/em><br \/><em><strong>Presidente:<\/strong><\/em><br \/>El Sr. Alcalde:<br \/>D. Javier Incera Goyenechea<br \/><em><strong>Concejales:<\/strong><\/em><br \/>D\u00f1a. Maria Eugenia Casta\u00f1eda Arrasate<br \/>D. Adri\u00e1n Seti\u00e9n Exp\u00f3sito<br \/>D\u00f1a. Saray Villal\u00f3n Fern\u00e1ndez<br \/>D. Alberto Echevarr\u00eda Ortiz<br \/><em><strong>Secretaria:<\/strong><\/em><br \/>D\u00f1a. Paula Albors Ferreiro, Secretaria del Ayuntamiento de Colindres<br \/><em><strong>Interventor:<\/strong><\/em><br \/>D. Jos\u00e9 Ignacio S\u00e1nchez Mart\u00ednez, Interventor del Ayuntamiento de Colindres<br \/>Con el qu\u00f3rum establecido por las disposiciones legales vigentes para la v\u00e1lida constituci\u00f3n, el Sr. Alcalde declara abierto el acto, adopt\u00e1ndose los siguientes acuerdos conforme al siguiente orden del d\u00eda que figura en la convocatoria:<br \/>1.- FACTURAS Y GASTOS<br \/>1.1.- RELACION DE FACTURAS<br \/>1.2.- OTROS PAGOS<br \/>2.- CONTRATACION<br \/>3.- LICENCIAS DE OBRA MENOR<br \/>4.- APROBACI\u00d3N DE LIQUIDACIONES TRIBUTARIAS<br \/>__________________________________________________________________________<\/p>\n<p>[\/et_pb_toggle][et_pb_toggle title=\u00bbACTA DE LA SESI\u00d3N EXTRAORDINARIA DE LA JUNTA DE GOBIERNO LOCAL DE FECHA 26 DE ABRIL DE 2019&#8243; _builder_version=\u00bb4.18.0&#8243; global_colors_info=\u00bb{}\u00bb]<\/p>\n<p>ACTA DE LA SESI\u00d3N EXTRAORDINARIA DE LA JUNTA DE GOBIERNO LOCAL DE FECHA 26 DE ABRIL DE 2019<br \/>En la Alcald\u00eda de la Casa Consistorial del Ayuntamiento de Colindres (Cantabria), siendo las diez horas y quince minutos del d\u00eda 26 de abril de 2019, se reunieron en primera convocatoria los\/as se\u00f1ores\/as concejales\/as a continuaci\u00f3n relacionados, bajo la Presidencia del Sr. Alcalde, con el objeto de realizar la sesi\u00f3n extraordinaria correspondiente al d\u00eda de la fecha para la que fueron previamente citados.<br \/><em><strong>Asistentes:<\/strong><\/em><br \/><em><strong>Presidente:<\/strong><\/em><br \/>El Sr. Alcalde:<br \/>D. Javier Incera Goyenechea<br \/><em><strong>Concejales:<\/strong><\/em><br \/>D\u00f1a. Mar\u00eda Eugenia Casta\u00f1eda Arrasate<br \/>D. Alberto Echevarr\u00eda Ortiz<br \/><em><strong>Secretaria:<\/strong><\/em><br \/>D\u00f1a. Paula Albors Ferreiro, Secretaria del Ayuntamiento de Colindres<br \/>Con el qu\u00f3rum establecido por las disposiciones legales vigentes para la v\u00e1lida constituci\u00f3n, el Sr. Alcalde declara abierto el acto, adopt\u00e1ndose los siguientes acuerdos conforme al siguiente orden del d\u00eda que figura en la convocatoria:<br \/>1.- CONTRATACION<br \/>2.- LICENCIAS DE OBRA MENOR<br \/>3.- AUTORIZACIONES DE USO DE DOMINIO P\u00daBLICO<br \/>4.- SUBVENCIONES<br \/>__________________________________________________________________________<\/p>\n<p>[\/et_pb_toggle][et_pb_toggle title=\u00bbACTA DE LA SESI\u00d3N ORDINARIA DE LA JUNTA DE GOBIERNO LOCAL DE FECHA 9 DE MAYO DE 2019&#8243; _builder_version=\u00bb4.18.0&#8243; global_colors_info=\u00bb{}\u00bb]<\/p>\n<p>ACTA DE LA SESI\u00d3N ORDINARIA DE LA JUNTA DE GOBIERNO LOCAL DE FECHA 9 DE MAYO DE 2019<br \/>En la Alcald\u00eda de la Casa Consistorial del Ayuntamiento de Colindres (Cantabria), siendo las nueve horas y treinta minutos del d\u00eda 9 de mayo de 2019, se reunieron en primera convocatoria los\/as se\u00f1ores\/as concejales\/as a continuaci\u00f3n relacionados, bajo la Presidencia del Sr. Alcalde, con el objeto de realizar la sesi\u00f3n extraordinaria correspondiente al d\u00eda de la fecha para la que fueron previamente citados.<br \/><em><strong>Asistentes:<\/strong><\/em><br \/><em><strong>Presidente:<\/strong><\/em><br \/>El Sr. Alcalde:<br \/>D. Javier Incera Goyenechea<br \/><em><strong>Concejales:<\/strong><\/em><br \/>D\u00f1a. Mar\u00eda Eugenia Casta\u00f1eda Arrasate<br \/>D\u00f1a. Saray Villal\u00f3n Fern\u00e1ndez<br \/>D. Alberto Echevarr\u00eda Ortiz<br \/><em><strong>Secretaria:<\/strong><\/em><br \/>D\u00f1a. Paula Albors Ferreiro, Secretaria del Ayuntamiento de Colindres<br \/>Con el qu\u00f3rum establecido por las disposiciones legales vigentes para la v\u00e1lida constituci\u00f3n, el Sr. Alcalde declara abierto el acto, adopt\u00e1ndose los siguientes acuerdos conforme al siguiente orden del d\u00eda que figura en la convocatoria:<br \/>1.- FACTURAS Y GASTOS<br \/>1.1.- RELACION DE FACTURAS<br \/>1.2.- OTROS PAGOS<br \/>2.- CONTRATACION<br \/>3.- BASES DE SELECCI\u00d3N DE PERSONAL<br \/>4.- LICENCIAS DE OBRA MENOR<br \/>5.- LICENCIAS DE APERTURA<br \/>6.- APROBACI\u00d3N DE LIQUIDACIONES TRIBUTARIAS<br \/>__________________________________________________________________________<\/p>\n<p>[\/et_pb_toggle][et_pb_toggle title=\u00bbACTA DE LA SESI\u00d3N EXTRAORDINARIA DE LA JUNTA DE GOBIERNO LOCAL DE FECHA 17 DE MAYO DE 2019&#8243; _builder_version=\u00bb4.18.0&#8243; hover_enabled=\u00bb0&#8243; global_colors_info=\u00bb{}\u00bb sticky_enabled=\u00bb0&#8243;]<\/p>\n<p>ACTA DE LA SESI\u00d3N EXTRAORDINARIA DE LA JUNTA DE GOBIERNO LOCAL DE FECHA 17 DE MAYO DE 2019<br \/>En la Alcald\u00eda de la Casa Consistorial del Ayuntamiento de Colindres (Cantabria), siendo las nueve horas y treinta minutos del d\u00eda 17 de mayo de 2019, se reunieron en primera convocatoria los\/as se\u00f1ores\/as concejales\/as a continuaci\u00f3n relacionados, bajo la Presidencia del Sr. Alcalde, con el objeto de realizar la sesi\u00f3n extraordinaria correspondiente al d\u00eda de la fecha para la que fueron previamente citados.<br \/><em><strong>Asistentes:<\/strong><\/em><br \/><em><strong>Presidente:<\/strong><\/em><br \/>El Sr. Alcalde:<br \/>D. Javier Incera Goyenechea<br \/><em><strong>Concejales:<\/strong><\/em><br \/>D\u00f1a. Mar\u00eda Eugenia Casta\u00f1eda Arrasate<br \/>D. Adri\u00e1n Seti\u00e9n Exp\u00f3sito<br \/>D\u00f1a. Saray Villal\u00f3n Fern\u00e1ndez<br \/>D. Alberto Echevarr\u00eda Ortiz<br \/><em><strong>Secretaria:<\/strong><\/em><br \/>D\u00f1a. Paula Albors Ferreiro, Secretaria del Ayuntamiento de Colindres<br \/><em><strong>Interventor:<\/strong><\/em><br \/>D. Jos\u00e9 Ignacio S\u00e1nchez Mart\u00ednez, Interventor del Ayuntamiento de Colindres<br \/>Con el qu\u00f3rum establecido por las disposiciones legales vigentes para la v\u00e1lida constituci\u00f3n, el Sr. Alcalde declara abierto el acto, adopt\u00e1ndose los siguientes acuerdos conforme al siguiente orden del d\u00eda que figura en la convocatoria:<br \/>1.- FACTURAS Y GASTOS<br \/>1.1.- RELACION DE FACTURAS<br \/>1.2.- OTROS PAGOS<br \/>2.- CONTRATACION<br \/>3.- LICENCIAS DE OBRA MENOR<br \/>4.- AUTORIZACI\u00d3N DE USO DE DOMINIO P\u00daBLICO<br \/>5.- SOLICITUD DE SUBVENCIONES<br \/>_____________________________________________________________________________________<\/p>\n<p>[\/et_pb_toggle][et_pb_toggle title=\u00bbACTA DE LA SESI\u00d3N EXTRAORDINARIA DE LA JUNTA DE GOBIERNO LOCAL DE FECHA 24 DE MAYO DE 2019&#8243; _builder_version=\u00bb4.18.0&#8243; hover_enabled=\u00bb0&#8243; global_colors_info=\u00bb{}\u00bb sticky_enabled=\u00bb0&#8243;]<\/p>\n<p>En la Alcald\u00eda de la Casa Consistorial del Ayuntamiento de Colindres (Cantabria), siendo las nueve horas y treinta minutos del d\u00eda 24 de mayo de 2019, se reunieron en primera convocatoria los\/as se\u00f1ores\/as concejales\/as a continuaci\u00f3n relacionados, bajo la Presidencia del Sr. Alcalde, con el objeto de realizar la sesi\u00f3n extraordinaria correspondiente al d\u00eda de la fecha para la que fueron previamente citados.<br \/><em><strong>Asistentes:<\/strong><\/em><br \/><em><strong>Presidente:<\/strong><\/em><br \/>El Sr. Alcalde:<br \/>D. Javier Incera Goyenechea<br \/><em><strong>Concejales:<\/strong><\/em><br \/>D\u00f1a. Mar\u00eda Eugenia Casta\u00f1eda Arrasate<br \/>D. Adri\u00e1n Seti\u00e9n Exp\u00f3sito<br \/>D\u00f1a. Saray Villal\u00f3n Fern\u00e1ndez<br \/>D. Alberto Echevarr\u00eda Ortiz<br \/><em><strong>Secretaria:<\/strong><\/em><br \/>D\u00f1a. Paula Albors Ferreiro, Secretaria del Ayuntamiento de Colindres<br \/><em><strong>Interventor:<\/strong><\/em><br \/>D. Jos\u00e9 Ignacio S\u00e1nchez Mart\u00ednez, Interventor del Ayuntamiento de Colindres<br \/>Con el qu\u00f3rum establecido por las disposiciones legales vigentes para la v\u00e1lida constituci\u00f3n, el Sr. Alcalde declara abierto el acto, adopt\u00e1ndose los siguientes acuerdos conforme al siguiente orden del d\u00eda que figura en la convocatoria:<br \/>1.- FACTURAS Y GASTOS<br \/>1.1.- RELACION DE FACTURAS<br \/>1.2.- OTROS PAGOS<br \/>2.- CONTRATACION<br \/>3.- BASES DE SELECCI\u00d3N DE PERSONAL<br \/>4.- LICENCIAS DE OBRA MENOR<br \/>5.- LICENCIAS DE APERTURA<br \/>6.- AUTORIZACI\u00d3N DE USO DE DOMINIO P\u00daBLICO<br \/>__________________________________________________________________________<\/p>\n<p>[\/et_pb_toggle][et_pb_toggle title=\u00bbACTA DE LA SESI\u00d3N EXTRAORDINARIA DE LA JUNTA DE GOBIERNO LOCAL DE FECHA 12 DE JUNIO DE 2019&#8243; _builder_version=\u00bb4.18.0&#8243; hover_enabled=\u00bb0&#8243; global_colors_info=\u00bb{}\u00bb sticky_enabled=\u00bb0&#8243;]<\/p>\n<p>En la Alcald\u00eda de la Casa Consistorial del Ayuntamiento de Colindres (Cantabria), siendo diecinueve horas y treinta y seis minutos del d\u00eda 12 de junio de 2019, se reunieron en primera convocatoria los\/as se\u00f1ores\/as concejales\/as a continuaci\u00f3n relacionados, bajo la Presidencia del Sr. Alcalde en funciones, D. Javier Incera Goyenechea, con el objeto de realizar la sesi\u00f3n ordinaria correspondiente al d\u00eda de la fecha para la que fueron previamente citados.<br \/><em><strong>Asistentes:<\/strong><\/em><br \/><em><strong>Presidente:<\/strong><\/em><br \/>El Sr. Alcalde:<br \/>D. Javier Incera Goyenechea<br \/><em><strong>Concejales:<\/strong><\/em><br \/>D\u00f1a. Mar\u00eda Eugenia Casta\u00f1eda Arrasate<br \/>D. Adri\u00e1n Seti\u00e9n Exp\u00f3sito<br \/>D\u00f1a. Saray Villal\u00f3n Fern\u00e1ndez<br \/>D. Alberto Echevarr\u00eda Ortiz<br \/><em><strong>Secretaria:<\/strong><\/em><br \/>D\u00f1a. Paula Albors Ferreiro<br \/><em><strong>Interventor:<\/strong><\/em><br \/>D. Jos\u00e9 Ignacio S\u00e1nchez Mart\u00ednez.<br \/>Con el qu\u00f3rum establecido por las disposiciones legales vigentes para la v\u00e1lida constituci\u00f3n, el Sr. Alcalde en funciones declara abierto el acto, adopt\u00e1ndose los siguientes acuerdos conforme al siguiente orden del d\u00eda que figura en la convocatoria:<br \/>1.- APROBACI\u00d3N DE ACTAS DE SESIONES ANTERIORES DE FECHA: 03\/05\/2018, 10\/05\/2018, 17\/05\/2018, 24\/05\/2018, 31\/05\/2018, 07\/06\/2018, 14\/06\/2018, 21\/06\/2018, 29\/06\/2018, 12\/07\/2018, 19\/07\/2018, 26\/07\/2018, 01\/08\/2018, 03\/08\/2018, 21\/08\/2018, 06\/09\/2018, 14\/09\/2018, 20\/09\/2018, 27\/09\/2018, 05\/10\/2018, 17\/10\/2018, 26\/10\/2018, 31\/10\/2018, 15\/11\/2018, 23\/11\/2018, 29\/11\/2018, 10\/12\/2018, 13\/12\/2018, 20\/12\/2018, 28\/12\/2018, 10\/01\/2019, 18\/01\/2019, 30\/01\/2019, 07\/02\/2019, 15\/02\/2019, 21\/02\/2019, 04\/03\/2019, 11\/03\/2019, 18\/03\/2019, 25\/03\/2019, 05\/04\/2019, 26\/04\/2019, 09\/05\/2019, 17\/05\/2019 y 24\/05\/2019<br \/>___________________________________________________________<br \/>1.- APROBACI\u00d3N DE ACTAS DE SESIONES ANTERIORES DE FECHA: 03\/05\/2018, 10\/05\/2018, 17\/05\/2018, 24\/05\/2018, 31\/05\/2018, 07\/06\/2018, 14\/06\/2018, 21\/06\/2018, 29\/06\/2018, 12\/07\/2018, 19\/07\/2018, 26\/07\/2018, 01\/08\/2018, 03\/08\/2018, 21\/08\/2018, 06\/09\/2018, 14\/09\/2018, 20\/09\/2018, 27\/09\/2018, 05\/10\/2018, 17\/10\/2018, 26\/10\/2018, 31\/10\/2018, 15\/11\/2018, 23\/11\/2018, 29\/11\/2018, 10\/12\/2018, 13\/12\/2018, 20\/12\/2018, 28\/12\/2018, 10\/01\/2019, 18\/01\/2019, 30\/01\/2019, 07\/02\/2019, 15\/02\/2019, 21\/02\/2019, 04\/03\/2019, 11\/03\/2019, 18\/03\/2019, 25\/03\/2019, 05\/04\/2019, 26\/04\/2019, 09\/05\/2019, 17\/05\/2019 y 24\/05\/2019<\/p>\n<p>De conformidad con el art. 36.1 y 91 del Reglamento de organizaci\u00f3n, funcionamiento y r\u00e9gimen jur\u00eddico de las corporaciones locales, por el Sr. Alcalde se pregunta si alg\u00fan miembro de la Junta de Gobierno Local quiere formular alguna observaci\u00f3n o reparo al borrador del acta de las sesiones anteriores de fecha: 03\/05\/2018, 10\/05\/2018, 17\/05\/2018, 24\/05\/2018, 31\/05\/2018, 07\/06\/2018, 14\/06\/2018, 21\/06\/2018, 29\/06\/2018, 12\/07\/2018, 19\/07\/2018, 26\/07\/2018, 01\/08\/2018, 03\/08\/2018, 21\/08\/2018, 06\/09\/2018, 14\/09\/2018, 20\/09\/2018, 27\/09\/2018, 05\/10\/2018, 17\/10\/2018, 26\/10\/2018, 31\/10\/2018, 15\/11\/2018, 23\/11\/2018, 29\/11\/2018, 10\/12\/2018, 13\/12\/2018, 20\/12\/2018, 28\/12\/2018, 10\/01\/2019, 18\/01\/2019, 30\/01\/2019, 07\/02\/2019, 15\/02\/2019, 21\/02\/2019, 04\/03\/2019, 11\/03\/2019, 18\/03\/2019, 25\/03\/2019, 05\/04\/2019, 26\/04\/2019, 09\/05\/2019, 17\/05\/2019 y 24\/05\/2019, distribuida junto con la convocatoria de la citaci\u00f3n a la sesi\u00f3n.<br \/>Sometida a votaci\u00f3n las actas de fecha 03\/05\/2018, 10\/05\/2018, 17\/05\/2018, 24\/05\/2018, 31\/05\/2018, 07\/06\/2018, 14\/06\/2018, 21\/06\/2018, 29\/06\/2018, 12\/07\/2018, 19\/07\/2018, 26\/07\/2018, 01\/08\/2018, 03\/08\/2018, 21\/08\/2018, 06\/09\/2018, 14\/09\/2018, 20\/09\/2018, 27\/09\/2018, 05\/10\/2018, 17\/10\/2018, 26\/10\/2018, 31\/10\/2018, 15\/11\/2018, 23\/11\/2018, 29\/11\/2018, 10\/12\/2018, 13\/12\/2018, 20\/12\/2018, 28\/12\/2018, 10\/01\/2019, 18\/01\/2019, 30\/01\/2019, 07\/02\/2019, 15\/02\/2019, 21\/02\/2019, 04\/03\/2019, 11\/03\/2019, 18\/03\/2019, 25\/03\/2019, 05\/04\/2019, 26\/04\/2019, 09\/05\/2019, 17\/05\/2019 y 24\/05\/2019, la Junta de Gobierno Local del ayuntamiento, por unanimidad de los concejales presentes, acuerda presentar aprobaci\u00f3n a las mismas, ordenando la Alcald\u00eda la trascripci\u00f3n de la anterior acta en el Libro de Actas de la Junta de Gobierno Local.<br \/>Y no habiendo m\u00e1s asuntos a tratar comprendidos en el orden del d\u00eda, por el Sr. Alcalde se levanta la sesi\u00f3n siendo las diecinueve horas y treinta y nueve minutos del d\u00eda del encabezamiento, de todo lo que como Secretaria certifico, de orden y con el visto bueno del Sr. Alcalde, con las reservas del art. 206 del ROF, debiendo remitirse copias en cumplimento del art. 56 de la Ley 7\/1985, de 2 de abril.<br \/>El Alcalde, La Secretaria,<br \/>Javier Incera Goyenechea Paula Albors Ferreiro<br \/>Documento firmado digitalmente (Ley 39\/2015, de 1 de octubre)<\/p>\n<p>[\/et_pb_toggle][et_pb_toggle title=\u00bbACTA DE LA SESI\u00d3N ORDINARIA DE LA JUNTA DE GOBIERNO LOCAL DE FECHA 27 DE JUNIO DE 2019&#8243; _builder_version=\u00bb4.18.0&#8243; hover_enabled=\u00bb0&#8243; global_colors_info=\u00bb{}\u00bb sticky_enabled=\u00bb0&#8243;]<\/p>\n<p>En la Alcald\u00eda de la Casa Consistorial del Ayuntamiento de Colindres (Cantabria), siendo las trece horas y quince minutos del d\u00eda 27 de junio de 2019, se reunieron en primera convocatoria los\/as se\u00f1ores\/as concejales\/as a continuaci\u00f3n relacionados, bajo la Presidencia del Sr. Alcalde, con el objeto de realizar la sesi\u00f3n ordinaria correspondiente al d\u00eda de la fecha para la que fueron previamente citados.<br \/><em><strong>Asistentes:<\/strong><\/em><br \/><em><strong>Presidente:<\/strong><\/em><br \/>El Sr. Alcalde:<br \/>D. Javier Incera Goyenechea<br \/><em><strong>Concejales:<\/strong><\/em><br \/>D\u00f1a. Mar\u00eda Eugenia Casta\u00f1eda Arrasate<br \/>D. Adri\u00e1n Seti\u00e9n Exp\u00f3sito<br \/>D\u00f1a. Saray Villal\u00f3n Fern\u00e1ndez<br \/>D. Francisco Javier Mart\u00edn Solar<br \/><em><strong>Secretaria:<\/strong><\/em><br \/>D\u00f1a. Paula Albors Ferreiro, Secretaria del Ayuntamiento de Colindres<br \/><em><strong>Interventor:<\/strong><\/em><br \/>D. Jos\u00e9 Ignacio S\u00e1nchez Mart\u00ednez, Interventor del Ayuntamiento de Colindres<br \/>Con el qu\u00f3rum establecido por las disposiciones legales vigentes para la v\u00e1lida constituci\u00f3n, el Sr. Alcalde declara abierto el acto, adopt\u00e1ndose los siguientes acuerdos conforme al siguiente orden del d\u00eda que figura en la convocatoria:<br \/>1.- FACTURAS Y GASTOS<br \/>1.1.- RELACION DE FACTURAS<br \/>1.2.- OTROS PAGOS<br \/>2.- CONTRATACION<br \/>3.- LICENCIAS DE OBRA MENOR<br \/>4.- LICENCIAS DE OBRA MAYOR<br \/>5.- LICENCIAS DE APERTURA<br \/>6.- AUTORIZACI\u00d3N DE USO DE DOMINIO P\u00daBLICO<br \/>7.- APROBACI\u00d3N DE LIQUIDACIONES TRIBUTARIAS<br \/>8.- DACI\u00d3N DE CUENTA DE SENTENCIAS<\/p>\n<p>[\/et_pb_toggle][et_pb_toggle title=\u00bbACTA DE LA SESI\u00d3N ORDINARIA DE LA JUNTA DE GOBIERNO LOCAL DE FECHA 4 DE JULIO DE 2019&#8243; _builder_version=\u00bb4.18.0&#8243; hover_enabled=\u00bb0&#8243; global_colors_info=\u00bb{}\u00bb sticky_enabled=\u00bb0&#8243;]<\/p>\n<p>En la Alcald\u00eda de la Casa Consistorial del Ayuntamiento de Colindres (Cantabria), siendo las trece horas y treinta y cinco minutos del d\u00eda 4 de julio de 2019, se reunieron en primera convocatoria los\/as se\u00f1ores\/as concejales\/as a continuaci\u00f3n relacionados, bajo la Presidencia del Sr. Alcalde, con el objeto de realizar la sesi\u00f3n ordinaria correspondiente al d\u00eda de la fecha para la que fueron previamente citados.<br \/><em><strong>Asistentes:<\/strong><\/em><br \/><em><strong>Presidente:<\/strong><\/em><br \/>La Sra. Alcaldesa en funciones:<br \/>D\u00f1a. Mar\u00eda Eugenia Casta\u00f1eda Arrasate<br \/><em><strong>Concejales:<\/strong><\/em><br \/>D. Adri\u00e1n Seti\u00e9n Exp\u00f3sito<br \/>D\u00f1a. Saray Villal\u00f3n Fern\u00e1ndez<br \/>D. Francisco Javier Mart\u00edn Solar<br \/><em><strong>Secretaria:<\/strong><\/em><br \/>D\u00f1a. Paula Albors Ferreiro, Secretaria del Ayuntamiento de Colindres<br \/><em><strong>Interventor:<\/strong><\/em><br \/>D. Jos\u00e9 Ignacio S\u00e1nchez Mart\u00ednez, Interventor del Ayuntamiento de Colindres<br \/>Con el qu\u00f3rum establecido por las disposiciones legales vigentes para la v\u00e1lida constituci\u00f3n, el Sr. Alcalde declara abierto el acto, adopt\u00e1ndose los siguientes acuerdos conforme al siguiente orden del d\u00eda que figura en la convocatoria:<br \/>1.- FACTURAS Y GASTOS<br \/>1.1.- OTROS PAGOS<br \/>2.- LICENCIAS DE APERTURA<br \/>3.- AUTORIZACI\u00d3N DE USO DE DOMINIO P\u00daBLICO<br \/>__________________________________________________________________________<\/p>\n<p>[\/et_pb_toggle][et_pb_toggle title=\u00bbACTA DE LA SESI\u00d3N ORDINARIA DE LA JUNTA DE GOBIERNO LOCAL DE FECHA 11 DE JULIO DE 2019&#8243; _builder_version=\u00bb4.18.0&#8243; hover_enabled=\u00bb0&#8243; global_colors_info=\u00bb{}\u00bb sticky_enabled=\u00bb0&#8243;]<\/p>\n<p>En la Alcald\u00eda de la Casa Consistorial del Ayuntamiento de Colindres (Cantabria), siendo las trece horas y veinticinco minutos del d\u00eda 11 de julio de 2019, se reunieron en primera convocatoria los\/as se\u00f1ores\/as concejales\/as a continuaci\u00f3n relacionados, bajo la Presidencia del Sr. Alcalde, con el objeto de realizar la sesi\u00f3n ordinaria correspondiente al d\u00eda de la fecha para la que fueron previamente citados.<br \/><em><strong>Asistentes:<\/strong><\/em><br \/><em><strong>Presidente:<\/strong><\/em><br \/>La Sra. Alcaldesa en funciones:<br \/>D\u00f1a. Mar\u00eda Eugenia Casta\u00f1eda Arrasate<br \/><em><strong>Concejales:<\/strong><\/em><br \/>D. Adri\u00e1n Seti\u00e9n Exp\u00f3sito<br \/>D\u00f1a. Saray Villal\u00f3n Fern\u00e1ndez<br \/>D. Francisco Javier Mart\u00edn Solar<br \/><em><strong>Secretaria:<\/strong><\/em><br \/>D\u00f1a. Paula Albors Ferreiro, Secretaria del Ayuntamiento de Colindres<br \/><em><strong>Interventor:<\/strong><\/em><br \/>D. Jos\u00e9 Ignacio S\u00e1nchez Mart\u00ednez, Interventor del Ayuntamiento de Colindres<br \/>Con el qu\u00f3rum establecido por las disposiciones legales vigentes para la v\u00e1lida constituci\u00f3n, el Sr. Alcalde declara abierto el acto, adopt\u00e1ndose los siguientes acuerdos conforme al siguiente orden del d\u00eda que figura en la convocatoria:<br \/>1.- FACTURAS Y GASTOS<br \/>1.1.- RELACION DE FACTURAS<br \/>1.2.- OTROS PAGOS<br \/>2.- CONTRATACI\u00d3N<br \/>3.- LICENCIAS DE OBRA MENOR<br \/>4.- LICENCIAS DE OBRA MAYOR<br \/>5.- AUTORIZACI\u00d3N DE USO DE DOMINIO P\u00daBLICO<br \/>6.- APROBACI\u00d3N DE LIQUIDACIONES TRIBUTARIAS<br \/>__________________________________________________________________________<\/p>\n<p>[\/et_pb_toggle][et_pb_toggle title=\u00bbACTA DE LA SESI\u00d3N EXTRAORDINARIA DE LA JUNTA DE GOBIERNO LOCAL DE FECHA 22 DE JULIO DE 2019&#8243; _builder_version=\u00bb4.18.0&#8243; hover_enabled=\u00bb0&#8243; global_colors_info=\u00bb{}\u00bb sticky_enabled=\u00bb0&#8243;]<\/p>\n<p>En la Alcald\u00eda de la Casa Consistorial del Ayuntamiento de Colindres (Cantabria), siendo las trece horas y quince minutos del d\u00eda 22 de julio de 2019, se reunieron en primera convocatoria los\/as se\u00f1ores\/as concejales\/as a continuaci\u00f3n relacionados, bajo la Presidencia del Sr. Alcalde, con el objeto de realizar la sesi\u00f3n extraordinaria correspondiente al d\u00eda de la fecha para la que fueron previamente citados.<br \/><em><strong>Asistentes:<\/strong><\/em><br \/><em><strong>Presidente:<\/strong><\/em><br \/>El Sr. Alcalde:<br \/>D. Javier Incera Goyenechea<br \/><em><strong>Concejales:<\/strong><\/em><br \/>D\u00f1a. Mar\u00eda Eugenia Casta\u00f1eda Arrasate<br \/>D. Adri\u00e1n Seti\u00e9n Exp\u00f3sito<br \/>D. Francisco Javier Mart\u00edn Solar<br \/><em><strong>Secretaria:<\/strong><\/em><br \/>D\u00f1a. Paula Albors Ferreiro, Secretaria del Ayuntamiento de Colindres<br \/>Con el qu\u00f3rum establecido por las disposiciones legales vigentes para la v\u00e1lida constituci\u00f3n, el Sr. Alcalde declara abierto el acto, adopt\u00e1ndose los siguientes acuerdos conforme al siguiente orden del d\u00eda que figura en la convocatoria:<br \/>1.- FACTURAS Y GASTOS<br \/>1.1.- OTROS PAGOS<br \/>2.- LICENCIAS DE OBRA MENOR<br \/>3.- LICENCIAS DE APERTURA<br \/>4.- AUTORIZACI\u00d3N DE USO DE DOMINIO P\u00daBLICO<br \/>__________________________________________________________________________<\/p>\n<p>[\/et_pb_toggle][et_pb_toggle title=\u00bbACTA DE LA SESI\u00d3N EXTRAORDINARIA DE LA JUNTA DE GOBIERNO LOCAL DE FECHA 02 DE AGOSTO DE 2019&#8243; _builder_version=\u00bb4.18.0&#8243; hover_enabled=\u00bb0&#8243; global_colors_info=\u00bb{}\u00bb sticky_enabled=\u00bb0&#8243;]<\/p>\n<p>En la Alcald\u00eda de la Casa Consistorial del Ayuntamiento de Colindres (Cantabria), siendo las trece horas y cuarenta y un minutos del d\u00eda 02 de agosto de 2019, se reunieron en primera convocatoria los\/as se\u00f1ores\/as concejales\/as a continuaci\u00f3n relacionados, bajo la Presidencia del Sr. Alcalde, con el objeto de realizar la sesi\u00f3n extraordinaria correspondiente al d\u00eda de la fecha para la que fueron previamente citados.<br \/><em><strong>Asistentes:<\/strong><\/em><br \/><em><strong>Presidente:<\/strong><\/em><br \/>El Sr. Alcalde:<br \/>D. Javier Incera Goyenechea<br \/><em><strong>Concejales:<\/strong><\/em><br \/>D\u00f1a. Mar\u00eda Eugenia Casta\u00f1eda Arrasate<br \/>D. Adri\u00e1n Seti\u00e9n Exp\u00f3sito<br \/>D\u00f1a. Saray Villal\u00f3n Fern\u00e1ndez<br \/><em><strong>Secretaria:<\/strong><\/em><br \/>D\u00f1a. Paula Albors Ferreiro, Secretaria del Ayuntamiento de Colindres<br \/><em><strong>Interventor:<\/strong><\/em><br \/>D. Jos\u00e9 Ignacio S\u00e1nchez Mart\u00ednez, Interventor del Ayuntamiento de Colindres<br \/>Con el qu\u00f3rum establecido por las disposiciones legales vigentes para la v\u00e1lida constituci\u00f3n, el Sr. Alcalde declara abierto el acto, adopt\u00e1ndose los siguientes acuerdos conforme al siguiente orden del d\u00eda que figura en la convocatoria:<br \/>1.- FACTURAS Y GASTOS<br \/>1.1.- RELACI\u00d3N DE FACTURAS<br \/>1.2.- OTROS PAGOS<br \/>2.- CONTRATACI\u00d3N<br \/>3.- LICENCIAS DE OBRA MAYOR<br \/>4.- AUTORIZACI\u00d3N DE USO DE DOMINIO P\u00daBLICO<br \/>5.- APROBACI\u00d3N DE LIQUIDACIONES TRIBUTARIAS<br \/>____________________________________________________________________________________<\/p>\n<p>[\/et_pb_toggle][et_pb_toggle title=\u00bbACTA DE LA SESI\u00d3N ORDINARIA DE LA JUNTA DE GOBIERNO LOCAL DE FECHA 16 DE AGOSTO DE 2019&#8243; _builder_version=\u00bb4.18.0&#8243; hover_enabled=\u00bb0&#8243; global_colors_info=\u00bb{}\u00bb sticky_enabled=\u00bb0&#8243;]<\/p>\n<p>En la Alcald\u00eda de la Casa Consistorial del Ayuntamiento de Colindres (Cantabria), siendo las trece horas y veinticinco minutos del d\u00eda 16 de agosto de 2019, se reunieron en primera convocatoria los\/as se\u00f1ores\/as concejales\/as a continuaci\u00f3n relacionados, bajo la Presidencia del Sr. Alcalde, con el objeto de realizar la sesi\u00f3n ordinaria correspondiente al d\u00eda de la fecha para la que fueron previamente citados.<br \/><em><strong>Asistentes:<\/strong><\/em><br \/><em><strong>Presidente:<\/strong><\/em><br \/>El Sr. Alcalde:<br \/>D. Javier Incera Goyenechea<br \/><em><strong>Concejales:<\/strong><\/em><br \/>D\u00f1a. Mar\u00eda Eugenia Casta\u00f1eda Arrasate<br \/>D. Adri\u00e1n Seti\u00e9n Exp\u00f3sito<br \/>D\u00f1a. Saray Villal\u00f3n Fern\u00e1ndez<br \/>D. Francisco Javier Mart\u00edn Solar<br \/><em><strong>Secretaria:<\/strong><\/em><br \/>D\u00f1a. Marta Rebollo Santos, Secretaria accidental del Ayuntamiento de Colindres<br \/>Con el qu\u00f3rum establecido por las disposiciones legales vigentes para la v\u00e1lida constituci\u00f3n, el Sr. Alcalde declara abierto el acto, adopt\u00e1ndose los siguientes acuerdos conforme al siguiente orden del d\u00eda que figura en la convocatoria:<br \/>1.- FACTURAS Y GASTOS<br \/>1.1.- RELACI\u00d3N DE FACTURAS<br \/>1.2.- OTROS PAGOS<br \/>2.- APROBACI\u00d3N BASES DE SELECCI\u00d3N DE PERSONAL<br \/>3.- APROBACI\u00d3N DE LIQUIDACIONES TRIBUTARIAS<br \/>___________________________________________________________________________________________________<\/p>\n<p>[\/et_pb_toggle][et_pb_toggle title=\u00bbACTA DE LA SESI\u00d3N EXTRAORDINARIA DE LA JUNTA DE GOBIERNO LOCAL DE FECHA 27 DE AGOSTO DE 2019&#8243; _builder_version=\u00bb4.18.0&#8243; hover_enabled=\u00bb0&#8243; global_colors_info=\u00bb{}\u00bb sticky_enabled=\u00bb0&#8243;]<\/p>\n<p>En la Alcald\u00eda de la Casa Consistorial del Ayuntamiento de Colindres (Cantabria), siendo las trece horas y veinticinco minutos del d\u00eda 27 de agosto de 2019, se reunieron en primera convocatoria los\/as se\u00f1ores\/as concejales\/as a continuaci\u00f3n relacionados, bajo la Presidencia del Sr. Alcalde, con el objeto de realizar la sesi\u00f3n extraordinaria correspondiente al d\u00eda de la fecha para la que fueron previamente citados.<br \/><em><strong>Asistentes:<\/strong><\/em><br \/><em><strong>Presidente:<\/strong><\/em><br \/>El Sr. Alcalde:<br \/>D. Javier Incera Goyenechea<br \/><em><strong>Concejales:<\/strong><\/em><br \/>D\u00f1a. Mar\u00eda Eugenia Casta\u00f1eda Arrasate<br \/>D. Adri\u00e1n Seti\u00e9n Exp\u00f3sito<br \/>D\u00f1a. Saray Villal\u00f3n Fern\u00e1ndez<br \/>D. Francisco Javier Mart\u00edn Solar<br \/><em><strong>Secretaria:<\/strong><\/em><br \/>D\u00f1a. Marta Rebollo Santos, Secretaria accidental del Ayuntamiento de Colindres<br \/><em><strong>Interventor:<\/strong><\/em><br \/>D. Jos\u00e9 Ignacio S\u00e1nchez Mart\u00ednez, Interventor del Ayuntamiento de Colindres<br \/>Con el qu\u00f3rum establecido por las disposiciones legales vigentes para la v\u00e1lida constituci\u00f3n, el Sr. Alcalde declara abierto el acto, adopt\u00e1ndose los siguientes acuerdos conforme al siguiente orden del d\u00eda que figura en la convocatoria:<br \/>1.- FACTURAS Y GASTOS<br \/>1.1.- RELACI\u00d3N DE FACTURAS<br \/>1.2.- OTROS PAGOS<br \/>2.- CONTRATACION<br \/>3.- LICENCIAS DE OBRA MENOR<br \/>4.- AUTORIZACIONES DE USO DE DOMINIO PUBLICO<br \/>5.- SOLICITUD DE SUBVENCIONES<br \/>__________________________________________________________________________<\/p>\n<p>[\/et_pb_toggle][et_pb_toggle title=\u00bbACTA DE LA SESI\u00d3N ORDINARIA DE LA JUNTA DE GOBIERNO LOCAL DE FECHA 12 DE SEPTIEMBRE DE 2019&#8243; _builder_version=\u00bb4.18.0&#8243; hover_enabled=\u00bb0&#8243; global_colors_info=\u00bb{}\u00bb sticky_enabled=\u00bb0&#8243;]<\/p>\n<p>En la Alcald\u00eda de la Casa Consistorial del Ayuntamiento de Colindres (Cantabria), siendo las doce horas y treinta minutos del d\u00eda 12 de septiembre de 2019, se reunieron en primera convocatoria los\/as se\u00f1ores\/as concejales\/as a continuaci\u00f3n relacionados, bajo la Presidencia del Sr. Alcalde, con el objeto de realizar la sesi\u00f3n ordinaria correspondiente al d\u00eda de la fecha para la que fueron previamente citados.<br \/><em><strong>Asistentes:<\/strong><\/em><br \/><em><strong>Presidente:<\/strong><\/em><br \/>El Sr. Alcalde:<br \/>D. Javier Incera Goyenechea<br \/><em><strong>Concejales:<\/strong><\/em><br \/>D. Adri\u00e1n Seti\u00e9n Exp\u00f3sito<br \/>D\u00f1a. Saray Villal\u00f3n Fern\u00e1ndez<br \/>D. Francisco Javier Mart\u00edn Solar<br \/><em><strong>Secretaria:<\/strong><\/em><br \/>D\u00f1a. Paula Albors Ferreiro, Secretaria del Ayuntamiento de Colindres<br \/><em><strong>Interventor:<\/strong><\/em><br \/>D. Jos\u00e9 Ignacio S\u00e1nchez Mart\u00ednez, Interventor del Ayuntamiento de Colindres<br \/>Con el qu\u00f3rum establecido por las disposiciones legales vigentes para la v\u00e1lida constituci\u00f3n, el Sr. Alcalde declara abierto el acto, adopt\u00e1ndose los siguientes acuerdos conforme al siguiente orden del d\u00eda que figura en la convocatoria:<br \/>1.- FACTURAS Y GASTOS<br \/>1.1.- OTROS PAGOS<br \/>2.- CONTRATACION<br \/>3.- LICENCIAS DE OBRA MENOR<br \/>4.- LICENCIAS DE APERTURA<br \/>5.- AUTORIZACIONES DE USO DE DOMINIO PUBLICO<br \/>6.- APROBACI\u00d3N LIQUIDACIONES TRIBUTARIAS<br \/>___________________________________________________________________________<\/p>\n<p>[\/et_pb_toggle][et_pb_toggle title=\u00bbACTA DE LA SESI\u00d3N ORDINARIA DE LA JUNTA DE GOBIERNO LOCAL DE FECHA 19 DE SEPTIEMBRE DE 2019&#8243; _builder_version=\u00bb4.18.0&#8243; hover_enabled=\u00bb0&#8243; global_colors_info=\u00bb{}\u00bb sticky_enabled=\u00bb0&#8243;]<\/p>\n<p>En la Alcald\u00eda de la Casa Consistorial del Ayuntamiento de Colindres (Cantabria), siendo las trece horas y treinta minutos del d\u00eda 19 de septiembre de 2019, se reunieron en primera convocatoria los\/as se\u00f1ores\/as concejales\/as a continuaci\u00f3n relacionados, bajo la Presidencia del Sr. Alcalde, con el objeto de realizar la sesi\u00f3n ordinaria correspondiente al d\u00eda de la fecha para la que fueron previamente citados.<br \/><em><strong>Asistentes:<\/strong><\/em><br \/><em><strong>Presidente:<\/strong><\/em><br \/>El Sr. Alcalde:<br \/>D. Javier Incera Goyenechea<br \/><em><strong>Concejales:<\/strong><\/em><br \/>D\u00f1a. Mar\u00eda Eugenia Casta\u00f1eda Arrasate<br \/>D. Adri\u00e1n Seti\u00e9n Exp\u00f3sito<br \/>D\u00f1a. Saray Villal\u00f3n Fern\u00e1ndez<br \/>D. Francisco Javier Mart\u00edn Solar<br \/><em><strong>Secretaria:<\/strong><\/em><br \/>D\u00f1a. Paula Albors Ferreiro, Secretaria del Ayuntamiento de Colindres<br \/>Con el qu\u00f3rum establecido por las disposiciones legales vigentes para la v\u00e1lida constituci\u00f3n, el Sr. Alcalde declara abierto el acto, adopt\u00e1ndose los siguientes acuerdos conforme al siguiente orden del d\u00eda que figura en la convocatoria:<br \/>1.- FACTURAS Y GASTOS<br \/>1.1.- OTROS PAGOS<br \/>2.- CONTRATACION<br \/>3.- APROBACI\u00d3N LIQUIDACIONES TRIBUTARIAS<br \/>__________________________________________________________________________<\/p>\n<p>[\/et_pb_toggle][et_pb_toggle title=\u00bbACTA DE LA SESI\u00d3N ORDINARIA DE LA JUNTA DE GOBIERNO LOCAL DE FECHA 19 DE SEPTIEMBRE DE 2019&#8243; _builder_version=\u00bb4.18.0&#8243; hover_enabled=\u00bb0&#8243; global_colors_info=\u00bb{}\u00bb sticky_enabled=\u00bb0&#8243;]<\/p>\n<p>En la Alcald\u00eda de la Casa Consistorial del Ayuntamiento de Colindres (Cantabria), siendo las trece horas y treinta minutos del d\u00eda 19 de septiembre de 2019, se reunieron en primera convocatoria los\/as se\u00f1ores\/as concejales\/as a continuaci\u00f3n relacionados, bajo la Presidencia del Sr. Alcalde, con el objeto de realizar la sesi\u00f3n ordinaria correspondiente al d\u00eda de la fecha para la que fueron previamente citados.<br \/><em><strong>Asistentes:<\/strong><\/em><br \/><em><strong>Presidente:<\/strong><\/em><br \/>El Sr. Alcalde:<br \/>D. Javier Incera Goyenechea<br \/><em><strong>Concejales:<\/strong><\/em><br \/>D\u00f1a. Mar\u00eda Eugenia Casta\u00f1eda Arrasate<br \/>D. Adri\u00e1n Seti\u00e9n Exp\u00f3sito<br \/>D\u00f1a. Saray Villal\u00f3n Fern\u00e1ndez<br \/>D. Francisco Javier Mart\u00edn Solar<br \/><em><strong>Secretaria:<\/strong><\/em><br \/>D\u00f1a. Paula Albors Ferreiro, Secretaria del Ayuntamiento de Colindres<br \/>Con el qu\u00f3rum establecido por las disposiciones legales vigentes para la v\u00e1lida constituci\u00f3n, el Sr. Alcalde declara abierto el acto, adopt\u00e1ndose los siguientes acuerdos conforme al siguiente orden del d\u00eda que figura en la convocatoria:<br \/>1.- FACTURAS Y GASTOS<br \/>1.1.- OTROS PAGOS<br \/>2.- CONTRATACION<br \/>3.- APROBACI\u00d3N LIQUIDACIONES TRIBUTARIAS<br \/>__________________________________________________________________________<\/p>\n<p>[\/et_pb_toggle][et_pb_toggle title=\u00bbACTA DE LA SESI\u00d3N ORDINARIA DE LA JUNTA DE GOBIERNO LOCAL DE FECHA 26 DE SEPTIEMBRE DE 2019&#8243; _builder_version=\u00bb4.18.0&#8243; hover_enabled=\u00bb0&#8243; global_colors_info=\u00bb{}\u00bb sticky_enabled=\u00bb0&#8243;]<\/p>\n<p>En la Alcald\u00eda de la Casa Consistorial del Ayuntamiento de Colindres (Cantabria), siendo las trece horas y cuarenta y cinco minutos del d\u00eda 26 de septiembre de 2019, se reunieron en primera convocatoria los\/as se\u00f1ores\/as concejales\/as a continuaci\u00f3n relacionados, bajo la Presidencia del Sr. Alcalde, con el objeto de realizar la sesi\u00f3n ordinaria correspondiente al d\u00eda de la fecha para la que fueron previamente citados.<br \/><em><strong>Asistentes:<\/strong><\/em><br \/><em><strong>Presidenta:<\/strong><\/em><br \/>La Sra. Alcaldesa en funciones<br \/>D\u00f1a. Mar\u00eda Eugenia Casta\u00f1eda Arrasate<br \/><em><strong>Concejales:<\/strong><\/em><br \/>D. Adri\u00e1n Seti\u00e9n Exp\u00f3sito<br \/>D\u00f1a. Saray Villal\u00f3n Fern\u00e1ndez<br \/>D. Francisco Javier Mart\u00edn Solar<br \/><em><strong>Secretaria:<\/strong><\/em><br \/>D\u00f1a. Paula Albors Ferreiro, Secretaria del Ayuntamiento de Colindres<br \/><em><strong>Interventor:<\/strong><\/em><br \/>D. Jos\u00e9 Ignacio S\u00e1nchez Mart\u00ednez, Interventor del Ayuntamiento de Colindres<br \/>Con el qu\u00f3rum establecido por las disposiciones legales vigentes para la v\u00e1lida constituci\u00f3n, el Sr. Alcalde declara abierto el acto, adopt\u00e1ndose los siguientes acuerdos conforme al siguiente orden del d\u00eda que figura en la convocatoria:<br \/>1.- FACTURAS Y GASTOS<br \/>1.1.- RELACI\u00d3N DE FACTURAS<br \/>1.2.- OTROS PAGOS<br \/>2.- CONTRATACION<br \/>3.- LICENCIAS DE OBRA MENOR<br \/>4.- APROBACI\u00d3N LIQUIDACIONES TRIBUTARIAS<br \/>5.- SUBVENCIONES<br \/>__________________________________________________________________________<\/p>\n<p>[\/et_pb_toggle][et_pb_toggle title=\u00bbACTA DE LA SESI\u00d3N ORDINARIA DE LA JUNTA DE GOBIERNO LOCAL DE FECHA 03 DE OCTUBRE DE 2019&#8243; _builder_version=\u00bb4.18.0&#8243; hover_enabled=\u00bb0&#8243; global_colors_info=\u00bb{}\u00bb sticky_enabled=\u00bb0&#8243;]<\/p>\n<p>En la Alcald\u00eda de la Casa Consistorial del Ayuntamiento de Colindres (Cantabria), siendo las trece horas y treinta y cinco minutos del d\u00eda 03 de octubre de 2019, se reunieron en primera convocatoria los\/as se\u00f1ores\/as concejales\/as a continuaci\u00f3n relacionados, bajo la Presidencia del Sr. Alcalde, con el objeto de realizar la sesi\u00f3n ordinaria correspondiente al d\u00eda de la fecha para la que fueron previamente citados.<br \/><em><strong>Asistentes:<\/strong><\/em><br \/><em><strong>Presidente:<\/strong><\/em><br \/>El Sr. Alcalde:<br \/>D. Javier Incera Goyenechea<br \/><em><strong>Concejales:<\/strong><\/em><br \/>D\u00f1a. Mar\u00eda Eugenia Casta\u00f1eda Arrasate<br \/>D. Adri\u00e1n Seti\u00e9n Exp\u00f3sito<br \/>D\u00f1a. Saray Villal\u00f3n Fern\u00e1ndez<br \/>D. Francisco Javier Mart\u00edn Solar<br \/><em><strong>Secretaria:<\/strong><\/em><br \/>D\u00f1a. Paula Albors Ferreiro, Secretaria del Ayuntamiento de Colindres<br \/><em><strong>Interventor:<\/strong><\/em><br \/>D. Jos\u00e9 Ignacio S\u00e1nchez Mart\u00ednez, Interventor del Ayuntamiento de Colindres<br \/>Con el qu\u00f3rum establecido por las disposiciones legales vigentes para la v\u00e1lida constituci\u00f3n, el Sr. Alcalde declara abierto el acto, adopt\u00e1ndose los siguientes acuerdos conforme al siguiente orden del d\u00eda que figura en la convocatoria:<br \/>1.- FACTURAS Y GASTOS<br \/>1.1.- OTROS PAGOS<br \/>2.- CONTRATACION<br \/>3.- CONCESION PROVISIONAL SUBVENCIONES<br \/>4.- LICENCIAS DE OBRA MENOR<br \/>5.- AUTORIZACIONES EN SUELO R\u00daSTICO<br \/>__________________________________________________________________________<\/p>\n<p>[\/et_pb_toggle][et_pb_toggle title=\u00bbACTA DE LA SESI\u00d3N ORDINARIA DE LA JUNTA DE GOBIERNO LOCAL DE FECHA 10 DE OCTUBRE DE 2019&#8243; _builder_version=\u00bb4.18.0&#8243; hover_enabled=\u00bb0&#8243; global_colors_info=\u00bb{}\u00bb sticky_enabled=\u00bb0&#8243;]<\/p>\n<p>En la Alcald\u00eda de la Casa Consistorial del Ayuntamiento de Colindres (Cantabria), siendo las trece horas y treinta minutos del d\u00eda 10 de octubre de 2019, se reunieron en primera convocatoria los\/as se\u00f1ores\/as concejales\/as a continuaci\u00f3n relacionados, bajo la Presidencia del Sr. Alcalde, con el objeto de realizar la sesi\u00f3n ordinaria correspondiente al d\u00eda de la fecha para la que fueron previamente citados.<br \/><em><strong>Asistentes:<\/strong><\/em><br \/><em><strong>Presidente:<\/strong><\/em><br \/>El Sr. Alcalde:<br \/>D. Javier Incera Goyenechea<br \/><em><strong>Concejales:<\/strong><\/em><br \/>D. Adri\u00e1n Seti\u00e9n Exp\u00f3sito<br \/>D. Francisco Javier Mart\u00edn Solar<br \/><em><strong>Secretaria:<\/strong><\/em><br \/>D\u00f1a. Paula Albors Ferreiro, Secretaria del Ayuntamiento de Colindres<br \/><em><strong>Interventor:<\/strong><\/em><br \/>D. Jos\u00e9 Ignacio S\u00e1nchez Mart\u00ednez, Interventor del Ayuntamiento de Colindres<br \/>Con el qu\u00f3rum establecido por las disposiciones legales vigentes para la v\u00e1lida constituci\u00f3n, el Sr. Alcalde declara abierto el acto, adopt\u00e1ndose los siguientes acuerdos conforme al siguiente orden del d\u00eda que figura en la convocatoria:<br \/>1.- FACTURAS Y GASTOS<br \/>1.1.- RELACI\u00d3N DE FACTURAS<br \/>1.2.- OTROS PAGOS<br \/>2.- CONTRATACION<br \/>3.- LICENCIAS DE OBRA MENOR<br \/>4.- LICENCIAS DE OBRA MAYOR<br \/>5.- LICENCIAS DE APERTURA<br \/>6.- APROBACI\u00d3N LIQUIDACIONES TRIBUTARIAS<br \/>__________________________________________________________________________<\/p>\n<p>[\/et_pb_toggle][et_pb_toggle title=\u00bbACTA DE LA SESI\u00d3N ORDINARIA DE LA JUNTA DE GOBIERNO LOCAL DE FECHA 10 DE OCTUBRE DE 2019&#8243; _builder_version=\u00bb4.18.0&#8243; hover_enabled=\u00bb0&#8243; global_colors_info=\u00bb{}\u00bb sticky_enabled=\u00bb0&#8243;]<\/p>\n<p>En la Alcald\u00eda de la Casa Consistorial del Ayuntamiento de Colindres (Cantabria), siendo las trece horas y treinta minutos del d\u00eda 10 de octubre de 2019, se reunieron en primera convocatoria los\/as se\u00f1ores\/as concejales\/as a continuaci\u00f3n relacionados, bajo la Presidencia del Sr. Alcalde, con el objeto de realizar la sesi\u00f3n ordinaria correspondiente al d\u00eda de la fecha para la que fueron previamente citados.<br \/><em><strong>Asistentes:<\/strong><\/em><br \/><em><strong>Presidente:<\/strong><\/em><br \/>El Sr. Alcalde:<br \/>D. Javier Incera Goyenechea<br \/><em><strong>Concejales:<\/strong><\/em><br \/>D. Adri\u00e1n Seti\u00e9n Exp\u00f3sito<br \/>D. Francisco Javier Mart\u00edn Solar<br \/><em><strong>Secretaria:<\/strong><\/em><br \/>D\u00f1a. Paula Albors Ferreiro, Secretaria del Ayuntamiento de Colindres<br \/><em><strong>Interventor:<\/strong><\/em><br \/>D. Jos\u00e9 Ignacio S\u00e1nchez Mart\u00ednez, Interventor del Ayuntamiento de Colindres<br \/>Con el qu\u00f3rum establecido por las disposiciones legales vigentes para la v\u00e1lida constituci\u00f3n, el Sr. Alcalde declara abierto el acto, adopt\u00e1ndose los siguientes acuerdos conforme al siguiente orden del d\u00eda que figura en la convocatoria:<br \/>1.- FACTURAS Y GASTOS<br \/>1.1.- RELACI\u00d3N DE FACTURAS<br \/>1.2.- OTROS PAGOS<br \/>2.- CONTRATACION<br \/>3.- LICENCIAS DE OBRA MENOR<br \/>4.- LICENCIAS DE OBRA MAYOR<br \/>5.- LICENCIAS DE APERTURA<br \/>6.- APROBACI\u00d3N LIQUIDACIONES TRIBUTARIAS<br \/>__________________________________________________________________________<\/p>\n<p>[\/et_pb_toggle][et_pb_toggle title=\u00bbACTA DE LA SESI\u00d3N ORDINARIA DE LA JUNTA DE GOBIERNO LOCAL DE FECHA 17 DE OCTUBRE DE 2019&#8243; _builder_version=\u00bb4.18.0&#8243; hover_enabled=\u00bb0&#8243; global_colors_info=\u00bb{}\u00bb sticky_enabled=\u00bb0&#8243;]<\/p>\n<p>En la Alcald\u00eda de la Casa Consistorial del Ayuntamiento de Colindres (Cantabria), siendo las trece horas y treinta y cinco minutos del d\u00eda 17 de octubre de 2019, se reunieron en primera convocatoria los\/as se\u00f1ores\/as concejales\/as a continuaci\u00f3n relacionados, bajo la Presidencia del Sr. Alcalde, con el objeto de realizar la sesi\u00f3n ordinaria correspondiente al d\u00eda de la fecha para la que fueron previamente citados.<br \/><em><strong>Asistentes:<\/strong><\/em><br \/><em><strong>Presidente:<\/strong><\/em><br \/>El Sr. Alcalde:<br \/>D. Javier Incera Goyenechea<br \/><em><strong>Concejales:<\/strong><\/em><br \/>D. Adri\u00e1n Seti\u00e9n Exp\u00f3sito<br \/>D\u00f1a. Saray Villal\u00f3n Fern\u00e1ndez<br \/>D. Francisco Javier Mart\u00edn Solar<br \/><em><strong>Secretaria:<\/strong><\/em><br \/>D\u00f1a. Paula Albors Ferreiro, Secretaria del Ayuntamiento de Colindres<br \/><em><strong>Interventor:<\/strong><\/em><br \/>D. Jos\u00e9 Ignacio S\u00e1nchez Mart\u00ednez, Interventor del Ayuntamiento de Colindres<br \/>Con el qu\u00f3rum establecido por las disposiciones legales vigentes para la v\u00e1lida constituci\u00f3n, el Sr. Alcalde declara abierto el acto, adopt\u00e1ndose los siguientes acuerdos conforme al siguiente orden del d\u00eda que figura en la convocatoria:<br \/>1.- FACTURAS Y GASTOS<br \/>1.1.- OTROS PAGOS<br \/>2.- CONTRATACION<br \/>3.- APROBACI\u00d3N LIQUIDACIONES TRIBUTARIAS<br \/>4.- SOLICITUD DE SUBVENCIONES<br \/>__________________________________________________________________________<\/p>\n<p>[\/et_pb_toggle][et_pb_toggle title=\u00bbACTA DE LA SESI\u00d3N ORDINARIA DE LA JUNTA DE GOBIERNO LOCAL DE FECHA 24 DE OCTUBRE DE 2019&#8243; _builder_version=\u00bb4.18.0&#8243; hover_enabled=\u00bb0&#8243; global_colors_info=\u00bb{}\u00bb sticky_enabled=\u00bb0&#8243;]<\/p>\n<p>En la Alcald\u00eda de la Casa Consistorial del Ayuntamiento de Colindres (Cantabria), siendo las trece horas y cuarenta y seis minutos del d\u00eda 24 de octubre de 2019, se reunieron en primera convocatoria los\/as se\u00f1ores\/as concejales\/as a continuaci\u00f3n relacionados, bajo la Presidencia del Sr. Alcalde, con el objeto de realizar la sesi\u00f3n ordinaria correspondiente al d\u00eda de la fecha para la que fueron previamente citados.<br \/><em><strong>Asistentes:<\/strong><\/em><br \/><em><strong>Presidente:<\/strong><\/em><br \/>El Sr. Alcalde:<br \/>D. Javier Incera Goyenechea<br \/><em><strong>Concejales:<\/strong><\/em><br \/>D\u00f1a. Mar\u00eda Eugenia Casta\u00f1eda Arrasate<br \/>D. Adri\u00e1n Seti\u00e9n Exp\u00f3sito<br \/>D\u00f1a. Saray Villal\u00f3n Fern\u00e1ndez<br \/>D. Francisco Javier Mart\u00edn Solar<br \/><em><strong>Secretaria:<\/strong><\/em><br \/>D\u00f1a. Paula Albors Ferreiro, Secretaria del Ayuntamiento de Colindres<br \/><em><strong>Interventor:<\/strong><\/em><br \/>D. Jos\u00e9 Ignacio S\u00e1nchez Mart\u00ednez, Interventor del Ayuntamiento de Colindres<br \/>Con el qu\u00f3rum establecido por las disposiciones legales vigentes para la v\u00e1lida constituci\u00f3n, el Sr. Alcalde declara abierto el acto, adopt\u00e1ndose los siguientes acuerdos conforme al siguiente orden del d\u00eda que figura en la convocatoria:<br \/>1.- FACTURAS Y GASTOS<br \/>1.1.- RELACI\u00d3N DE FACTURAS<br \/>1.2.- OTROS PAGOS<br \/>2.- CONTRATACION<br \/>3.- LICENCIAS DE OBRA<br \/>4.- AUTORIZACIONES DE USO DE DOMINIO P\u00daBLICO<br \/>5.- APROBACI\u00d3N LIQUIDACIONES TRIBUTARIAS<br \/>__________________________________________________________________________<\/p>\n<p>[\/et_pb_toggle][et_pb_toggle title=\u00bbACTA DE LA SESI\u00d3N ORDINARIA DE LA JUNTA DE GOBIERNO LOCAL DE FECHA 29 DE OCTUBRE DE 2019&#8243; _builder_version=\u00bb4.18.0&#8243; hover_enabled=\u00bb0&#8243; global_colors_info=\u00bb{}\u00bb sticky_enabled=\u00bb0&#8243;]<\/p>\n<p>En la Alcald\u00eda de la Casa Consistorial del Ayuntamiento de Colindres (Cantabria), siendo las trece horas y cuarenta minutos del d\u00eda 29 de octubre de 2019, se reunieron en primera convocatoria los\/as se\u00f1ores\/as concejales\/as a continuaci\u00f3n relacionados, bajo la Presidencia del Sr. Alcalde, con el objeto de realizar la sesi\u00f3n extraordinaria correspondiente al d\u00eda de la fecha para la que fueron previamente citados.<br \/><em><strong>Asistentes:<\/strong><\/em><br \/><em><strong>Presidente:<\/strong><\/em><br \/>El Sr. Alcalde:<br \/>D. Javier Incera Goyenechea<br \/><em><strong>Concejales:<\/strong><\/em><br \/>D\u00f1a. Mar\u00eda Eugenia Casta\u00f1eda Arrasate<br \/>D. Adri\u00e1n Seti\u00e9n Exp\u00f3sito<br \/>D\u00f1a. Saray Villal\u00f3n Fern\u00e1ndez<br \/>D. Francisco Javier Mart\u00edn Solar<br \/><em><strong>Secretaria:<\/strong><\/em><br \/>D\u00f1a. Paula Albors Ferreiro\u00f1a. Paula Albors Ferreiro \u00f1a. Paula Albors Ferreiro\u00f1a. Paula Albors Ferreiro \u00f1a. Paula Albors Ferreiro\u00f1a. Paula Albors Ferreiro \u00f1a. Paula Albors Ferreiro\u00f1a. Paula Albors Ferreiro\u00f1a. Paula Albors Ferreiro\u00f1a. Paula Albors Ferreiro \u00f1a. Paula Albors Ferreiro\u00f1a. Paula Albors Ferreiro\u00f1a. Paula Albors Ferreiro\u00f1a. Paula Albors Ferreiro\u00f1a. Paula Albors Ferreiro\u00f1a. Paula Albors Ferreiro\u00f1a. Paula Albors Ferreiro\u00f1a. Paula Albors Ferreiro, S, S ecr etaritari taria del del del del Ayuntamiento de C yuntamiento de Cyuntamiento de Cyuntamiento de C yuntamiento de Cyuntamiento de Cyuntamiento de Cyuntamiento de Cyuntamiento de Cyuntamiento de C yuntamiento de Cyuntamiento de C olindresolindresolindresolindresolindresolindresolindresolindres<br \/><em><strong>Interventor:<\/strong><\/em><br \/>D. Jos\u00e9 Ignacio S\u00e1nchez Mart\u00ednez, Interventor del Ayuntamiento de Colindres<br \/>Con el qu\u00f3rum establecido por las disposiciones legales vigentes para la v\u00e1lida constituci\u00f3n, el Sr. Alcalde declara abierto el acto, adopt\u00e1ndose los siguientes acuerdos conforme al siguiente orden del d\u00eda que figura en la convocatoria:<br \/>1.- FACTURAS Y GASTOS<br \/>1.1.- RELACI\u00d3N DE FACTURAS<br \/>1.2.- OTROS PAGOS<br \/>2.- CONTRATACION<br \/>3.- LICENCIAS DE OBRA<br \/>4.- SOLICITUD DE SUBVENCIONES<br \/>__________________________________________________________________________<\/p>\n<p>[\/et_pb_toggle][et_pb_toggle title=\u00bbACTA DE LA SESI\u00d3N ORDINARIA DE LA JUNTA DE GOBIERNO LOCAL DE FECHA 7 DE NOVIEMBRE DE 2019&#8243; _builder_version=\u00bb4.18.0&#8243; hover_enabled=\u00bb0&#8243; global_colors_info=\u00bb{}\u00bb sticky_enabled=\u00bb0&#8243;]<\/p>\n<p>En la Alcald\u00eda de la Casa Consistorial del Ayuntamiento de Colindres (Cantabria), siendo las trece horas y quince minutos del d\u00eda 7 de noviembre de 2019, se reunieron en primera convocatoria los\/as se\u00f1ores\/as concejales\/as a continuaci\u00f3n relacionados, bajo la Presidencia del Sr. Alcalde, con el objeto de realizar la sesi\u00f3n ordinaria correspondiente al d\u00eda de la fecha para la que fueron previamente citados.<br \/><em><strong>Asistentes:<\/strong><\/em><br \/><em><strong>Presidente:<\/strong><\/em><br \/>El Sr. Alcalde:<br \/>D. Javier Incera Goyenechea<br \/><em><strong>Concejales:<\/strong><\/em><br \/>D\u00f1a. Mar\u00eda Eugenia Casta\u00f1eda Arrasate<br \/>D. Adri\u00e1n Seti\u00e9n Exp\u00f3sito<br \/>D\u00f1a. Saray Villal\u00f3n Fern\u00e1ndez<br \/>D. Francisco Javier Mart\u00edn Solar<br \/><em><strong>Secretaria:<\/strong><\/em><br \/>D\u00f1a. Paula Albors Ferreiro, Secretaria del Ayuntamiento de Colindres<br \/><em><strong>Interventor:<\/strong><\/em><br \/>D. Jos\u00e9 Ignacio S\u00e1nchez Mart\u00ednez, Interventor del Ayuntamiento de Colindres<br \/>Con el qu\u00f3rum establecido por las disposiciones legales vigentes para la v\u00e1lida constituci\u00f3n, el Sr. Alcalde declara abierto el acto, adopt\u00e1ndose los siguientes acuerdos conforme al siguiente orden del d\u00eda que figura en la convocatoria:<br \/>1.- FACTURAS Y GASTOS<br \/>1.1.- RELACI\u00d3N DE FACTURAS<br \/>2.- CONTRATACION<br \/>3.- LICENCIAS DE OBRA<br \/>4.- APROBACI\u00d3N LIQUIDACIONES TRIBUTARIAS<br \/>__________________________________________________________________________<\/p>\n<p>[\/et_pb_toggle][et_pb_toggle title=\u00bbACTA DE LA SESI\u00d3N EXTRAORDINARIA DE LA JUNTA DE GOBIERNO LOCAL DE FECHA 13 DE NOVIEMBRE DE 2019&#8243; _builder_version=\u00bb4.18.0&#8243; hover_enabled=\u00bb0&#8243; global_colors_info=\u00bb{}\u00bb sticky_enabled=\u00bb0&#8243;]<\/p>\n<p>En la Alcald\u00eda de la Casa Consistorial del Ayuntamiento de Colindres (Cantabria), siendo las trece horas y veinte minutos del d\u00eda 13 de noviembre de 2019, se reunieron en primera convocatoria los\/as se\u00f1ores\/as concejales\/as a continuaci\u00f3n relacionados, bajo la Presidencia del Sr. Alcalde, con el objeto de realizar la sesi\u00f3n extraordinaria correspondiente al d\u00eda de la fecha para la que fueron previamente citados.<br \/><em><strong>Asistentes:<\/strong><\/em><br \/><em><strong>Presidente:<\/strong><\/em><br \/>El Sr. Alcalde:<br \/>D. Javier Incera Goyenechea<br \/><em><strong>Concejales:<\/strong><\/em><br \/>D\u00f1a. Mar\u00eda Eugenia Casta\u00f1eda Arrasate<br \/>D. Adri\u00e1n Seti\u00e9n Exp\u00f3sito<br \/>D\u00f1a. Saray Villal\u00f3n Fern\u00e1ndez<br \/>D. Francisco Javier Mart\u00edn Solar<br \/><em><strong>Secretaria:<\/strong><\/em><br \/>D\u00f1a. Paula Albors Ferreiro, Secretaria del Ayuntamiento de Colindres<br \/><em><strong>Interventor:<\/strong><\/em><br \/>D. Jos\u00e9 Ignacio S\u00e1nchez Mart\u00ednez, Interventor del Ayuntamiento de Colindres<br \/>Con el qu\u00f3rum establecido por las disposiciones legales vigentes para la v\u00e1lida constituci\u00f3n, el Sr. Alcalde declara abierto el acto, adopt\u00e1ndose los siguientes acuerdos conforme al siguiente orden del d\u00eda que figura en la convocatoria:<br \/>1.- FACTURAS Y GASTOS<br \/>1.1.- PAGOS<br \/>2.- CONTRATACION<br \/>3.- APROBACI\u00d3N DE BASES DE SELECCI\u00d3N DE PERSONAL<br \/>4.- LICENCIAS DE OBRA<br \/>__________________________________________________________________________<\/p>\n<p>[\/et_pb_toggle][et_pb_toggle title=\u00bbACTA DE LA SESI\u00d3N EXTRAORDINARIA DE LA JUNTA DE GOBIERNO LOCAL DE FECHA 29 DE NOVIEMBRE DE 2019&#8243; _builder_version=\u00bb4.18.0&#8243; hover_enabled=\u00bb0&#8243; global_colors_info=\u00bb{}\u00bb sticky_enabled=\u00bb0&#8243;]<\/p>\n<p>En la Alcald\u00eda de la Casa Consistorial del Ayuntamiento de Colindres (Cantabria), siendo las trece horas y treinta y ocho minutos del d\u00eda 29 de noviembre de 2019, se reunieron en primera convocatoria los\/as se\u00f1ores\/as concejales\/as a continuaci\u00f3n relacionados, bajo la Presidencia del Sr. Alcalde, con el objeto de realizar la sesi\u00f3n extraordinaria correspondiente al d\u00eda de la fecha para la que fueron previamente citados.<br \/><em><strong>Asistentes:<\/strong><\/em><br \/><em><strong>Presidente:<\/strong><\/em><br \/>El Sr. Alcalde:<br \/>D. Javier Incera Goyenechea<br \/><em><strong>Concejales:<\/strong><\/em><br \/>D\u00f1a. Mar\u00eda Eugenia Casta\u00f1eda Arrasate<br \/>D. Adri\u00e1n Seti\u00e9n Exp\u00f3sito<br \/>D\u00f1a. Saray Villal\u00f3n Fern\u00e1ndez<br \/>D. Francisco Javier Mart\u00edn Solar<br \/><em><strong>Secretaria:<\/strong><\/em><br \/>D\u00f1a. Paula Albors Ferreiro, Secretaria del Ayuntamiento de Colindres<br \/><em><strong>Interventor:<\/strong><\/em><br \/>D. Jos\u00e9 Ignacio S\u00e1nchez Mart\u00ednez, Interventor del Ayuntamiento de Colindres<br \/>Con el qu\u00f3rum establecido por las disposiciones legales vigentes para la v\u00e1lida constituci\u00f3n, el Sr. Alcalde declara abierto el acto, adopt\u00e1ndose los siguientes acuerdos conforme al siguiente orden del d\u00eda que figura en la convocatoria:<br \/>1.- FACTURAS Y GASTOS<br \/>1.1.- RELACI\u00d3N DE FACTURAS<br \/>1.2.- OTROS PAGOS<br \/>2.- CONTRATACION<br \/>3.- LICENCIAS DE OBRA MENOR<br \/>4.- LICENCIAS DE OBRA MAYOR<br \/>5.- EXPEDIENTES DE COMPROBACI\u00d3N AMBIENTAL<br \/>6.- AUTORIZACI\u00d3N DE USO DE DOMINIO P\u00daBLICO<br \/>7.- INFORME SOLICITUD SOCIEDAD AVES CANTABRICAS<br \/>__________________________________________________________________________<\/p>\n<p>[\/et_pb_toggle][et_pb_toggle title=\u00bbACTA DE LA SESI\u00d3N ORDINARIA DE LA JUNTA DE GOBIERNO LOCAL DE FECHA 5 DE DICIEMBRE DE 2019&#8243; _builder_version=\u00bb4.18.0&#8243; hover_enabled=\u00bb0&#8243; global_colors_info=\u00bb{}\u00bb sticky_enabled=\u00bb0&#8243;]<\/p>\n<p>En la Alcald\u00eda de la Casa Consistorial del Ayuntamiento de Colindres (Cantabria), siendo las trece horas y dieciocho minutos del d\u00eda 5 de diciembre de 2019, se reunieron en primera convocatoria los\/as se\u00f1ores\/as concejales\/as a continuaci\u00f3n relacionados, bajo la Presidencia del Sr. Alcalde, con el objeto de realizar la sesi\u00f3n ordinaria correspondiente al d\u00eda de la fecha para la que fueron previamente citados.<br \/><em><strong>Asistentes:<\/strong><\/em><br \/><em><strong>Presidente:<\/strong><\/em><br \/>El Sr. Alcalde:<br \/>D. Javier Incera Goyenechea<br \/><em><strong>Concejales:<\/strong><\/em><br \/>D\u00f1a. Mar\u00eda Eugenia Casta\u00f1eda Arrasate<br \/>D. Adri\u00e1n Seti\u00e9n Exp\u00f3sito<br \/>D\u00f1a. Saray Villal\u00f3n Fern\u00e1ndez<br \/>D. Francisco Javier Mart\u00edn Solar<br \/><em><strong>Secretaria:<\/strong><\/em><br \/>D\u00f1a. Paula Albors Ferreiro, Secretaria del Ayuntamiento de Colindres<br \/><em><strong>Interventor:<\/strong><\/em><br \/>D. Jos\u00e9 Ignacio S\u00e1nchez Mart\u00ednez, Interventor del Ayuntamiento de Colindres<br \/>Con el qu\u00f3rum establecido por las disposiciones legales vigentes para la v\u00e1lida constituci\u00f3n, el Sr. Alcalde declara abierto el acto, adopt\u00e1ndose los siguientes acuerdos conforme al siguiente orden del d\u00eda que figura en la convocatoria:<br \/>1.- FACTURAS Y GASTOS<br \/>1.1.- OTROS PAGOS<br \/>2.- CONTRATACION<br \/>3.- LICENCIAS DE OBRA MENOR<br \/>4.- LICENCIAS DE APERTURA<br \/>__________________________________________________________________________<\/p>\n<p>[\/et_pb_toggle][et_pb_toggle title=\u00bbACTA DE LA SESI\u00d3N EXTRAORDINARIA DE LA JUNTA DE GOBIERNO LOCAL DE FECHA 13 DE DICIEMBRE DE 2019&#8243; _builder_version=\u00bb4.18.0&#8243; hover_enabled=\u00bb0&#8243; global_colors_info=\u00bb{}\u00bb sticky_enabled=\u00bb0&#8243;]<\/p>\n<p>En la Alcald\u00eda de la Casa Consistorial del Ayuntamiento de Colindres (Cantabria), siendo las trece horas y treinta minutos del d\u00eda 13 de diciembre de 2019, se reunieron en primera convocatoria los\/as se\u00f1ores\/as concejales\/as a continuaci\u00f3n relacionados, bajo la Presidencia del Sr. Alcalde, con el objeto de realizar la sesi\u00f3n extraordinaria correspondiente al d\u00eda de la fecha para la que fueron previamente citados.<br \/><em><strong>Asistentes:<\/strong><\/em><br \/><em><strong>Presidente:<\/strong><\/em><br \/>El Sr. Alcalde:<br \/>D. Javier Incera Goyenechea<br \/><em><strong>Concejales:<\/strong><\/em><br \/>D\u00f1a. Mar\u00eda Eugenia Casta\u00f1eda Arrasate<br \/>D. Adri\u00e1n Seti\u00e9n Exp\u00f3sito<br \/>D\u00f1a. Saray Villal\u00f3n Fern\u00e1ndez<br \/>D. Francisco Javier Mart\u00edn Solar<br \/><em><strong>Secretaria:<\/strong><\/em><br \/>D\u00f1a. Paula Albors Ferreiro, Secretaria del Ayuntamiento de Colindres<br \/><em><strong>Interventor:<\/strong><\/em><br \/>D. Jos\u00e9 Ignacio S\u00e1nchez Mart\u00ednez, Interventor del Ayuntamiento de Colindres<br \/>Con el qu\u00f3rum establecido por las disposiciones legales vigentes para la v\u00e1lida constituci\u00f3n, el Sr. Alcalde declara abierto el acto, adopt\u00e1ndose los siguientes acuerdos conforme al siguiente orden del d\u00eda que figura en la convocatoria:<br \/>1.- FACTURAS Y GASTOS<br \/>1.1. RELACI\u00d3N DE FACTURAS<br \/>1.2.- OTROS PAGOS<br \/>2.- LICENCIAS DE OBRA MENOR<br \/>3.- EXPEDIENTES COMPROBACI\u00d3N AMBIENTAL<br \/>4.- AUTORIZACI\u00d3N DE USO DE DOMINIO P\u00daBLICO<br \/>5.- APROBACI\u00d3N LIQUIDACIONES TRIBUTARIAS<br \/>__________________________________________________________________________<\/p>\n<p>[\/et_pb_toggle][et_pb_toggle title=\u00bbACTA DE LA SESI\u00d3N ORDINARIA DE LA JUNTA DE GOBIERNO LOCAL DE FECHA 19 DE DICIEMBRE DE 2019&#8243; _builder_version=\u00bb4.18.0&#8243; hover_enabled=\u00bb0&#8243; global_colors_info=\u00bb{}\u00bb sticky_enabled=\u00bb0&#8243;]<\/p>\n<p>En la Alcald\u00eda de la Casa Consistorial del Ayuntamiento de Colindres (Cantabria), siendo las catorce horas del d\u00eda 19 de diciembre de 2019, se reunieron en primera convocatoria los\/as se\u00f1ores\/as concejales\/as a continuaci\u00f3n relacionados, bajo la Presidencia del Sr. Alcalde, con el objeto de realizar la sesi\u00f3n ordinaria correspondiente al d\u00eda de la fecha para la que fueron previamente citados.<br \/><em><strong>Asistentes:<\/strong><\/em><br \/><em><strong>Presidente:<\/strong><\/em><br \/>El Sr. Alcalde:<br \/>D. Javier Incera Goyenechea<br \/><em><strong>Concejales:<\/strong><\/em><br \/>D. Adri\u00e1n Seti\u00e9n Exp\u00f3sito<br \/>D\u00f1a. Saray Villal\u00f3n Fern\u00e1ndez<br \/>D. Francisco Javier Mart\u00edn Solar<br \/><em><strong>Secretaria:<\/strong><\/em><br \/>D\u00f1a. Paula Albors Ferreiro, Secretaria del Ayuntamiento de Colindres<br \/><em><strong>Interventor:<\/strong><\/em><br \/>D. Jos\u00e9 Ignacio S\u00e1nchez Mart\u00ednez, Interventor del Ayuntamiento de Colindres<br \/>Con el qu\u00f3rum establecido por las disposiciones legales vigentes para la v\u00e1lida constituci\u00f3n, el Sr. Alcalde declara abierto el acto, adopt\u00e1ndose los siguientes acuerdos conforme al siguiente orden del d\u00eda que figura en la convocatoria:<br \/>1.- APROBACI\u00d3N DE ACTAS DE SESIONES ANTERIORES DE FECHA: 27\/06\/2019, 04\/07\/2019, 11\/07\/2019, 22\/07\/2019, 02\/08\/2019, 16\/08\/2019, 27\/08\/2019, 12\/09\/2019, 19\/09\/2019, 26\/09\/2019, 03\/10\/2019, 10\/10\/2019, 17\/10\/2019, 24\/10\/2019, 29\/10\/2019<br \/>2.- FACTURAS Y GASTOS<br \/>2.1.- RELACI\u00d3N DE FACTURAS<br \/>2.2.- OTROS PAGOS<br \/>3.- APROBACI\u00d3N DE LA MODIFICACI\u00d3N ORDENANZA REGULADORA N\u00ba: 1 RELATIVA A PRECIOS P\u00daBLICOS POR UTILIZACI\u00d3N DE LAS INSTALACIONES DEPORTIVAS<br \/>4.- LICENCIAS DE OBRA MENOR<br \/>5.- LICENCIAS DE APERTURA<br \/>6.- AUTORIZACIONES DE USO DE DOMINIO P\u00daBLICO<br \/>__________________________________________________________________________<br \/>1.- APROBACI\u00d3N DE ACTAS DE SESIONES ANTERIORES DE FECHA: 27\/06\/2019, 04\/07\/2019, 11\/07\/2019, 22\/07\/2019, 02\/08\/2019, 16\/08\/2019, 27\/08\/2019, 12\/09\/2019, 19\/09\/2019, 26\/09\/2019, 03\/10\/2019, 10\/10\/2019, 17\/10\/2019, 24\/10\/2019, 29\/10\/2019<br \/>De conformidad con el art. 36.1 y 91 del Reglamento de organizaci\u00f3n, funcionamiento y r\u00e9gimen jur\u00eddico de las corporaciones locales, por el Sr. Alcalde se pregunta si alg\u00fan miembro de la Junta de Gobierno Local quiere formular alguna observaci\u00f3n o reparo al borrador del acta de las sesiones anteriores de fecha: 27\/06\/2019, 04\/07\/2019, 11\/07\/2019, 22\/07\/2019, 02\/08\/2019, 16\/08\/2019, 27\/08\/2019, 12\/09\/2019, 19\/09\/2019, 26\/09\/2019, 03\/10\/2019, 10\/10\/2019, 17\/10\/2019, 24\/10\/2019, 29\/10\/2019, distribuida junto con la convocatoria de la citaci\u00f3n a la sesi\u00f3n.<\/p>\n<p>Sometida a votaci\u00f3n las actas de fecha 27\/06\/2019, 04\/07\/2019, 11\/07\/2019, 22\/07\/2019, 02\/08\/2019, 16\/08\/2019, 27\/08\/2019, 12\/09\/2019, 19\/09\/2019, 26\/09\/2019, 03\/10\/2019, 10\/10\/2019, 17\/10\/2019, 24\/10\/2019, 29\/10\/2019, la Junta de Gobierno Local del ayuntamiento, por unanimidad de los concejales presentes, acuerda presentar aprobaci\u00f3n a las mismas, ordenando la Alcald\u00eda la trascripci\u00f3n de la anterior acta en el Libro de Actas de la Junta de Gobierno Local.<\/p>\n<p>[\/et_pb_toggle][et_pb_toggle title=\u00bbACTA DE LA SESI\u00d3N EXTRAORDINARIA DE LA JUNTA DE GOBIERNO LOCAL DE FECHA 30 DE DICIEMBRE DE 2019&#8243; _builder_version=\u00bb4.18.0&#8243; hover_enabled=\u00bb0&#8243; global_colors_info=\u00bb{}\u00bb sticky_enabled=\u00bb0&#8243;]<\/p>\n<p>En la Alcald\u00eda de la Casa Consistorial del Ayuntamiento de Colindres (Cantabria), siendo las trece horas y treinta minutos del d\u00eda 30 de diciembre de 2019, se reunieron en primera convocatoria los\/as se\u00f1ores\/as concejales\/as a continuaci\u00f3n relacionados, bajo la Presidencia del Sr. Alcalde, con el objeto de realizar la sesi\u00f3n extraordinaria correspondiente al d\u00eda de la fecha para la que fueron previamente citados.<br \/><em><strong>Asistentes:<\/strong><\/em><br \/><em><strong>Presidente:<\/strong><\/em><br \/>El Sr. Alcalde:<br \/>D. Javier Incera Goyenechea<br \/><em><strong>Concejales:<\/strong><\/em><br \/>D\u00f1a. Mar\u00eda Eugenia Casta\u00f1eda Arrasate<br \/>D. Adri\u00e1n Seti\u00e9n Exp\u00f3sito<br \/>D. Francisco Javier Mart\u00edn Solar<br \/><em><strong>Secretaria:<\/strong><\/em><br \/>D\u00f1a. Paula Albors Ferreiro, Secretaria del Ayuntamiento de Colindres<br \/><em><strong>Interventor:<\/strong><\/em><br \/>D. Jos\u00e9 Ignacio S\u00e1nchez Mart\u00ednez, Interventor del Ayuntamiento de Colindres<br \/>Con el qu\u00f3rum establecido por las disposiciones legales vigentes para la v\u00e1lida constituci\u00f3n, el Sr. Alcalde declara abierto el acto, adopt\u00e1ndose los siguientes acuerdos conforme al siguiente orden del d\u00eda que figura en la convocatoria:<br \/>1.- FACTURAS Y GASTOS<br \/>1.1.- RELACI\u00d3N DE FACTURAS<br \/>1.2.- OTROS PAGOS<br \/>2.- CONTRATACI\u00d3N<br \/>3.- LICENCIAS DE APERTURA<br \/>4.-AUTORIZACIONES DE USO DE DOMINIO P\u00daBLICO<br \/>__________________________________________________________________________<\/p>\n<p>[\/et_pb_toggle][\/et_pb_column][\/et_pb_row][\/et_pb_section][et_pb_section fb_built=\u00bb1&#8243; custom_padding_last_edited=\u00bbon|desktop\u00bb admin_label=\u00bbsection\u00bb _builder_version=\u00bb4.16&#8243; custom_padding=\u00bb0|0px|0px|0px|false|false\u00bb custom_padding_tablet=\u00bb50px|0|50px|0&#8243; custom_padding_phone=\u00bb\u00bb da_disable_devices=\u00bboff|off|off\u00bb global_colors_info=\u00bb{}\u00bb da_is_popup=\u00bboff\u00bb da_exit_intent=\u00bboff\u00bb da_has_close=\u00bbon\u00bb da_alt_close=\u00bboff\u00bb da_dark_close=\u00bboff\u00bb da_not_modal=\u00bbon\u00bb da_is_singular=\u00bboff\u00bb da_with_loader=\u00bboff\u00bb da_has_shadow=\u00bbon\u00bb][et_pb_row padding_mobile=\u00bboff\u00bb make_equal=\u00bbon\u00bb column_padding_mobile=\u00bbon\u00bb admin_label=\u00bbrow\u00bb _builder_version=\u00bb4.16&#8243; background_size=\u00bbinitial\u00bb background_position=\u00bbtop_left\u00bb background_repeat=\u00bbrepeat\u00bb custom_padding=\u00bb29px|0px|0px|0px\u00bb global_colors_info=\u00bb{}\u00bb][et_pb_column type=\u00bb4_4&#8243; _builder_version=\u00bb4.16&#8243; custom_padding=\u00bb|||\u00bb global_colors_info=\u00bb{}\u00bb custom_padding__hover=\u00bb|||\u00bb][et_pb_text _builder_version=\u00bb4.16&#8243; text_font=\u00bbComfortaa||||\u00bb text_text_color=\u00bb#e02b20&#8243; text_font_size=\u00bb32&#8243; text_letter_spacing=\u00bb5px\u00bb header_font=\u00bbComfortaa||||\u00bb header_text_color=\u00bb#e02b20&#8243; header_font_size=\u00bb32px\u00bb header_letter_spacing=\u00bb5px\u00bb background_size=\u00bbinitial\u00bb background_position=\u00bbtop_left\u00bb background_repeat=\u00bbrepeat\u00bb global_colors_info=\u00bb{}\u00bb]ACTUALIDAD<br \/>\n[\/et_pb_text][et_pb_portfolio fullwidth=\u00bboff\u00bb posts_number=\u00bb4&#8243; zoom_icon_color=\u00bb#e02b20&#8243; _builder_version=\u00bb4.16&#8243; title_font=\u00bbComfortaa||||\u00bb title_text_color=\u00bb#e02b20&#8243; caption_font=\u00bbComfortaa||||\u00bb caption_text_color=\u00bb#ffffff\u00bb background_color=\u00bbrgba(224,43,32,0)\u00bb background_size=\u00bbinitial\u00bb background_position=\u00bbtop_left\u00bb background_repeat=\u00bbrepeat\u00bb background_layout=\u00bbdark\u00bb global_colors_info=\u00bb{}\u00bb][\/et_pb_portfolio][\/et_pb_column][\/et_pb_row][\/et_pb_section][et_pb_section fb_built=\u00bb1&#8243; custom_padding_last_edited=\u00bbon|desktop\u00bb _builder_version=\u00bb4.16&#8243; background_color=\u00bb#efefef\u00bb custom_padding=\u00bb0px|0px|0px|0px\u00bb custom_padding_tablet=\u00bb\u00bb custom_padding_phone=\u00bb\u00bb da_disable_devices=\u00bboff|off|off\u00bb transparent_background=\u00bbon\u00bb global_colors_info=\u00bb{}\u00bb da_is_popup=\u00bboff\u00bb da_exit_intent=\u00bboff\u00bb da_has_close=\u00bbon\u00bb da_alt_close=\u00bboff\u00bb da_dark_close=\u00bboff\u00bb da_not_modal=\u00bbon\u00bb da_is_singular=\u00bboff\u00bb da_with_loader=\u00bboff\u00bb da_has_shadow=\u00bbon\u00bb][et_pb_row column_padding_mobile=\u00bbon\u00bb module_class=\u00bb et_pb_row_fullwidth\u00bb _builder_version=\u00bb4.16&#8243; background_color=\u00bb#efefef\u00bb background_size=\u00bbinitial\u00bb background_position=\u00bbtop_left\u00bb background_repeat=\u00bbrepeat\u00bb width=\u00bb94%\u00bb width_tablet=\u00bb80%\u00bb width_phone=\u00bb80%\u00bb width_last_edited=\u00bbon|desktop\u00bb max_width=\u00bb94%\u00bb max_width_tablet=\u00bb80%\u00bb max_width_phone=\u00bb80%\u00bb max_width_last_edited=\u00bbon|desktop\u00bb custom_padding=\u00bb0px|0px|0px|0px\u00bb make_fullwidth=\u00bbon\u00bb global_colors_info=\u00bb{}\u00bb][et_pb_column type=\u00bb4_4&#8243; _builder_version=\u00bb4.16&#8243; custom_padding=\u00bb|||\u00bb global_colors_info=\u00bb{}\u00bb custom_padding__hover=\u00bb|||\u00bb][et_pb_text _builder_version=\u00bb4.16&#8243; text_font=\u00bbComfortaa||||\u00bb text_text_color=\u00bb#e02b20&#8243; text_font_size=\u00bb20&#8243; text_letter_spacing=\u00bb5px\u00bb header_font=\u00bbComfortaa||||\u00bb header_text_color=\u00bb#e02b20&#8243; header_font_size=\u00bb20px\u00bb header_letter_spacing=\u00bb5px\u00bb background_size=\u00bbinitial\u00bb background_position=\u00bbtop_left\u00bb background_repeat=\u00bbrepeat\u00bb global_colors_info=\u00bb{}\u00bb]TE PUEDE INTERESAR&#8230;, tr\u00e1mites y pagos ON-LINE<br \/>\n[\/et_pb_text][\/et_pb_column][\/et_pb_row][et_pb_row column_structure=\u00bb1_3,1_3,1_3&#8243; use_custom_gutter=\u00bbon\u00bb padding_mobile=\u00bboff\u00bb column_padding_mobile=\u00bbon\u00bb module_class=\u00bb et_pb_row_fullwidth\u00bb _builder_version=\u00bb4.16&#8243; background_color=\u00bb#efefef\u00bb background_size=\u00bbinitial\u00bb background_position=\u00bbtop_left\u00bb background_repeat=\u00bbrepeat\u00bb width=\u00bb94%\u00bb width_tablet=\u00bb80%\u00bb width_phone=\u00bb80%\u00bb width_last_edited=\u00bbon|desktop\u00bb max_width=\u00bb94%\u00bb max_width_tablet=\u00bb80%\u00bb max_width_phone=\u00bb80%\u00bb max_width_last_edited=\u00bbon|desktop\u00bb make_fullwidth=\u00bbon\u00bb global_colors_info=\u00bb{}\u00bb][et_pb_column type=\u00bb1_3&#8243; _builder_version=\u00bb4.16&#8243; custom_padding=\u00bb|||\u00bb global_colors_info=\u00bb{}\u00bb custom_padding__hover=\u00bb|||\u00bb][et_pb_image src=\u00bbhttp:\/\/colindres.es\/wp-content\/uploads\/2016\/09\/tramites-on-lien-e1493124190275.png\u00bb url=\u00bbhttp:\/\/colindres.sedelectronica.es\/info.0&#8243; url_new_window=\u00bbon\u00bb align=\u00bbcenter\u00bb align_tablet=\u00bbcenter\u00bb align_phone=\u00bbcenter\u00bb align_last_edited=\u00bbon|desktop\u00bb _builder_version=\u00bb4.16&#8243; border_width_all=\u00bb4px\u00bb border_color_all=\u00bb#ffffff\u00bb border_style_all=\u00bbsolid\u00bb use_border_color=\u00bbon\u00bb border_width=\u00bb4px\u00bb animation=\u00bboff\u00bb global_colors_info=\u00bb{}\u00bb][\/et_pb_image][\/et_pb_column][et_pb_column type=\u00bb1_3&#8243; _builder_version=\u00bb4.16&#8243; custom_padding=\u00bb|||\u00bb global_colors_info=\u00bb{}\u00bb custom_padding__hover=\u00bb|||\u00bb][et_pb_image src=\u00bbhttp:\/\/colindres.es\/wp-content\/uploads\/2016\/09\/La_Caixa_logo.svg_-e1493122719704.png\u00bb alt=\u00bbPara Clientes\u00bb title_text=\u00bbPara Clientes\u00bb url=\u00bbhttps:\/\/loc3.lacaixa.es\/GPeticiones?FLAG_BORSA=0&#038;PE=1&#038;DEMO=0&#038;PN=LGN&#038;IDIOMA2=02&#038;CANAL=I&#038;IDIOMA=02&#038;INICIAL_PN=GPA&#038;INICIAL_PE=30&#038;ORIGEN=CAI&#038;ENTORNO=L\u00bb url_new_window=\u00bbon\u00bb align=\u00bbcenter\u00bb align_tablet=\u00bbcenter\u00bb align_phone=\u00bbcenter\u00bb align_last_edited=\u00bbon|desktop\u00bb _builder_version=\u00bb4.16&#8243; border_width_all=\u00bb4px\u00bb border_color_all=\u00bb#ffffff\u00bb border_style_all=\u00bbsolid\u00bb use_border_color=\u00bbon\u00bb border_width=\u00bb4px\u00bb animation=\u00bboff\u00bb global_colors_info=\u00bb{}\u00bb][\/et_pb_image][\/et_pb_column][et_pb_column type=\u00bb1_3&#8243; _builder_version=\u00bb4.16&#8243; custom_padding=\u00bb|||\u00bb global_colors_info=\u00bb{}\u00bb custom_padding__hover=\u00bb|||\u00bb][et_pb_image src=\u00bbhttp:\/\/colindres.es\/wp-content\/uploads\/2016\/09\/La_Caixa_logo.svg-copia.png\u00bb alt=\u00bbPara Clientes\u00bb title_text=\u00bbPara Clientes\u00bb url=\u00bbhttps:\/\/portal1.lacaixa.es\/apl\/pagos\/index_es.html?CODCPR=90INI001&#8243; url_new_window=\u00bbon\u00bb use_overlay=\u00bbon\u00bb align=\u00bbcenter\u00bb align_tablet=\u00bbcenter\u00bb align_phone=\u00bbcenter\u00bb align_last_edited=\u00bbon|desktop\u00bb _builder_version=\u00bb4.16&#8243; border_width_all=\u00bb4px\u00bb border_color_all=\u00bb#ffffff\u00bb border_style_all=\u00bbsolid\u00bb use_border_color=\u00bbon\u00bb border_width=\u00bb4px\u00bb animation=\u00bboff\u00bb global_colors_info=\u00bb{}\u00bb][\/et_pb_image][\/et_pb_column][\/et_pb_row][\/et_pb_section]<\/p>\n","protected":false},"excerpt":{"rendered":"<p><nav aria-label=\"breadcrumbs\">\n            <div class=\"breadcrumb-container theme5\">\n                <ol>\n                                    <\/ol>\n            <\/div>\n        <\/nav>    <script type=\"application\/ld+json\">\n        {\n            \"@context\": \"http:\/\/schema.org\",\n            \"@type\": \"BreadcrumbList\",\n            \"itemListElement\": [\n                            ]\n        }\n    <\/script>\n   \n    <script>\n            <\/script>\nJUNTA DE GOBIERNO LOCAL 2019:En la Alcald\u00eda de la Casa Consistorial del Ayuntamiento de Colindres (Cantabria), siendo las trece horas y cincuenta minutos del d\u00eda 10 de enero de 2019, se reunieron en primera convocatoria los\/as se\u00f1ores\/as concejales\/as a continuaci\u00f3n relacionados, bajo la Presidencia del Sr. Alcalde, con el objeto de realizar la sesi\u00f3n ordinaria [&hellip;]<\/p>\n","protected":false},"author":1,"featured_media":0,"parent":13748,"menu_order":0,"comment_status":"closed","ping_status":"closed","template":"","meta":{"_et_pb_use_builder":"on","_et_pb_old_content":"","_et_gb_content_width":"","footnotes":""},"class_list":["post-13764","page","type-page","status-publish","hentry"],"yoast_head":"<!-- This site is optimized with the Yoast SEO plugin v24.9 - https:\/\/yoast.com\/wordpress\/plugins\/seo\/ -->\n<title>Junta de Gobierno Local 2019 - Ayuntamiento de Colindres<\/title>\n<meta name=\"robots\" content=\"index, follow, max-snippet:-1, max-image-preview:large, max-video-preview:-1\" \/>\n<link rel=\"canonical\" href=\"https:\/\/www.colindres.es\/index.php\/normativa\/junta-de-gobierno-local-2\/junta-de-gobierno-local-2019\/\" \/>\n<meta property=\"og:locale\" content=\"es_ES\" \/>\n<meta property=\"og:type\" content=\"article\" \/>\n<meta property=\"og:title\" content=\"Junta de Gobierno Local 2019 - Ayuntamiento de Colindres\" \/>\n<meta property=\"og:description\" content=\"JUNTA DE GOBIERNO LOCAL 2019:En la Alcald\u00eda de la Casa Consistorial del Ayuntamiento de Colindres (Cantabria), siendo las trece horas y cincuenta minutos del d\u00eda 10 de enero de 2019, se reunieron en primera convocatoria los\/as se\u00f1ores\/as concejales\/as a continuaci\u00f3n relacionados, bajo la Presidencia del Sr. Alcalde, con el objeto de realizar la sesi\u00f3n ordinaria [&hellip;]\" \/>\n<meta property=\"og:url\" content=\"https:\/\/www.colindres.es\/index.php\/normativa\/junta-de-gobierno-local-2\/junta-de-gobierno-local-2019\/\" \/>\n<meta property=\"og:site_name\" content=\"Ayuntamiento de Colindres\" \/>\n<meta property=\"article:modified_time\" content=\"2022-10-04T08:23:08+00:00\" \/>\n<meta name=\"twitter:card\" content=\"summary_large_image\" \/>\n<meta name=\"twitter:label1\" content=\"Tiempo de lectura\" \/>\n\t<meta name=\"twitter:data1\" content=\"63 minutos\" \/>\n<script type=\"application\/ld+json\" class=\"yoast-schema-graph\">{\"@context\":\"https:\/\/schema.org\",\"@graph\":[{\"@type\":\"WebPage\",\"@id\":\"https:\/\/www.colindres.es\/index.php\/normativa\/junta-de-gobierno-local-2\/junta-de-gobierno-local-2019\/\",\"url\":\"https:\/\/www.colindres.es\/index.php\/normativa\/junta-de-gobierno-local-2\/junta-de-gobierno-local-2019\/\",\"name\":\"Junta de Gobierno Local 2019 - Ayuntamiento de Colindres\",\"isPartOf\":{\"@id\":\"https:\/\/www.colindres.es\/#website\"},\"datePublished\":\"2019-03-04T10:38:03+00:00\",\"dateModified\":\"2022-10-04T08:23:08+00:00\",\"breadcrumb\":{\"@id\":\"https:\/\/www.colindres.es\/index.php\/normativa\/junta-de-gobierno-local-2\/junta-de-gobierno-local-2019\/#breadcrumb\"},\"inLanguage\":\"es\",\"potentialAction\":[{\"@type\":\"ReadAction\",\"target\":[\"https:\/\/www.colindres.es\/index.php\/normativa\/junta-de-gobierno-local-2\/junta-de-gobierno-local-2019\/\"]}]},{\"@type\":\"BreadcrumbList\",\"@id\":\"https:\/\/www.colindres.es\/index.php\/normativa\/junta-de-gobierno-local-2\/junta-de-gobierno-local-2019\/#breadcrumb\",\"itemListElement\":[{\"@type\":\"ListItem\",\"position\":1,\"name\":\"Portada\",\"item\":\"https:\/\/www.colindres.es\/\"},{\"@type\":\"ListItem\",\"position\":2,\"name\":\"Normativa\",\"item\":\"https:\/\/www.colindres.es\/index.php\/normativa\/\"},{\"@type\":\"ListItem\",\"position\":3,\"name\":\"Junta de Gobierno Local\",\"item\":\"https:\/\/www.colindres.es\/index.php\/normativa\/junta-de-gobierno-local-2\/\"},{\"@type\":\"ListItem\",\"position\":4,\"name\":\"Junta de Gobierno Local 2019\"}]},{\"@type\":\"WebSite\",\"@id\":\"https:\/\/www.colindres.es\/#website\",\"url\":\"https:\/\/www.colindres.es\/\",\"name\":\"Ayuntamiento de Colindres\",\"description\":\"Dise\u00f1ado por NTIC&#039;s\",\"publisher\":{\"@id\":\"https:\/\/www.colindres.es\/#organization\"},\"potentialAction\":[{\"@type\":\"SearchAction\",\"target\":{\"@type\":\"EntryPoint\",\"urlTemplate\":\"https:\/\/www.colindres.es\/?s={search_term_string}\"},\"query-input\":{\"@type\":\"PropertyValueSpecification\",\"valueRequired\":true,\"valueName\":\"search_term_string\"}}],\"inLanguage\":\"es\"},{\"@type\":\"Organization\",\"@id\":\"https:\/\/www.colindres.es\/#organization\",\"name\":\"AYUNTAMIENTO DE COLINDRES\",\"url\":\"https:\/\/www.colindres.es\/\",\"logo\":{\"@type\":\"ImageObject\",\"inLanguage\":\"es\",\"@id\":\"https:\/\/www.colindres.es\/#\/schema\/logo\/image\/\",\"url\":\"https:\/\/www.colindres.es\/wp-content\/uploads\/2017\/01\/LOGO-PRINCIPAL.jpg\",\"contentUrl\":\"https:\/\/www.colindres.es\/wp-content\/uploads\/2017\/01\/LOGO-PRINCIPAL.jpg\",\"width\":1209,\"height\":579,\"caption\":\"AYUNTAMIENTO DE COLINDRES\"},\"image\":{\"@id\":\"https:\/\/www.colindres.es\/#\/schema\/logo\/image\/\"}}]}<\/script>\n<!-- \/ Yoast SEO plugin. -->","yoast_head_json":{"title":"Junta de Gobierno Local 2019 - Ayuntamiento de Colindres","robots":{"index":"index","follow":"follow","max-snippet":"max-snippet:-1","max-image-preview":"max-image-preview:large","max-video-preview":"max-video-preview:-1"},"canonical":"https:\/\/www.colindres.es\/index.php\/normativa\/junta-de-gobierno-local-2\/junta-de-gobierno-local-2019\/","og_locale":"es_ES","og_type":"article","og_title":"Junta de Gobierno Local 2019 - Ayuntamiento de Colindres","og_description":"JUNTA DE GOBIERNO LOCAL 2019:En la Alcald\u00eda de la Casa Consistorial del Ayuntamiento de Colindres (Cantabria), siendo las trece horas y cincuenta minutos del d\u00eda 10 de enero de 2019, se reunieron en primera convocatoria los\/as se\u00f1ores\/as concejales\/as a continuaci\u00f3n relacionados, bajo la Presidencia del Sr. Alcalde, con el objeto de realizar la sesi\u00f3n ordinaria [&hellip;]","og_url":"https:\/\/www.colindres.es\/index.php\/normativa\/junta-de-gobierno-local-2\/junta-de-gobierno-local-2019\/","og_site_name":"Ayuntamiento de Colindres","article_modified_time":"2022-10-04T08:23:08+00:00","twitter_card":"summary_large_image","twitter_misc":{"Tiempo de lectura":"63 minutos"},"schema":{"@context":"https:\/\/schema.org","@graph":[{"@type":"WebPage","@id":"https:\/\/www.colindres.es\/index.php\/normativa\/junta-de-gobierno-local-2\/junta-de-gobierno-local-2019\/","url":"https:\/\/www.colindres.es\/index.php\/normativa\/junta-de-gobierno-local-2\/junta-de-gobierno-local-2019\/","name":"Junta de Gobierno Local 2019 - Ayuntamiento de Colindres","isPartOf":{"@id":"https:\/\/www.colindres.es\/#website"},"datePublished":"2019-03-04T10:38:03+00:00","dateModified":"2022-10-04T08:23:08+00:00","breadcrumb":{"@id":"https:\/\/www.colindres.es\/index.php\/normativa\/junta-de-gobierno-local-2\/junta-de-gobierno-local-2019\/#breadcrumb"},"inLanguage":"es","potentialAction":[{"@type":"ReadAction","target":["https:\/\/www.colindres.es\/index.php\/normativa\/junta-de-gobierno-local-2\/junta-de-gobierno-local-2019\/"]}]},{"@type":"BreadcrumbList","@id":"https:\/\/www.colindres.es\/index.php\/normativa\/junta-de-gobierno-local-2\/junta-de-gobierno-local-2019\/#breadcrumb","itemListElement":[{"@type":"ListItem","position":1,"name":"Portada","item":"https:\/\/www.colindres.es\/"},{"@type":"ListItem","position":2,"name":"Normativa","item":"https:\/\/www.colindres.es\/index.php\/normativa\/"},{"@type":"ListItem","position":3,"name":"Junta de Gobierno Local","item":"https:\/\/www.colindres.es\/index.php\/normativa\/junta-de-gobierno-local-2\/"},{"@type":"ListItem","position":4,"name":"Junta de Gobierno Local 2019"}]},{"@type":"WebSite","@id":"https:\/\/www.colindres.es\/#website","url":"https:\/\/www.colindres.es\/","name":"Ayuntamiento de Colindres","description":"Dise\u00f1ado por NTIC&#039;s","publisher":{"@id":"https:\/\/www.colindres.es\/#organization"},"potentialAction":[{"@type":"SearchAction","target":{"@type":"EntryPoint","urlTemplate":"https:\/\/www.colindres.es\/?s={search_term_string}"},"query-input":{"@type":"PropertyValueSpecification","valueRequired":true,"valueName":"search_term_string"}}],"inLanguage":"es"},{"@type":"Organization","@id":"https:\/\/www.colindres.es\/#organization","name":"AYUNTAMIENTO DE COLINDRES","url":"https:\/\/www.colindres.es\/","logo":{"@type":"ImageObject","inLanguage":"es","@id":"https:\/\/www.colindres.es\/#\/schema\/logo\/image\/","url":"https:\/\/www.colindres.es\/wp-content\/uploads\/2017\/01\/LOGO-PRINCIPAL.jpg","contentUrl":"https:\/\/www.colindres.es\/wp-content\/uploads\/2017\/01\/LOGO-PRINCIPAL.jpg","width":1209,"height":579,"caption":"AYUNTAMIENTO DE COLINDRES"},"image":{"@id":"https:\/\/www.colindres.es\/#\/schema\/logo\/image\/"}}]}},"_links":{"self":[{"href":"https:\/\/www.colindres.es\/index.php\/wp-json\/wp\/v2\/pages\/13764","targetHints":{"allow":["GET"]}}],"collection":[{"href":"https:\/\/www.colindres.es\/index.php\/wp-json\/wp\/v2\/pages"}],"about":[{"href":"https:\/\/www.colindres.es\/index.php\/wp-json\/wp\/v2\/types\/page"}],"author":[{"embeddable":true,"href":"https:\/\/www.colindres.es\/index.php\/wp-json\/wp\/v2\/users\/1"}],"replies":[{"embeddable":true,"href":"https:\/\/www.colindres.es\/index.php\/wp-json\/wp\/v2\/comments?post=13764"}],"version-history":[{"count":6,"href":"https:\/\/www.colindres.es\/index.php\/wp-json\/wp\/v2\/pages\/13764\/revisions"}],"predecessor-version":[{"id":16944,"href":"https:\/\/www.colindres.es\/index.php\/wp-json\/wp\/v2\/pages\/13764\/revisions\/16944"}],"up":[{"embeddable":true,"href":"https:\/\/www.colindres.es\/index.php\/wp-json\/wp\/v2\/pages\/13748"}],"wp:attachment":[{"href":"https:\/\/www.colindres.es\/index.php\/wp-json\/wp\/v2\/media?parent=13764"}],"curies":[{"name":"wp","href":"https:\/\/api.w.org\/{rel}","templated":true}]}}