{"id":13661,"date":"2019-02-28T10:28:15","date_gmt":"2019-02-28T10:28:15","guid":{"rendered":"https:\/\/www.colindres.es\/?page_id=13661"},"modified":"2019-02-28T11:13:36","modified_gmt":"2019-02-28T11:13:36","slug":"registro-de-actividades-de-tratamiento","status":"publish","type":"page","link":"https:\/\/www.colindres.es\/index.php\/proteccion-de-datos\/registro-de-actividades-de-tratamiento\/","title":{"rendered":"Registro de Actividades de Tratamiento"},"content":{"rendered":"<p>[et_pb_section fb_built=\u00bb1&#8243; next_background_color=\u00bb#ffffff\u00bb _builder_version=\u00bb3.14&#8243; background_color=\u00bb#d8d8d8&#8243;][et_pb_row make_fullwidth=\u00bbon\u00bb custom_padding=\u00bb0px|0px|0px|0px\u00bb make_equal=\u00bbon\u00bb parallax_method_1=\u00bboff\u00bb parallax_method_2=\u00bboff\u00bb parallax_method_3=\u00bboff\u00bb _builder_version=\u00bb3.14&#8243; background_size=\u00bbinitial\u00bb background_position=\u00bbtop_left\u00bb background_repeat=\u00bbrepeat\u00bb module_alignment=\u00bbcenter\u00bb][et_pb_column type=\u00bb1_4&#8243; _builder_version=\u00bb3.0.47&#8243;][et_pb_button button_text=\u00bbLo m\u00e1s visto\u00bb button_alignment=\u00bbleft\u00bb _builder_version=\u00bb3.19.17&#8243; custom_button=\u00bbon\u00bb button_text_color=\u00bb#e02b20&#8243; button_border_width=\u00bb0&#8243; button_border_radius=\u00bb1&#8243; button_font=\u00bbComfortaa||||\u00bb button_icon=\u00bb%%79%%\u00bb button_on_hover=\u00bboff\u00bb button_border_radius_hover=\u00bb0&#8243; button_text_size__hover_enabled=\u00bboff\u00bb button_text_size__hover=\u00bbnull\u00bb button_one_text_size__hover_enabled=\u00bboff\u00bb button_one_text_size__hover=\u00bbnull\u00bb button_two_text_size__hover_enabled=\u00bboff\u00bb button_two_text_size__hover=\u00bbnull\u00bb button_text_color__hover_enabled=\u00bboff\u00bb button_text_color__hover=\u00bbnull\u00bb button_one_text_color__hover_enabled=\u00bboff\u00bb button_one_text_color__hover=\u00bbnull\u00bb button_two_text_color__hover_enabled=\u00bboff\u00bb button_two_text_color__hover=\u00bbnull\u00bb button_border_width__hover_enabled=\u00bboff\u00bb button_border_width__hover=\u00bbnull\u00bb button_one_border_width__hover_enabled=\u00bboff\u00bb button_one_border_width__hover=\u00bbnull\u00bb button_two_border_width__hover_enabled=\u00bboff\u00bb button_two_border_width__hover=\u00bbnull\u00bb button_border_color__hover_enabled=\u00bboff\u00bb button_border_color__hover=\u00bbnull\u00bb button_one_border_color__hover_enabled=\u00bboff\u00bb button_one_border_color__hover=\u00bbnull\u00bb button_two_border_color__hover_enabled=\u00bboff\u00bb button_two_border_color__hover=\u00bbnull\u00bb button_border_radius__hover_enabled=\u00bbon\u00bb button_border_radius__hover=\u00bb0&#8243; button_one_border_radius__hover_enabled=\u00bboff\u00bb button_one_border_radius__hover=\u00bbnull\u00bb button_two_border_radius__hover_enabled=\u00bboff\u00bb button_two_border_radius__hover=\u00bbnull\u00bb button_letter_spacing__hover_enabled=\u00bboff\u00bb button_letter_spacing__hover=\u00bbnull\u00bb button_one_letter_spacing__hover_enabled=\u00bboff\u00bb button_one_letter_spacing__hover=\u00bbnull\u00bb button_two_letter_spacing__hover_enabled=\u00bboff\u00bb button_two_letter_spacing__hover=\u00bbnull\u00bb button_bg_color__hover_enabled=\u00bboff\u00bb button_bg_color__hover=\u00bbnull\u00bb button_one_bg_color__hover_enabled=\u00bboff\u00bb button_one_bg_color__hover=\u00bbnull\u00bb button_two_bg_color__hover_enabled=\u00bboff\u00bb button_two_bg_color__hover=\u00bbnull\u00bb][\/et_pb_button][\/et_pb_column][et_pb_column type=\u00bb3_4&#8243; _builder_version=\u00bb3.0.47&#8243;][et_pb_text _builder_version=\u00bb3.19.17&#8243; text_font=\u00bbComfortaa||||\u00bb text_font_size=\u00bb16&#8243; header_font=\u00bbComfortaa||||\u00bb background_size=\u00bbinitial\u00bb background_position=\u00bbtop_left\u00bb background_repeat=\u00bbrepeat\u00bb text_orientation=\u00bbcenter\u00bb module_alignment=\u00bbcenter\u00bb custom_margin=\u00bb15px|||\u00bb use_border_color=\u00bboff\u00bb border_color=\u00bb#ffffff\u00bb border_style=\u00bbsolid\u00bb]<\/p>\n<p><a href=\"http:\/\/colindres.sedelectronica.es\/info.0\">Tr\u00e1mites ON-LINE<\/a>\u00a0 \/ \u00a0<a href=\"http:\/\/www.turismo.es\">Turismo<\/a>\u00a0 \/\u00a0 <a href=\"http:\/\/www.transparenciacolindres.es\">Portal de Transparencia<\/a><\/p>\n<p>[\/et_pb_text][\/et_pb_column][\/et_pb_row][\/et_pb_section][et_pb_section fb_built=\u00bb1&#8243; fullwidth=\u00bbon\u00bb _builder_version=\u00bb3.19.17&#8243; custom_padding=\u00bb5px|0px|0|0px|false|false\u00bb][et_pb_fullwidth_image src=\u00bbhttps:\/\/www.colindres.es\/wp-content\/uploads\/2019\/02\/IMG_9259.jpg\u00bb _builder_version=\u00bb3.19.17&#8243;][\/et_pb_fullwidth_image][\/et_pb_section][et_pb_section fb_built=\u00bb1&#8243; prev_background_color=\u00bb#000000&#8243; next_background_color=\u00bb#d8d8d8&#8243; _builder_version=\u00bb3.0.47&#8243;][et_pb_row custom_padding=\u00bb0px|0px|0px|0px\u00bb _builder_version=\u00bb3.0.47&#8243; background_size=\u00bbinitial\u00bb background_position=\u00bbtop_left\u00bb background_repeat=\u00bbrepeat\u00bb][et_pb_column type=\u00bb4_4&#8243; _builder_version=\u00bb3.0.47&#8243;][et_pb_code _builder_version=\u00bb3.19.17&#8243;]<nav aria-label=\"breadcrumbs\">\n            <div class=\"breadcrumb-container theme5\">\n                <ol>\n                                    <\/ol>\n            <\/div>\n        <\/nav>    <script type=\"application\/ld+json\">\n        {\n            \"@context\": \"http:\/\/schema.org\",\n            \"@type\": \"BreadcrumbList\",\n            \"itemListElement\": [\n                            ]\n        }\n    <\/script>\n   \n    <script>\n            <\/script>\n[\/et_pb_code][\/et_pb_column][\/et_pb_row][\/et_pb_section][et_pb_section fb_built=\u00bb1&#8243; prev_background_color=\u00bb#ffffff\u00bb next_background_color=\u00bb#ffffff\u00bb _builder_version=\u00bb3.19.17&#8243; background_color=\u00bb#ffffff\u00bb custom_padding=\u00bb11px|0px|10px|0px|false|false\u00bb][et_pb_row _builder_version=\u00bb3.19.17&#8243; background_size=\u00bbinitial\u00bb background_position=\u00bbtop_left\u00bb background_repeat=\u00bbrepeat\u00bb][et_pb_column type=\u00bb1_3&#8243; _builder_version=\u00bb3.0.47&#8243;][et_pb_button button_url=\u00bbhttps:\/\/www.colindres.es\/index.php\/derechos\/\u00bb button_text=\u00bbDerechos\u00bb _builder_version=\u00bb3.19.17&#8243; custom_button=\u00bbon\u00bb button_text_size=\u00bb16px\u00bb button_border_width=\u00bb0px\u00bb button_border_radius=\u00bb0px\u00bb button_font=\u00bbComfortaa|700|||||||\u00bb button_icon=\u00bb%%45%%\u00bb button_icon_placement=\u00bbleft\u00bb button_on_hover=\u00bboff\u00bb custom_padding=\u00bb|222px||\u00bb][\/et_pb_button][et_pb_button button_url=\u00bbhttps:\/\/www.colindres.es\/index.php\/proteccion-de-datos\/ejercicio-de-derechos\/\u00bb button_text=\u00bbEjercicio Derechos\u00bb _builder_version=\u00bb3.19.17&#8243; custom_button=\u00bbon\u00bb button_text_size=\u00bb16px\u00bb button_border_width=\u00bb0px\u00bb button_border_radius=\u00bb0px\u00bb button_font=\u00bb|800|||||||\u00bb button_icon=\u00bb%%45%%\u00bb button_icon_placement=\u00bbleft\u00bb button_on_hover=\u00bboff\u00bb custom_padding=\u00bb|0px||\u00bb][\/et_pb_button][et_pb_button button_url=\u00bbhttps:\/\/www.colindres.es\/index.php\/proteccion-de-datos\/registro-de-actividades-de-tratamiento\/\u00bb button_text=\u00bbRegistro de actividades de tratamiento\u00bb _builder_version=\u00bb3.19.17&#8243; custom_button=\u00bbon\u00bb button_text_size=\u00bb16px\u00bb button_border_width=\u00bb0px\u00bb button_border_radius=\u00bb0px\u00bb button_font=\u00bb|800|||||||\u00bb button_icon=\u00bb%%45%%\u00bb button_icon_placement=\u00bbleft\u00bb button_on_hover=\u00bboff\u00bb custom_padding=\u00bb|||\u00bb][\/et_pb_button][et_pb_button button_url=\u00bbhttps:\/\/www.colindres.es\/index.php\/proteccion-de-datos\/aviso-legal-2\/\u00bb button_text=\u00bbAviso Legal\u00bb _builder_version=\u00bb3.19.17&#8243; custom_button=\u00bbon\u00bb button_text_size=\u00bb16px\u00bb button_border_width=\u00bb0px\u00bb button_border_radius=\u00bb0px\u00bb button_font=\u00bbComfortaa|700|||||||\u00bb button_icon=\u00bb%%45%%\u00bb button_icon_placement=\u00bbleft\u00bb button_on_hover=\u00bboff\u00bb custom_padding=\u00bb|0px||\u00bb][\/et_pb_button][et_pb_button button_url=\u00bbhttps:\/\/www.colindres.es\/index.php\/proteccion-de-datos\/informacion-de-interes\/\u00bb button_text=\u00bbInformaci\u00f3n de inter\u00e9s\u00bb _builder_version=\u00bb3.19.17&#8243; custom_button=\u00bbon\u00bb button_text_size=\u00bb16px\u00bb button_border_width=\u00bb0px\u00bb button_border_radius=\u00bb0px\u00bb button_font=\u00bbComfortaa|700|||||||\u00bb button_icon=\u00bb%%45%%\u00bb button_icon_placement=\u00bbleft\u00bb button_on_hover=\u00bboff\u00bb custom_padding=\u00bb|0px||\u00bb][\/et_pb_button][et_pb_button button_url=\u00bbhttps:\/\/www.colindres.es\/index.php\/proteccion-de-datos\/informacion-adicional-sobre-la-proteccion-de-datos-personales\/\u00bb button_text=\u00bbInformaci\u00f3n adicional sobre la protecci\u00f3n de datos\u00bb _builder_version=\u00bb3.19.17&#8243; custom_button=\u00bbon\u00bb button_text_size=\u00bb16px\u00bb button_border_width=\u00bb0px\u00bb button_border_radius=\u00bb0px\u00bb button_font=\u00bb|800|||||||\u00bb button_icon=\u00bb%%45%%\u00bb button_icon_placement=\u00bbleft\u00bb button_on_hover=\u00bboff\u00bb][\/et_pb_button][et_pb_button button_url=\u00bbhttps:\/\/www.colindres.es\/index.php\/proteccion-de-datos\/politica-de-cookies-2\/\u00bb button_text=\u00bbPol\u00edtica de cookies\u00bb _builder_version=\u00bb3.19.17&#8243; custom_button=\u00bbon\u00bb button_text_size=\u00bb16px\u00bb button_border_width=\u00bb0px\u00bb button_border_radius=\u00bb0px\u00bb button_font=\u00bb|800|||||||\u00bb button_icon=\u00bb%%45%%\u00bb button_icon_placement=\u00bbleft\u00bb button_on_hover=\u00bboff\u00bb custom_padding=\u00bb|0px||\u00bb][\/et_pb_button][et_pb_button button_url=\u00bbhttps:\/\/www.colindres.es\/index.php\/proteccion-de-datos\/politica-de-privacidad-2\/\u00bb button_text=\u00bbPol\u00edtica de privacidad\u00bb _builder_version=\u00bb3.19.17&#8243; custom_button=\u00bbon\u00bb button_text_size=\u00bb16px\u00bb button_border_width=\u00bb0px\u00bb button_border_radius=\u00bb0px\u00bb button_font=\u00bb|800|||||||\u00bb button_icon=\u00bb%%45%%\u00bb button_icon_placement=\u00bbleft\u00bb button_on_hover=\u00bboff\u00bb custom_padding=\u00bb|0px||\u00bb][\/et_pb_button][\/et_pb_column][et_pb_column type=\u00bb2_3&#8243; _builder_version=\u00bb3.0.47&#8243;][et_pb_text _builder_version=\u00bb3.19.17&#8243; text_font=\u00bbComfortaa||||\u00bb text_text_color=\u00bb#e02b20&#8243; text_font_size=\u00bb30&#8243; header_font=\u00bbComfortaa||||\u00bb header_text_color=\u00bb#e02b20&#8243; background_size=\u00bbinitial\u00bb background_position=\u00bbtop_left\u00bb background_repeat=\u00bbrepeat\u00bb use_border_color=\u00bboff\u00bb]<\/p>\n<h2>REGISTRO DE ACTIVIDADES DE TRATAMIENTO<\/h2>\n<p>[\/et_pb_text][et_pb_text _builder_version=\u00bb3.19.17&#8243;]<\/p>\n<p>Con la plena aplicaci\u00f3n del Reglamento (UE) 2016\/679 del Parlamento Europeo y del Consejo, Reglamento General de Protecci\u00f3n de Datos, el 25 de mayo de 2018 desaparece la obligaci\u00f3n de notificar la inscripci\u00f3n de ficheros, tanto de responsables p\u00fablicos o privados, en el Registro de Ficheros de la Agencia Espa\u00f1ola de Protecci\u00f3n de Datos, sin perjuicio de la obligaci\u00f3n de elaborar y mantener actualizado el Registro de Actividades de Tratamiento.<\/p>\n<p>El Registro de Actividades de Tratamiento del Ayuntamiento de Colindres publica para su conocimiento en esta secci\u00f3n. (pa falta de definir DPO del Ayuntmaiento y registro)<\/p>\n<p>Para su consulta el registro se encuentra ordenado por \u00c1rea de Gobierno y por responsables de tratamientos en cada una de ellas. Se incorpora informaci\u00f3n de cada tratamiento de datos personales incluyendo el responsable, categor\u00edas de interesados y de datos, medidas t\u00e9cnicas y organizativas, legitimaci\u00f3n para el tratamiento y plazos de conservaci\u00f3n<\/p>\n<p>[\/et_pb_text][\/et_pb_column][\/et_pb_row][\/et_pb_section][et_pb_section fb_built=\u00bb1&#8243; prev_background_color=\u00bb#000000&#8243; _builder_version=\u00bb3.19.17&#8243; background_color=\u00bb#e0e0e0&#8243; custom_margin=\u00bb0px||\u00bb custom_padding=\u00bb0|0px|9px|0px|false|false\u00bb][et_pb_row custom_margin=\u00bb0px||\u00bb _builder_version=\u00bb3.19.16&#8243; background_size=\u00bbinitial\u00bb background_position=\u00bbtop_left\u00bb background_repeat=\u00bbrepeat\u00bb][et_pb_column type=\u00bb1_2&#8243; _builder_version=\u00bb3.0.47&#8243;][et_pb_text _builder_version=\u00bb3.19.17&#8243; text_font=\u00bb|800|||||||\u00bb text_text_color=\u00bb#e02b20&#8243; text_font_size=\u00bb20&#8243; text_letter_spacing=\u00bb5px\u00bb header_font=\u00bbComfortaa||||\u00bb header_text_color=\u00bb#e02b20&#8243; header_font_size=\u00bb20px\u00bb header_letter_spacing=\u00bb5px\u00bb background_size=\u00bbinitial\u00bb background_position=\u00bbtop_left\u00bb background_repeat=\u00bbrepeat\u00bb custom_margin=\u00bb5px||\u00bb]<\/p>\n<p>A UN CLIC&#8230;<\/p>\n<p>[\/et_pb_text][\/et_pb_column][et_pb_column type=\u00bb1_2&#8243; _builder_version=\u00bb3.0.47&#8243;][et_pb_text _builder_version=\u00bb3.19.16&#8243; text_font=\u00bbComfortaa||||\u00bb text_text_color=\u00bb#e02b20&#8243; text_font_size=\u00bb20&#8243; text_letter_spacing=\u00bb5px\u00bb header_font=\u00bbComfortaa||||\u00bb header_text_color=\u00bb#e02b20&#8243; header_font_size=\u00bb20px\u00bb header_letter_spacing=\u00bb5px\u00bb background_size=\u00bbinitial\u00bb background_position=\u00bbtop_left\u00bb background_repeat=\u00bbrepeat\u00bb][\/et_pb_text][\/et_pb_column][\/et_pb_row][et_pb_row custom_margin=\u00bb5px||\u00bb _builder_version=\u00bb3.19.16&#8243; background_size=\u00bbinitial\u00bb background_position=\u00bbtop_left\u00bb background_repeat=\u00bbrepeat\u00bb][et_pb_column type=\u00bb1_4&#8243; _builder_version=\u00bb3.0.47&#8243;][et_pb_image src=\u00bbhttps:\/\/www.colindres.es\/wp-content\/uploads\/2018\/04\/logo-kiosco-turismo-e1523455894454.jpg\u00bb alt=\u00bbP\u00e1gina WEB Turismo Colindres\u00bb title_text=\u00bbP\u00e1gina WEB Turismo Colindres\u00bb url=\u00bbhttps:\/\/www.turismocolindres.es\u00bb url_new_window=\u00bbon\u00bb use_overlay=\u00bbon\u00bb align=\u00bbcenter\u00bb _builder_version=\u00bb3.19.15&#8243; border_width_all=\u00bb0px\u00bb border_color_all=\u00bb#ffffff\u00bb border_style_all=\u00bbsolid\u00bb max_width=\u00bb150px\u00bb use_border_color=\u00bbon\u00bb animation=\u00bboff\u00bb][\/et_pb_image][\/et_pb_column][et_pb_column type=\u00bb1_4&#8243; _builder_version=\u00bb3.0.47&#8243;][et_pb_image src=\u00bbhttp:\/\/colindres.es\/wp-content\/uploads\/2016\/09\/Sin-t\u00edtulo-1.jpg\u00bb alt=\u00bbServicio de Juventud Colindres\u00bb title_text=\u00bbServicio de Juventud Colindres\u00bb url=\u00bbhttps:\/\/www.facebook.com\/CasaJuventudColindres\/\u00bb url_new_window=\u00bbon\u00bb use_overlay=\u00bbon\u00bb align=\u00bbcenter\u00bb _builder_version=\u00bb3.19.14&#8243; max_width=\u00bb85px\u00bb animation=\u00bboff\u00bb][\/et_pb_image][\/et_pb_column][et_pb_column type=\u00bb1_4&#8243; _builder_version=\u00bb3.0.47&#8243;][et_pb_image src=\u00bbhttp:\/\/colindres.es\/wp-content\/uploads\/2016\/09\/logo-10.png\u00bb alt=\u00bbWEB Municipal de Deportes\u00bb title_text=\u00bbWEB Municipal de Deportes\u00bb url=\u00bbhttps:\/\/www.colindres.es\u00bb use_overlay=\u00bbon\u00bb align=\u00bbcenter\u00bb _builder_version=\u00bb3.19.14&#8243; max_width=\u00bb150px\u00bb animation=\u00bboff\u00bb][\/et_pb_image][\/et_pb_column][et_pb_column type=\u00bb1_4&#8243; _builder_version=\u00bb3.0.47&#8243;][et_pb_image src=\u00bbhttp:\/\/colindres.es\/wp-content\/uploads\/2016\/09\/Captura-de-pantalla-2017-04-28-a-las-8.50.39.png\u00bb alt=\u00bbWEB Transparencia Colindres\u00bb title_text=\u00bbWEB Transparencia Colindres\u00bb url=\u00bbhttps:\/\/www.transparenciacolindres.es\u00bb url_new_window=\u00bbon\u00bb use_overlay=\u00bbon\u00bb align=\u00bbcenter\u00bb _builder_version=\u00bb3.19.14&#8243; max_width=\u00bb150px\u00bb animation=\u00bboff\u00bb][\/et_pb_image][\/et_pb_column][\/et_pb_row][\/et_pb_section]<\/p>\n","protected":false},"excerpt":{"rendered":"<p>Tr\u00e1mites ON-LINE\u00a0 \/ \u00a0Turismo\u00a0 \/\u00a0 Portal de Transparencia<nav aria-label=\"breadcrumbs\">\n            <div class=\"breadcrumb-container theme5\">\n                <ol>\n                                    <\/ol>\n            <\/div>\n        <\/nav>    <script type=\"application\/ld+json\">\n        {\n            \"@context\": \"http:\/\/schema.org\",\n            \"@type\": \"BreadcrumbList\",\n            \"itemListElement\": [\n                            ]\n        }\n    <\/script>\n   \n    <script>\n            <\/script>\nREGISTRO DE ACTIVIDADES DE TRATAMIENTO Con la plena aplicaci\u00f3n del Reglamento (UE) 2016\/679 del Parlamento Europeo y del Consejo, Reglamento General de Protecci\u00f3n de Datos, el 25 de mayo de 2018 desaparece la obligaci\u00f3n de notificar la inscripci\u00f3n de ficheros, tanto de responsables p\u00fablicos o privados, en el [&hellip;]<\/p>\n","protected":false},"author":1,"featured_media":0,"parent":13631,"menu_order":0,"comment_status":"closed","ping_status":"closed","template":"","meta":{"_et_pb_use_builder":"on","_et_pb_old_content":"","_et_gb_content_width":"","footnotes":""},"class_list":["post-13661","page","type-page","status-publish","hentry"],"yoast_head":"<!-- This site is optimized with the Yoast SEO plugin v24.9 - https:\/\/yoast.com\/wordpress\/plugins\/seo\/ -->\n<title>Registro de Actividades de Tratamiento - Ayuntamiento de Colindres<\/title>\n<meta name=\"robots\" content=\"index, follow, max-snippet:-1, max-image-preview:large, max-video-preview:-1\" \/>\n<link rel=\"canonical\" href=\"https:\/\/www.colindres.es\/index.php\/proteccion-de-datos\/registro-de-actividades-de-tratamiento\/\" \/>\n<meta property=\"og:locale\" content=\"es_ES\" \/>\n<meta property=\"og:type\" content=\"article\" \/>\n<meta property=\"og:title\" content=\"Registro de Actividades de Tratamiento - Ayuntamiento de Colindres\" \/>\n<meta property=\"og:description\" content=\"Tr\u00e1mites ON-LINE\u00a0 \/ \u00a0Turismo\u00a0 \/\u00a0 Portal de TransparenciaREGISTRO DE ACTIVIDADES DE TRATAMIENTO Con la plena aplicaci\u00f3n del Reglamento (UE) 2016\/679 del Parlamento Europeo y del Consejo, Reglamento General de Protecci\u00f3n de Datos, el 25 de mayo de 2018 desaparece la obligaci\u00f3n de notificar la inscripci\u00f3n de ficheros, tanto de responsables p\u00fablicos o privados, en el [&hellip;]\" \/>\n<meta property=\"og:url\" content=\"https:\/\/www.colindres.es\/index.php\/proteccion-de-datos\/registro-de-actividades-de-tratamiento\/\" \/>\n<meta property=\"og:site_name\" content=\"Ayuntamiento de Colindres\" \/>\n<meta property=\"article:modified_time\" content=\"2019-02-28T11:13:36+00:00\" \/>\n<meta name=\"twitter:card\" content=\"summary_large_image\" \/>\n<meta name=\"twitter:label1\" content=\"Tiempo de lectura\" \/>\n\t<meta name=\"twitter:data1\" content=\"8 minutos\" \/>\n<script type=\"application\/ld+json\" class=\"yoast-schema-graph\">{\"@context\":\"https:\/\/schema.org\",\"@graph\":[{\"@type\":\"WebPage\",\"@id\":\"https:\/\/www.colindres.es\/index.php\/proteccion-de-datos\/registro-de-actividades-de-tratamiento\/\",\"url\":\"https:\/\/www.colindres.es\/index.php\/proteccion-de-datos\/registro-de-actividades-de-tratamiento\/\",\"name\":\"Registro de Actividades de Tratamiento - Ayuntamiento de Colindres\",\"isPartOf\":{\"@id\":\"https:\/\/www.colindres.es\/#website\"},\"datePublished\":\"2019-02-28T10:28:15+00:00\",\"dateModified\":\"2019-02-28T11:13:36+00:00\",\"breadcrumb\":{\"@id\":\"https:\/\/www.colindres.es\/index.php\/proteccion-de-datos\/registro-de-actividades-de-tratamiento\/#breadcrumb\"},\"inLanguage\":\"es\",\"potentialAction\":[{\"@type\":\"ReadAction\",\"target\":[\"https:\/\/www.colindres.es\/index.php\/proteccion-de-datos\/registro-de-actividades-de-tratamiento\/\"]}]},{\"@type\":\"BreadcrumbList\",\"@id\":\"https:\/\/www.colindres.es\/index.php\/proteccion-de-datos\/registro-de-actividades-de-tratamiento\/#breadcrumb\",\"itemListElement\":[{\"@type\":\"ListItem\",\"position\":1,\"name\":\"Portada\",\"item\":\"https:\/\/www.colindres.es\/\"},{\"@type\":\"ListItem\",\"position\":2,\"name\":\"Protecci\u00f3n de Datos\",\"item\":\"https:\/\/www.colindres.es\/index.php\/proteccion-de-datos\/\"},{\"@type\":\"ListItem\",\"position\":3,\"name\":\"Registro de Actividades de Tratamiento\"}]},{\"@type\":\"WebSite\",\"@id\":\"https:\/\/www.colindres.es\/#website\",\"url\":\"https:\/\/www.colindres.es\/\",\"name\":\"Ayuntamiento de Colindres\",\"description\":\"Dise\u00f1ado por NTIC&#039;s\",\"publisher\":{\"@id\":\"https:\/\/www.colindres.es\/#organization\"},\"potentialAction\":[{\"@type\":\"SearchAction\",\"target\":{\"@type\":\"EntryPoint\",\"urlTemplate\":\"https:\/\/www.colindres.es\/?s={search_term_string}\"},\"query-input\":{\"@type\":\"PropertyValueSpecification\",\"valueRequired\":true,\"valueName\":\"search_term_string\"}}],\"inLanguage\":\"es\"},{\"@type\":\"Organization\",\"@id\":\"https:\/\/www.colindres.es\/#organization\",\"name\":\"AYUNTAMIENTO DE COLINDRES\",\"url\":\"https:\/\/www.colindres.es\/\",\"logo\":{\"@type\":\"ImageObject\",\"inLanguage\":\"es\",\"@id\":\"https:\/\/www.colindres.es\/#\/schema\/logo\/image\/\",\"url\":\"https:\/\/www.colindres.es\/wp-content\/uploads\/2017\/01\/LOGO-PRINCIPAL.jpg\",\"contentUrl\":\"https:\/\/www.colindres.es\/wp-content\/uploads\/2017\/01\/LOGO-PRINCIPAL.jpg\",\"width\":1209,\"height\":579,\"caption\":\"AYUNTAMIENTO DE COLINDRES\"},\"image\":{\"@id\":\"https:\/\/www.colindres.es\/#\/schema\/logo\/image\/\"}}]}<\/script>\n<!-- \/ Yoast SEO plugin. -->","yoast_head_json":{"title":"Registro de Actividades de Tratamiento - Ayuntamiento de Colindres","robots":{"index":"index","follow":"follow","max-snippet":"max-snippet:-1","max-image-preview":"max-image-preview:large","max-video-preview":"max-video-preview:-1"},"canonical":"https:\/\/www.colindres.es\/index.php\/proteccion-de-datos\/registro-de-actividades-de-tratamiento\/","og_locale":"es_ES","og_type":"article","og_title":"Registro de Actividades de Tratamiento - Ayuntamiento de Colindres","og_description":"Tr\u00e1mites ON-LINE\u00a0 \/ \u00a0Turismo\u00a0 \/\u00a0 Portal de TransparenciaREGISTRO DE ACTIVIDADES DE TRATAMIENTO Con la plena aplicaci\u00f3n del Reglamento (UE) 2016\/679 del Parlamento Europeo y del Consejo, Reglamento General de Protecci\u00f3n de Datos, el 25 de mayo de 2018 desaparece la obligaci\u00f3n de notificar la inscripci\u00f3n de ficheros, tanto de responsables p\u00fablicos o privados, en el [&hellip;]","og_url":"https:\/\/www.colindres.es\/index.php\/proteccion-de-datos\/registro-de-actividades-de-tratamiento\/","og_site_name":"Ayuntamiento de Colindres","article_modified_time":"2019-02-28T11:13:36+00:00","twitter_card":"summary_large_image","twitter_misc":{"Tiempo de lectura":"8 minutos"},"schema":{"@context":"https:\/\/schema.org","@graph":[{"@type":"WebPage","@id":"https:\/\/www.colindres.es\/index.php\/proteccion-de-datos\/registro-de-actividades-de-tratamiento\/","url":"https:\/\/www.colindres.es\/index.php\/proteccion-de-datos\/registro-de-actividades-de-tratamiento\/","name":"Registro de Actividades de Tratamiento - Ayuntamiento de Colindres","isPartOf":{"@id":"https:\/\/www.colindres.es\/#website"},"datePublished":"2019-02-28T10:28:15+00:00","dateModified":"2019-02-28T11:13:36+00:00","breadcrumb":{"@id":"https:\/\/www.colindres.es\/index.php\/proteccion-de-datos\/registro-de-actividades-de-tratamiento\/#breadcrumb"},"inLanguage":"es","potentialAction":[{"@type":"ReadAction","target":["https:\/\/www.colindres.es\/index.php\/proteccion-de-datos\/registro-de-actividades-de-tratamiento\/"]}]},{"@type":"BreadcrumbList","@id":"https:\/\/www.colindres.es\/index.php\/proteccion-de-datos\/registro-de-actividades-de-tratamiento\/#breadcrumb","itemListElement":[{"@type":"ListItem","position":1,"name":"Portada","item":"https:\/\/www.colindres.es\/"},{"@type":"ListItem","position":2,"name":"Protecci\u00f3n de Datos","item":"https:\/\/www.colindres.es\/index.php\/proteccion-de-datos\/"},{"@type":"ListItem","position":3,"name":"Registro de Actividades de Tratamiento"}]},{"@type":"WebSite","@id":"https:\/\/www.colindres.es\/#website","url":"https:\/\/www.colindres.es\/","name":"Ayuntamiento de Colindres","description":"Dise\u00f1ado por NTIC&#039;s","publisher":{"@id":"https:\/\/www.colindres.es\/#organization"},"potentialAction":[{"@type":"SearchAction","target":{"@type":"EntryPoint","urlTemplate":"https:\/\/www.colindres.es\/?s={search_term_string}"},"query-input":{"@type":"PropertyValueSpecification","valueRequired":true,"valueName":"search_term_string"}}],"inLanguage":"es"},{"@type":"Organization","@id":"https:\/\/www.colindres.es\/#organization","name":"AYUNTAMIENTO DE COLINDRES","url":"https:\/\/www.colindres.es\/","logo":{"@type":"ImageObject","inLanguage":"es","@id":"https:\/\/www.colindres.es\/#\/schema\/logo\/image\/","url":"https:\/\/www.colindres.es\/wp-content\/uploads\/2017\/01\/LOGO-PRINCIPAL.jpg","contentUrl":"https:\/\/www.colindres.es\/wp-content\/uploads\/2017\/01\/LOGO-PRINCIPAL.jpg","width":1209,"height":579,"caption":"AYUNTAMIENTO DE COLINDRES"},"image":{"@id":"https:\/\/www.colindres.es\/#\/schema\/logo\/image\/"}}]}},"_links":{"self":[{"href":"https:\/\/www.colindres.es\/index.php\/wp-json\/wp\/v2\/pages\/13661","targetHints":{"allow":["GET"]}}],"collection":[{"href":"https:\/\/www.colindres.es\/index.php\/wp-json\/wp\/v2\/pages"}],"about":[{"href":"https:\/\/www.colindres.es\/index.php\/wp-json\/wp\/v2\/types\/page"}],"author":[{"embeddable":true,"href":"https:\/\/www.colindres.es\/index.php\/wp-json\/wp\/v2\/users\/1"}],"replies":[{"embeddable":true,"href":"https:\/\/www.colindres.es\/index.php\/wp-json\/wp\/v2\/comments?post=13661"}],"version-history":[{"count":2,"href":"https:\/\/www.colindres.es\/index.php\/wp-json\/wp\/v2\/pages\/13661\/revisions"}],"predecessor-version":[{"id":13698,"href":"https:\/\/www.colindres.es\/index.php\/wp-json\/wp\/v2\/pages\/13661\/revisions\/13698"}],"up":[{"embeddable":true,"href":"https:\/\/www.colindres.es\/index.php\/wp-json\/wp\/v2\/pages\/13631"}],"wp:attachment":[{"href":"https:\/\/www.colindres.es\/index.php\/wp-json\/wp\/v2\/media?parent=13661"}],"curies":[{"name":"wp","href":"https:\/\/api.w.org\/{rel}","templated":true}]}}