{"version":"1.0","provider_name":"Ayuntamiento de Colindres","provider_url":"https:\/\/www.colindres.es","title":"Una batucada amenizar\u00e1 \u2018La Noche Blanca\u2019 de Colindres - Ayuntamiento de Colindres","type":"rich","width":600,"height":338,"html":"<blockquote class=\"wp-embedded-content\" data-secret=\"p7uXn6Tn05\"><a href=\"https:\/\/www.colindres.es\/index.php\/project\/una-batucada-amenizara-la-noche-blanca-de-colindres\/\">Una batucada amenizar\u00e1 \u2018La Noche Blanca\u2019 de Colindres<\/a><\/blockquote><iframe sandbox=\"allow-scripts\" security=\"restricted\" src=\"https:\/\/www.colindres.es\/index.php\/project\/una-batucada-amenizara-la-noche-blanca-de-colindres\/embed\/#?secret=p7uXn6Tn05\" width=\"600\" height=\"338\" title=\"\u00abUna batucada amenizar\u00e1 \u2018La Noche Blanca\u2019 de Colindres\u00bb \u2014 Ayuntamiento de Colindres\" data-secret=\"p7uXn6Tn05\" frameborder=\"0\" marginwidth=\"0\" marginheight=\"0\" scrolling=\"no\" class=\"wp-embedded-content\"><\/iframe><script type=\"text\/javascript\">\n\/* <![CDATA[ *\/\n\/*! This file is auto-generated *\/\n!function(d,l){\"use strict\";l.querySelector&&d.addEventListener&&\"undefined\"!=typeof URL&&(d.wp=d.wp||{},d.wp.receiveEmbedMessage||(d.wp.receiveEmbedMessage=function(e){var t=e.data;if((t||t.secret||t.message||t.value)&&!\/[^a-zA-Z0-9]\/.test(t.secret)){for(var s,r,n,a=l.querySelectorAll('iframe[data-secret=\"'+t.secret+'\"]'),o=l.querySelectorAll('blockquote[data-secret=\"'+t.secret+'\"]'),c=new RegExp(\"^https?:$\",\"i\"),i=0;i<o.length;i++)o[i].style.display=\"none\";for(i=0;i<a.length;i++)s=a[i],e.source===s.contentWindow&&(s.removeAttribute(\"style\"),\"height\"===t.message?(1e3<(r=parseInt(t.value,10))?r=1e3:~~r<200&&(r=200),s.height=r):\"link\"===t.message&&(r=new URL(s.getAttribute(\"src\")),n=new URL(t.value),c.test(n.protocol))&&n.host===r.host&&l.activeElement===s&&(d.top.location.href=t.value))}},d.addEventListener(\"message\",d.wp.receiveEmbedMessage,!1),l.addEventListener(\"DOMContentLoaded\",function(){for(var e,t,s=l.querySelectorAll(\"iframe.wp-embedded-content\"),r=0;r<s.length;r++)(t=(e=s[r]).getAttribute(\"data-secret\"))||(t=Math.random().toString(36).substring(2,12),e.src+=\"#?secret=\"+t,e.setAttribute(\"data-secret\",t)),e.contentWindow.postMessage({message:\"ready\",secret:t},\"*\")},!1)))}(window,document);\n\/\/# sourceURL=https:\/\/www.colindres.es\/wp-includes\/js\/wp-embed.min.js\n\/* ]]> *\/\n<\/script>\n","thumbnail_url":"https:\/\/www.colindres.es\/wp-content\/uploads\/2017\/07\/20139785_852188678268901_8328073009175009681_n.jpg","thumbnail_width":658,"thumbnail_height":960,"description":"El pr\u00f3ximo jueves los establecimientos ampliar\u00e1n su horario habitual y habr\u00e1 un recorrido comercial a ritmo de batucada Colindres, 25 julio.- El pr\u00f3ximo jueves 27 de julio los comerciantes de Colindres ampliar\u00e1n el horario de apertura habitual de sus establecimientos para celebrar una nueva edici\u00f3n de \u2018La Noche Blanca\u2019, una iniciativa organizada por la asociaci\u00f3n [&hellip;]"}