{"version":"1.0","provider_name":"Ayuntamiento de Colindres","provider_url":"https:\/\/www.colindres.es","title":"LA PLAZA DE LA CONSTITUCI\u00d3N - Ayuntamiento de Colindres","type":"rich","width":600,"height":338,"html":"<blockquote class=\"wp-embedded-content\" data-secret=\"5QWFr5HW2A\"><a href=\"https:\/\/www.colindres.es\/index.php\/project\/la-plaza-de-la-constitucion\/\">LA PLAZA DE LA CONSTITUCI\u00d3N<\/a><\/blockquote><iframe sandbox=\"allow-scripts\" security=\"restricted\" src=\"https:\/\/www.colindres.es\/index.php\/project\/la-plaza-de-la-constitucion\/embed\/#?secret=5QWFr5HW2A\" width=\"600\" height=\"338\" title=\"\u00abLA PLAZA DE LA CONSTITUCI\u00d3N\u00bb \u2014 Ayuntamiento de Colindres\" data-secret=\"5QWFr5HW2A\" frameborder=\"0\" marginwidth=\"0\" marginheight=\"0\" scrolling=\"no\" class=\"wp-embedded-content\"><\/iframe><script type=\"text\/javascript\">\n\/* <![CDATA[ *\/\n\/*! This file is auto-generated *\/\n!function(d,l){\"use strict\";l.querySelector&&d.addEventListener&&\"undefined\"!=typeof URL&&(d.wp=d.wp||{},d.wp.receiveEmbedMessage||(d.wp.receiveEmbedMessage=function(e){var t=e.data;if((t||t.secret||t.message||t.value)&&!\/[^a-zA-Z0-9]\/.test(t.secret)){for(var s,r,n,a=l.querySelectorAll('iframe[data-secret=\"'+t.secret+'\"]'),o=l.querySelectorAll('blockquote[data-secret=\"'+t.secret+'\"]'),c=new RegExp(\"^https?:$\",\"i\"),i=0;i<o.length;i++)o[i].style.display=\"none\";for(i=0;i<a.length;i++)s=a[i],e.source===s.contentWindow&&(s.removeAttribute(\"style\"),\"height\"===t.message?(1e3<(r=parseInt(t.value,10))?r=1e3:~~r<200&&(r=200),s.height=r):\"link\"===t.message&&(r=new URL(s.getAttribute(\"src\")),n=new URL(t.value),c.test(n.protocol))&&n.host===r.host&&l.activeElement===s&&(d.top.location.href=t.value))}},d.addEventListener(\"message\",d.wp.receiveEmbedMessage,!1),l.addEventListener(\"DOMContentLoaded\",function(){for(var e,t,s=l.querySelectorAll(\"iframe.wp-embedded-content\"),r=0;r<s.length;r++)(t=(e=s[r]).getAttribute(\"data-secret\"))||(t=Math.random().toString(36).substring(2,12),e.src+=\"#?secret=\"+t,e.setAttribute(\"data-secret\",t)),e.contentWindow.postMessage({message:\"ready\",secret:t},\"*\")},!1)))}(window,document);\n\/\/# sourceURL=https:\/\/www.colindres.es\/wp-includes\/js\/wp-embed.min.js\n\/* ]]> *\/\n<\/script>\n","thumbnail_url":"https:\/\/www.colindres.es\/wp-content\/uploads\/2018\/03\/Casa-Valle.jpg","thumbnail_width":1280,"thumbnail_height":902,"description":"No cabe duda de que los espacios p\u00fablicos contribuyen al fomento de la ciudadan\u00eda y de la identidad. Adem\u00e1s dicen mucho de c\u00f3mo se relacionan los habitantes de una comunidad, de ah\u00ed su relevancia dentro del \u00e1mbito urbano. En Colindres, la Plaza de la Constituci\u00f3n re\u00fane tales atributos, pues \u00a0es uno de esos espacios que [&hellip;]"}